{"id":336475,"date":"2024-07-15T13:10:05","date_gmt":"2024-07-15T11:10:05","guid":{"rendered":"https:\/\/klimavex.eu\/cz\/?page_id=336475"},"modified":"2024-07-17T13:02:49","modified_gmt":"2024-07-17T11:02:49","slug":"salda","status":"publish","type":"page","link":"https:\/\/klimavex.eu\/cz\/salda\/","title":{"rendered":"Salda"},"content":{"rendered":"\t\t<div data-elementor-type=\"wp-page\" data-elementor-id=\"336475\" class=\"elementor elementor-336475\" data-elementor-post-type=\"page\">\n\t\t\t\t\t\t<section class=\"wd-negative-gap elementor-section elementor-top-section elementor-element elementor-element-12c4c77 elementor-section-boxed elementor-section-height-default elementor-section-height-default\" data-id=\"12c4c77\" data-element_type=\"section\">\n\t\t\t\t\t\t\t<div class=\"elementor-background-overlay\"><\/div>\n\t\t\t\t\t\t\t<div class=\"elementor-container elementor-column-gap-default\">\n\t\t\t\t\t<div class=\"elementor-column elementor-col-100 elementor-top-column elementor-element elementor-element-4ec73d0\" data-id=\"4ec73d0\" data-element_type=\"column\" data-settings=\"{&quot;background_background&quot;:&quot;classic&quot;}\">\n\t\t\t<div class=\"elementor-widget-wrap elementor-element-populated\">\n\t\t\t\t\t\t<div class=\"elementor-element elementor-element-b354de4 wd-width-100 elementor-widget elementor-widget-wd_title\" data-id=\"b354de4\" data-element_type=\"widget\" data-widget_type=\"wd_title.default\">\n\t\t\t\t<div class=\"elementor-widget-container\">\n\t\t\t\t\t<div class=\"title-wrapper wd-set-mb reset-last-child wd-title-color-default wd-title-style-default wd-title-size-default text-center\">\n\n\t\t\t\n\t\t\t<div class=\"liner-continer\">\n\t\t\t\t<h4 class=\"woodmart-title-container title wd-fontsize-l\">NA\u0160I V\u00ddROBCI<\/h4> \n\t\t\t\t\t\t\t<\/div>\n\n\t\t\t\t\t<\/div>\n\t\t\t\t<\/div>\n\t\t\t\t<\/div>\n\t\t\t\t<div class=\"elementor-element elementor-element-83ae58f elementor-widget-divider--separator-type-pattern elementor-widget-divider--view-line elementor-widget elementor-widget-divider\" data-id=\"83ae58f\" data-element_type=\"widget\" data-widget_type=\"divider.default\">\n\t\t\t\t<div class=\"elementor-widget-container\">\n\t\t\t\t\t<div class=\"elementor-divider\" style=\"--divider-pattern-url: url(&quot;data:image\/svg+xml,%3Csvg xmlns=&#039;http:\/\/www.w3.org\/2000\/svg&#039; preserveAspectRatio=&#039;none&#039; overflow=&#039;visible&#039; height=&#039;100%&#039; viewBox=&#039;0 0 24 24&#039; fill=&#039;black&#039; stroke=&#039;none&#039;%3E%3Cpolygon points=&#039;9.4,2 24,2 14.6,21.6 0,21.6&#039;\/%3E%3C\/svg%3E&quot;);\">\n\t\t\t<span class=\"elementor-divider-separator\">\n\t\t\t\t\t\t<\/span>\n\t\t<\/div>\n\t\t\t\t<\/div>\n\t\t\t\t<\/div>\n\t\t\t\t<section class=\"wd-negative-gap elementor-section elementor-inner-section elementor-element elementor-element-32a5240 elementor-section-full_width elementor-section-content-middle elementor-section-height-default elementor-section-height-default\" data-id=\"32a5240\" data-element_type=\"section\">\n\t\t\t\t\t\t<div class=\"elementor-container elementor-column-gap-no\">\n\t\t\t\t\t<div class=\"elementor-column elementor-col-100 elementor-inner-column elementor-element elementor-element-2a88e33\" data-id=\"2a88e33\" data-element_type=\"column\">\n\t\t\t<div class=\"elementor-widget-wrap elementor-element-populated\">\n\t\t\t\t\t\t<div class=\"elementor-element elementor-element-91d2a11 elementor-widget elementor-widget-image\" data-id=\"91d2a11\" data-element_type=\"widget\" data-widget_type=\"image.default\">\n\t\t\t\t<div class=\"elementor-widget-container\">\n\t\t\t\t\t\t\t\t\t\t\t\t\t<img fetchpriority=\"high\" decoding=\"async\" width=\"1024\" height=\"455\" src=\"https:\/\/klimavex.eu\/cz\/wp-content\/uploads\/2024\/07\/salda-logo-1800x800-1-1024x455.png\" class=\"attachment-large size-large wp-image-336468\" alt=\"\" srcset=\"https:\/\/klimavex.eu\/cz\/wp-content\/uploads\/2024\/07\/salda-logo-1800x800-1-1024x455.png 1024w, https:\/\/klimavex.eu\/cz\/wp-content\/uploads\/2024\/07\/salda-logo-1800x800-1-300x133.png 300w, https:\/\/klimavex.eu\/cz\/wp-content\/uploads\/2024\/07\/salda-logo-1800x800-1-768x341.png 768w, https:\/\/klimavex.eu\/cz\/wp-content\/uploads\/2024\/07\/salda-logo-1800x800-1-1536x683.png 1536w, https:\/\/klimavex.eu\/cz\/wp-content\/uploads\/2024\/07\/salda-logo-1800x800-1-2048x910.png 2048w, https:\/\/klimavex.eu\/cz\/wp-content\/uploads\/2024\/07\/salda-logo-1800x800-1-20x9.png 20w, https:\/\/klimavex.eu\/cz\/wp-content\/uploads\/2024\/07\/salda-logo-1800x800-1-600x267.png 600w, https:\/\/klimavex.eu\/cz\/wp-content\/uploads\/2024\/07\/salda-logo-1800x800-1-150x67.png 150w\" sizes=\"(max-width: 1024px) 100vw, 1024px\" \/>\t\t\t\t\t\t\t\t\t\t\t\t\t<\/div>\n\t\t\t\t<\/div>\n\t\t\t\t<div class=\"elementor-element elementor-element-719c8d9 elementor-widget elementor-widget-heading\" data-id=\"719c8d9\" data-element_type=\"widget\" data-widget_type=\"heading.default\">\n\t\t\t\t<div class=\"elementor-widget-container\">\n\t\t\t<h2 class=\"elementor-heading-title elementor-size-default\">REKUPERA\u010cN\u00cd JEDNOTKY | P\u0158\u00cdVODN\u00cd JEDNOTKY<\/h2>\t\t<\/div>\n\t\t\t\t<\/div>\n\t\t\t\t<div class=\"elementor-element elementor-element-c2dd1a4 elementor-widget elementor-widget-heading\" data-id=\"c2dd1a4\" data-element_type=\"widget\" data-widget_type=\"heading.default\">\n\t\t\t\t<div class=\"elementor-widget-container\">\n\t\t\t<h2 class=\"elementor-heading-title elementor-size-default\"><a href=\"\/cz\/eshop\/?filter_znacka=salda\">Sortiment<\/a><\/h2>\t\t<\/div>\n\t\t\t\t<\/div>\n\t\t\t\t<div class=\"elementor-element elementor-element-481e29f color-scheme-inherit text-left elementor-widget elementor-widget-text-editor\" data-id=\"481e29f\" data-element_type=\"widget\" data-widget_type=\"text-editor.default\">\n\t\t\t\t<div class=\"elementor-widget-container\">\n\t\t\t\t\t\t\t<p><\/p>\n<p>Litevsk\u00e1 spole\u010dnost <b>SALDA<\/b> pat\u0159\u00ed\ns&nbsp;v\u00edce ne\u017e 20 lety zku\u0161enost\u00ed mezi evropsk\u00e9 <b>l\u00eddry na trhu\ns&nbsp;ventila\u010dn\u00ed technikou<\/b>. Exportn\u00ed trhy tohoto v\u00fdrobce pokr\u00fdvaj\u00ed t\u00e9m\u011b\u0159 celou\nEvropu a dal\u0161\u00ed st\u00e1ty na r\u016fzn\u00fdch kontinentech.&nbsp;<span style=\"font-size: 14px;\">Rostouc\u00ed v\u00fdrobn\u00ed program a\nkapacita sv\u011bd\u010d\u00ed o profesion\u00e1ln\u00edm zam\u011b\u0159en\u00ed a aktivn\u00edm p\u0159izp\u016fsobov\u00e1n\u00ed se\npo\u017eadavk\u016fm trhu a nejmodern\u011bj\u0161\u00edm trend\u016fm v&nbsp;oblasti vzduchotechniky a\nv\u011btr\u00e1n\u00ed.<\/span><\/p><p>SALDA je od roku 2013 \u010dlenem\nEvropsk\u00e9ho sdru\u017een\u00ed v\u00fdrobc\u016f vzduchotechnick\u00fdch jednotek EUROVENT.<o:p><\/o:p><\/p><p>\n\n\n\n\n\n<\/p><p>KLIMAVEX CZ je distributorem\nspole\u010dnosti SALDA pro \u010desk\u00fd trh. U\u017e \u0159adu let dod\u00e1v\u00e1me bezporuchov\u00e9 <b>vzduchotechnick\u00e9 sestavn\u00e9 a kompaktn\u00ed\njednotky, kompaktn\u00ed p\u0159\u00edvodn\u00ed a v\u011btrac\u00ed jednotky<\/b> a p\u0159\u00edslu\u0161enstv\u00ed\nk&nbsp;vyjmenovan\u00fdm jednotk\u00e1m.<o:p><\/o:p><\/p>\t\t\t\t\t\t<\/div>\n\t\t\t\t<\/div>\n\t\t\t\t\t<\/div>\n\t\t<\/div>\n\t\t\t\t\t<\/div>\n\t\t<\/section>\n\t\t\t\t\t<\/div>\n\t\t<\/div>\n\t\t\t\t\t<\/div>\n\t\t<\/section>\n\t\t\t\t<\/div>\n\t\t","protected":false},"excerpt":{"rendered":"<p>NA\u0160I V\u00ddROBCI REKUPERA\u010cN\u00cd JEDNOTKY | P\u0158\u00cdVODN\u00cd JEDNOTKY Sortiment Litevsk\u00e1 spole\u010dnost SALDA pat\u0159\u00ed s&nbsp;v\u00edce ne\u017e 20 lety zku\u0161enost\u00ed mezi evropsk\u00e9 l\u00eddry<\/p>\n","protected":false},"author":3,"featured_media":0,"parent":0,"menu_order":48,"comment_status":"closed","ping_status":"closed","template":"","meta":{"footnotes":""},"class_list":["post-336475","page","type-page","status-publish","hentry"],"yoast_head":"<!-- This site is optimized with the Yoast SEO plugin v23.9 - https:\/\/yoast.com\/wordpress\/plugins\/seo\/ -->\n<title>Salda - KLIMAVEX GROUP - \u010cesko<\/title>\n<meta name=\"description\" content=\"Litevsk\u00e1 spole\u010dnost SALDA pat\u0159\u00ed s v\u00edce ne\u017e 20 lety zku\u0161enost\u00ed mezi evropsk\u00e9 l\u00eddry na trhu s ventila\u010dn\u00ed technikou.\" \/>\n<meta name=\"robots\" content=\"index, follow, max-snippet:-1, max-image-preview:large, max-video-preview:-1\" \/>\n<link rel=\"canonical\" href=\"https:\/\/klimavex.eu\/cz\/salda\/\" \/>\n<meta property=\"og:locale\" content=\"cs_CZ\" \/>\n<meta property=\"og:type\" content=\"article\" \/>\n<meta property=\"og:title\" content=\"Salda - KLIMAVEX GROUP - \u010cesko\" \/>\n<meta property=\"og:description\" content=\"Litevsk\u00e1 spole\u010dnost SALDA pat\u0159\u00ed s v\u00edce ne\u017e 20 lety zku\u0161enost\u00ed mezi evropsk\u00e9 l\u00eddry na trhu s ventila\u010dn\u00ed technikou.\" \/>\n<meta property=\"og:url\" content=\"https:\/\/klimavex.eu\/cz\/salda\/\" \/>\n<meta property=\"og:site_name\" content=\"KLIMAVEX GROUP - \u010cesko\" \/>\n<meta property=\"article:publisher\" content=\"https:\/\/www.facebook.com\/klimavex.cz\" \/>\n<meta property=\"article:modified_time\" content=\"2024-07-17T11:02:49+00:00\" \/>\n<meta property=\"og:image\" content=\"https:\/\/klimavex.eu\/cz\/wp-content\/uploads\/2024\/07\/salda-logo-1800x800-1-1024x455.png\" \/>\n<meta name=\"twitter:card\" content=\"summary_large_image\" \/>\n<meta name=\"twitter:label1\" content=\"Odhadovan\u00e1 doba \u010dten\u00ed\" \/>\n\t<meta name=\"twitter:data1\" content=\"1 minuta\" \/>\n<script type=\"application\/ld+json\" class=\"yoast-schema-graph\">{\"@context\":\"https:\/\/schema.org\",\"@graph\":[{\"@type\":\"WebPage\",\"@id\":\"https:\/\/klimavex.eu\/cz\/salda\/\",\"url\":\"https:\/\/klimavex.eu\/cz\/salda\/\",\"name\":\"Salda - KLIMAVEX GROUP - \u010cesko\",\"isPartOf\":{\"@id\":\"https:\/\/klimavex.eu\/cz\/#website\"},\"primaryImageOfPage\":{\"@id\":\"https:\/\/klimavex.eu\/cz\/salda\/#primaryimage\"},\"image\":{\"@id\":\"https:\/\/klimavex.eu\/cz\/salda\/#primaryimage\"},\"thumbnailUrl\":\"https:\/\/klimavex.eu\/cz\/wp-content\/uploads\/2024\/07\/salda-logo-1800x800-1-1024x455.png\",\"datePublished\":\"2024-07-15T11:10:05+00:00\",\"dateModified\":\"2024-07-17T11:02:49+00:00\",\"description\":\"Litevsk\u00e1 spole\u010dnost SALDA pat\u0159\u00ed s v\u00edce ne\u017e 20 lety zku\u0161enost\u00ed mezi evropsk\u00e9 l\u00eddry na trhu s ventila\u010dn\u00ed technikou.\",\"breadcrumb\":{\"@id\":\"https:\/\/klimavex.eu\/cz\/salda\/#breadcrumb\"},\"inLanguage\":\"cs\",\"potentialAction\":[{\"@type\":\"ReadAction\",\"target\":[\"https:\/\/klimavex.eu\/cz\/salda\/\"]}]},{\"@type\":\"ImageObject\",\"inLanguage\":\"cs\",\"@id\":\"https:\/\/klimavex.eu\/cz\/salda\/#primaryimage\",\"url\":\"https:\/\/klimavex.eu\/cz\/wp-content\/uploads\/2024\/07\/salda-logo-1800x800-1.png\",\"contentUrl\":\"https:\/\/klimavex.eu\/cz\/wp-content\/uploads\/2024\/07\/salda-logo-1800x800-1.png\",\"width\":3600,\"height\":1600},{\"@type\":\"BreadcrumbList\",\"@id\":\"https:\/\/klimavex.eu\/cz\/salda\/#breadcrumb\",\"itemListElement\":[{\"@type\":\"ListItem\",\"position\":1,\"name\":\"Domovsk\u00e1 str\u00e1nka\",\"item\":\"https:\/\/klimavex.eu\/cz\/\"},{\"@type\":\"ListItem\",\"position\":2,\"name\":\"Salda\"}]},{\"@type\":\"WebSite\",\"@id\":\"https:\/\/klimavex.eu\/cz\/#website\",\"url\":\"https:\/\/klimavex.eu\/cz\/\",\"name\":\"KLIMAVEX GROUP - \u010cesko\",\"description\":\"\",\"publisher\":{\"@id\":\"https:\/\/klimavex.eu\/cz\/#organization\"},\"alternateName\":\"KLIMAVEX CZ a.s.\",\"potentialAction\":[{\"@type\":\"SearchAction\",\"target\":{\"@type\":\"EntryPoint\",\"urlTemplate\":\"https:\/\/klimavex.eu\/cz\/?s={search_term_string}\"},\"query-input\":{\"@type\":\"PropertyValueSpecification\",\"valueRequired\":true,\"valueName\":\"search_term_string\"}}],\"inLanguage\":\"cs\"},{\"@type\":\"Organization\",\"@id\":\"https:\/\/klimavex.eu\/cz\/#organization\",\"name\":\"KLIMAVEX GROUP\",\"alternateName\":\"KLIMAVEX\",\"url\":\"https:\/\/klimavex.eu\/cz\/\",\"logo\":{\"@type\":\"ImageObject\",\"inLanguage\":\"cs\",\"@id\":\"https:\/\/klimavex.eu\/cz\/#\/schema\/logo\/image\/\",\"url\":\"https:\/\/klimavex.eu\/cz\/wp-content\/uploads\/2024\/04\/Klimavex-Group-logo.png\",\"contentUrl\":\"https:\/\/klimavex.eu\/cz\/wp-content\/uploads\/2024\/04\/Klimavex-Group-logo.png\",\"width\":1681,\"height\":472,\"caption\":\"KLIMAVEX GROUP\"},\"image\":{\"@id\":\"https:\/\/klimavex.eu\/cz\/#\/schema\/logo\/image\/\"},\"sameAs\":[\"https:\/\/www.facebook.com\/klimavex.cz\",\"https:\/\/www.instagram.com\/klimavex_cz\/\"]}]}<\/script>\n<!-- \/ Yoast SEO plugin. -->","yoast_head_json":{"title":"Salda - KLIMAVEX GROUP - \u010cesko","description":"Litevsk\u00e1 spole\u010dnost SALDA pat\u0159\u00ed s v\u00edce ne\u017e 20 lety zku\u0161enost\u00ed mezi evropsk\u00e9 l\u00eddry na trhu s ventila\u010dn\u00ed technikou.","robots":{"index":"index","follow":"follow","max-snippet":"max-snippet:-1","max-image-preview":"max-image-preview:large","max-video-preview":"max-video-preview:-1"},"canonical":"https:\/\/klimavex.eu\/cz\/salda\/","og_locale":"cs_CZ","og_type":"article","og_title":"Salda - KLIMAVEX GROUP - \u010cesko","og_description":"Litevsk\u00e1 spole\u010dnost SALDA pat\u0159\u00ed s v\u00edce ne\u017e 20 lety zku\u0161enost\u00ed mezi evropsk\u00e9 l\u00eddry na trhu s ventila\u010dn\u00ed technikou.","og_url":"https:\/\/klimavex.eu\/cz\/salda\/","og_site_name":"KLIMAVEX GROUP - \u010cesko","article_publisher":"https:\/\/www.facebook.com\/klimavex.cz","article_modified_time":"2024-07-17T11:02:49+00:00","og_image":[{"url":"https:\/\/klimavex.eu\/cz\/wp-content\/uploads\/2024\/07\/salda-logo-1800x800-1-1024x455.png"}],"twitter_card":"summary_large_image","twitter_misc":{"Odhadovan\u00e1 doba \u010dten\u00ed":"1 minuta"},"schema":{"@context":"https:\/\/schema.org","@graph":[{"@type":"WebPage","@id":"https:\/\/klimavex.eu\/cz\/salda\/","url":"https:\/\/klimavex.eu\/cz\/salda\/","name":"Salda - KLIMAVEX GROUP - \u010cesko","isPartOf":{"@id":"https:\/\/klimavex.eu\/cz\/#website"},"primaryImageOfPage":{"@id":"https:\/\/klimavex.eu\/cz\/salda\/#primaryimage"},"image":{"@id":"https:\/\/klimavex.eu\/cz\/salda\/#primaryimage"},"thumbnailUrl":"https:\/\/klimavex.eu\/cz\/wp-content\/uploads\/2024\/07\/salda-logo-1800x800-1-1024x455.png","datePublished":"2024-07-15T11:10:05+00:00","dateModified":"2024-07-17T11:02:49+00:00","description":"Litevsk\u00e1 spole\u010dnost SALDA pat\u0159\u00ed s v\u00edce ne\u017e 20 lety zku\u0161enost\u00ed mezi evropsk\u00e9 l\u00eddry na trhu s ventila\u010dn\u00ed technikou.","breadcrumb":{"@id":"https:\/\/klimavex.eu\/cz\/salda\/#breadcrumb"},"inLanguage":"cs","potentialAction":[{"@type":"ReadAction","target":["https:\/\/klimavex.eu\/cz\/salda\/"]}]},{"@type":"ImageObject","inLanguage":"cs","@id":"https:\/\/klimavex.eu\/cz\/salda\/#primaryimage","url":"https:\/\/klimavex.eu\/cz\/wp-content\/uploads\/2024\/07\/salda-logo-1800x800-1.png","contentUrl":"https:\/\/klimavex.eu\/cz\/wp-content\/uploads\/2024\/07\/salda-logo-1800x800-1.png","width":3600,"height":1600},{"@type":"BreadcrumbList","@id":"https:\/\/klimavex.eu\/cz\/salda\/#breadcrumb","itemListElement":[{"@type":"ListItem","position":1,"name":"Domovsk\u00e1 str\u00e1nka","item":"https:\/\/klimavex.eu\/cz\/"},{"@type":"ListItem","position":2,"name":"Salda"}]},{"@type":"WebSite","@id":"https:\/\/klimavex.eu\/cz\/#website","url":"https:\/\/klimavex.eu\/cz\/","name":"KLIMAVEX GROUP - \u010cesko","description":"","publisher":{"@id":"https:\/\/klimavex.eu\/cz\/#organization"},"alternateName":"KLIMAVEX CZ a.s.","potentialAction":[{"@type":"SearchAction","target":{"@type":"EntryPoint","urlTemplate":"https:\/\/klimavex.eu\/cz\/?s={search_term_string}"},"query-input":{"@type":"PropertyValueSpecification","valueRequired":true,"valueName":"search_term_string"}}],"inLanguage":"cs"},{"@type":"Organization","@id":"https:\/\/klimavex.eu\/cz\/#organization","name":"KLIMAVEX GROUP","alternateName":"KLIMAVEX","url":"https:\/\/klimavex.eu\/cz\/","logo":{"@type":"ImageObject","inLanguage":"cs","@id":"https:\/\/klimavex.eu\/cz\/#\/schema\/logo\/image\/","url":"https:\/\/klimavex.eu\/cz\/wp-content\/uploads\/2024\/04\/Klimavex-Group-logo.png","contentUrl":"https:\/\/klimavex.eu\/cz\/wp-content\/uploads\/2024\/04\/Klimavex-Group-logo.png","width":1681,"height":472,"caption":"KLIMAVEX GROUP"},"image":{"@id":"https:\/\/klimavex.eu\/cz\/#\/schema\/logo\/image\/"},"sameAs":["https:\/\/www.facebook.com\/klimavex.cz","https:\/\/www.instagram.com\/klimavex_cz\/"]}]}},"_links":{"self":[{"href":"https:\/\/klimavex.eu\/cz\/wp-json\/wp\/v2\/pages\/336475","targetHints":{"allow":["GET"]}}],"collection":[{"href":"https:\/\/klimavex.eu\/cz\/wp-json\/wp\/v2\/pages"}],"about":[{"href":"https:\/\/klimavex.eu\/cz\/wp-json\/wp\/v2\/types\/page"}],"author":[{"embeddable":true,"href":"https:\/\/klimavex.eu\/cz\/wp-json\/wp\/v2\/users\/3"}],"replies":[{"embeddable":true,"href":"https:\/\/klimavex.eu\/cz\/wp-json\/wp\/v2\/comments?post=336475"}],"version-history":[{"count":0,"href":"https:\/\/klimavex.eu\/cz\/wp-json\/wp\/v2\/pages\/336475\/revisions"}],"wp:attachment":[{"href":"https:\/\/klimavex.eu\/cz\/wp-json\/wp\/v2\/media?parent=336475"}],"curies":[{"name":"wp","href":"https:\/\/api.w.org\/{rel}","templated":true}]}}