{"id":883,"date":"2023-11-24T16:46:19","date_gmt":"2023-11-24T16:46:19","guid":{"rendered":"https:\/\/klimavex.eu\/sk\/?page_id=883"},"modified":"2024-07-17T12:17:38","modified_gmt":"2024-07-17T10:17:38","slug":"blog","status":"publish","type":"page","link":"https:\/\/klimavex.eu\/cz\/blog\/","title":{"rendered":"Blog"},"content":{"rendered":"\t\t<div data-elementor-type=\"wp-page\" data-elementor-id=\"883\" class=\"elementor elementor-883\" data-elementor-post-type=\"page\">\n\t\t\t\t<div class=\"wd-negative-gap elementor-element elementor-element-280659d e-flex e-con-boxed e-con e-parent\" data-id=\"280659d\" data-element_type=\"container\">\n\t\t\t\t\t<div class=\"e-con-inner\">\n\t\t<div class=\"elementor-element elementor-element-2d96ce0 e-con-full e-flex e-con e-child\" data-id=\"2d96ce0\" data-element_type=\"container\" data-settings=\"{&quot;background_background&quot;:&quot;classic&quot;}\">\n\t\t\t\t<div class=\"elementor-element elementor-element-7e15abf elementor-widget elementor-widget-wd_tabs\" data-id=\"7e15abf\" data-element_type=\"widget\" data-widget_type=\"wd_tabs.default\">\n\t\t\t\t<div class=\"elementor-widget-container\">\n\t\t\t\t\t<div class=\"wd-tabs tabs-design-default\">\n\t\t\t<div class=\"wd-tabs-header text-center\">\n\t\t\t\t\t\t\t\t\t<div class=\"tabs-name title\">\n\t\t\t\t\t\t\n\t\t\t\t\t\t<span class=\"tabs-text\" data-elementor-setting-key=\"title\">\n\t\t\t\t\t\t\tKATEGORIE \u010cL\u00c1NK\u016e\t\t\t\t\t\t<\/span>\n\t\t\t\t\t<\/div>\n\t\t\t\t\n\t\t\t\t\n\t\t\t\t<div class=\"wd-nav-wrapper wd-nav-tabs-wrapper\">\n\t\t\t\t\t<ul class=\"wd-nav wd-nav-tabs wd-icon-pos-left wd-style-default\">\n\t\t\t\t\t\t\t\t\t\t\t\t\t\n\t\t\t\t\t\t\t<li>\n\t\t\t\t\t\t\t\t<a href=\"#\" class=\"wd-nav-link\">\n\t\t\t\t\t\t\t\t\t\n\t\t\t\t\t\t\t\t\t<span class=\"nav-link-text wd-tabs-title\">\n\t\t\t\t\t\t\t\t\t\tNOVINKY\t\t\t\t\t\t\t\t\t<\/span>\n\t\t\t\t\t\t\t\t<\/a>\n\t\t\t\t\t\t\t<\/li>\n\n\t\t\t\t\t\t\t\t\t\t\t\t\t\n\t\t\t\t\t\t\t<li>\n\t\t\t\t\t\t\t\t<a href=\"#\" class=\"wd-nav-link\">\n\t\t\t\t\t\t\t\t\t\n\t\t\t\t\t\t\t\t\t<span class=\"nav-link-text wd-tabs-title\">\n\t\t\t\t\t\t\t\t\t\tTEPELN\u00c1 \u010cERPADLA\t\t\t\t\t\t\t\t\t<\/span>\n\t\t\t\t\t\t\t\t<\/a>\n\t\t\t\t\t\t\t<\/li>\n\n\t\t\t\t\t\t\t\t\t\t\t\t\t\n\t\t\t\t\t\t\t<li>\n\t\t\t\t\t\t\t\t<a href=\"#\" class=\"wd-nav-link\">\n\t\t\t\t\t\t\t\t\t\n\t\t\t\t\t\t\t\t\t<span class=\"nav-link-text wd-tabs-title\">\n\t\t\t\t\t\t\t\t\t\tKLIMATIZACE\t\t\t\t\t\t\t\t\t<\/span>\n\t\t\t\t\t\t\t\t<\/a>\n\t\t\t\t\t\t\t<\/li>\n\n\t\t\t\t\t\t\t\t\t\t\t\t\t\n\t\t\t\t\t\t\t<li>\n\t\t\t\t\t\t\t\t<a href=\"#\" class=\"wd-nav-link\">\n\t\t\t\t\t\t\t\t\t\n\t\t\t\t\t\t\t\t\t<span class=\"nav-link-text wd-tabs-title\">\n\t\t\t\t\t\t\t\t\t\tVENTIL\u00c1TORY\t\t\t\t\t\t\t\t\t<\/span>\n\t\t\t\t\t\t\t\t<\/a>\n\t\t\t\t\t\t\t<\/li>\n\n\t\t\t\t\t\t\t\t\t\t\t\t\t\n\t\t\t\t\t\t\t<li>\n\t\t\t\t\t\t\t\t<a href=\"#\" class=\"wd-nav-link\">\n\t\t\t\t\t\t\t\t\t\n\t\t\t\t\t\t\t\t\t<span class=\"nav-link-text wd-tabs-title\">\n\t\t\t\t\t\t\t\t\t\tREKUPERA\u010cN\u00cd JEDNOTKY\t\t\t\t\t\t\t\t\t<\/span>\n\t\t\t\t\t\t\t\t<\/a>\n\t\t\t\t\t\t\t<\/li>\n\n\t\t\t\t\t\t\t\t\t\t\t\t\t\n\t\t\t\t\t\t\t<li>\n\t\t\t\t\t\t\t\t<a href=\"#\" class=\"wd-nav-link\">\n\t\t\t\t\t\t\t\t\t\n\t\t\t\t\t\t\t\t\t<span class=\"nav-link-text wd-tabs-title\">\n\t\t\t\t\t\t\t\t\t\tODVLH\u010cOVA\u010cE\t\t\t\t\t\t\t\t\t<\/span>\n\t\t\t\t\t\t\t\t<\/a>\n\t\t\t\t\t\t\t<\/li>\n\n\t\t\t\t\t\t\t\t\t\t\t\t\t\n\t\t\t\t\t\t\t<li>\n\t\t\t\t\t\t\t\t<a href=\"#\" class=\"wd-nav-link\">\n\t\t\t\t\t\t\t\t\t\n\t\t\t\t\t\t\t\t\t<span class=\"nav-link-text wd-tabs-title\">\n\t\t\t\t\t\t\t\t\t\tSOUT\u011a\u017dE\t\t\t\t\t\t\t\t\t<\/span>\n\t\t\t\t\t\t\t\t<\/a>\n\t\t\t\t\t\t\t<\/li>\n\n\t\t\t\t\t\t\t\t\t\t\t<\/ul>\n\t\t\t\t<\/div>\n\t\t\t<\/div>\n\n\t\t\t<div class=\"wd-tabs-content-wrapper\">\n\t\t\t\t\t\t\t\t\t\t\t\t\t\t\n\t\t\t\t\t\n\t\t\t\t\t<div class=\"wd-tab-content wd-entry-content wd-active wd-in\">\n\t\t\t\t\t\t\t\t\t\t\t\t\t\t\t\t<link rel=\"stylesheet\" id=\"elementor-post-272812-css\" href=\"https:\/\/klimavex.eu\/cz\/wp-content\/uploads\/elementor\/css\/post-272812.css?ver=1732201173\" type=\"text\/css\" media=\"all\">\n\t\t\t\t\t<div data-elementor-type=\"wp-post\" data-elementor-id=\"272812\" class=\"elementor elementor-272812\" data-elementor-post-type=\"cms_block\">\n\t\t\t\t<div class=\"wd-negative-gap elementor-element elementor-element-1f13dba e-flex e-con-boxed e-con e-parent\" data-id=\"1f13dba\" data-element_type=\"container\">\n\t\t\t\t\t<div class=\"e-con-inner\">\n\t\t\t\t<div class=\"elementor-element elementor-element-19392e8 wd-width-100 elementor-widget elementor-widget-wd_blog\" data-id=\"19392e8\" data-element_type=\"widget\" data-widget_type=\"wd_blog.default\">\n\t\t\t\t<div class=\"elementor-widget-container\">\n\t\t\t\t\t\t\t\t\t\t<div class=\"wd-blog-element\">\n\t\t\t\t\t<div class=\"wd-posts wd-blog-holder wd-grid-g\" id=\"69f4d579a5720\" data-paged=\"1\" data-atts=\"{&quot;post_type&quot;:&quot;post&quot;,&quot;items_per_page&quot;:12,&quot;include&quot;:null,&quot;taxonomies&quot;:[&quot;5499&quot;],&quot;offset&quot;:&quot;&quot;,&quot;orderby&quot;:&quot;date&quot;,&quot;order&quot;:&quot;DESC&quot;,&quot;meta_key&quot;:null,&quot;exclude&quot;:[&quot;369739&quot;],&quot;parts_media&quot;:true,&quot;parts_title&quot;:&quot;1&quot;,&quot;parts_meta&quot;:&quot;1&quot;,&quot;parts_text&quot;:&quot;1&quot;,&quot;parts_btn&quot;:&quot;1&quot;,&quot;img_size&quot;:&quot;large&quot;,&quot;blog_design&quot;:&quot;small-images&quot;,&quot;blog_carousel_design&quot;:null,&quot;blog_columns&quot;:null,&quot;blog_columns_tablet&quot;:{&quot;size&quot;:&quot;&quot;},&quot;blog_columns_mobile&quot;:{&quot;size&quot;:&quot;&quot;},&quot;blog_spacing&quot;:null,&quot;blog_spacing_tablet&quot;:&quot;&quot;,&quot;blog_spacing_mobile&quot;:&quot;&quot;,&quot;pagination&quot;:&quot;infinit&quot;,&quot;speed&quot;:null,&quot;slides_per_view&quot;:null,&quot;slides_per_view_tablet&quot;:{&quot;size&quot;:&quot;&quot;},&quot;slides_per_view_mobile&quot;:{&quot;size&quot;:&quot;&quot;},&quot;wrap&quot;:null,&quot;autoplay&quot;:null,&quot;hide_pagination_control&quot;:null,&quot;hide_prev_next_buttons&quot;:null,&quot;scroll_per_page&quot;:null,&quot;lazy_loading&quot;:&quot;yes&quot;,&quot;scroll_carousel_init&quot;:null,&quot;ajax_page&quot;:&quot;&quot;,&quot;custom_sizes&quot;:false,&quot;elementor&quot;:true}\" data-source=\"shortcode\">\n\t\t\t\n\t\t\t\t\t\t\t\t\t\t\t\t\t\t\n<article id=\"post-569523\" class=\"wd-post blog-design-small-images blog-post-loop blog-style-bg wd-add-shadow wd-col post-569523 post type-post status-publish format-standard has-post-thumbnail hentry category-ventilatory category-klimatizace category-rekuperacni-jednotky category-tepelna-cerpadla category-odvlhcovace category-novinky tag-novinky-blog tag-rekuperacie-blog tag-tepelna-cerpadla-blog tag-klimatizace-blog tag-ventilatory-blog tag-odvlhcovace-blog\">\n\t<div class=\"article-inner\">\n\t\t<header class=\"entry-header\">\n\t\t\t\t\t\t\t<figure class=\"entry-thumbnail\">\n\t\t\t\t\t\t\t\t\t\t\t<div class=\"post-img-wrapp\">\n\t\t\t\t\t\t\t<a href=\"https:\/\/klimavex.eu\/cz\/komplexni-sluzby-klimavex\/\">\n\t\t\t\t\t\t\t\t<img fetchpriority=\"high\" decoding=\"async\" width=\"1024\" height=\"576\" src=\"https:\/\/klimavex.eu\/cz\/wp-content\/uploads\/2025\/11\/CZ-1024x576.png\" class=\"attachment-large size-large\" alt=\"\" srcset=\"https:\/\/klimavex.eu\/cz\/wp-content\/uploads\/2025\/11\/CZ-1024x576.png 1024w, https:\/\/klimavex.eu\/cz\/wp-content\/uploads\/2025\/11\/CZ-300x169.png 300w, https:\/\/klimavex.eu\/cz\/wp-content\/uploads\/2025\/11\/CZ-768x432.png 768w, https:\/\/klimavex.eu\/cz\/wp-content\/uploads\/2025\/11\/CZ-20x11.png 20w, https:\/\/klimavex.eu\/cz\/wp-content\/uploads\/2025\/11\/CZ-600x338.png 600w, https:\/\/klimavex.eu\/cz\/wp-content\/uploads\/2025\/11\/CZ-150x84.png 150w, https:\/\/klimavex.eu\/cz\/wp-content\/uploads\/2025\/11\/CZ.png 1280w\" sizes=\"(max-width: 1024px) 100vw, 1024px\" \/>\t\t\t\t\t\t\t<\/a>\n\t\t\t\t\t\t<\/div>\n\t\t\t\t\t\t<div class=\"post-image-mask\">\n\t\t\t\t\t\t\t<span><\/span>\n\t\t\t\t\t\t<\/div>\n\t\t\t\t\t\t\t\t\t<\/figure>\n\t\t\t\n\t\t\t\t\t\t<div class=\"wd-post-date wd-style-with-bg\">\n\t\t\t\t<span class=\"post-date-day\">\n\t\t\t\t\t27\t\t\t\t<\/span>\n\t\t\t\t<span class=\"post-date-month\">\n\t\t\t\t\tLis\t\t\t\t<\/span>\n\t\t\t<\/div>\n\t\t\t\t<\/header>\n\n\t\t<div class=\"article-body-container\">\n\t\t\t\t\t\t\t<div class=\"meta-categories-wrapp\">\n\t\t\t\t\t<div class=\"meta-post-categories wd-post-cat wd-style-with-bg\">\n\t\t\t\t\t\t<a href=\"https:\/\/klimavex.eu\/cz\/category\/ventilatory\/\" rel=\"category tag\">Ventil\u00e1tory<\/a>, <a href=\"https:\/\/klimavex.eu\/cz\/category\/klimatizace\/\" rel=\"category tag\">Klimatizace<\/a>, <a href=\"https:\/\/klimavex.eu\/cz\/category\/rekuperacni-jednotky\/\" rel=\"category tag\">Rekupera\u010dn\u00ed jednotky<\/a>, <a href=\"https:\/\/klimavex.eu\/cz\/category\/tepelna-cerpadla\/\" rel=\"category tag\">Tepeln\u00e1 \u010derpadla<\/a>, <a href=\"https:\/\/klimavex.eu\/cz\/category\/odvlhcovace\/\" rel=\"category tag\">Odvlh\u010dova\u010de<\/a>, <a href=\"https:\/\/klimavex.eu\/cz\/category\/novinky\/\" rel=\"category tag\">Novinky<\/a>\t\t\t\t\t<\/div>\n\t\t\t\t<\/div>\n\t\t\t\n\t\t\t\t\t\t\t<h3 class=\"wd-entities-title title post-title\">\n\t\t\t\t\t<a href=\"https:\/\/klimavex.eu\/cz\/komplexni-sluzby-klimavex\/\" rel=\"bookmark\">Komplexn\u00ed slu\u017eby KLIMAVEX<\/a>\n\t\t\t\t<\/h3>\n\t\t\t\n\t\t\t\t\t\t\t<div class=\"entry-meta wd-entry-meta\">\n\t\t\t\t\t\t\t\t<ul class=\"entry-meta-list\">\n\t\t\t\t\t\t\t\t\t<li class=\"modified-date\">\n\t\t\t\t\t\t\t\t<time class=\"updated\" datetime=\"2025-11-27T14:52:38+01:00\">\n\t\t\t27 listopadu, 2025\t\t<\/time>\n\t\t\t\t\t\t\t<\/li>\n\n\t\t\t\t\t\n\t\t\t\t\t\t\t\t\t\t\t<li class=\"meta-author\">\n\t\t\t\t\t\t\t\t\t\t\t\t<span>Podle<\/span>\n\t\t\n\t\t\t\t\t<img loading=\"lazy\" decoding=\"async\" src=\"https:\/\/klimavex.eu\/cz\/wp-content\/plugins\/ultimate-member\/assets\/img\/default_avatar.jpg\" class=\"gravatar avatar avatar-32 um-avatar um-avatar-default\" width=\"32\" height=\"32\" alt=\"Marketing KLIMAVEX\" data-default=\"https:\/\/klimavex.eu\/cz\/wp-content\/plugins\/ultimate-member\/assets\/img\/default_avatar.jpg\" onerror=\"if ( ! this.getAttribute('data-load-error') ){ this.setAttribute('data-load-error', '1');this.setAttribute('src', this.getAttribute('data-default'));}\" loading=\"lazy\" \/>\t\t\n\t\t<a href=\"https:\/\/klimavex.eu\/cz\/author\/marketing\/\" class=\"author\" rel=\"author\">Marketing KLIMAVEX<\/a>\n\t\t\t\t\t\t\t\t<\/li>\n\t\t\t\t\t\n\t\t\t\t\t\n\t\t\t\t\t\t\t\t\t\t\t<li class=\"meta-reply\">\n\t\t\t\t\t\t\t<a href=\"https:\/\/klimavex.eu\/cz\/komplexni-sluzby-klimavex\/#respond\"><span class=\"replies-count\">0<\/span> <span class=\"replies-count-label\">koment\u00e1\u0159e<\/span><\/a>\t\t\t\t\t\t<\/li>\n\t\t\t\t\t\t\t\t\t\t\t\t<\/ul>\n\t\t\t\t\t\t<\/div>\n\t\t\t\t\t\t\t\t\t<div class=\"hovered-social-icons wd-tltp\">\n\t\t\t\t\t\t<div class=\"tooltip top\">\n\t\t\t\t\t\t\t<div class=\"tooltip-arrow\"><\/div>\n\t\t\t\t\t\t\t<div class=\"tooltip-inner\">\n\t\t\t\t\t\t\t\t\t\t\t<div id=\"\" class=\" wd-social-icons wd-style-default wd-size-small social-share wd-shape-circle color-scheme-light text-center\">\n\t\t\t\t\n\t\t\t\t\n\t\t\t\t\t\t\t\t\t<a rel=\"noopener noreferrer nofollow\" href=\"https:\/\/www.facebook.com\/sharer\/sharer.php?u=https:\/\/klimavex.eu\/cz\/komplexni-sluzby-klimavex\/\" target=\"_blank\" class=\" wd-social-icon social-facebook\" aria-label=\"Facebook soci\u00e1ln\u00ed odkaz\">\n\t\t\t\t\t\t<span class=\"wd-icon\"><\/span>\n\t\t\t\t\t\t\t\t\t\t\t<\/a>\n\t\t\t\t\n\t\t\t\t\t\t\t\t\t<a rel=\"noopener noreferrer nofollow\" href=\"https:\/\/x.com\/share?url=https:\/\/klimavex.eu\/cz\/komplexni-sluzby-klimavex\/\" target=\"_blank\" class=\" wd-social-icon social-twitter\" aria-label=\"X social link\">\n\t\t\t\t\t\t<span class=\"wd-icon\"><\/span>\n\t\t\t\t\t\t\t\t\t\t\t<\/a>\n\t\t\t\t\n\t\t\t\t\n\t\t\t\t\n\t\t\t\t\n\t\t\t\t\t\t\t\t\t<a rel=\"noopener noreferrer nofollow\" href=\"https:\/\/pinterest.com\/pin\/create\/button\/?url=https:\/\/klimavex.eu\/cz\/komplexni-sluzby-klimavex\/&media=https:\/\/klimavex.eu\/cz\/wp-content\/uploads\/2025\/11\/CZ.png&description=Komplexn%C3%AD+slu%C5%BEby+KLIMAVEX\" target=\"_blank\" class=\" wd-social-icon social-pinterest\" aria-label=\"Pinterest soci\u00e1ln\u00ed odkaz\">\n\t\t\t\t\t\t<span class=\"wd-icon\"><\/span>\n\t\t\t\t\t\t\t\t\t\t\t<\/a>\n\t\t\t\t\n\t\t\t\t\n\t\t\t\t\t\t\t\t\t<a rel=\"noopener noreferrer nofollow\" href=\"https:\/\/www.linkedin.com\/shareArticle?mini=true&url=https:\/\/klimavex.eu\/cz\/komplexni-sluzby-klimavex\/\" target=\"_blank\" class=\" wd-social-icon social-linkedin\" aria-label=\"Linkedin soci\u00e1ln\u00ed odkaz\">\n\t\t\t\t\t\t<span class=\"wd-icon\"><\/span>\n\t\t\t\t\t\t\t\t\t\t\t<\/a>\n\t\t\t\t\n\t\t\t\t\n\t\t\t\t\n\t\t\t\t\n\t\t\t\t\n\t\t\t\t\n\t\t\t\t\n\t\t\t\t\n\t\t\t\t\n\t\t\t\t\n\t\t\t\t\n\t\t\t\t\n\t\t\t\t\n\t\t\t\t\n\t\t\t\t\n\t\t\t\t\n\t\t\t\t\t\t\t\t\t<a rel=\"noopener noreferrer nofollow\" href=\"https:\/\/telegram.me\/share\/url?url=https:\/\/klimavex.eu\/cz\/komplexni-sluzby-klimavex\/\" target=\"_blank\" class=\" wd-social-icon social-tg\" aria-label=\"Telegram soci\u00e1ln\u00ed odkaz\">\n\t\t\t\t\t\t<span class=\"wd-icon\"><\/span>\n\t\t\t\t\t\t\t\t\t\t\t<\/a>\n\t\t\t\t\n\t\t\t\t\n\t\t\t<\/div>\n\n\t\t\t\t\t\t\t\t\t<\/div>\n\t\t\t\t\t\t<\/div>\n\t\t\t\t\t<\/div>\n\t\t\t\t\t\t\t\n\t\t\t\t\t\t\t\t\t\t\t\t<div class=\"entry-content wd-post-desc\">\n\t\t\t\t\t\tKLIMAVEX: spolehliv\u00fd partner pro v\u0161echny Va\u0161e projekty\t\t\n\t\t\tSpole\u010dnost KLIMAVEX p\u016fsob\u00ed u\u017e v\u00edce ne\u017e 30 let jako\u00a0velkoobchodn\u00ed dodavatel ...\t\t\t\t\t<\/div>\n\t\t\t\t\n\t\t\t\t\t\t\t\t\t\t\t\t\t\t<p class=\"read-more-section\">\n\t\t\t\t\t\t<a class=\"btn-read-more more-link\" href=\"https:\/\/klimavex.eu\/cz\/komplexni-sluzby-klimavex\/\">pokra\u010dovat ve \u010dten\u00ed<\/a>\t\t\t\t\t<\/p>\n\t\t\t\t\t\t\t\t\t\t\t\t\t<\/div>\n\t<\/div>\n<\/article>\n\n\t\t\t\t\t\t\t\t\t\t\t\t\t\t\n<article id=\"post-556211\" class=\"wd-post blog-design-small-images blog-post-loop blog-style-bg wd-add-shadow wd-col post-556211 post type-post status-publish format-standard has-post-thumbnail hentry category-tepelna-cerpadla category-novinky tag-tepelna-cerpadla-blog tag-novinky-blog\">\n\t<div class=\"article-inner\">\n\t\t<header class=\"entry-header\">\n\t\t\t\t\t\t\t<figure class=\"entry-thumbnail\">\n\t\t\t\t\t\t\t\t\t\t\t<div class=\"post-img-wrapp\">\n\t\t\t\t\t\t\t<a href=\"https:\/\/klimavex.eu\/cz\/tepelna-cerpadla-hyundai-pro-letosni-topnou-sezonu\/\">\n\t\t\t\t\t\t\t\t<img decoding=\"async\" width=\"1024\" height=\"427\" src=\"https:\/\/klimavex.eu\/cz\/wp-content\/uploads\/2025\/09\/tc1-1024x427.png\" class=\"attachment-large size-large\" alt=\"\" srcset=\"https:\/\/klimavex.eu\/cz\/wp-content\/uploads\/2025\/09\/tc1-1024x427.png 1024w, https:\/\/klimavex.eu\/cz\/wp-content\/uploads\/2025\/09\/tc1-300x125.png 300w, https:\/\/klimavex.eu\/cz\/wp-content\/uploads\/2025\/09\/tc1-768x320.png 768w, https:\/\/klimavex.eu\/cz\/wp-content\/uploads\/2025\/09\/tc1-1536x640.png 1536w, https:\/\/klimavex.eu\/cz\/wp-content\/uploads\/2025\/09\/tc1-20x8.png 20w, https:\/\/klimavex.eu\/cz\/wp-content\/uploads\/2025\/09\/tc1-600x250.png 600w, https:\/\/klimavex.eu\/cz\/wp-content\/uploads\/2025\/09\/tc1-150x63.png 150w, https:\/\/klimavex.eu\/cz\/wp-content\/uploads\/2025\/09\/tc1.png 1920w\" sizes=\"(max-width: 1024px) 100vw, 1024px\" \/>\t\t\t\t\t\t\t<\/a>\n\t\t\t\t\t\t<\/div>\n\t\t\t\t\t\t<div class=\"post-image-mask\">\n\t\t\t\t\t\t\t<span><\/span>\n\t\t\t\t\t\t<\/div>\n\t\t\t\t\t\t\t\t\t<\/figure>\n\t\t\t\n\t\t\t\t\t\t<div class=\"wd-post-date wd-style-with-bg\">\n\t\t\t\t<span class=\"post-date-day\">\n\t\t\t\t\t01\t\t\t\t<\/span>\n\t\t\t\t<span class=\"post-date-month\">\n\t\t\t\t\t\u0158\u00edj\t\t\t\t<\/span>\n\t\t\t<\/div>\n\t\t\t\t<\/header>\n\n\t\t<div class=\"article-body-container\">\n\t\t\t\t\t\t\t<div class=\"meta-categories-wrapp\">\n\t\t\t\t\t<div class=\"meta-post-categories wd-post-cat wd-style-with-bg\">\n\t\t\t\t\t\t<a href=\"https:\/\/klimavex.eu\/cz\/category\/tepelna-cerpadla\/\" rel=\"category tag\">Tepeln\u00e1 \u010derpadla<\/a>, <a href=\"https:\/\/klimavex.eu\/cz\/category\/novinky\/\" rel=\"category tag\">Novinky<\/a>\t\t\t\t\t<\/div>\n\t\t\t\t<\/div>\n\t\t\t\n\t\t\t\t\t\t\t<h3 class=\"wd-entities-title title post-title\">\n\t\t\t\t\t<a href=\"https:\/\/klimavex.eu\/cz\/tepelna-cerpadla-hyundai-pro-letosni-topnou-sezonu\/\" rel=\"bookmark\">Tepeln\u00e1 \u010derpadla Hyundai pro leto\u0161n\u00ed topnou sez\u00f3nu!<\/a>\n\t\t\t\t<\/h3>\n\t\t\t\n\t\t\t\t\t\t\t<div class=\"entry-meta wd-entry-meta\">\n\t\t\t\t\t\t\t\t<ul class=\"entry-meta-list\">\n\t\t\t\t\t\t\t\t\t<li class=\"modified-date\">\n\t\t\t\t\t\t\t\t<time class=\"updated\" datetime=\"2025-10-06T12:54:52+02:00\">\n\t\t\t6 \u0159\u00edjna, 2025\t\t<\/time>\n\t\t\t\t\t\t\t<\/li>\n\n\t\t\t\t\t\n\t\t\t\t\t\t\t\t\t\t\t<li class=\"meta-author\">\n\t\t\t\t\t\t\t\t\t\t\t\t<span>Podle<\/span>\n\t\t\n\t\t\t\t\t<img loading=\"lazy\" decoding=\"async\" src=\"https:\/\/klimavex.eu\/cz\/wp-content\/plugins\/ultimate-member\/assets\/img\/default_avatar.jpg\" class=\"gravatar avatar avatar-32 um-avatar um-avatar-default\" width=\"32\" height=\"32\" alt=\"Marketing KLIMAVEX\" data-default=\"https:\/\/klimavex.eu\/cz\/wp-content\/plugins\/ultimate-member\/assets\/img\/default_avatar.jpg\" onerror=\"if ( ! this.getAttribute('data-load-error') ){ this.setAttribute('data-load-error', '1');this.setAttribute('src', this.getAttribute('data-default'));}\" loading=\"lazy\" \/>\t\t\n\t\t<a href=\"https:\/\/klimavex.eu\/cz\/author\/marketing\/\" class=\"author\" rel=\"author\">Marketing KLIMAVEX<\/a>\n\t\t\t\t\t\t\t\t<\/li>\n\t\t\t\t\t\n\t\t\t\t\t\n\t\t\t\t\t\t\t\t\t\t\t<li class=\"meta-reply\">\n\t\t\t\t\t\t\t<a href=\"https:\/\/klimavex.eu\/cz\/tepelna-cerpadla-hyundai-pro-letosni-topnou-sezonu\/#respond\"><span class=\"replies-count\">0<\/span> <span class=\"replies-count-label\">koment\u00e1\u0159e<\/span><\/a>\t\t\t\t\t\t<\/li>\n\t\t\t\t\t\t\t\t\t\t\t\t<\/ul>\n\t\t\t\t\t\t<\/div>\n\t\t\t\t\t\t\t\t\t<div class=\"hovered-social-icons wd-tltp\">\n\t\t\t\t\t\t<div class=\"tooltip top\">\n\t\t\t\t\t\t\t<div class=\"tooltip-arrow\"><\/div>\n\t\t\t\t\t\t\t<div class=\"tooltip-inner\">\n\t\t\t\t\t\t\t\t\t\t\t<div id=\"\" class=\" wd-social-icons wd-style-default wd-size-small social-share wd-shape-circle color-scheme-light text-center\">\n\t\t\t\t\n\t\t\t\t\n\t\t\t\t\t\t\t\t\t<a rel=\"noopener noreferrer nofollow\" href=\"https:\/\/www.facebook.com\/sharer\/sharer.php?u=https:\/\/klimavex.eu\/cz\/tepelna-cerpadla-hyundai-pro-letosni-topnou-sezonu\/\" target=\"_blank\" class=\" wd-social-icon social-facebook\" aria-label=\"Facebook soci\u00e1ln\u00ed odkaz\">\n\t\t\t\t\t\t<span class=\"wd-icon\"><\/span>\n\t\t\t\t\t\t\t\t\t\t\t<\/a>\n\t\t\t\t\n\t\t\t\t\t\t\t\t\t<a rel=\"noopener noreferrer nofollow\" href=\"https:\/\/x.com\/share?url=https:\/\/klimavex.eu\/cz\/tepelna-cerpadla-hyundai-pro-letosni-topnou-sezonu\/\" target=\"_blank\" class=\" wd-social-icon social-twitter\" aria-label=\"X social link\">\n\t\t\t\t\t\t<span class=\"wd-icon\"><\/span>\n\t\t\t\t\t\t\t\t\t\t\t<\/a>\n\t\t\t\t\n\t\t\t\t\n\t\t\t\t\n\t\t\t\t\n\t\t\t\t\t\t\t\t\t<a rel=\"noopener noreferrer nofollow\" href=\"https:\/\/pinterest.com\/pin\/create\/button\/?url=https:\/\/klimavex.eu\/cz\/tepelna-cerpadla-hyundai-pro-letosni-topnou-sezonu\/&media=https:\/\/klimavex.eu\/cz\/wp-content\/uploads\/2025\/09\/tc1.png&description=Tepeln%C3%A1+%C4%8Derpadla+Hyundai+pro+leto%C5%A1n%C3%AD+topnou+sez%C3%B3nu%21\" target=\"_blank\" class=\" wd-social-icon social-pinterest\" aria-label=\"Pinterest soci\u00e1ln\u00ed odkaz\">\n\t\t\t\t\t\t<span class=\"wd-icon\"><\/span>\n\t\t\t\t\t\t\t\t\t\t\t<\/a>\n\t\t\t\t\n\t\t\t\t\n\t\t\t\t\t\t\t\t\t<a rel=\"noopener noreferrer nofollow\" href=\"https:\/\/www.linkedin.com\/shareArticle?mini=true&url=https:\/\/klimavex.eu\/cz\/tepelna-cerpadla-hyundai-pro-letosni-topnou-sezonu\/\" target=\"_blank\" class=\" wd-social-icon social-linkedin\" aria-label=\"Linkedin soci\u00e1ln\u00ed odkaz\">\n\t\t\t\t\t\t<span class=\"wd-icon\"><\/span>\n\t\t\t\t\t\t\t\t\t\t\t<\/a>\n\t\t\t\t\n\t\t\t\t\n\t\t\t\t\n\t\t\t\t\n\t\t\t\t\n\t\t\t\t\n\t\t\t\t\n\t\t\t\t\n\t\t\t\t\n\t\t\t\t\n\t\t\t\t\n\t\t\t\t\n\t\t\t\t\n\t\t\t\t\n\t\t\t\t\n\t\t\t\t\n\t\t\t\t\t\t\t\t\t<a rel=\"noopener noreferrer nofollow\" href=\"https:\/\/telegram.me\/share\/url?url=https:\/\/klimavex.eu\/cz\/tepelna-cerpadla-hyundai-pro-letosni-topnou-sezonu\/\" target=\"_blank\" class=\" wd-social-icon social-tg\" aria-label=\"Telegram soci\u00e1ln\u00ed odkaz\">\n\t\t\t\t\t\t<span class=\"wd-icon\"><\/span>\n\t\t\t\t\t\t\t\t\t\t\t<\/a>\n\t\t\t\t\n\t\t\t\t\n\t\t\t<\/div>\n\n\t\t\t\t\t\t\t\t\t<\/div>\n\t\t\t\t\t\t<\/div>\n\t\t\t\t\t<\/div>\n\t\t\t\t\t\t\t\n\t\t\t\t\t\t\t\t\t\t\t\t<div class=\"entry-content wd-post-desc\">\n\t\t\t\t\t\tTepeln\u00e1 \u010derpadla Hyundai pro leto\u0161n\u00ed topnou sez\u00f3nu!\t\t\n\t\t\t\t\t\t \t\t\t\t\t\n\t\t\tTepeln\u00e1 \u010derpadla zna\u010dky Hyundai na \u010desk\u00e9m a slovensk\u00e9m trhu slav\u00ed...\t\t\t\t\t<\/div>\n\t\t\t\t\n\t\t\t\t\t\t\t\t\t\t\t\t\t\t<p class=\"read-more-section\">\n\t\t\t\t\t\t<a class=\"btn-read-more more-link\" href=\"https:\/\/klimavex.eu\/cz\/tepelna-cerpadla-hyundai-pro-letosni-topnou-sezonu\/\">pokra\u010dovat ve \u010dten\u00ed<\/a>\t\t\t\t\t<\/p>\n\t\t\t\t\t\t\t\t\t\t\t\t\t<\/div>\n\t<\/div>\n<\/article>\n\n\t\t\t\t\t\t\t\t\t\t\t\t\t\t\n<article id=\"post-556203\" class=\"wd-post blog-design-small-images blog-post-loop blog-style-bg wd-add-shadow wd-col post-556203 post type-post status-publish format-standard has-post-thumbnail hentry category-tepelna-cerpadla category-novinky tag-tepelna-cerpadla-blog tag-novinky-blog\">\n\t<div class=\"article-inner\">\n\t\t<header class=\"entry-header\">\n\t\t\t\t\t\t\t<figure class=\"entry-thumbnail\">\n\t\t\t\t\t\t\t\t\t\t\t<div class=\"post-img-wrapp\">\n\t\t\t\t\t\t\t<a href=\"https:\/\/klimavex.eu\/cz\/servisni-sit-hyundai-jistota-prace-jistota-podpory\/\">\n\t\t\t\t\t\t\t\t<img decoding=\"async\" width=\"1024\" height=\"788\" src=\"https:\/\/klimavex.eu\/cz\/wp-content\/uploads\/2025\/09\/SS-Hyundai-1-1024x788.png\" class=\"attachment-large size-large\" alt=\"\" srcset=\"https:\/\/klimavex.eu\/cz\/wp-content\/uploads\/2025\/09\/SS-Hyundai-1-1024x788.png 1024w, https:\/\/klimavex.eu\/cz\/wp-content\/uploads\/2025\/09\/SS-Hyundai-1-300x231.png 300w, https:\/\/klimavex.eu\/cz\/wp-content\/uploads\/2025\/09\/SS-Hyundai-1-768x591.png 768w, https:\/\/klimavex.eu\/cz\/wp-content\/uploads\/2025\/09\/SS-Hyundai-1-20x15.png 20w, https:\/\/klimavex.eu\/cz\/wp-content\/uploads\/2025\/09\/SS-Hyundai-1-600x462.png 600w, https:\/\/klimavex.eu\/cz\/wp-content\/uploads\/2025\/09\/SS-Hyundai-1-150x115.png 150w, https:\/\/klimavex.eu\/cz\/wp-content\/uploads\/2025\/09\/SS-Hyundai-1.png 1300w\" sizes=\"(max-width: 1024px) 100vw, 1024px\" \/>\t\t\t\t\t\t\t<\/a>\n\t\t\t\t\t\t<\/div>\n\t\t\t\t\t\t<div class=\"post-image-mask\">\n\t\t\t\t\t\t\t<span><\/span>\n\t\t\t\t\t\t<\/div>\n\t\t\t\t\t\t\t\t\t<\/figure>\n\t\t\t\n\t\t\t\t\t\t<div class=\"wd-post-date wd-style-with-bg\">\n\t\t\t\t<span class=\"post-date-day\">\n\t\t\t\t\t24\t\t\t\t<\/span>\n\t\t\t\t<span class=\"post-date-month\">\n\t\t\t\t\tZ\u00e1\u0159\t\t\t\t<\/span>\n\t\t\t<\/div>\n\t\t\t\t<\/header>\n\n\t\t<div class=\"article-body-container\">\n\t\t\t\t\t\t\t<div class=\"meta-categories-wrapp\">\n\t\t\t\t\t<div class=\"meta-post-categories wd-post-cat wd-style-with-bg\">\n\t\t\t\t\t\t<a href=\"https:\/\/klimavex.eu\/cz\/category\/tepelna-cerpadla\/\" rel=\"category tag\">Tepeln\u00e1 \u010derpadla<\/a>, <a href=\"https:\/\/klimavex.eu\/cz\/category\/novinky\/\" rel=\"category tag\">Novinky<\/a>\t\t\t\t\t<\/div>\n\t\t\t\t<\/div>\n\t\t\t\n\t\t\t\t\t\t\t<h3 class=\"wd-entities-title title post-title\">\n\t\t\t\t\t<a href=\"https:\/\/klimavex.eu\/cz\/servisni-sit-hyundai-jistota-prace-jistota-podpory\/\" rel=\"bookmark\">Servisn\u00ed s\u00ed\u0165 Hyundai \u2013 jistota pr\u00e1ce, jistota podpory<\/a>\n\t\t\t\t<\/h3>\n\t\t\t\n\t\t\t\t\t\t\t<div class=\"entry-meta wd-entry-meta\">\n\t\t\t\t\t\t\t\t<ul class=\"entry-meta-list\">\n\t\t\t\t\t\t\t\t\t<li class=\"modified-date\">\n\t\t\t\t\t\t\t\t<time class=\"updated\" datetime=\"2025-09-11T14:49:06+02:00\">\n\t\t\t11 z\u00e1\u0159\u00ed, 2025\t\t<\/time>\n\t\t\t\t\t\t\t<\/li>\n\n\t\t\t\t\t\n\t\t\t\t\t\t\t\t\t\t\t<li class=\"meta-author\">\n\t\t\t\t\t\t\t\t\t\t\t\t<span>Podle<\/span>\n\t\t\n\t\t\t\t\t<img loading=\"lazy\" decoding=\"async\" src=\"https:\/\/klimavex.eu\/cz\/wp-content\/plugins\/ultimate-member\/assets\/img\/default_avatar.jpg\" class=\"gravatar avatar avatar-32 um-avatar um-avatar-default\" width=\"32\" height=\"32\" alt=\"Marketing KLIMAVEX\" data-default=\"https:\/\/klimavex.eu\/cz\/wp-content\/plugins\/ultimate-member\/assets\/img\/default_avatar.jpg\" onerror=\"if ( ! this.getAttribute('data-load-error') ){ this.setAttribute('data-load-error', '1');this.setAttribute('src', this.getAttribute('data-default'));}\" loading=\"lazy\" \/>\t\t\n\t\t<a href=\"https:\/\/klimavex.eu\/cz\/author\/marketing\/\" class=\"author\" rel=\"author\">Marketing KLIMAVEX<\/a>\n\t\t\t\t\t\t\t\t<\/li>\n\t\t\t\t\t\n\t\t\t\t\t\n\t\t\t\t\t\t\t\t\t\t\t<li class=\"meta-reply\">\n\t\t\t\t\t\t\t<a href=\"https:\/\/klimavex.eu\/cz\/servisni-sit-hyundai-jistota-prace-jistota-podpory\/#respond\"><span class=\"replies-count\">0<\/span> <span class=\"replies-count-label\">koment\u00e1\u0159e<\/span><\/a>\t\t\t\t\t\t<\/li>\n\t\t\t\t\t\t\t\t\t\t\t\t<\/ul>\n\t\t\t\t\t\t<\/div>\n\t\t\t\t\t\t\t\t\t<div class=\"hovered-social-icons wd-tltp\">\n\t\t\t\t\t\t<div class=\"tooltip top\">\n\t\t\t\t\t\t\t<div class=\"tooltip-arrow\"><\/div>\n\t\t\t\t\t\t\t<div class=\"tooltip-inner\">\n\t\t\t\t\t\t\t\t\t\t\t<div id=\"\" class=\" wd-social-icons wd-style-default wd-size-small social-share wd-shape-circle color-scheme-light text-center\">\n\t\t\t\t\n\t\t\t\t\n\t\t\t\t\t\t\t\t\t<a rel=\"noopener noreferrer nofollow\" href=\"https:\/\/www.facebook.com\/sharer\/sharer.php?u=https:\/\/klimavex.eu\/cz\/servisni-sit-hyundai-jistota-prace-jistota-podpory\/\" target=\"_blank\" class=\" wd-social-icon social-facebook\" aria-label=\"Facebook soci\u00e1ln\u00ed odkaz\">\n\t\t\t\t\t\t<span class=\"wd-icon\"><\/span>\n\t\t\t\t\t\t\t\t\t\t\t<\/a>\n\t\t\t\t\n\t\t\t\t\t\t\t\t\t<a rel=\"noopener noreferrer nofollow\" href=\"https:\/\/x.com\/share?url=https:\/\/klimavex.eu\/cz\/servisni-sit-hyundai-jistota-prace-jistota-podpory\/\" target=\"_blank\" class=\" wd-social-icon social-twitter\" aria-label=\"X social link\">\n\t\t\t\t\t\t<span class=\"wd-icon\"><\/span>\n\t\t\t\t\t\t\t\t\t\t\t<\/a>\n\t\t\t\t\n\t\t\t\t\n\t\t\t\t\n\t\t\t\t\n\t\t\t\t\t\t\t\t\t<a rel=\"noopener noreferrer nofollow\" href=\"https:\/\/pinterest.com\/pin\/create\/button\/?url=https:\/\/klimavex.eu\/cz\/servisni-sit-hyundai-jistota-prace-jistota-podpory\/&media=https:\/\/klimavex.eu\/cz\/wp-content\/uploads\/2025\/09\/SS-Hyundai-1.png&description=Servisn%C3%AD+s%C3%AD%C5%A5+Hyundai+%E2%80%93+jistota+pr%C3%A1ce%2C+jistota+podpory\" target=\"_blank\" class=\" wd-social-icon social-pinterest\" aria-label=\"Pinterest soci\u00e1ln\u00ed odkaz\">\n\t\t\t\t\t\t<span class=\"wd-icon\"><\/span>\n\t\t\t\t\t\t\t\t\t\t\t<\/a>\n\t\t\t\t\n\t\t\t\t\n\t\t\t\t\t\t\t\t\t<a rel=\"noopener noreferrer nofollow\" href=\"https:\/\/www.linkedin.com\/shareArticle?mini=true&url=https:\/\/klimavex.eu\/cz\/servisni-sit-hyundai-jistota-prace-jistota-podpory\/\" target=\"_blank\" class=\" wd-social-icon social-linkedin\" aria-label=\"Linkedin soci\u00e1ln\u00ed odkaz\">\n\t\t\t\t\t\t<span class=\"wd-icon\"><\/span>\n\t\t\t\t\t\t\t\t\t\t\t<\/a>\n\t\t\t\t\n\t\t\t\t\n\t\t\t\t\n\t\t\t\t\n\t\t\t\t\n\t\t\t\t\n\t\t\t\t\n\t\t\t\t\n\t\t\t\t\n\t\t\t\t\n\t\t\t\t\n\t\t\t\t\n\t\t\t\t\n\t\t\t\t\n\t\t\t\t\n\t\t\t\t\n\t\t\t\t\t\t\t\t\t<a rel=\"noopener noreferrer nofollow\" href=\"https:\/\/telegram.me\/share\/url?url=https:\/\/klimavex.eu\/cz\/servisni-sit-hyundai-jistota-prace-jistota-podpory\/\" target=\"_blank\" class=\" wd-social-icon social-tg\" aria-label=\"Telegram soci\u00e1ln\u00ed odkaz\">\n\t\t\t\t\t\t<span class=\"wd-icon\"><\/span>\n\t\t\t\t\t\t\t\t\t\t\t<\/a>\n\t\t\t\t\n\t\t\t\t\n\t\t\t<\/div>\n\n\t\t\t\t\t\t\t\t\t<\/div>\n\t\t\t\t\t\t<\/div>\n\t\t\t\t\t<\/div>\n\t\t\t\t\t\t\t\n\t\t\t\t\t\t\t\t\t\t\t\t<div class=\"entry-content wd-post-desc\">\n\t\t\t\t\t\tServisn\u00ed s\u00ed\u0165 Hyundai \u2013 jistota pr\u00e1ce, jistota podpory\t\t\n\t\t\t\t\t\t \t\t\t\t\t\n\t\t\tSpole\u010dnost KLIMAVEX jako v\u00fdhradn\u00ed distributor tepeln\u00fdch \u010derpade...\t\t\t\t\t<\/div>\n\t\t\t\t\n\t\t\t\t\t\t\t\t\t\t\t\t\t\t<p class=\"read-more-section\">\n\t\t\t\t\t\t<a class=\"btn-read-more more-link\" href=\"https:\/\/klimavex.eu\/cz\/servisni-sit-hyundai-jistota-prace-jistota-podpory\/\">pokra\u010dovat ve \u010dten\u00ed<\/a>\t\t\t\t\t<\/p>\n\t\t\t\t\t\t\t\t\t\t\t\t\t<\/div>\n\t<\/div>\n<\/article>\n\n\t\t\t\t\t\t\t\t\t\t\t\t\t\t\n<article id=\"post-556187\" class=\"wd-post blog-design-small-images blog-post-loop blog-style-bg wd-add-shadow wd-col post-556187 post type-post status-publish format-standard has-post-thumbnail hentry category-klimatizace category-novinky tag-klimatizace-blog tag-novinky-blog\">\n\t<div class=\"article-inner\">\n\t\t<header class=\"entry-header\">\n\t\t\t\t\t\t\t<figure class=\"entry-thumbnail\">\n\t\t\t\t\t\t\t\t\t\t\t<div class=\"post-img-wrapp\">\n\t\t\t\t\t\t\t<a href=\"https:\/\/klimavex.eu\/cz\/vrf-systemy-hyundai-spolehlive-chlazeni-a-vytapeni-komercnich-prostor-a-prumyslovych-hal\/\">\n\t\t\t\t\t\t\t\t<img loading=\"lazy\" decoding=\"async\" width=\"1024\" height=\"576\" src=\"https:\/\/klimavex.eu\/cz\/wp-content\/uploads\/2025\/09\/vrf1-1024x576.png\" class=\"attachment-large size-large\" alt=\"\" srcset=\"https:\/\/klimavex.eu\/cz\/wp-content\/uploads\/2025\/09\/vrf1-1024x576.png 1024w, https:\/\/klimavex.eu\/cz\/wp-content\/uploads\/2025\/09\/vrf1-300x169.png 300w, https:\/\/klimavex.eu\/cz\/wp-content\/uploads\/2025\/09\/vrf1-768x432.png 768w, https:\/\/klimavex.eu\/cz\/wp-content\/uploads\/2025\/09\/vrf1-1536x864.png 1536w, https:\/\/klimavex.eu\/cz\/wp-content\/uploads\/2025\/09\/vrf1-20x11.png 20w, https:\/\/klimavex.eu\/cz\/wp-content\/uploads\/2025\/09\/vrf1-600x338.png 600w, https:\/\/klimavex.eu\/cz\/wp-content\/uploads\/2025\/09\/vrf1-150x84.png 150w, https:\/\/klimavex.eu\/cz\/wp-content\/uploads\/2025\/09\/vrf1.png 1920w\" sizes=\"(max-width: 1024px) 100vw, 1024px\" \/>\t\t\t\t\t\t\t<\/a>\n\t\t\t\t\t\t<\/div>\n\t\t\t\t\t\t<div class=\"post-image-mask\">\n\t\t\t\t\t\t\t<span><\/span>\n\t\t\t\t\t\t<\/div>\n\t\t\t\t\t\t\t\t\t<\/figure>\n\t\t\t\n\t\t\t\t\t\t<div class=\"wd-post-date wd-style-with-bg\">\n\t\t\t\t<span class=\"post-date-day\">\n\t\t\t\t\t17\t\t\t\t<\/span>\n\t\t\t\t<span class=\"post-date-month\">\n\t\t\t\t\tZ\u00e1\u0159\t\t\t\t<\/span>\n\t\t\t<\/div>\n\t\t\t\t<\/header>\n\n\t\t<div class=\"article-body-container\">\n\t\t\t\t\t\t\t<div class=\"meta-categories-wrapp\">\n\t\t\t\t\t<div class=\"meta-post-categories wd-post-cat wd-style-with-bg\">\n\t\t\t\t\t\t<a href=\"https:\/\/klimavex.eu\/cz\/category\/klimatizace\/\" rel=\"category tag\">Klimatizace<\/a>, <a href=\"https:\/\/klimavex.eu\/cz\/category\/novinky\/\" rel=\"category tag\">Novinky<\/a>\t\t\t\t\t<\/div>\n\t\t\t\t<\/div>\n\t\t\t\n\t\t\t\t\t\t\t<h3 class=\"wd-entities-title title post-title\">\n\t\t\t\t\t<a href=\"https:\/\/klimavex.eu\/cz\/vrf-systemy-hyundai-spolehlive-chlazeni-a-vytapeni-komercnich-prostor-a-prumyslovych-hal\/\" rel=\"bookmark\">VRF syst\u00e9my Hyundai \u2013 spolehliv\u00e9 chlazen\u00ed a vyt\u00e1p\u011bn\u00ed komer\u010dn\u00edch prostor a pr\u016fmyslov\u00fdch hal<\/a>\n\t\t\t\t<\/h3>\n\t\t\t\n\t\t\t\t\t\t\t<div class=\"entry-meta wd-entry-meta\">\n\t\t\t\t\t\t\t\t<ul class=\"entry-meta-list\">\n\t\t\t\t\t\t\t\t\t<li class=\"modified-date\">\n\t\t\t\t\t\t\t\t<time class=\"updated\" datetime=\"2025-10-03T17:43:55+02:00\">\n\t\t\t3 \u0159\u00edjna, 2025\t\t<\/time>\n\t\t\t\t\t\t\t<\/li>\n\n\t\t\t\t\t\n\t\t\t\t\t\t\t\t\t\t\t<li class=\"meta-author\">\n\t\t\t\t\t\t\t\t\t\t\t\t<span>Podle<\/span>\n\t\t\n\t\t\t\t\t<img loading=\"lazy\" decoding=\"async\" src=\"https:\/\/klimavex.eu\/cz\/wp-content\/plugins\/ultimate-member\/assets\/img\/default_avatar.jpg\" class=\"gravatar avatar avatar-32 um-avatar um-avatar-default\" width=\"32\" height=\"32\" alt=\"Marketing KLIMAVEX\" data-default=\"https:\/\/klimavex.eu\/cz\/wp-content\/plugins\/ultimate-member\/assets\/img\/default_avatar.jpg\" onerror=\"if ( ! this.getAttribute('data-load-error') ){ this.setAttribute('data-load-error', '1');this.setAttribute('src', this.getAttribute('data-default'));}\" loading=\"lazy\" \/>\t\t\n\t\t<a href=\"https:\/\/klimavex.eu\/cz\/author\/marketing\/\" class=\"author\" rel=\"author\">Marketing KLIMAVEX<\/a>\n\t\t\t\t\t\t\t\t<\/li>\n\t\t\t\t\t\n\t\t\t\t\t\n\t\t\t\t\t\t\t\t\t\t\t<li class=\"meta-reply\">\n\t\t\t\t\t\t\t<a href=\"https:\/\/klimavex.eu\/cz\/vrf-systemy-hyundai-spolehlive-chlazeni-a-vytapeni-komercnich-prostor-a-prumyslovych-hal\/#respond\"><span class=\"replies-count\">0<\/span> <span class=\"replies-count-label\">koment\u00e1\u0159e<\/span><\/a>\t\t\t\t\t\t<\/li>\n\t\t\t\t\t\t\t\t\t\t\t\t<\/ul>\n\t\t\t\t\t\t<\/div>\n\t\t\t\t\t\t\t\t\t<div class=\"hovered-social-icons wd-tltp\">\n\t\t\t\t\t\t<div class=\"tooltip top\">\n\t\t\t\t\t\t\t<div class=\"tooltip-arrow\"><\/div>\n\t\t\t\t\t\t\t<div class=\"tooltip-inner\">\n\t\t\t\t\t\t\t\t\t\t\t<div id=\"\" class=\" wd-social-icons wd-style-default wd-size-small social-share wd-shape-circle color-scheme-light text-center\">\n\t\t\t\t\n\t\t\t\t\n\t\t\t\t\t\t\t\t\t<a rel=\"noopener noreferrer nofollow\" href=\"https:\/\/www.facebook.com\/sharer\/sharer.php?u=https:\/\/klimavex.eu\/cz\/vrf-systemy-hyundai-spolehlive-chlazeni-a-vytapeni-komercnich-prostor-a-prumyslovych-hal\/\" target=\"_blank\" class=\" wd-social-icon social-facebook\" aria-label=\"Facebook soci\u00e1ln\u00ed odkaz\">\n\t\t\t\t\t\t<span class=\"wd-icon\"><\/span>\n\t\t\t\t\t\t\t\t\t\t\t<\/a>\n\t\t\t\t\n\t\t\t\t\t\t\t\t\t<a rel=\"noopener noreferrer nofollow\" href=\"https:\/\/x.com\/share?url=https:\/\/klimavex.eu\/cz\/vrf-systemy-hyundai-spolehlive-chlazeni-a-vytapeni-komercnich-prostor-a-prumyslovych-hal\/\" target=\"_blank\" class=\" wd-social-icon social-twitter\" aria-label=\"X social link\">\n\t\t\t\t\t\t<span class=\"wd-icon\"><\/span>\n\t\t\t\t\t\t\t\t\t\t\t<\/a>\n\t\t\t\t\n\t\t\t\t\n\t\t\t\t\n\t\t\t\t\n\t\t\t\t\t\t\t\t\t<a rel=\"noopener noreferrer nofollow\" href=\"https:\/\/pinterest.com\/pin\/create\/button\/?url=https:\/\/klimavex.eu\/cz\/vrf-systemy-hyundai-spolehlive-chlazeni-a-vytapeni-komercnich-prostor-a-prumyslovych-hal\/&media=https:\/\/klimavex.eu\/cz\/wp-content\/uploads\/2025\/09\/vrf1.png&description=VRF+syst%C3%A9my+Hyundai+%E2%80%93+spolehliv%C3%A9+chlazen%C3%AD+a+vyt%C3%A1p%C4%9Bn%C3%AD+komer%C4%8Dn%C3%ADch+prostor+a+pr%C5%AFmyslov%C3%BDch+hal\" target=\"_blank\" class=\" wd-social-icon social-pinterest\" aria-label=\"Pinterest soci\u00e1ln\u00ed odkaz\">\n\t\t\t\t\t\t<span class=\"wd-icon\"><\/span>\n\t\t\t\t\t\t\t\t\t\t\t<\/a>\n\t\t\t\t\n\t\t\t\t\n\t\t\t\t\t\t\t\t\t<a rel=\"noopener noreferrer nofollow\" href=\"https:\/\/www.linkedin.com\/shareArticle?mini=true&url=https:\/\/klimavex.eu\/cz\/vrf-systemy-hyundai-spolehlive-chlazeni-a-vytapeni-komercnich-prostor-a-prumyslovych-hal\/\" target=\"_blank\" class=\" wd-social-icon social-linkedin\" aria-label=\"Linkedin soci\u00e1ln\u00ed odkaz\">\n\t\t\t\t\t\t<span class=\"wd-icon\"><\/span>\n\t\t\t\t\t\t\t\t\t\t\t<\/a>\n\t\t\t\t\n\t\t\t\t\n\t\t\t\t\n\t\t\t\t\n\t\t\t\t\n\t\t\t\t\n\t\t\t\t\n\t\t\t\t\n\t\t\t\t\n\t\t\t\t\n\t\t\t\t\n\t\t\t\t\n\t\t\t\t\n\t\t\t\t\n\t\t\t\t\n\t\t\t\t\n\t\t\t\t\t\t\t\t\t<a rel=\"noopener noreferrer nofollow\" href=\"https:\/\/telegram.me\/share\/url?url=https:\/\/klimavex.eu\/cz\/vrf-systemy-hyundai-spolehlive-chlazeni-a-vytapeni-komercnich-prostor-a-prumyslovych-hal\/\" target=\"_blank\" class=\" wd-social-icon social-tg\" aria-label=\"Telegram soci\u00e1ln\u00ed odkaz\">\n\t\t\t\t\t\t<span class=\"wd-icon\"><\/span>\n\t\t\t\t\t\t\t\t\t\t\t<\/a>\n\t\t\t\t\n\t\t\t\t\n\t\t\t<\/div>\n\n\t\t\t\t\t\t\t\t\t<\/div>\n\t\t\t\t\t\t<\/div>\n\t\t\t\t\t<\/div>\n\t\t\t\t\t\t\t\n\t\t\t\t\t\t\t\t\t\t\t\t<div class=\"entry-content wd-post-desc\">\n\t\t\t\t\t\tVRF syst\u00e9my Hyundai \u2013 spolehliv\u00e9 chlazen\u00ed a vyt\u00e1p\u011bn\u00ed komer\u010dn\u00edch prostor a pr\u016fmyslov\u00fdch hal\n\t\t\n\t\t\t\t\t\t\t\t\t\t\t\t\t\n\t\t\t\t\t\t \t\t\t\t\t\n\t\t\tSpole\u010dnost ...\t\t\t\t\t<\/div>\n\t\t\t\t\n\t\t\t\t\t\t\t\t\t\t\t\t\t\t<p class=\"read-more-section\">\n\t\t\t\t\t\t<a class=\"btn-read-more more-link\" href=\"https:\/\/klimavex.eu\/cz\/vrf-systemy-hyundai-spolehlive-chlazeni-a-vytapeni-komercnich-prostor-a-prumyslovych-hal\/\">pokra\u010dovat ve \u010dten\u00ed<\/a>\t\t\t\t\t<\/p>\n\t\t\t\t\t\t\t\t\t\t\t\t\t<\/div>\n\t<\/div>\n<\/article>\n\n\t\t\t\t\t\t\t\t\t\t\t\t\t\t\n<article id=\"post-470076\" class=\"wd-post blog-design-small-images blog-post-loop blog-style-bg wd-add-shadow wd-col post-470076 post type-post status-publish format-standard has-post-thumbnail hentry category-klimatizace category-novinky tag-klimatizace-blog tag-novinky-blog\">\n\t<div class=\"article-inner\">\n\t\t<header class=\"entry-header\">\n\t\t\t\t\t\t\t<figure class=\"entry-thumbnail\">\n\t\t\t\t\t\t\t\t\t\t\t<div class=\"post-img-wrapp\">\n\t\t\t\t\t\t\t<a href=\"https:\/\/klimavex.eu\/cz\/klimatizace-pro-vsechny-prilezitosti-airwell-xdaw\/\">\n\t\t\t\t\t\t\t\t<img loading=\"lazy\" decoding=\"async\" width=\"1024\" height=\"576\" src=\"https:\/\/klimavex.eu\/cz\/wp-content\/uploads\/2025\/08\/xdaw-nahled-1024x576.png\" class=\"attachment-large size-large\" alt=\"\" srcset=\"https:\/\/klimavex.eu\/cz\/wp-content\/uploads\/2025\/08\/xdaw-nahled-1024x576.png 1024w, https:\/\/klimavex.eu\/cz\/wp-content\/uploads\/2025\/08\/xdaw-nahled-300x169.png 300w, https:\/\/klimavex.eu\/cz\/wp-content\/uploads\/2025\/08\/xdaw-nahled-768x432.png 768w, https:\/\/klimavex.eu\/cz\/wp-content\/uploads\/2025\/08\/xdaw-nahled-1536x864.png 1536w, https:\/\/klimavex.eu\/cz\/wp-content\/uploads\/2025\/08\/xdaw-nahled-20x11.png 20w, https:\/\/klimavex.eu\/cz\/wp-content\/uploads\/2025\/08\/xdaw-nahled-600x338.png 600w, https:\/\/klimavex.eu\/cz\/wp-content\/uploads\/2025\/08\/xdaw-nahled-150x84.png 150w, https:\/\/klimavex.eu\/cz\/wp-content\/uploads\/2025\/08\/xdaw-nahled.png 1600w\" sizes=\"(max-width: 1024px) 100vw, 1024px\" \/>\t\t\t\t\t\t\t<\/a>\n\t\t\t\t\t\t<\/div>\n\t\t\t\t\t\t<div class=\"post-image-mask\">\n\t\t\t\t\t\t\t<span><\/span>\n\t\t\t\t\t\t<\/div>\n\t\t\t\t\t\t\t\t\t<\/figure>\n\t\t\t\n\t\t\t\t\t\t<div class=\"wd-post-date wd-style-with-bg\">\n\t\t\t\t<span class=\"post-date-day\">\n\t\t\t\t\t13\t\t\t\t<\/span>\n\t\t\t\t<span class=\"post-date-month\">\n\t\t\t\t\tSrp\t\t\t\t<\/span>\n\t\t\t<\/div>\n\t\t\t\t<\/header>\n\n\t\t<div class=\"article-body-container\">\n\t\t\t\t\t\t\t<div class=\"meta-categories-wrapp\">\n\t\t\t\t\t<div class=\"meta-post-categories wd-post-cat wd-style-with-bg\">\n\t\t\t\t\t\t<a href=\"https:\/\/klimavex.eu\/cz\/category\/klimatizace\/\" rel=\"category tag\">Klimatizace<\/a>, <a href=\"https:\/\/klimavex.eu\/cz\/category\/novinky\/\" rel=\"category tag\">Novinky<\/a>\t\t\t\t\t<\/div>\n\t\t\t\t<\/div>\n\t\t\t\n\t\t\t\t\t\t\t<h3 class=\"wd-entities-title title post-title\">\n\t\t\t\t\t<a href=\"https:\/\/klimavex.eu\/cz\/klimatizace-pro-vsechny-prilezitosti-airwell-xdaw\/\" rel=\"bookmark\">Klimatizace pro v\u0161echny p\u0159\u00edle\u017eitosti &#8211; Airwell XDAW<\/a>\n\t\t\t\t<\/h3>\n\t\t\t\n\t\t\t\t\t\t\t<div class=\"entry-meta wd-entry-meta\">\n\t\t\t\t\t\t\t\t<ul class=\"entry-meta-list\">\n\t\t\t\t\t\t\t\t\t<li class=\"modified-date\">\n\t\t\t\t\t\t\t\t<time class=\"updated\" datetime=\"2025-08-14T09:11:20+02:00\">\n\t\t\t14 srpna, 2025\t\t<\/time>\n\t\t\t\t\t\t\t<\/li>\n\n\t\t\t\t\t\n\t\t\t\t\t\t\t\t\t\t\t<li class=\"meta-author\">\n\t\t\t\t\t\t\t\t\t\t\t\t<span>Podle<\/span>\n\t\t\n\t\t\t\t\t<img loading=\"lazy\" decoding=\"async\" src=\"https:\/\/klimavex.eu\/cz\/wp-content\/plugins\/ultimate-member\/assets\/img\/default_avatar.jpg\" class=\"gravatar avatar avatar-32 um-avatar um-avatar-default\" width=\"32\" height=\"32\" alt=\"Marketing KLIMAVEX\" data-default=\"https:\/\/klimavex.eu\/cz\/wp-content\/plugins\/ultimate-member\/assets\/img\/default_avatar.jpg\" onerror=\"if ( ! this.getAttribute('data-load-error') ){ this.setAttribute('data-load-error', '1');this.setAttribute('src', this.getAttribute('data-default'));}\" loading=\"lazy\" \/>\t\t\n\t\t<a href=\"https:\/\/klimavex.eu\/cz\/author\/marketing\/\" class=\"author\" rel=\"author\">Marketing KLIMAVEX<\/a>\n\t\t\t\t\t\t\t\t<\/li>\n\t\t\t\t\t\n\t\t\t\t\t\n\t\t\t\t\t\t\t\t\t\t\t<li class=\"meta-reply\">\n\t\t\t\t\t\t\t<a href=\"https:\/\/klimavex.eu\/cz\/klimatizace-pro-vsechny-prilezitosti-airwell-xdaw\/#respond\"><span class=\"replies-count\">0<\/span> <span class=\"replies-count-label\">koment\u00e1\u0159e<\/span><\/a>\t\t\t\t\t\t<\/li>\n\t\t\t\t\t\t\t\t\t\t\t\t<\/ul>\n\t\t\t\t\t\t<\/div>\n\t\t\t\t\t\t\t\t\t<div class=\"hovered-social-icons wd-tltp\">\n\t\t\t\t\t\t<div class=\"tooltip top\">\n\t\t\t\t\t\t\t<div class=\"tooltip-arrow\"><\/div>\n\t\t\t\t\t\t\t<div class=\"tooltip-inner\">\n\t\t\t\t\t\t\t\t\t\t\t<div id=\"\" class=\" wd-social-icons wd-style-default wd-size-small social-share wd-shape-circle color-scheme-light text-center\">\n\t\t\t\t\n\t\t\t\t\n\t\t\t\t\t\t\t\t\t<a rel=\"noopener noreferrer nofollow\" href=\"https:\/\/www.facebook.com\/sharer\/sharer.php?u=https:\/\/klimavex.eu\/cz\/klimatizace-pro-vsechny-prilezitosti-airwell-xdaw\/\" target=\"_blank\" class=\" wd-social-icon social-facebook\" aria-label=\"Facebook soci\u00e1ln\u00ed odkaz\">\n\t\t\t\t\t\t<span class=\"wd-icon\"><\/span>\n\t\t\t\t\t\t\t\t\t\t\t<\/a>\n\t\t\t\t\n\t\t\t\t\t\t\t\t\t<a rel=\"noopener noreferrer nofollow\" href=\"https:\/\/x.com\/share?url=https:\/\/klimavex.eu\/cz\/klimatizace-pro-vsechny-prilezitosti-airwell-xdaw\/\" target=\"_blank\" class=\" wd-social-icon social-twitter\" aria-label=\"X social link\">\n\t\t\t\t\t\t<span class=\"wd-icon\"><\/span>\n\t\t\t\t\t\t\t\t\t\t\t<\/a>\n\t\t\t\t\n\t\t\t\t\n\t\t\t\t\n\t\t\t\t\n\t\t\t\t\t\t\t\t\t<a rel=\"noopener noreferrer nofollow\" href=\"https:\/\/pinterest.com\/pin\/create\/button\/?url=https:\/\/klimavex.eu\/cz\/klimatizace-pro-vsechny-prilezitosti-airwell-xdaw\/&media=https:\/\/klimavex.eu\/cz\/wp-content\/uploads\/2025\/08\/xdaw-nahled.png&description=Klimatizace+pro+v%C5%A1echny+p%C5%99%C3%ADle%C5%BEitosti+%26%238211%3B+Airwell+XDAW\" target=\"_blank\" class=\" wd-social-icon social-pinterest\" aria-label=\"Pinterest soci\u00e1ln\u00ed odkaz\">\n\t\t\t\t\t\t<span class=\"wd-icon\"><\/span>\n\t\t\t\t\t\t\t\t\t\t\t<\/a>\n\t\t\t\t\n\t\t\t\t\n\t\t\t\t\t\t\t\t\t<a rel=\"noopener noreferrer nofollow\" href=\"https:\/\/www.linkedin.com\/shareArticle?mini=true&url=https:\/\/klimavex.eu\/cz\/klimatizace-pro-vsechny-prilezitosti-airwell-xdaw\/\" target=\"_blank\" class=\" wd-social-icon social-linkedin\" aria-label=\"Linkedin soci\u00e1ln\u00ed odkaz\">\n\t\t\t\t\t\t<span class=\"wd-icon\"><\/span>\n\t\t\t\t\t\t\t\t\t\t\t<\/a>\n\t\t\t\t\n\t\t\t\t\n\t\t\t\t\n\t\t\t\t\n\t\t\t\t\n\t\t\t\t\n\t\t\t\t\n\t\t\t\t\n\t\t\t\t\n\t\t\t\t\n\t\t\t\t\n\t\t\t\t\n\t\t\t\t\n\t\t\t\t\n\t\t\t\t\n\t\t\t\t\n\t\t\t\t\t\t\t\t\t<a rel=\"noopener noreferrer nofollow\" href=\"https:\/\/telegram.me\/share\/url?url=https:\/\/klimavex.eu\/cz\/klimatizace-pro-vsechny-prilezitosti-airwell-xdaw\/\" target=\"_blank\" class=\" wd-social-icon social-tg\" aria-label=\"Telegram soci\u00e1ln\u00ed odkaz\">\n\t\t\t\t\t\t<span class=\"wd-icon\"><\/span>\n\t\t\t\t\t\t\t\t\t\t\t<\/a>\n\t\t\t\t\n\t\t\t\t\n\t\t\t<\/div>\n\n\t\t\t\t\t\t\t\t\t<\/div>\n\t\t\t\t\t\t<\/div>\n\t\t\t\t\t<\/div>\n\t\t\t\t\t\t\t\n\t\t\t\t\t\t\t\t\t\t\t\t<div class=\"entry-content wd-post-desc\">\n\t\t\t\t\t\tKlimatizace pro v\u0161echny p\u0159\u00edle\u017eitosti - Airwell XDAW\t\t\n\t\t\t\t\t\t\t\t\t\t\t\t\t\n\t\t\tZapome\u0148te na velk\u00e9 venkovn\u00ed jednotky, vrt\u00e1n\u00ed kilometr\u016f trubek a ...\t\t\t\t\t<\/div>\n\t\t\t\t\n\t\t\t\t\t\t\t\t\t\t\t\t\t\t<p class=\"read-more-section\">\n\t\t\t\t\t\t<a class=\"btn-read-more more-link\" href=\"https:\/\/klimavex.eu\/cz\/klimatizace-pro-vsechny-prilezitosti-airwell-xdaw\/\">pokra\u010dovat ve \u010dten\u00ed<\/a>\t\t\t\t\t<\/p>\n\t\t\t\t\t\t\t\t\t\t\t\t\t<\/div>\n\t<\/div>\n<\/article>\n\n\t\t\t\t\t\t\t\t\t\t\t\t\t\t\n<article id=\"post-374642\" class=\"wd-post blog-design-small-images blog-post-loop blog-style-bg wd-add-shadow wd-col post-374642 post type-post status-publish format-standard has-post-thumbnail hentry category-ventilatory category-novinky category-rekuperacni-jednotky category-tepelna-cerpadla category-odvlhcovace category-klimatizace tag-tepelna-cerpadla-blog tag-klimatizace-blog tag-novinky-blog tag-ventilatory-blog tag-odvlhcovace-blog tag-rekuperacie-blog\">\n\t<div class=\"article-inner\">\n\t\t<header class=\"entry-header\">\n\t\t\t\t\t\t\t<figure class=\"entry-thumbnail\">\n\t\t\t\t\t\t\t\t\t\t\t<div class=\"post-img-wrapp\">\n\t\t\t\t\t\t\t<a href=\"https:\/\/klimavex.eu\/cz\/co-je-to-hvac\/\">\n\t\t\t\t\t\t\t\t<img loading=\"lazy\" decoding=\"async\" width=\"1024\" height=\"576\" src=\"https:\/\/klimavex.eu\/cz\/wp-content\/uploads\/2025\/03\/hvac-1024x576.png\" class=\"attachment-large size-large\" alt=\"hvac\" srcset=\"https:\/\/klimavex.eu\/cz\/wp-content\/uploads\/2025\/03\/hvac-1024x576.png 1024w, https:\/\/klimavex.eu\/cz\/wp-content\/uploads\/2025\/03\/hvac-300x169.png 300w, https:\/\/klimavex.eu\/cz\/wp-content\/uploads\/2025\/03\/hvac-768x432.png 768w, https:\/\/klimavex.eu\/cz\/wp-content\/uploads\/2025\/03\/hvac-1536x864.png 1536w, https:\/\/klimavex.eu\/cz\/wp-content\/uploads\/2025\/03\/hvac-20x11.png 20w, https:\/\/klimavex.eu\/cz\/wp-content\/uploads\/2025\/03\/hvac-600x338.png 600w, https:\/\/klimavex.eu\/cz\/wp-content\/uploads\/2025\/03\/hvac-150x84.png 150w, https:\/\/klimavex.eu\/cz\/wp-content\/uploads\/2025\/03\/hvac.png 1920w\" sizes=\"(max-width: 1024px) 100vw, 1024px\" \/>\t\t\t\t\t\t\t<\/a>\n\t\t\t\t\t\t<\/div>\n\t\t\t\t\t\t<div class=\"post-image-mask\">\n\t\t\t\t\t\t\t<span><\/span>\n\t\t\t\t\t\t<\/div>\n\t\t\t\t\t\t\t\t\t<\/figure>\n\t\t\t\n\t\t\t\t\t\t<div class=\"wd-post-date wd-style-with-bg\">\n\t\t\t\t<span class=\"post-date-day\">\n\t\t\t\t\t02\t\t\t\t<\/span>\n\t\t\t\t<span class=\"post-date-month\">\n\t\t\t\t\tDub\t\t\t\t<\/span>\n\t\t\t<\/div>\n\t\t\t\t<\/header>\n\n\t\t<div class=\"article-body-container\">\n\t\t\t\t\t\t\t<div class=\"meta-categories-wrapp\">\n\t\t\t\t\t<div class=\"meta-post-categories wd-post-cat wd-style-with-bg\">\n\t\t\t\t\t\t<a href=\"https:\/\/klimavex.eu\/cz\/category\/ventilatory\/\" rel=\"category tag\">Ventil\u00e1tory<\/a>, <a href=\"https:\/\/klimavex.eu\/cz\/category\/novinky\/\" rel=\"category tag\">Novinky<\/a>, <a href=\"https:\/\/klimavex.eu\/cz\/category\/rekuperacni-jednotky\/\" rel=\"category tag\">Rekupera\u010dn\u00ed jednotky<\/a>, <a href=\"https:\/\/klimavex.eu\/cz\/category\/tepelna-cerpadla\/\" rel=\"category tag\">Tepeln\u00e1 \u010derpadla<\/a>, <a href=\"https:\/\/klimavex.eu\/cz\/category\/odvlhcovace\/\" rel=\"category tag\">Odvlh\u010dova\u010de<\/a>, <a href=\"https:\/\/klimavex.eu\/cz\/category\/klimatizace\/\" rel=\"category tag\">Klimatizace<\/a>\t\t\t\t\t<\/div>\n\t\t\t\t<\/div>\n\t\t\t\n\t\t\t\t\t\t\t<h3 class=\"wd-entities-title title post-title\">\n\t\t\t\t\t<a href=\"https:\/\/klimavex.eu\/cz\/co-je-to-hvac\/\" rel=\"bookmark\">Co je to HVAC?<\/a>\n\t\t\t\t<\/h3>\n\t\t\t\n\t\t\t\t\t\t\t<div class=\"entry-meta wd-entry-meta\">\n\t\t\t\t\t\t\t\t<ul class=\"entry-meta-list\">\n\t\t\t\t\t\t\t\t\t<li class=\"modified-date\">\n\t\t\t\t\t\t\t\t<time class=\"updated\" datetime=\"2025-04-02T08:57:17+02:00\">\n\t\t\t2 dubna, 2025\t\t<\/time>\n\t\t\t\t\t\t\t<\/li>\n\n\t\t\t\t\t\n\t\t\t\t\t\t\t\t\t\t\t<li class=\"meta-author\">\n\t\t\t\t\t\t\t\t\t\t\t\t<span>Podle<\/span>\n\t\t\n\t\t\t\t\t<img loading=\"lazy\" decoding=\"async\" src=\"https:\/\/klimavex.eu\/cz\/wp-content\/plugins\/ultimate-member\/assets\/img\/default_avatar.jpg\" class=\"gravatar avatar avatar-32 um-avatar um-avatar-default\" width=\"32\" height=\"32\" alt=\"Marketing KLIMAVEX\" data-default=\"https:\/\/klimavex.eu\/cz\/wp-content\/plugins\/ultimate-member\/assets\/img\/default_avatar.jpg\" onerror=\"if ( ! this.getAttribute('data-load-error') ){ this.setAttribute('data-load-error', '1');this.setAttribute('src', this.getAttribute('data-default'));}\" loading=\"lazy\" \/>\t\t\n\t\t<a href=\"https:\/\/klimavex.eu\/cz\/author\/marketing\/\" class=\"author\" rel=\"author\">Marketing KLIMAVEX<\/a>\n\t\t\t\t\t\t\t\t<\/li>\n\t\t\t\t\t\n\t\t\t\t\t\n\t\t\t\t\t\t\t\t\t\t\t<li class=\"meta-reply\">\n\t\t\t\t\t\t\t<a href=\"https:\/\/klimavex.eu\/cz\/co-je-to-hvac\/#respond\"><span class=\"replies-count\">0<\/span> <span class=\"replies-count-label\">koment\u00e1\u0159e<\/span><\/a>\t\t\t\t\t\t<\/li>\n\t\t\t\t\t\t\t\t\t\t\t\t<\/ul>\n\t\t\t\t\t\t<\/div>\n\t\t\t\t\t\t\t\t\t<div class=\"hovered-social-icons wd-tltp\">\n\t\t\t\t\t\t<div class=\"tooltip top\">\n\t\t\t\t\t\t\t<div class=\"tooltip-arrow\"><\/div>\n\t\t\t\t\t\t\t<div class=\"tooltip-inner\">\n\t\t\t\t\t\t\t\t\t\t\t<div id=\"\" class=\" wd-social-icons wd-style-default wd-size-small social-share wd-shape-circle color-scheme-light text-center\">\n\t\t\t\t\n\t\t\t\t\n\t\t\t\t\t\t\t\t\t<a rel=\"noopener noreferrer nofollow\" href=\"https:\/\/www.facebook.com\/sharer\/sharer.php?u=https:\/\/klimavex.eu\/cz\/co-je-to-hvac\/\" target=\"_blank\" class=\" wd-social-icon social-facebook\" aria-label=\"Facebook soci\u00e1ln\u00ed odkaz\">\n\t\t\t\t\t\t<span class=\"wd-icon\"><\/span>\n\t\t\t\t\t\t\t\t\t\t\t<\/a>\n\t\t\t\t\n\t\t\t\t\t\t\t\t\t<a rel=\"noopener noreferrer nofollow\" href=\"https:\/\/x.com\/share?url=https:\/\/klimavex.eu\/cz\/co-je-to-hvac\/\" target=\"_blank\" class=\" wd-social-icon social-twitter\" aria-label=\"X social link\">\n\t\t\t\t\t\t<span class=\"wd-icon\"><\/span>\n\t\t\t\t\t\t\t\t\t\t\t<\/a>\n\t\t\t\t\n\t\t\t\t\n\t\t\t\t\n\t\t\t\t\n\t\t\t\t\t\t\t\t\t<a rel=\"noopener noreferrer nofollow\" href=\"https:\/\/pinterest.com\/pin\/create\/button\/?url=https:\/\/klimavex.eu\/cz\/co-je-to-hvac\/&media=https:\/\/klimavex.eu\/cz\/wp-content\/uploads\/2025\/03\/hvac.png&description=Co+je+to+HVAC%3F\" target=\"_blank\" class=\" wd-social-icon social-pinterest\" aria-label=\"Pinterest soci\u00e1ln\u00ed odkaz\">\n\t\t\t\t\t\t<span class=\"wd-icon\"><\/span>\n\t\t\t\t\t\t\t\t\t\t\t<\/a>\n\t\t\t\t\n\t\t\t\t\n\t\t\t\t\t\t\t\t\t<a rel=\"noopener noreferrer nofollow\" href=\"https:\/\/www.linkedin.com\/shareArticle?mini=true&url=https:\/\/klimavex.eu\/cz\/co-je-to-hvac\/\" target=\"_blank\" class=\" wd-social-icon social-linkedin\" aria-label=\"Linkedin soci\u00e1ln\u00ed odkaz\">\n\t\t\t\t\t\t<span class=\"wd-icon\"><\/span>\n\t\t\t\t\t\t\t\t\t\t\t<\/a>\n\t\t\t\t\n\t\t\t\t\n\t\t\t\t\n\t\t\t\t\n\t\t\t\t\n\t\t\t\t\n\t\t\t\t\n\t\t\t\t\n\t\t\t\t\n\t\t\t\t\n\t\t\t\t\n\t\t\t\t\n\t\t\t\t\n\t\t\t\t\n\t\t\t\t\n\t\t\t\t\n\t\t\t\t\t\t\t\t\t<a rel=\"noopener noreferrer nofollow\" href=\"https:\/\/telegram.me\/share\/url?url=https:\/\/klimavex.eu\/cz\/co-je-to-hvac\/\" target=\"_blank\" class=\" wd-social-icon social-tg\" aria-label=\"Telegram soci\u00e1ln\u00ed odkaz\">\n\t\t\t\t\t\t<span class=\"wd-icon\"><\/span>\n\t\t\t\t\t\t\t\t\t\t\t<\/a>\n\t\t\t\t\n\t\t\t\t\n\t\t\t<\/div>\n\n\t\t\t\t\t\t\t\t\t<\/div>\n\t\t\t\t\t\t<\/div>\n\t\t\t\t\t<\/div>\n\t\t\t\t\t\t\t\n\t\t\t\t\t\t\t\t\t\t\t\t<div class=\"entry-content wd-post-desc\">\n\t\t\t\t\t\tCo je to HVAC?\t\t\n\t\t\tHVAC je anglick\u00e1 zkratka pro slova \u201eHeating, Ventilation, and Air Conditioning\u201d. P\u0159eklad t\u00e9to zkratky je tedy \u201eVyt\u00e1...\t\t\t\t\t<\/div>\n\t\t\t\t\n\t\t\t\t\t\t\t\t\t\t\t\t\t\t<p class=\"read-more-section\">\n\t\t\t\t\t\t<a class=\"btn-read-more more-link\" href=\"https:\/\/klimavex.eu\/cz\/co-je-to-hvac\/\">pokra\u010dovat ve \u010dten\u00ed<\/a>\t\t\t\t\t<\/p>\n\t\t\t\t\t\t\t\t\t\t\t\t\t<\/div>\n\t<\/div>\n<\/article>\n\n\t\t\t\t\t\t\t\t\t\t\t\t\t\t\n<article id=\"post-374766\" class=\"wd-post blog-design-small-images blog-post-loop blog-style-bg wd-add-shadow wd-col post-374766 post type-post status-publish format-standard has-post-thumbnail hentry category-novinky category-rekuperacni-jednotky tag-rekuperacie-blog tag-novinky-blog\">\n\t<div class=\"article-inner\">\n\t\t<header class=\"entry-header\">\n\t\t\t\t\t\t\t<figure class=\"entry-thumbnail\">\n\t\t\t\t\t\t\t\t\t\t\t<div class=\"post-img-wrapp\">\n\t\t\t\t\t\t\t<a href=\"https:\/\/klimavex.eu\/cz\/rekuperacni-jednotka-hyundai-cisty-vzduch-a-uspora-energie-pro-vas-domov-i-kancelar\/\">\n\t\t\t\t\t\t\t\t<img loading=\"lazy\" decoding=\"async\" width=\"605\" height=\"340\" src=\"https:\/\/klimavex.eu\/cz\/wp-content\/uploads\/2025\/03\/rekuperacka.png\" class=\"attachment-large size-large\" alt=\"rekupera\u010dn\u00ed jednotka\" srcset=\"https:\/\/klimavex.eu\/cz\/wp-content\/uploads\/2025\/03\/rekuperacka.png 605w, https:\/\/klimavex.eu\/cz\/wp-content\/uploads\/2025\/03\/rekuperacka-300x169.png 300w, https:\/\/klimavex.eu\/cz\/wp-content\/uploads\/2025\/03\/rekuperacka-20x11.png 20w, https:\/\/klimavex.eu\/cz\/wp-content\/uploads\/2025\/03\/rekuperacka-600x337.png 600w, https:\/\/klimavex.eu\/cz\/wp-content\/uploads\/2025\/03\/rekuperacka-150x84.png 150w\" sizes=\"(max-width: 605px) 100vw, 605px\" \/>\t\t\t\t\t\t\t<\/a>\n\t\t\t\t\t\t<\/div>\n\t\t\t\t\t\t<div class=\"post-image-mask\">\n\t\t\t\t\t\t\t<span><\/span>\n\t\t\t\t\t\t<\/div>\n\t\t\t\t\t\t\t\t\t<\/figure>\n\t\t\t\n\t\t\t\t\t\t<div class=\"wd-post-date wd-style-with-bg\">\n\t\t\t\t<span class=\"post-date-day\">\n\t\t\t\t\t27\t\t\t\t<\/span>\n\t\t\t\t<span class=\"post-date-month\">\n\t\t\t\t\tB\u0159e\t\t\t\t<\/span>\n\t\t\t<\/div>\n\t\t\t\t<\/header>\n\n\t\t<div class=\"article-body-container\">\n\t\t\t\t\t\t\t<div class=\"meta-categories-wrapp\">\n\t\t\t\t\t<div class=\"meta-post-categories wd-post-cat wd-style-with-bg\">\n\t\t\t\t\t\t<a href=\"https:\/\/klimavex.eu\/cz\/category\/novinky\/\" rel=\"category tag\">Novinky<\/a>, <a href=\"https:\/\/klimavex.eu\/cz\/category\/rekuperacni-jednotky\/\" rel=\"category tag\">Rekupera\u010dn\u00ed jednotky<\/a>\t\t\t\t\t<\/div>\n\t\t\t\t<\/div>\n\t\t\t\n\t\t\t\t\t\t\t<h3 class=\"wd-entities-title title post-title\">\n\t\t\t\t\t<a href=\"https:\/\/klimavex.eu\/cz\/rekuperacni-jednotka-hyundai-cisty-vzduch-a-uspora-energie-pro-vas-domov-i-kancelar\/\" rel=\"bookmark\">Rekupera\u010dn\u00ed jednotka Hyundai: \u010cist\u00fd vzduch a \u00faspora energie pro V\u00e1\u0161 domov i kancel\u00e1\u0159<\/a>\n\t\t\t\t<\/h3>\n\t\t\t\n\t\t\t\t\t\t\t<div class=\"entry-meta wd-entry-meta\">\n\t\t\t\t\t\t\t\t<ul class=\"entry-meta-list\">\n\t\t\t\t\t\t\t\t\t<li class=\"modified-date\">\n\t\t\t\t\t\t\t\t<time class=\"updated\" datetime=\"2025-03-27T10:39:16+01:00\">\n\t\t\t27 b\u0159ezna, 2025\t\t<\/time>\n\t\t\t\t\t\t\t<\/li>\n\n\t\t\t\t\t\n\t\t\t\t\t\t\t\t\t\t\t<li class=\"meta-author\">\n\t\t\t\t\t\t\t\t\t\t\t\t<span>Podle<\/span>\n\t\t\n\t\t\t\t\t<img loading=\"lazy\" decoding=\"async\" src=\"https:\/\/klimavex.eu\/cz\/wp-content\/plugins\/ultimate-member\/assets\/img\/default_avatar.jpg\" class=\"gravatar avatar avatar-32 um-avatar um-avatar-default\" width=\"32\" height=\"32\" alt=\"Marketing KLIMAVEX\" data-default=\"https:\/\/klimavex.eu\/cz\/wp-content\/plugins\/ultimate-member\/assets\/img\/default_avatar.jpg\" onerror=\"if ( ! this.getAttribute('data-load-error') ){ this.setAttribute('data-load-error', '1');this.setAttribute('src', this.getAttribute('data-default'));}\" loading=\"lazy\" \/>\t\t\n\t\t<a href=\"https:\/\/klimavex.eu\/cz\/author\/marketing\/\" class=\"author\" rel=\"author\">Marketing KLIMAVEX<\/a>\n\t\t\t\t\t\t\t\t<\/li>\n\t\t\t\t\t\n\t\t\t\t\t\n\t\t\t\t\t\t\t\t\t\t\t<li class=\"meta-reply\">\n\t\t\t\t\t\t\t<a href=\"https:\/\/klimavex.eu\/cz\/rekuperacni-jednotka-hyundai-cisty-vzduch-a-uspora-energie-pro-vas-domov-i-kancelar\/#respond\"><span class=\"replies-count\">0<\/span> <span class=\"replies-count-label\">koment\u00e1\u0159e<\/span><\/a>\t\t\t\t\t\t<\/li>\n\t\t\t\t\t\t\t\t\t\t\t\t<\/ul>\n\t\t\t\t\t\t<\/div>\n\t\t\t\t\t\t\t\t\t<div class=\"hovered-social-icons wd-tltp\">\n\t\t\t\t\t\t<div class=\"tooltip top\">\n\t\t\t\t\t\t\t<div class=\"tooltip-arrow\"><\/div>\n\t\t\t\t\t\t\t<div class=\"tooltip-inner\">\n\t\t\t\t\t\t\t\t\t\t\t<div id=\"\" class=\" wd-social-icons wd-style-default wd-size-small social-share wd-shape-circle color-scheme-light text-center\">\n\t\t\t\t\n\t\t\t\t\n\t\t\t\t\t\t\t\t\t<a rel=\"noopener noreferrer nofollow\" href=\"https:\/\/www.facebook.com\/sharer\/sharer.php?u=https:\/\/klimavex.eu\/cz\/rekuperacni-jednotka-hyundai-cisty-vzduch-a-uspora-energie-pro-vas-domov-i-kancelar\/\" target=\"_blank\" class=\" wd-social-icon social-facebook\" aria-label=\"Facebook soci\u00e1ln\u00ed odkaz\">\n\t\t\t\t\t\t<span class=\"wd-icon\"><\/span>\n\t\t\t\t\t\t\t\t\t\t\t<\/a>\n\t\t\t\t\n\t\t\t\t\t\t\t\t\t<a rel=\"noopener noreferrer nofollow\" href=\"https:\/\/x.com\/share?url=https:\/\/klimavex.eu\/cz\/rekuperacni-jednotka-hyundai-cisty-vzduch-a-uspora-energie-pro-vas-domov-i-kancelar\/\" target=\"_blank\" class=\" wd-social-icon social-twitter\" aria-label=\"X social link\">\n\t\t\t\t\t\t<span class=\"wd-icon\"><\/span>\n\t\t\t\t\t\t\t\t\t\t\t<\/a>\n\t\t\t\t\n\t\t\t\t\n\t\t\t\t\n\t\t\t\t\n\t\t\t\t\t\t\t\t\t<a rel=\"noopener noreferrer nofollow\" href=\"https:\/\/pinterest.com\/pin\/create\/button\/?url=https:\/\/klimavex.eu\/cz\/rekuperacni-jednotka-hyundai-cisty-vzduch-a-uspora-energie-pro-vas-domov-i-kancelar\/&media=https:\/\/klimavex.eu\/cz\/wp-content\/uploads\/2025\/03\/rekuperacka.png&description=Rekupera%C4%8Dn%C3%AD+jednotka+Hyundai%3A+%C4%8Cist%C3%BD+vzduch+a+%C3%BAspora+energie+pro+V%C3%A1%C5%A1+domov+i+kancel%C3%A1%C5%99\" target=\"_blank\" class=\" wd-social-icon social-pinterest\" aria-label=\"Pinterest soci\u00e1ln\u00ed odkaz\">\n\t\t\t\t\t\t<span class=\"wd-icon\"><\/span>\n\t\t\t\t\t\t\t\t\t\t\t<\/a>\n\t\t\t\t\n\t\t\t\t\n\t\t\t\t\t\t\t\t\t<a rel=\"noopener noreferrer nofollow\" href=\"https:\/\/www.linkedin.com\/shareArticle?mini=true&url=https:\/\/klimavex.eu\/cz\/rekuperacni-jednotka-hyundai-cisty-vzduch-a-uspora-energie-pro-vas-domov-i-kancelar\/\" target=\"_blank\" class=\" wd-social-icon social-linkedin\" aria-label=\"Linkedin soci\u00e1ln\u00ed odkaz\">\n\t\t\t\t\t\t<span class=\"wd-icon\"><\/span>\n\t\t\t\t\t\t\t\t\t\t\t<\/a>\n\t\t\t\t\n\t\t\t\t\n\t\t\t\t\n\t\t\t\t\n\t\t\t\t\n\t\t\t\t\n\t\t\t\t\n\t\t\t\t\n\t\t\t\t\n\t\t\t\t\n\t\t\t\t\n\t\t\t\t\n\t\t\t\t\n\t\t\t\t\n\t\t\t\t\n\t\t\t\t\n\t\t\t\t\t\t\t\t\t<a rel=\"noopener noreferrer nofollow\" href=\"https:\/\/telegram.me\/share\/url?url=https:\/\/klimavex.eu\/cz\/rekuperacni-jednotka-hyundai-cisty-vzduch-a-uspora-energie-pro-vas-domov-i-kancelar\/\" target=\"_blank\" class=\" wd-social-icon social-tg\" aria-label=\"Telegram soci\u00e1ln\u00ed odkaz\">\n\t\t\t\t\t\t<span class=\"wd-icon\"><\/span>\n\t\t\t\t\t\t\t\t\t\t\t<\/a>\n\t\t\t\t\n\t\t\t\t\n\t\t\t<\/div>\n\n\t\t\t\t\t\t\t\t\t<\/div>\n\t\t\t\t\t\t<\/div>\n\t\t\t\t\t<\/div>\n\t\t\t\t\t\t\t\n\t\t\t\t\t\t\t\t\t\t\t\t<div class=\"entry-content wd-post-desc\">\n\t\t\t\t\t\tRekupera\u010dn\u00ed jednotka Hyundai: \u010cist\u00fd vzduch a \u00faspora energie pro V\u00e1\u0161 domov i kancel\u00e1\u0159\t\t\n\t\t\t\t\t\t\t\t\t\t\t\t\t\n\t\t\t\u010clov\u011bk tr\u00e1v\u00ed velkou \u010d\u00e1st sv\u00e9ho ...\t\t\t\t\t<\/div>\n\t\t\t\t\n\t\t\t\t\t\t\t\t\t\t\t\t\t\t<p class=\"read-more-section\">\n\t\t\t\t\t\t<a class=\"btn-read-more more-link\" href=\"https:\/\/klimavex.eu\/cz\/rekuperacni-jednotka-hyundai-cisty-vzduch-a-uspora-energie-pro-vas-domov-i-kancelar\/\">pokra\u010dovat ve \u010dten\u00ed<\/a>\t\t\t\t\t<\/p>\n\t\t\t\t\t\t\t\t\t\t\t\t\t<\/div>\n\t<\/div>\n<\/article>\n\n\t\t\t\t\t\t\t\t\t\t\t\t\t\t\n<article id=\"post-374597\" class=\"wd-post blog-design-small-images blog-post-loop blog-style-bg wd-add-shadow wd-col post-374597 post type-post status-publish format-standard has-post-thumbnail hentry category-novinky category-klimatizace tag-klimatizace-blog tag-novinky-blog\">\n\t<div class=\"article-inner\">\n\t\t<header class=\"entry-header\">\n\t\t\t\t\t\t\t<figure class=\"entry-thumbnail\">\n\t\t\t\t\t\t\t\t\t\t\t<div class=\"post-img-wrapp\">\n\t\t\t\t\t\t\t<a href=\"https:\/\/klimavex.eu\/cz\/prehled-klimatizaci-hyundai\/\">\n\t\t\t\t\t\t\t\t<img loading=\"lazy\" decoding=\"async\" width=\"1024\" height=\"576\" src=\"https:\/\/klimavex.eu\/cz\/wp-content\/uploads\/2025\/03\/uvodni-hyundai-klimatizace-1024x576.png\" class=\"attachment-large size-large\" alt=\"\" srcset=\"https:\/\/klimavex.eu\/cz\/wp-content\/uploads\/2025\/03\/uvodni-hyundai-klimatizace-1024x576.png 1024w, https:\/\/klimavex.eu\/cz\/wp-content\/uploads\/2025\/03\/uvodni-hyundai-klimatizace-300x169.png 300w, https:\/\/klimavex.eu\/cz\/wp-content\/uploads\/2025\/03\/uvodni-hyundai-klimatizace-768x432.png 768w, https:\/\/klimavex.eu\/cz\/wp-content\/uploads\/2025\/03\/uvodni-hyundai-klimatizace-20x11.png 20w, https:\/\/klimavex.eu\/cz\/wp-content\/uploads\/2025\/03\/uvodni-hyundai-klimatizace-600x338.png 600w, https:\/\/klimavex.eu\/cz\/wp-content\/uploads\/2025\/03\/uvodni-hyundai-klimatizace-150x84.png 150w, https:\/\/klimavex.eu\/cz\/wp-content\/uploads\/2025\/03\/uvodni-hyundai-klimatizace.png 1280w\" sizes=\"(max-width: 1024px) 100vw, 1024px\" \/>\t\t\t\t\t\t\t<\/a>\n\t\t\t\t\t\t<\/div>\n\t\t\t\t\t\t<div class=\"post-image-mask\">\n\t\t\t\t\t\t\t<span><\/span>\n\t\t\t\t\t\t<\/div>\n\t\t\t\t\t\t\t\t\t<\/figure>\n\t\t\t\n\t\t\t\t\t\t<div class=\"wd-post-date wd-style-with-bg\">\n\t\t\t\t<span class=\"post-date-day\">\n\t\t\t\t\t19\t\t\t\t<\/span>\n\t\t\t\t<span class=\"post-date-month\">\n\t\t\t\t\tB\u0159e\t\t\t\t<\/span>\n\t\t\t<\/div>\n\t\t\t\t<\/header>\n\n\t\t<div class=\"article-body-container\">\n\t\t\t\t\t\t\t<div class=\"meta-categories-wrapp\">\n\t\t\t\t\t<div class=\"meta-post-categories wd-post-cat wd-style-with-bg\">\n\t\t\t\t\t\t<a href=\"https:\/\/klimavex.eu\/cz\/category\/novinky\/\" rel=\"category tag\">Novinky<\/a>, <a href=\"https:\/\/klimavex.eu\/cz\/category\/klimatizace\/\" rel=\"category tag\">Klimatizace<\/a>\t\t\t\t\t<\/div>\n\t\t\t\t<\/div>\n\t\t\t\n\t\t\t\t\t\t\t<h3 class=\"wd-entities-title title post-title\">\n\t\t\t\t\t<a href=\"https:\/\/klimavex.eu\/cz\/prehled-klimatizaci-hyundai\/\" rel=\"bookmark\">P\u0159ipravte se na l\u00e9to s\u00a0klimatizac\u00ed Hyundai<\/a>\n\t\t\t\t<\/h3>\n\t\t\t\n\t\t\t\t\t\t\t<div class=\"entry-meta wd-entry-meta\">\n\t\t\t\t\t\t\t\t<ul class=\"entry-meta-list\">\n\t\t\t\t\t\t\t\t\t<li class=\"modified-date\">\n\t\t\t\t\t\t\t\t<time class=\"updated\" datetime=\"2025-03-14T16:16:27+01:00\">\n\t\t\t14 b\u0159ezna, 2025\t\t<\/time>\n\t\t\t\t\t\t\t<\/li>\n\n\t\t\t\t\t\n\t\t\t\t\t\t\t\t\t\t\t<li class=\"meta-author\">\n\t\t\t\t\t\t\t\t\t\t\t\t<span>Podle<\/span>\n\t\t\n\t\t\t\t\t<img loading=\"lazy\" decoding=\"async\" src=\"https:\/\/klimavex.eu\/cz\/wp-content\/plugins\/ultimate-member\/assets\/img\/default_avatar.jpg\" class=\"gravatar avatar avatar-32 um-avatar um-avatar-default\" width=\"32\" height=\"32\" alt=\"Marketing KLIMAVEX\" data-default=\"https:\/\/klimavex.eu\/cz\/wp-content\/plugins\/ultimate-member\/assets\/img\/default_avatar.jpg\" onerror=\"if ( ! this.getAttribute('data-load-error') ){ this.setAttribute('data-load-error', '1');this.setAttribute('src', this.getAttribute('data-default'));}\" loading=\"lazy\" \/>\t\t\n\t\t<a href=\"https:\/\/klimavex.eu\/cz\/author\/marketing\/\" class=\"author\" rel=\"author\">Marketing KLIMAVEX<\/a>\n\t\t\t\t\t\t\t\t<\/li>\n\t\t\t\t\t\n\t\t\t\t\t\n\t\t\t\t\t\t\t\t\t\t\t<li class=\"meta-reply\">\n\t\t\t\t\t\t\t<a href=\"https:\/\/klimavex.eu\/cz\/prehled-klimatizaci-hyundai\/#respond\"><span class=\"replies-count\">0<\/span> <span class=\"replies-count-label\">koment\u00e1\u0159e<\/span><\/a>\t\t\t\t\t\t<\/li>\n\t\t\t\t\t\t\t\t\t\t\t\t<\/ul>\n\t\t\t\t\t\t<\/div>\n\t\t\t\t\t\t\t\t\t<div class=\"hovered-social-icons wd-tltp\">\n\t\t\t\t\t\t<div class=\"tooltip top\">\n\t\t\t\t\t\t\t<div class=\"tooltip-arrow\"><\/div>\n\t\t\t\t\t\t\t<div class=\"tooltip-inner\">\n\t\t\t\t\t\t\t\t\t\t\t<div id=\"\" class=\" wd-social-icons wd-style-default wd-size-small social-share wd-shape-circle color-scheme-light text-center\">\n\t\t\t\t\n\t\t\t\t\n\t\t\t\t\t\t\t\t\t<a rel=\"noopener noreferrer nofollow\" href=\"https:\/\/www.facebook.com\/sharer\/sharer.php?u=https:\/\/klimavex.eu\/cz\/prehled-klimatizaci-hyundai\/\" target=\"_blank\" class=\" wd-social-icon social-facebook\" aria-label=\"Facebook soci\u00e1ln\u00ed odkaz\">\n\t\t\t\t\t\t<span class=\"wd-icon\"><\/span>\n\t\t\t\t\t\t\t\t\t\t\t<\/a>\n\t\t\t\t\n\t\t\t\t\t\t\t\t\t<a rel=\"noopener noreferrer nofollow\" href=\"https:\/\/x.com\/share?url=https:\/\/klimavex.eu\/cz\/prehled-klimatizaci-hyundai\/\" target=\"_blank\" class=\" wd-social-icon social-twitter\" aria-label=\"X social link\">\n\t\t\t\t\t\t<span class=\"wd-icon\"><\/span>\n\t\t\t\t\t\t\t\t\t\t\t<\/a>\n\t\t\t\t\n\t\t\t\t\n\t\t\t\t\n\t\t\t\t\n\t\t\t\t\t\t\t\t\t<a rel=\"noopener noreferrer nofollow\" href=\"https:\/\/pinterest.com\/pin\/create\/button\/?url=https:\/\/klimavex.eu\/cz\/prehled-klimatizaci-hyundai\/&media=https:\/\/klimavex.eu\/cz\/wp-content\/uploads\/2025\/03\/uvodni-hyundai-klimatizace.png&description=P%C5%99ipravte+se+na+l%C3%A9to+s%C2%A0klimatizac%C3%AD+Hyundai\" target=\"_blank\" class=\" wd-social-icon social-pinterest\" aria-label=\"Pinterest soci\u00e1ln\u00ed odkaz\">\n\t\t\t\t\t\t<span class=\"wd-icon\"><\/span>\n\t\t\t\t\t\t\t\t\t\t\t<\/a>\n\t\t\t\t\n\t\t\t\t\n\t\t\t\t\t\t\t\t\t<a rel=\"noopener noreferrer nofollow\" href=\"https:\/\/www.linkedin.com\/shareArticle?mini=true&url=https:\/\/klimavex.eu\/cz\/prehled-klimatizaci-hyundai\/\" target=\"_blank\" class=\" wd-social-icon social-linkedin\" aria-label=\"Linkedin soci\u00e1ln\u00ed odkaz\">\n\t\t\t\t\t\t<span class=\"wd-icon\"><\/span>\n\t\t\t\t\t\t\t\t\t\t\t<\/a>\n\t\t\t\t\n\t\t\t\t\n\t\t\t\t\n\t\t\t\t\n\t\t\t\t\n\t\t\t\t\n\t\t\t\t\n\t\t\t\t\n\t\t\t\t\n\t\t\t\t\n\t\t\t\t\n\t\t\t\t\n\t\t\t\t\n\t\t\t\t\n\t\t\t\t\n\t\t\t\t\n\t\t\t\t\t\t\t\t\t<a rel=\"noopener noreferrer nofollow\" href=\"https:\/\/telegram.me\/share\/url?url=https:\/\/klimavex.eu\/cz\/prehled-klimatizaci-hyundai\/\" target=\"_blank\" class=\" wd-social-icon social-tg\" aria-label=\"Telegram soci\u00e1ln\u00ed odkaz\">\n\t\t\t\t\t\t<span class=\"wd-icon\"><\/span>\n\t\t\t\t\t\t\t\t\t\t\t<\/a>\n\t\t\t\t\n\t\t\t\t\n\t\t\t<\/div>\n\n\t\t\t\t\t\t\t\t\t<\/div>\n\t\t\t\t\t\t<\/div>\n\t\t\t\t\t<\/div>\n\t\t\t\t\t\t\t\n\t\t\t\t\t\t\t\t\t\t\t\t<div class=\"entry-content wd-post-desc\">\n\t\t\t\t\t\tP\u0159ipravte se na l\u00e9to s klimatizac\u00ed Hyundai\t\t\n\t\t\t\t\t\t\t\t\t\t\t\t\t\n\t\t\t\t\t\t \t\t\t\t\t\n\t\t\tV hork\u00fdch letn\u00edch m\u011bs\u00edc\u00edch, kdy teploty \u0161plhaj\u00ed na vysok\u00e9 ho...\t\t\t\t\t<\/div>\n\t\t\t\t\n\t\t\t\t\t\t\t\t\t\t\t\t\t\t<p class=\"read-more-section\">\n\t\t\t\t\t\t<a class=\"btn-read-more more-link\" href=\"https:\/\/klimavex.eu\/cz\/prehled-klimatizaci-hyundai\/\">pokra\u010dovat ve \u010dten\u00ed<\/a>\t\t\t\t\t<\/p>\n\t\t\t\t\t\t\t\t\t\t\t\t\t<\/div>\n\t<\/div>\n<\/article>\n\n\t\t\t\t\t\t\t\t\t\t\t\t\t\t\n<article id=\"post-374582\" class=\"wd-post blog-design-small-images blog-post-loop blog-style-bg wd-add-shadow wd-col post-374582 post type-post status-publish format-standard has-post-thumbnail hentry category-novinky category-klimatizace tag-klimatizace-blog tag-novinky-blog\">\n\t<div class=\"article-inner\">\n\t\t<header class=\"entry-header\">\n\t\t\t\t\t\t\t<figure class=\"entry-thumbnail\">\n\t\t\t\t\t\t\t\t\t\t\t<div class=\"post-img-wrapp\">\n\t\t\t\t\t\t\t<a href=\"https:\/\/klimavex.eu\/cz\/panasonic-jet-air-stream\/\">\n\t\t\t\t\t\t\t\t<img loading=\"lazy\" decoding=\"async\" width=\"1024\" height=\"504\" src=\"https:\/\/klimavex.eu\/cz\/wp-content\/uploads\/2025\/03\/panasonic-jet-air_03-1-1024x504.png\" class=\"attachment-large size-large\" alt=\"\" srcset=\"https:\/\/klimavex.eu\/cz\/wp-content\/uploads\/2025\/03\/panasonic-jet-air_03-1-1024x504.png 1024w, https:\/\/klimavex.eu\/cz\/wp-content\/uploads\/2025\/03\/panasonic-jet-air_03-1-300x148.png 300w, https:\/\/klimavex.eu\/cz\/wp-content\/uploads\/2025\/03\/panasonic-jet-air_03-1-768x378.png 768w, https:\/\/klimavex.eu\/cz\/wp-content\/uploads\/2025\/03\/panasonic-jet-air_03-1-1536x756.png 1536w, https:\/\/klimavex.eu\/cz\/wp-content\/uploads\/2025\/03\/panasonic-jet-air_03-1-20x10.png 20w, https:\/\/klimavex.eu\/cz\/wp-content\/uploads\/2025\/03\/panasonic-jet-air_03-1-600x295.png 600w, https:\/\/klimavex.eu\/cz\/wp-content\/uploads\/2025\/03\/panasonic-jet-air_03-1-150x74.png 150w, https:\/\/klimavex.eu\/cz\/wp-content\/uploads\/2025\/03\/panasonic-jet-air_03-1.png 1750w\" sizes=\"(max-width: 1024px) 100vw, 1024px\" \/>\t\t\t\t\t\t\t<\/a>\n\t\t\t\t\t\t<\/div>\n\t\t\t\t\t\t<div class=\"post-image-mask\">\n\t\t\t\t\t\t\t<span><\/span>\n\t\t\t\t\t\t<\/div>\n\t\t\t\t\t\t\t\t\t<\/figure>\n\t\t\t\n\t\t\t\t\t\t<div class=\"wd-post-date wd-style-with-bg\">\n\t\t\t\t<span class=\"post-date-day\">\n\t\t\t\t\t14\t\t\t\t<\/span>\n\t\t\t\t<span class=\"post-date-month\">\n\t\t\t\t\tB\u0159e\t\t\t\t<\/span>\n\t\t\t<\/div>\n\t\t\t\t<\/header>\n\n\t\t<div class=\"article-body-container\">\n\t\t\t\t\t\t\t<div class=\"meta-categories-wrapp\">\n\t\t\t\t\t<div class=\"meta-post-categories wd-post-cat wd-style-with-bg\">\n\t\t\t\t\t\t<a href=\"https:\/\/klimavex.eu\/cz\/category\/novinky\/\" rel=\"category tag\">Novinky<\/a>, <a href=\"https:\/\/klimavex.eu\/cz\/category\/klimatizace\/\" rel=\"category tag\">Klimatizace<\/a>\t\t\t\t\t<\/div>\n\t\t\t\t<\/div>\n\t\t\t\n\t\t\t\t\t\t\t<h3 class=\"wd-entities-title title post-title\">\n\t\t\t\t\t<a href=\"https:\/\/klimavex.eu\/cz\/panasonic-jet-air-stream\/\" rel=\"bookmark\">Novinka na trhu: Komer\u010dn\u00ed klimatizace Panasonic Jet Air Stream<\/a>\n\t\t\t\t<\/h3>\n\t\t\t\n\t\t\t\t\t\t\t<div class=\"entry-meta wd-entry-meta\">\n\t\t\t\t\t\t\t\t<ul class=\"entry-meta-list\">\n\t\t\t\t\t\t\t\t\t<li class=\"modified-date\">\n\t\t\t\t\t\t\t\t<time class=\"updated\" datetime=\"2025-03-14T11:41:57+01:00\">\n\t\t\t14 b\u0159ezna, 2025\t\t<\/time>\n\t\t\t\t\t\t\t<\/li>\n\n\t\t\t\t\t\n\t\t\t\t\t\t\t\t\t\t\t<li class=\"meta-author\">\n\t\t\t\t\t\t\t\t\t\t\t\t<span>Podle<\/span>\n\t\t\n\t\t\t\t\t<img loading=\"lazy\" decoding=\"async\" src=\"https:\/\/klimavex.eu\/cz\/wp-content\/plugins\/ultimate-member\/assets\/img\/default_avatar.jpg\" class=\"gravatar avatar avatar-32 um-avatar um-avatar-default\" width=\"32\" height=\"32\" alt=\"Marketing KLIMAVEX\" data-default=\"https:\/\/klimavex.eu\/cz\/wp-content\/plugins\/ultimate-member\/assets\/img\/default_avatar.jpg\" onerror=\"if ( ! this.getAttribute('data-load-error') ){ this.setAttribute('data-load-error', '1');this.setAttribute('src', this.getAttribute('data-default'));}\" loading=\"lazy\" \/>\t\t\n\t\t<a href=\"https:\/\/klimavex.eu\/cz\/author\/marketing\/\" class=\"author\" rel=\"author\">Marketing KLIMAVEX<\/a>\n\t\t\t\t\t\t\t\t<\/li>\n\t\t\t\t\t\n\t\t\t\t\t\n\t\t\t\t\t\t\t\t\t\t\t<li class=\"meta-reply\">\n\t\t\t\t\t\t\t<a href=\"https:\/\/klimavex.eu\/cz\/panasonic-jet-air-stream\/#respond\"><span class=\"replies-count\">0<\/span> <span class=\"replies-count-label\">koment\u00e1\u0159e<\/span><\/a>\t\t\t\t\t\t<\/li>\n\t\t\t\t\t\t\t\t\t\t\t\t<\/ul>\n\t\t\t\t\t\t<\/div>\n\t\t\t\t\t\t\t\t\t<div class=\"hovered-social-icons wd-tltp\">\n\t\t\t\t\t\t<div class=\"tooltip top\">\n\t\t\t\t\t\t\t<div class=\"tooltip-arrow\"><\/div>\n\t\t\t\t\t\t\t<div class=\"tooltip-inner\">\n\t\t\t\t\t\t\t\t\t\t\t<div id=\"\" class=\" wd-social-icons wd-style-default wd-size-small social-share wd-shape-circle color-scheme-light text-center\">\n\t\t\t\t\n\t\t\t\t\n\t\t\t\t\t\t\t\t\t<a rel=\"noopener noreferrer nofollow\" href=\"https:\/\/www.facebook.com\/sharer\/sharer.php?u=https:\/\/klimavex.eu\/cz\/panasonic-jet-air-stream\/\" target=\"_blank\" class=\" wd-social-icon social-facebook\" aria-label=\"Facebook soci\u00e1ln\u00ed odkaz\">\n\t\t\t\t\t\t<span class=\"wd-icon\"><\/span>\n\t\t\t\t\t\t\t\t\t\t\t<\/a>\n\t\t\t\t\n\t\t\t\t\t\t\t\t\t<a rel=\"noopener noreferrer nofollow\" href=\"https:\/\/x.com\/share?url=https:\/\/klimavex.eu\/cz\/panasonic-jet-air-stream\/\" target=\"_blank\" class=\" wd-social-icon social-twitter\" aria-label=\"X social link\">\n\t\t\t\t\t\t<span class=\"wd-icon\"><\/span>\n\t\t\t\t\t\t\t\t\t\t\t<\/a>\n\t\t\t\t\n\t\t\t\t\n\t\t\t\t\n\t\t\t\t\n\t\t\t\t\t\t\t\t\t<a rel=\"noopener noreferrer nofollow\" href=\"https:\/\/pinterest.com\/pin\/create\/button\/?url=https:\/\/klimavex.eu\/cz\/panasonic-jet-air-stream\/&media=https:\/\/klimavex.eu\/cz\/wp-content\/uploads\/2025\/03\/panasonic-jet-air_03-1.png&description=Novinka+na+trhu%3A+Komer%C4%8Dn%C3%AD+klimatizace+Panasonic+Jet+Air+Stream\" target=\"_blank\" class=\" wd-social-icon social-pinterest\" aria-label=\"Pinterest soci\u00e1ln\u00ed odkaz\">\n\t\t\t\t\t\t<span class=\"wd-icon\"><\/span>\n\t\t\t\t\t\t\t\t\t\t\t<\/a>\n\t\t\t\t\n\t\t\t\t\n\t\t\t\t\t\t\t\t\t<a rel=\"noopener noreferrer nofollow\" href=\"https:\/\/www.linkedin.com\/shareArticle?mini=true&url=https:\/\/klimavex.eu\/cz\/panasonic-jet-air-stream\/\" target=\"_blank\" class=\" wd-social-icon social-linkedin\" aria-label=\"Linkedin soci\u00e1ln\u00ed odkaz\">\n\t\t\t\t\t\t<span class=\"wd-icon\"><\/span>\n\t\t\t\t\t\t\t\t\t\t\t<\/a>\n\t\t\t\t\n\t\t\t\t\n\t\t\t\t\n\t\t\t\t\n\t\t\t\t\n\t\t\t\t\n\t\t\t\t\n\t\t\t\t\n\t\t\t\t\n\t\t\t\t\n\t\t\t\t\n\t\t\t\t\n\t\t\t\t\n\t\t\t\t\n\t\t\t\t\n\t\t\t\t\n\t\t\t\t\t\t\t\t\t<a rel=\"noopener noreferrer nofollow\" href=\"https:\/\/telegram.me\/share\/url?url=https:\/\/klimavex.eu\/cz\/panasonic-jet-air-stream\/\" target=\"_blank\" class=\" wd-social-icon social-tg\" aria-label=\"Telegram soci\u00e1ln\u00ed odkaz\">\n\t\t\t\t\t\t<span class=\"wd-icon\"><\/span>\n\t\t\t\t\t\t\t\t\t\t\t<\/a>\n\t\t\t\t\n\t\t\t\t\n\t\t\t<\/div>\n\n\t\t\t\t\t\t\t\t\t<\/div>\n\t\t\t\t\t\t<\/div>\n\t\t\t\t\t<\/div>\n\t\t\t\t\t\t\t\n\t\t\t\t\t\t\t\t\t\t\t\t<div class=\"entry-content wd-post-desc\">\n\t\t\t\t\t\tNovinka na trhu: Komer\u010dn\u00ed klimatizace Panasonic Jet Air Stream\t\t\n\t\t\tSpole\u010dnost Panasonic p\u0159edstavuje svou nejnov\u011bj\u0161\u00ed inovaci v oblasti ...\t\t\t\t\t<\/div>\n\t\t\t\t\n\t\t\t\t\t\t\t\t\t\t\t\t\t\t<p class=\"read-more-section\">\n\t\t\t\t\t\t<a class=\"btn-read-more more-link\" href=\"https:\/\/klimavex.eu\/cz\/panasonic-jet-air-stream\/\">pokra\u010dovat ve \u010dten\u00ed<\/a>\t\t\t\t\t<\/p>\n\t\t\t\t\t\t\t\t\t\t\t\t\t<\/div>\n\t<\/div>\n<\/article>\n\n\t\t\t\t\t\t\t\t\t\t\t\t\t\t\n<article id=\"post-374454\" class=\"wd-post blog-design-small-images blog-post-loop blog-style-bg wd-add-shadow wd-col post-374454 post type-post status-publish format-standard has-post-thumbnail hentry category-dotace category-novinky tag-novinky-blog\">\n\t<div class=\"article-inner\">\n\t\t<header class=\"entry-header\">\n\t\t\t\t\t\t\t<figure class=\"entry-thumbnail\">\n\t\t\t\t\t\t\t\t\t\t\t<div class=\"post-img-wrapp\">\n\t\t\t\t\t\t\t<a href=\"https:\/\/klimavex.eu\/cz\/dotace-nova-zelena-usporam-2025\/\">\n\t\t\t\t\t\t\t\t<img loading=\"lazy\" decoding=\"async\" width=\"1000\" height=\"562\" src=\"https:\/\/klimavex.eu\/cz\/wp-content\/uploads\/2025\/02\/nzu.png\" class=\"attachment-large size-large\" alt=\"\" srcset=\"https:\/\/klimavex.eu\/cz\/wp-content\/uploads\/2025\/02\/nzu.png 1000w, https:\/\/klimavex.eu\/cz\/wp-content\/uploads\/2025\/02\/nzu-300x169.png 300w, https:\/\/klimavex.eu\/cz\/wp-content\/uploads\/2025\/02\/nzu-768x432.png 768w, https:\/\/klimavex.eu\/cz\/wp-content\/uploads\/2025\/02\/nzu-20x11.png 20w, https:\/\/klimavex.eu\/cz\/wp-content\/uploads\/2025\/02\/nzu-600x337.png 600w, https:\/\/klimavex.eu\/cz\/wp-content\/uploads\/2025\/02\/nzu-150x84.png 150w\" sizes=\"(max-width: 1000px) 100vw, 1000px\" \/>\t\t\t\t\t\t\t<\/a>\n\t\t\t\t\t\t<\/div>\n\t\t\t\t\t\t<div class=\"post-image-mask\">\n\t\t\t\t\t\t\t<span><\/span>\n\t\t\t\t\t\t<\/div>\n\t\t\t\t\t\t\t\t\t<\/figure>\n\t\t\t\n\t\t\t\t\t\t<div class=\"wd-post-date wd-style-with-bg\">\n\t\t\t\t<span class=\"post-date-day\">\n\t\t\t\t\t28\t\t\t\t<\/span>\n\t\t\t\t<span class=\"post-date-month\">\n\t\t\t\t\t\u00dano\t\t\t\t<\/span>\n\t\t\t<\/div>\n\t\t\t\t<\/header>\n\n\t\t<div class=\"article-body-container\">\n\t\t\t\t\t\t\t<div class=\"meta-categories-wrapp\">\n\t\t\t\t\t<div class=\"meta-post-categories wd-post-cat wd-style-with-bg\">\n\t\t\t\t\t\t<a href=\"https:\/\/klimavex.eu\/cz\/category\/dotace\/\" rel=\"category tag\">Dotace<\/a>, <a href=\"https:\/\/klimavex.eu\/cz\/category\/novinky\/\" rel=\"category tag\">Novinky<\/a>\t\t\t\t\t<\/div>\n\t\t\t\t<\/div>\n\t\t\t\n\t\t\t\t\t\t\t<h3 class=\"wd-entities-title title post-title\">\n\t\t\t\t\t<a href=\"https:\/\/klimavex.eu\/cz\/dotace-nova-zelena-usporam-2025\/\" rel=\"bookmark\">Co nov\u00e9ho p\u0159in\u00e1\u0161\u00ed Nov\u00e1 zelen\u00e1 \u00faspor\u00e1m pro rok 2025?<\/a>\n\t\t\t\t<\/h3>\n\t\t\t\n\t\t\t\t\t\t\t<div class=\"entry-meta wd-entry-meta\">\n\t\t\t\t\t\t\t\t<ul class=\"entry-meta-list\">\n\t\t\t\t\t\t\t\t\t<li class=\"modified-date\">\n\t\t\t\t\t\t\t\t<time class=\"updated\" datetime=\"2025-03-13T23:11:27+01:00\">\n\t\t\t13 b\u0159ezna, 2025\t\t<\/time>\n\t\t\t\t\t\t\t<\/li>\n\n\t\t\t\t\t\n\t\t\t\t\t\t\t\t\t\t\t<li class=\"meta-author\">\n\t\t\t\t\t\t\t\t\t\t\t\t<span>Podle<\/span>\n\t\t\n\t\t\t\t\t<img loading=\"lazy\" decoding=\"async\" src=\"https:\/\/klimavex.eu\/cz\/wp-content\/plugins\/ultimate-member\/assets\/img\/default_avatar.jpg\" class=\"gravatar avatar avatar-32 um-avatar um-avatar-default\" width=\"32\" height=\"32\" alt=\"Marketing KLIMAVEX\" data-default=\"https:\/\/klimavex.eu\/cz\/wp-content\/plugins\/ultimate-member\/assets\/img\/default_avatar.jpg\" onerror=\"if ( ! this.getAttribute('data-load-error') ){ this.setAttribute('data-load-error', '1');this.setAttribute('src', this.getAttribute('data-default'));}\" loading=\"lazy\" \/>\t\t\n\t\t<a href=\"https:\/\/klimavex.eu\/cz\/author\/marketing\/\" class=\"author\" rel=\"author\">Marketing KLIMAVEX<\/a>\n\t\t\t\t\t\t\t\t<\/li>\n\t\t\t\t\t\n\t\t\t\t\t\n\t\t\t\t\t\t\t\t\t\t\t<li class=\"meta-reply\">\n\t\t\t\t\t\t\t<a href=\"https:\/\/klimavex.eu\/cz\/dotace-nova-zelena-usporam-2025\/#respond\"><span class=\"replies-count\">0<\/span> <span class=\"replies-count-label\">koment\u00e1\u0159e<\/span><\/a>\t\t\t\t\t\t<\/li>\n\t\t\t\t\t\t\t\t\t\t\t\t<\/ul>\n\t\t\t\t\t\t<\/div>\n\t\t\t\t\t\t\t\t\t<div class=\"hovered-social-icons wd-tltp\">\n\t\t\t\t\t\t<div class=\"tooltip top\">\n\t\t\t\t\t\t\t<div class=\"tooltip-arrow\"><\/div>\n\t\t\t\t\t\t\t<div class=\"tooltip-inner\">\n\t\t\t\t\t\t\t\t\t\t\t<div id=\"\" class=\" wd-social-icons wd-style-default wd-size-small social-share wd-shape-circle color-scheme-light text-center\">\n\t\t\t\t\n\t\t\t\t\n\t\t\t\t\t\t\t\t\t<a rel=\"noopener noreferrer nofollow\" href=\"https:\/\/www.facebook.com\/sharer\/sharer.php?u=https:\/\/klimavex.eu\/cz\/dotace-nova-zelena-usporam-2025\/\" target=\"_blank\" class=\" wd-social-icon social-facebook\" aria-label=\"Facebook soci\u00e1ln\u00ed odkaz\">\n\t\t\t\t\t\t<span class=\"wd-icon\"><\/span>\n\t\t\t\t\t\t\t\t\t\t\t<\/a>\n\t\t\t\t\n\t\t\t\t\t\t\t\t\t<a rel=\"noopener noreferrer nofollow\" href=\"https:\/\/x.com\/share?url=https:\/\/klimavex.eu\/cz\/dotace-nova-zelena-usporam-2025\/\" target=\"_blank\" class=\" wd-social-icon social-twitter\" aria-label=\"X social link\">\n\t\t\t\t\t\t<span class=\"wd-icon\"><\/span>\n\t\t\t\t\t\t\t\t\t\t\t<\/a>\n\t\t\t\t\n\t\t\t\t\n\t\t\t\t\n\t\t\t\t\n\t\t\t\t\t\t\t\t\t<a rel=\"noopener noreferrer nofollow\" href=\"https:\/\/pinterest.com\/pin\/create\/button\/?url=https:\/\/klimavex.eu\/cz\/dotace-nova-zelena-usporam-2025\/&media=https:\/\/klimavex.eu\/cz\/wp-content\/uploads\/2025\/02\/nzu.png&description=Co+nov%C3%A9ho+p%C5%99in%C3%A1%C5%A1%C3%AD+Nov%C3%A1+zelen%C3%A1+%C3%BAspor%C3%A1m+pro+rok+2025%3F\" target=\"_blank\" class=\" wd-social-icon social-pinterest\" aria-label=\"Pinterest soci\u00e1ln\u00ed odkaz\">\n\t\t\t\t\t\t<span class=\"wd-icon\"><\/span>\n\t\t\t\t\t\t\t\t\t\t\t<\/a>\n\t\t\t\t\n\t\t\t\t\n\t\t\t\t\t\t\t\t\t<a rel=\"noopener noreferrer nofollow\" href=\"https:\/\/www.linkedin.com\/shareArticle?mini=true&url=https:\/\/klimavex.eu\/cz\/dotace-nova-zelena-usporam-2025\/\" target=\"_blank\" class=\" wd-social-icon social-linkedin\" aria-label=\"Linkedin soci\u00e1ln\u00ed odkaz\">\n\t\t\t\t\t\t<span class=\"wd-icon\"><\/span>\n\t\t\t\t\t\t\t\t\t\t\t<\/a>\n\t\t\t\t\n\t\t\t\t\n\t\t\t\t\n\t\t\t\t\n\t\t\t\t\n\t\t\t\t\n\t\t\t\t\n\t\t\t\t\n\t\t\t\t\n\t\t\t\t\n\t\t\t\t\n\t\t\t\t\n\t\t\t\t\n\t\t\t\t\n\t\t\t\t\n\t\t\t\t\n\t\t\t\t\t\t\t\t\t<a rel=\"noopener noreferrer nofollow\" href=\"https:\/\/telegram.me\/share\/url?url=https:\/\/klimavex.eu\/cz\/dotace-nova-zelena-usporam-2025\/\" target=\"_blank\" class=\" wd-social-icon social-tg\" aria-label=\"Telegram soci\u00e1ln\u00ed odkaz\">\n\t\t\t\t\t\t<span class=\"wd-icon\"><\/span>\n\t\t\t\t\t\t\t\t\t\t\t<\/a>\n\t\t\t\t\n\t\t\t\t\n\t\t\t<\/div>\n\n\t\t\t\t\t\t\t\t\t<\/div>\n\t\t\t\t\t\t<\/div>\n\t\t\t\t\t<\/div>\n\t\t\t\t\t\t\t\n\t\t\t\t\t\t\t\t\t\t\t\t<div class=\"entry-content wd-post-desc\">\n\t\t\t\t\t\tCo nov\u00e9ho p\u0159in\u00e1\u0161\u00ed Nov\u00e1 zelen\u00e1 \u00faspor\u00e1m v roce 2025?\t\t\n\t\t\t\u00a0Od 20. \u00fanora byl op\u011bt spu\u0161t\u011bn p\u0159\u00edjem \u017e\u00e1dost\u00ed o dotace v\u00a0r\u00e1mci programu Ministe...\t\t\t\t\t<\/div>\n\t\t\t\t\n\t\t\t\t\t\t\t\t\t\t\t\t\t\t<p class=\"read-more-section\">\n\t\t\t\t\t\t<a class=\"btn-read-more more-link\" href=\"https:\/\/klimavex.eu\/cz\/dotace-nova-zelena-usporam-2025\/\">pokra\u010dovat ve \u010dten\u00ed<\/a>\t\t\t\t\t<\/p>\n\t\t\t\t\t\t\t\t\t\t\t\t\t<\/div>\n\t<\/div>\n<\/article>\n\n\t\t\t\t\t\t\t\t\t\t\t\t\t\t\n<article id=\"post-372492\" class=\"wd-post blog-design-small-images blog-post-loop blog-style-bg wd-add-shadow wd-col post-372492 post type-post status-publish format-standard has-post-thumbnail hentry category-tepelna-cerpadla category-novinky tag-novinky-blog tag-tepelna-cerpadla-blog\">\n\t<div class=\"article-inner\">\n\t\t<header class=\"entry-header\">\n\t\t\t\t\t\t\t<figure class=\"entry-thumbnail\">\n\t\t\t\t\t\t\t\t\t\t\t<div class=\"post-img-wrapp\">\n\t\t\t\t\t\t\t<a href=\"https:\/\/klimavex.eu\/cz\/hyundai-service-cloud-spravujte-tepelna-cerpadla-na-dalku\/\">\n\t\t\t\t\t\t\t\t<img loading=\"lazy\" decoding=\"async\" width=\"1024\" height=\"576\" src=\"https:\/\/klimavex.eu\/cz\/wp-content\/uploads\/2024\/10\/r290-ovladac_16.9-1024x576.png\" class=\"attachment-large size-large\" alt=\"\" srcset=\"https:\/\/klimavex.eu\/cz\/wp-content\/uploads\/2024\/10\/r290-ovladac_16.9-1024x576.png 1024w, https:\/\/klimavex.eu\/cz\/wp-content\/uploads\/2024\/10\/r290-ovladac_16.9-300x169.png 300w, https:\/\/klimavex.eu\/cz\/wp-content\/uploads\/2024\/10\/r290-ovladac_16.9-768x432.png 768w, https:\/\/klimavex.eu\/cz\/wp-content\/uploads\/2024\/10\/r290-ovladac_16.9-20x11.png 20w, https:\/\/klimavex.eu\/cz\/wp-content\/uploads\/2024\/10\/r290-ovladac_16.9-600x338.png 600w, https:\/\/klimavex.eu\/cz\/wp-content\/uploads\/2024\/10\/r290-ovladac_16.9-150x84.png 150w, https:\/\/klimavex.eu\/cz\/wp-content\/uploads\/2024\/10\/r290-ovladac_16.9.png 1280w\" sizes=\"(max-width: 1024px) 100vw, 1024px\" \/>\t\t\t\t\t\t\t<\/a>\n\t\t\t\t\t\t<\/div>\n\t\t\t\t\t\t<div class=\"post-image-mask\">\n\t\t\t\t\t\t\t<span><\/span>\n\t\t\t\t\t\t<\/div>\n\t\t\t\t\t\t\t\t\t<\/figure>\n\t\t\t\n\t\t\t\t\t\t<div class=\"wd-post-date wd-style-with-bg\">\n\t\t\t\t<span class=\"post-date-day\">\n\t\t\t\t\t24\t\t\t\t<\/span>\n\t\t\t\t<span class=\"post-date-month\">\n\t\t\t\t\t\u0158\u00edj\t\t\t\t<\/span>\n\t\t\t<\/div>\n\t\t\t\t<\/header>\n\n\t\t<div class=\"article-body-container\">\n\t\t\t\t\t\t\t<div class=\"meta-categories-wrapp\">\n\t\t\t\t\t<div class=\"meta-post-categories wd-post-cat wd-style-with-bg\">\n\t\t\t\t\t\t<a href=\"https:\/\/klimavex.eu\/cz\/category\/tepelna-cerpadla\/\" rel=\"category tag\">Tepeln\u00e1 \u010derpadla<\/a>, <a href=\"https:\/\/klimavex.eu\/cz\/category\/novinky\/\" rel=\"category tag\">Novinky<\/a>\t\t\t\t\t<\/div>\n\t\t\t\t<\/div>\n\t\t\t\n\t\t\t\t\t\t\t<h3 class=\"wd-entities-title title post-title\">\n\t\t\t\t\t<a href=\"https:\/\/klimavex.eu\/cz\/hyundai-service-cloud-spravujte-tepelna-cerpadla-na-dalku\/\" rel=\"bookmark\">Hyundai service cloud &#8211; spravujte tepeln\u00e1 \u010derpadla na d\u00e1lku<\/a>\n\t\t\t\t<\/h3>\n\t\t\t\n\t\t\t\t\t\t\t<div class=\"entry-meta wd-entry-meta\">\n\t\t\t\t\t\t\t\t<ul class=\"entry-meta-list\">\n\t\t\t\t\t\t\t\t\t<li class=\"modified-date\">\n\t\t\t\t\t\t\t\t<time class=\"updated\" datetime=\"2025-01-16T12:56:24+01:00\">\n\t\t\t16 ledna, 2025\t\t<\/time>\n\t\t\t\t\t\t\t<\/li>\n\n\t\t\t\t\t\n\t\t\t\t\t\t\t\t\t\t\t<li class=\"meta-author\">\n\t\t\t\t\t\t\t\t\t\t\t\t<span>Podle<\/span>\n\t\t\n\t\t\t\t\t<img loading=\"lazy\" decoding=\"async\" src=\"https:\/\/klimavex.eu\/cz\/wp-content\/plugins\/ultimate-member\/assets\/img\/default_avatar.jpg\" class=\"gravatar avatar avatar-32 um-avatar um-avatar-default\" width=\"32\" height=\"32\" alt=\"Marketing KLIMAVEX\" data-default=\"https:\/\/klimavex.eu\/cz\/wp-content\/plugins\/ultimate-member\/assets\/img\/default_avatar.jpg\" onerror=\"if ( ! this.getAttribute('data-load-error') ){ this.setAttribute('data-load-error', '1');this.setAttribute('src', this.getAttribute('data-default'));}\" loading=\"lazy\" \/>\t\t\n\t\t<a href=\"https:\/\/klimavex.eu\/cz\/author\/marketing\/\" class=\"author\" rel=\"author\">Marketing KLIMAVEX<\/a>\n\t\t\t\t\t\t\t\t<\/li>\n\t\t\t\t\t\n\t\t\t\t\t\n\t\t\t\t\t\t\t\t\t\t\t<li class=\"meta-reply\">\n\t\t\t\t\t\t\t<a href=\"https:\/\/klimavex.eu\/cz\/hyundai-service-cloud-spravujte-tepelna-cerpadla-na-dalku\/#respond\"><span class=\"replies-count\">0<\/span> <span class=\"replies-count-label\">koment\u00e1\u0159e<\/span><\/a>\t\t\t\t\t\t<\/li>\n\t\t\t\t\t\t\t\t\t\t\t\t<\/ul>\n\t\t\t\t\t\t<\/div>\n\t\t\t\t\t\t\t\t\t<div class=\"hovered-social-icons wd-tltp\">\n\t\t\t\t\t\t<div class=\"tooltip top\">\n\t\t\t\t\t\t\t<div class=\"tooltip-arrow\"><\/div>\n\t\t\t\t\t\t\t<div class=\"tooltip-inner\">\n\t\t\t\t\t\t\t\t\t\t\t<div id=\"\" class=\" wd-social-icons wd-style-default wd-size-small social-share wd-shape-circle color-scheme-light text-center\">\n\t\t\t\t\n\t\t\t\t\n\t\t\t\t\t\t\t\t\t<a rel=\"noopener noreferrer nofollow\" href=\"https:\/\/www.facebook.com\/sharer\/sharer.php?u=https:\/\/klimavex.eu\/cz\/hyundai-service-cloud-spravujte-tepelna-cerpadla-na-dalku\/\" target=\"_blank\" class=\" wd-social-icon social-facebook\" aria-label=\"Facebook soci\u00e1ln\u00ed odkaz\">\n\t\t\t\t\t\t<span class=\"wd-icon\"><\/span>\n\t\t\t\t\t\t\t\t\t\t\t<\/a>\n\t\t\t\t\n\t\t\t\t\t\t\t\t\t<a rel=\"noopener noreferrer nofollow\" href=\"https:\/\/x.com\/share?url=https:\/\/klimavex.eu\/cz\/hyundai-service-cloud-spravujte-tepelna-cerpadla-na-dalku\/\" target=\"_blank\" class=\" wd-social-icon social-twitter\" aria-label=\"X social link\">\n\t\t\t\t\t\t<span class=\"wd-icon\"><\/span>\n\t\t\t\t\t\t\t\t\t\t\t<\/a>\n\t\t\t\t\n\t\t\t\t\n\t\t\t\t\n\t\t\t\t\n\t\t\t\t\t\t\t\t\t<a rel=\"noopener noreferrer nofollow\" href=\"https:\/\/pinterest.com\/pin\/create\/button\/?url=https:\/\/klimavex.eu\/cz\/hyundai-service-cloud-spravujte-tepelna-cerpadla-na-dalku\/&media=https:\/\/klimavex.eu\/cz\/wp-content\/uploads\/2024\/10\/r290-ovladac_16.9.png&description=Hyundai+service+cloud+%26%238211%3B+spravujte+tepeln%C3%A1+%C4%8Derpadla+na+d%C3%A1lku\" target=\"_blank\" class=\" wd-social-icon social-pinterest\" aria-label=\"Pinterest soci\u00e1ln\u00ed odkaz\">\n\t\t\t\t\t\t<span class=\"wd-icon\"><\/span>\n\t\t\t\t\t\t\t\t\t\t\t<\/a>\n\t\t\t\t\n\t\t\t\t\n\t\t\t\t\t\t\t\t\t<a rel=\"noopener noreferrer nofollow\" href=\"https:\/\/www.linkedin.com\/shareArticle?mini=true&url=https:\/\/klimavex.eu\/cz\/hyundai-service-cloud-spravujte-tepelna-cerpadla-na-dalku\/\" target=\"_blank\" class=\" wd-social-icon social-linkedin\" aria-label=\"Linkedin soci\u00e1ln\u00ed odkaz\">\n\t\t\t\t\t\t<span class=\"wd-icon\"><\/span>\n\t\t\t\t\t\t\t\t\t\t\t<\/a>\n\t\t\t\t\n\t\t\t\t\n\t\t\t\t\n\t\t\t\t\n\t\t\t\t\n\t\t\t\t\n\t\t\t\t\n\t\t\t\t\n\t\t\t\t\n\t\t\t\t\n\t\t\t\t\n\t\t\t\t\n\t\t\t\t\n\t\t\t\t\n\t\t\t\t\n\t\t\t\t\n\t\t\t\t\t\t\t\t\t<a rel=\"noopener noreferrer nofollow\" href=\"https:\/\/telegram.me\/share\/url?url=https:\/\/klimavex.eu\/cz\/hyundai-service-cloud-spravujte-tepelna-cerpadla-na-dalku\/\" target=\"_blank\" class=\" wd-social-icon social-tg\" aria-label=\"Telegram soci\u00e1ln\u00ed odkaz\">\n\t\t\t\t\t\t<span class=\"wd-icon\"><\/span>\n\t\t\t\t\t\t\t\t\t\t\t<\/a>\n\t\t\t\t\n\t\t\t\t\n\t\t\t<\/div>\n\n\t\t\t\t\t\t\t\t\t<\/div>\n\t\t\t\t\t\t<\/div>\n\t\t\t\t\t<\/div>\n\t\t\t\t\t\t\t\n\t\t\t\t\t\t\t\t\t\t\t\t<div class=\"entry-content wd-post-desc\">\n\t\t\t\t\t\tHyundai service cloud - spravujte tepeln\u00e1 \u010derpadla na d\u00e1lku\t\t\n\t\t\tTepeln\u00e1 \u010derpadla Hyundai jsou nyn\u00ed dod\u00e1v\u00e1na s\u00a0novou slu\u017ebou, kter\u00e1 zry...\t\t\t\t\t<\/div>\n\t\t\t\t\n\t\t\t\t\t\t\t\t\t\t\t\t\t\t<p class=\"read-more-section\">\n\t\t\t\t\t\t<a class=\"btn-read-more more-link\" href=\"https:\/\/klimavex.eu\/cz\/hyundai-service-cloud-spravujte-tepelna-cerpadla-na-dalku\/\">pokra\u010dovat ve \u010dten\u00ed<\/a>\t\t\t\t\t<\/p>\n\t\t\t\t\t\t\t\t\t\t\t\t\t<\/div>\n\t<\/div>\n<\/article>\n\n\t\t\t\t\t\t\t\t\t\t\t\t\t\t\n<article id=\"post-372501\" class=\"wd-post blog-design-small-images blog-post-loop blog-style-bg wd-add-shadow wd-col post-372501 post type-post status-publish format-standard has-post-thumbnail hentry category-tepelna-cerpadla category-novinky tag-novinky-blog tag-tepelna-cerpadla-blog\">\n\t<div class=\"article-inner\">\n\t\t<header class=\"entry-header\">\n\t\t\t\t\t\t\t<figure class=\"entry-thumbnail\">\n\t\t\t\t\t\t\t\t\t\t\t<div class=\"post-img-wrapp\">\n\t\t\t\t\t\t\t<a href=\"https:\/\/klimavex.eu\/cz\/video-ukazka-instalace-tepelneho-cerpadla-hyundai\/\">\n\t\t\t\t\t\t\t\t<img loading=\"lazy\" decoding=\"async\" width=\"1024\" height=\"575\" src=\"https:\/\/klimavex.eu\/cz\/wp-content\/uploads\/2024\/10\/montaz-tc-hyundai-1024x575.png\" class=\"attachment-large size-large\" alt=\"\" srcset=\"https:\/\/klimavex.eu\/cz\/wp-content\/uploads\/2024\/10\/montaz-tc-hyundai-1024x575.png 1024w, https:\/\/klimavex.eu\/cz\/wp-content\/uploads\/2024\/10\/montaz-tc-hyundai-300x169.png 300w, https:\/\/klimavex.eu\/cz\/wp-content\/uploads\/2024\/10\/montaz-tc-hyundai-768x431.png 768w, https:\/\/klimavex.eu\/cz\/wp-content\/uploads\/2024\/10\/montaz-tc-hyundai-1536x863.png 1536w, https:\/\/klimavex.eu\/cz\/wp-content\/uploads\/2024\/10\/montaz-tc-hyundai-20x11.png 20w, https:\/\/klimavex.eu\/cz\/wp-content\/uploads\/2024\/10\/montaz-tc-hyundai-600x337.png 600w, https:\/\/klimavex.eu\/cz\/wp-content\/uploads\/2024\/10\/montaz-tc-hyundai-150x84.png 150w, https:\/\/klimavex.eu\/cz\/wp-content\/uploads\/2024\/10\/montaz-tc-hyundai.png 1917w\" sizes=\"(max-width: 1024px) 100vw, 1024px\" \/>\t\t\t\t\t\t\t<\/a>\n\t\t\t\t\t\t<\/div>\n\t\t\t\t\t\t<div class=\"post-image-mask\">\n\t\t\t\t\t\t\t<span><\/span>\n\t\t\t\t\t\t<\/div>\n\t\t\t\t\t\t\t\t\t<\/figure>\n\t\t\t\n\t\t\t\t\t\t<div class=\"wd-post-date wd-style-with-bg\">\n\t\t\t\t<span class=\"post-date-day\">\n\t\t\t\t\t21\t\t\t\t<\/span>\n\t\t\t\t<span class=\"post-date-month\">\n\t\t\t\t\t\u0158\u00edj\t\t\t\t<\/span>\n\t\t\t<\/div>\n\t\t\t\t<\/header>\n\n\t\t<div class=\"article-body-container\">\n\t\t\t\t\t\t\t<div class=\"meta-categories-wrapp\">\n\t\t\t\t\t<div class=\"meta-post-categories wd-post-cat wd-style-with-bg\">\n\t\t\t\t\t\t<a href=\"https:\/\/klimavex.eu\/cz\/category\/tepelna-cerpadla\/\" rel=\"category tag\">Tepeln\u00e1 \u010derpadla<\/a>, <a href=\"https:\/\/klimavex.eu\/cz\/category\/novinky\/\" rel=\"category tag\">Novinky<\/a>\t\t\t\t\t<\/div>\n\t\t\t\t<\/div>\n\t\t\t\n\t\t\t\t\t\t\t<h3 class=\"wd-entities-title title post-title\">\n\t\t\t\t\t<a href=\"https:\/\/klimavex.eu\/cz\/video-ukazka-instalace-tepelneho-cerpadla-hyundai\/\" rel=\"bookmark\">Video &#8211; uk\u00e1zka instalace tepeln\u00e9ho \u010derpadla Hyundai<\/a>\n\t\t\t\t<\/h3>\n\t\t\t\n\t\t\t\t\t\t\t<div class=\"entry-meta wd-entry-meta\">\n\t\t\t\t\t\t\t\t<ul class=\"entry-meta-list\">\n\t\t\t\t\t\t\t\t\t<li class=\"modified-date\">\n\t\t\t\t\t\t\t\t<time class=\"updated\" datetime=\"2025-01-16T12:56:42+01:00\">\n\t\t\t16 ledna, 2025\t\t<\/time>\n\t\t\t\t\t\t\t<\/li>\n\n\t\t\t\t\t\n\t\t\t\t\t\t\t\t\t\t\t<li class=\"meta-author\">\n\t\t\t\t\t\t\t\t\t\t\t\t<span>Podle<\/span>\n\t\t\n\t\t\t\t\t<img loading=\"lazy\" decoding=\"async\" src=\"https:\/\/klimavex.eu\/cz\/wp-content\/plugins\/ultimate-member\/assets\/img\/default_avatar.jpg\" class=\"gravatar avatar avatar-32 um-avatar um-avatar-default\" width=\"32\" height=\"32\" alt=\"Marketing KLIMAVEX\" data-default=\"https:\/\/klimavex.eu\/cz\/wp-content\/plugins\/ultimate-member\/assets\/img\/default_avatar.jpg\" onerror=\"if ( ! this.getAttribute('data-load-error') ){ this.setAttribute('data-load-error', '1');this.setAttribute('src', this.getAttribute('data-default'));}\" loading=\"lazy\" \/>\t\t\n\t\t<a href=\"https:\/\/klimavex.eu\/cz\/author\/marketing\/\" class=\"author\" rel=\"author\">Marketing KLIMAVEX<\/a>\n\t\t\t\t\t\t\t\t<\/li>\n\t\t\t\t\t\n\t\t\t\t\t\n\t\t\t\t\t\t\t\t\t\t\t<li class=\"meta-reply\">\n\t\t\t\t\t\t\t<a href=\"https:\/\/klimavex.eu\/cz\/video-ukazka-instalace-tepelneho-cerpadla-hyundai\/#respond\"><span class=\"replies-count\">0<\/span> <span class=\"replies-count-label\">koment\u00e1\u0159e<\/span><\/a>\t\t\t\t\t\t<\/li>\n\t\t\t\t\t\t\t\t\t\t\t\t<\/ul>\n\t\t\t\t\t\t<\/div>\n\t\t\t\t\t\t\t\t\t<div class=\"hovered-social-icons wd-tltp\">\n\t\t\t\t\t\t<div class=\"tooltip top\">\n\t\t\t\t\t\t\t<div class=\"tooltip-arrow\"><\/div>\n\t\t\t\t\t\t\t<div class=\"tooltip-inner\">\n\t\t\t\t\t\t\t\t\t\t\t<div id=\"\" class=\" wd-social-icons wd-style-default wd-size-small social-share wd-shape-circle color-scheme-light text-center\">\n\t\t\t\t\n\t\t\t\t\n\t\t\t\t\t\t\t\t\t<a rel=\"noopener noreferrer nofollow\" href=\"https:\/\/www.facebook.com\/sharer\/sharer.php?u=https:\/\/klimavex.eu\/cz\/video-ukazka-instalace-tepelneho-cerpadla-hyundai\/\" target=\"_blank\" class=\" wd-social-icon social-facebook\" aria-label=\"Facebook soci\u00e1ln\u00ed odkaz\">\n\t\t\t\t\t\t<span class=\"wd-icon\"><\/span>\n\t\t\t\t\t\t\t\t\t\t\t<\/a>\n\t\t\t\t\n\t\t\t\t\t\t\t\t\t<a rel=\"noopener noreferrer nofollow\" href=\"https:\/\/x.com\/share?url=https:\/\/klimavex.eu\/cz\/video-ukazka-instalace-tepelneho-cerpadla-hyundai\/\" target=\"_blank\" class=\" wd-social-icon social-twitter\" aria-label=\"X social link\">\n\t\t\t\t\t\t<span class=\"wd-icon\"><\/span>\n\t\t\t\t\t\t\t\t\t\t\t<\/a>\n\t\t\t\t\n\t\t\t\t\n\t\t\t\t\n\t\t\t\t\n\t\t\t\t\t\t\t\t\t<a rel=\"noopener noreferrer nofollow\" href=\"https:\/\/pinterest.com\/pin\/create\/button\/?url=https:\/\/klimavex.eu\/cz\/video-ukazka-instalace-tepelneho-cerpadla-hyundai\/&media=https:\/\/klimavex.eu\/cz\/wp-content\/uploads\/2024\/10\/montaz-tc-hyundai.png&description=Video+%26%238211%3B+uk%C3%A1zka+instalace+tepeln%C3%A9ho+%C4%8Derpadla+Hyundai\" target=\"_blank\" class=\" wd-social-icon social-pinterest\" aria-label=\"Pinterest soci\u00e1ln\u00ed odkaz\">\n\t\t\t\t\t\t<span class=\"wd-icon\"><\/span>\n\t\t\t\t\t\t\t\t\t\t\t<\/a>\n\t\t\t\t\n\t\t\t\t\n\t\t\t\t\t\t\t\t\t<a rel=\"noopener noreferrer nofollow\" href=\"https:\/\/www.linkedin.com\/shareArticle?mini=true&url=https:\/\/klimavex.eu\/cz\/video-ukazka-instalace-tepelneho-cerpadla-hyundai\/\" target=\"_blank\" class=\" wd-social-icon social-linkedin\" aria-label=\"Linkedin soci\u00e1ln\u00ed odkaz\">\n\t\t\t\t\t\t<span class=\"wd-icon\"><\/span>\n\t\t\t\t\t\t\t\t\t\t\t<\/a>\n\t\t\t\t\n\t\t\t\t\n\t\t\t\t\n\t\t\t\t\n\t\t\t\t\n\t\t\t\t\n\t\t\t\t\n\t\t\t\t\n\t\t\t\t\n\t\t\t\t\n\t\t\t\t\n\t\t\t\t\n\t\t\t\t\n\t\t\t\t\n\t\t\t\t\n\t\t\t\t\n\t\t\t\t\t\t\t\t\t<a rel=\"noopener noreferrer nofollow\" href=\"https:\/\/telegram.me\/share\/url?url=https:\/\/klimavex.eu\/cz\/video-ukazka-instalace-tepelneho-cerpadla-hyundai\/\" target=\"_blank\" class=\" wd-social-icon social-tg\" aria-label=\"Telegram soci\u00e1ln\u00ed odkaz\">\n\t\t\t\t\t\t<span class=\"wd-icon\"><\/span>\n\t\t\t\t\t\t\t\t\t\t\t<\/a>\n\t\t\t\t\n\t\t\t\t\n\t\t\t<\/div>\n\n\t\t\t\t\t\t\t\t\t<\/div>\n\t\t\t\t\t\t<\/div>\n\t\t\t\t\t<\/div>\n\t\t\t\t\t\t\t\n\t\t\t\t\t\t\t\t\t\t\t\t<div class=\"entry-content wd-post-desc\">\n\t\t\t\t\t\tInstalace tepeln\u00e9ho \u010derpadla Hyundai\t\t\n\t\t\tJako v\u00fdhradn\u00ed distributo\u0159i tepeln\u00fdch \u010derpadel Hyundai pro \u010ceskou a Slovenskou republiku jsme ...\t\t\t\t\t<\/div>\n\t\t\t\t\n\t\t\t\t\t\t\t\t\t\t\t\t\t\t<p class=\"read-more-section\">\n\t\t\t\t\t\t<a class=\"btn-read-more more-link\" href=\"https:\/\/klimavex.eu\/cz\/video-ukazka-instalace-tepelneho-cerpadla-hyundai\/\">pokra\u010dovat ve \u010dten\u00ed<\/a>\t\t\t\t\t<\/p>\n\t\t\t\t\t\t\t\t\t\t\t\t\t<\/div>\n\t<\/div>\n<\/article>\n\n\t\t\t\t\n\t\t\t\t\t\t\t\t<\/div>\n\t\t\t\n\t\t\t\t\t\t\t<div class=\"wd-loop-footer blog-footer\">\n\t\t\t\t\t\t\t\t\t\t\t\t\t\t\t\t\t\t\t\t\t\t\t\t\t\t\t\t\t\t\t\t\t\t\t\t\t\t\t\t\t\t\t\t\t\t\t\t<a href=\"#\" data-holder-id=\"69f4d579a5720\" rel=\"nofollow noopener\" class=\"btn wd-load-more wd-blog-load-more load-on-scroll\"><span class=\"load-more-label\">Na\u010d\u00edst dal\u0161\u00ed p\u0159\u00edsp\u011bvky<\/span><\/a>\n\t\t\t\t\t\t<div class=\"btn wd-load-more wd-load-more-loader\"><span class=\"load-more-loading\">Na\u010d\u00edt\u00e1n\u00ed...<\/span><\/div>\n\t\t\t\t\t\t\t\t\t<\/div>\n\t\t\t\t\t\t\t\t\t\t<\/div>\n\t\t\t\t\t\t\t\t<\/div>\n\t\t\t\t<\/div>\n\t\t\t\t\t<\/div>\n\t\t\t\t<\/div>\n\t\t\t\t<\/div>\n\t\t\t\t\t\t\t\t\t\t\t\t\t<\/div>\n\n\t\t\t\t\t\t\t\t\t\t\t\t\t\t\n\t\t\t\t\t\n\t\t\t\t\t<div class=\"wd-tab-content wd-entry-content\">\n\t\t\t\t\t\t\t\t\t\t\t\t\t\t\t\t<link rel=\"stylesheet\" id=\"elementor-post-63808-css\" href=\"https:\/\/klimavex.eu\/cz\/wp-content\/uploads\/elementor\/css\/post-63808.css?ver=1732201174\" type=\"text\/css\" media=\"all\">\n\t\t\t\t\t<div data-elementor-type=\"wp-post\" data-elementor-id=\"63808\" class=\"elementor elementor-63808\" data-elementor-post-type=\"cms_block\">\n\t\t\t\t<div class=\"wd-negative-gap elementor-element elementor-element-e497950 e-flex e-con-boxed e-con e-parent\" data-id=\"e497950\" data-element_type=\"container\">\n\t\t\t\t\t<div class=\"e-con-inner\">\n\t\t\t\t<div class=\"elementor-element elementor-element-4de6d33 wd-width-100 elementor-widget elementor-widget-wd_blog\" data-id=\"4de6d33\" data-element_type=\"widget\" data-widget_type=\"wd_blog.default\">\n\t\t\t\t<div class=\"elementor-widget-container\">\n\t\t\t\t\t\t\t\t\t\t<div class=\"wd-blog-element\">\n\t\t\t\t\t<div class=\"wd-posts wd-blog-holder wd-grid-g\" id=\"69f4d579c04bb\" data-paged=\"1\" data-atts=\"{&quot;post_type&quot;:&quot;post&quot;,&quot;items_per_page&quot;:12,&quot;include&quot;:null,&quot;taxonomies&quot;:[&quot;5500&quot;],&quot;offset&quot;:&quot;&quot;,&quot;orderby&quot;:&quot;date&quot;,&quot;order&quot;:&quot;DESC&quot;,&quot;meta_key&quot;:null,&quot;exclude&quot;:[&quot;369739&quot;],&quot;parts_media&quot;:true,&quot;parts_title&quot;:&quot;1&quot;,&quot;parts_meta&quot;:&quot;1&quot;,&quot;parts_text&quot;:&quot;1&quot;,&quot;parts_btn&quot;:&quot;1&quot;,&quot;img_size&quot;:&quot;large&quot;,&quot;blog_design&quot;:&quot;small-images&quot;,&quot;blog_carousel_design&quot;:null,&quot;blog_columns&quot;:null,&quot;blog_columns_tablet&quot;:{&quot;size&quot;:&quot;&quot;},&quot;blog_columns_mobile&quot;:{&quot;size&quot;:&quot;&quot;},&quot;blog_spacing&quot;:null,&quot;blog_spacing_tablet&quot;:&quot;&quot;,&quot;blog_spacing_mobile&quot;:&quot;&quot;,&quot;pagination&quot;:&quot;infinit&quot;,&quot;speed&quot;:null,&quot;slides_per_view&quot;:null,&quot;slides_per_view_tablet&quot;:{&quot;size&quot;:&quot;&quot;},&quot;slides_per_view_mobile&quot;:{&quot;size&quot;:&quot;&quot;},&quot;wrap&quot;:null,&quot;autoplay&quot;:null,&quot;hide_pagination_control&quot;:null,&quot;hide_prev_next_buttons&quot;:null,&quot;scroll_per_page&quot;:null,&quot;lazy_loading&quot;:&quot;yes&quot;,&quot;scroll_carousel_init&quot;:null,&quot;ajax_page&quot;:&quot;&quot;,&quot;custom_sizes&quot;:false,&quot;elementor&quot;:true}\" data-source=\"shortcode\">\n\t\t\t\n\t\t\t\t\t\t\t\t\t\t\t\t\t\t\n<article id=\"post-569523\" class=\"wd-post blog-design-small-images blog-post-loop blog-style-bg wd-add-shadow wd-col post-569523 post type-post status-publish format-standard has-post-thumbnail hentry category-ventilatory category-klimatizace category-rekuperacni-jednotky category-tepelna-cerpadla category-odvlhcovace category-novinky tag-novinky-blog tag-rekuperacie-blog tag-tepelna-cerpadla-blog tag-klimatizace-blog tag-ventilatory-blog tag-odvlhcovace-blog\">\n\t<div class=\"article-inner\">\n\t\t<header class=\"entry-header\">\n\t\t\t\t\t\t\t<figure class=\"entry-thumbnail\">\n\t\t\t\t\t\t\t\t\t\t\t<div class=\"post-img-wrapp\">\n\t\t\t\t\t\t\t<a href=\"https:\/\/klimavex.eu\/cz\/komplexni-sluzby-klimavex\/\">\n\t\t\t\t\t\t\t\t<img fetchpriority=\"high\" decoding=\"async\" width=\"1024\" height=\"576\" src=\"https:\/\/klimavex.eu\/cz\/wp-content\/uploads\/2025\/11\/CZ-1024x576.png\" class=\"attachment-large size-large\" alt=\"\" srcset=\"https:\/\/klimavex.eu\/cz\/wp-content\/uploads\/2025\/11\/CZ-1024x576.png 1024w, https:\/\/klimavex.eu\/cz\/wp-content\/uploads\/2025\/11\/CZ-300x169.png 300w, https:\/\/klimavex.eu\/cz\/wp-content\/uploads\/2025\/11\/CZ-768x432.png 768w, https:\/\/klimavex.eu\/cz\/wp-content\/uploads\/2025\/11\/CZ-20x11.png 20w, https:\/\/klimavex.eu\/cz\/wp-content\/uploads\/2025\/11\/CZ-600x338.png 600w, https:\/\/klimavex.eu\/cz\/wp-content\/uploads\/2025\/11\/CZ-150x84.png 150w, https:\/\/klimavex.eu\/cz\/wp-content\/uploads\/2025\/11\/CZ.png 1280w\" sizes=\"(max-width: 1024px) 100vw, 1024px\" \/>\t\t\t\t\t\t\t<\/a>\n\t\t\t\t\t\t<\/div>\n\t\t\t\t\t\t<div class=\"post-image-mask\">\n\t\t\t\t\t\t\t<span><\/span>\n\t\t\t\t\t\t<\/div>\n\t\t\t\t\t\t\t\t\t<\/figure>\n\t\t\t\n\t\t\t\t\t\t<div class=\"wd-post-date wd-style-with-bg\">\n\t\t\t\t<span class=\"post-date-day\">\n\t\t\t\t\t27\t\t\t\t<\/span>\n\t\t\t\t<span class=\"post-date-month\">\n\t\t\t\t\tLis\t\t\t\t<\/span>\n\t\t\t<\/div>\n\t\t\t\t<\/header>\n\n\t\t<div class=\"article-body-container\">\n\t\t\t\t\t\t\t<div class=\"meta-categories-wrapp\">\n\t\t\t\t\t<div class=\"meta-post-categories wd-post-cat wd-style-with-bg\">\n\t\t\t\t\t\t<a href=\"https:\/\/klimavex.eu\/cz\/category\/ventilatory\/\" rel=\"category tag\">Ventil\u00e1tory<\/a>, <a href=\"https:\/\/klimavex.eu\/cz\/category\/klimatizace\/\" rel=\"category tag\">Klimatizace<\/a>, <a href=\"https:\/\/klimavex.eu\/cz\/category\/rekuperacni-jednotky\/\" rel=\"category tag\">Rekupera\u010dn\u00ed jednotky<\/a>, <a href=\"https:\/\/klimavex.eu\/cz\/category\/tepelna-cerpadla\/\" rel=\"category tag\">Tepeln\u00e1 \u010derpadla<\/a>, <a href=\"https:\/\/klimavex.eu\/cz\/category\/odvlhcovace\/\" rel=\"category tag\">Odvlh\u010dova\u010de<\/a>, <a href=\"https:\/\/klimavex.eu\/cz\/category\/novinky\/\" rel=\"category tag\">Novinky<\/a>\t\t\t\t\t<\/div>\n\t\t\t\t<\/div>\n\t\t\t\n\t\t\t\t\t\t\t<h3 class=\"wd-entities-title title post-title\">\n\t\t\t\t\t<a href=\"https:\/\/klimavex.eu\/cz\/komplexni-sluzby-klimavex\/\" rel=\"bookmark\">Komplexn\u00ed slu\u017eby KLIMAVEX<\/a>\n\t\t\t\t<\/h3>\n\t\t\t\n\t\t\t\t\t\t\t<div class=\"entry-meta wd-entry-meta\">\n\t\t\t\t\t\t\t\t<ul class=\"entry-meta-list\">\n\t\t\t\t\t\t\t\t\t<li class=\"modified-date\">\n\t\t\t\t\t\t\t\t<time class=\"updated\" datetime=\"2025-11-27T14:52:38+01:00\">\n\t\t\t27 listopadu, 2025\t\t<\/time>\n\t\t\t\t\t\t\t<\/li>\n\n\t\t\t\t\t\n\t\t\t\t\t\t\t\t\t\t\t<li class=\"meta-author\">\n\t\t\t\t\t\t\t\t\t\t\t\t<span>Podle<\/span>\n\t\t\n\t\t\t\t\t<img loading=\"lazy\" decoding=\"async\" src=\"https:\/\/klimavex.eu\/cz\/wp-content\/plugins\/ultimate-member\/assets\/img\/default_avatar.jpg\" class=\"gravatar avatar avatar-32 um-avatar um-avatar-default\" width=\"32\" height=\"32\" alt=\"Marketing KLIMAVEX\" data-default=\"https:\/\/klimavex.eu\/cz\/wp-content\/plugins\/ultimate-member\/assets\/img\/default_avatar.jpg\" onerror=\"if ( ! this.getAttribute('data-load-error') ){ this.setAttribute('data-load-error', '1');this.setAttribute('src', this.getAttribute('data-default'));}\" loading=\"lazy\" \/>\t\t\n\t\t<a href=\"https:\/\/klimavex.eu\/cz\/author\/marketing\/\" class=\"author\" rel=\"author\">Marketing KLIMAVEX<\/a>\n\t\t\t\t\t\t\t\t<\/li>\n\t\t\t\t\t\n\t\t\t\t\t\n\t\t\t\t\t\t\t\t\t\t\t<li class=\"meta-reply\">\n\t\t\t\t\t\t\t<a href=\"https:\/\/klimavex.eu\/cz\/komplexni-sluzby-klimavex\/#respond\"><span class=\"replies-count\">0<\/span> <span class=\"replies-count-label\">koment\u00e1\u0159e<\/span><\/a>\t\t\t\t\t\t<\/li>\n\t\t\t\t\t\t\t\t\t\t\t\t<\/ul>\n\t\t\t\t\t\t<\/div>\n\t\t\t\t\t\t\t\t\t<div class=\"hovered-social-icons wd-tltp\">\n\t\t\t\t\t\t<div class=\"tooltip top\">\n\t\t\t\t\t\t\t<div class=\"tooltip-arrow\"><\/div>\n\t\t\t\t\t\t\t<div class=\"tooltip-inner\">\n\t\t\t\t\t\t\t\t\t\t\t<div id=\"\" class=\" wd-social-icons wd-style-default wd-size-small social-share wd-shape-circle color-scheme-light text-center\">\n\t\t\t\t\n\t\t\t\t\n\t\t\t\t\t\t\t\t\t<a rel=\"noopener noreferrer nofollow\" href=\"https:\/\/www.facebook.com\/sharer\/sharer.php?u=https:\/\/klimavex.eu\/cz\/komplexni-sluzby-klimavex\/\" target=\"_blank\" class=\" wd-social-icon social-facebook\" aria-label=\"Facebook soci\u00e1ln\u00ed odkaz\">\n\t\t\t\t\t\t<span class=\"wd-icon\"><\/span>\n\t\t\t\t\t\t\t\t\t\t\t<\/a>\n\t\t\t\t\n\t\t\t\t\t\t\t\t\t<a rel=\"noopener noreferrer nofollow\" href=\"https:\/\/x.com\/share?url=https:\/\/klimavex.eu\/cz\/komplexni-sluzby-klimavex\/\" target=\"_blank\" class=\" wd-social-icon social-twitter\" aria-label=\"X social link\">\n\t\t\t\t\t\t<span class=\"wd-icon\"><\/span>\n\t\t\t\t\t\t\t\t\t\t\t<\/a>\n\t\t\t\t\n\t\t\t\t\n\t\t\t\t\n\t\t\t\t\n\t\t\t\t\t\t\t\t\t<a rel=\"noopener noreferrer nofollow\" href=\"https:\/\/pinterest.com\/pin\/create\/button\/?url=https:\/\/klimavex.eu\/cz\/komplexni-sluzby-klimavex\/&media=https:\/\/klimavex.eu\/cz\/wp-content\/uploads\/2025\/11\/CZ.png&description=Komplexn%C3%AD+slu%C5%BEby+KLIMAVEX\" target=\"_blank\" class=\" wd-social-icon social-pinterest\" aria-label=\"Pinterest soci\u00e1ln\u00ed odkaz\">\n\t\t\t\t\t\t<span class=\"wd-icon\"><\/span>\n\t\t\t\t\t\t\t\t\t\t\t<\/a>\n\t\t\t\t\n\t\t\t\t\n\t\t\t\t\t\t\t\t\t<a rel=\"noopener noreferrer nofollow\" href=\"https:\/\/www.linkedin.com\/shareArticle?mini=true&url=https:\/\/klimavex.eu\/cz\/komplexni-sluzby-klimavex\/\" target=\"_blank\" class=\" wd-social-icon social-linkedin\" aria-label=\"Linkedin soci\u00e1ln\u00ed odkaz\">\n\t\t\t\t\t\t<span class=\"wd-icon\"><\/span>\n\t\t\t\t\t\t\t\t\t\t\t<\/a>\n\t\t\t\t\n\t\t\t\t\n\t\t\t\t\n\t\t\t\t\n\t\t\t\t\n\t\t\t\t\n\t\t\t\t\n\t\t\t\t\n\t\t\t\t\n\t\t\t\t\n\t\t\t\t\n\t\t\t\t\n\t\t\t\t\n\t\t\t\t\n\t\t\t\t\n\t\t\t\t\n\t\t\t\t\t\t\t\t\t<a rel=\"noopener noreferrer nofollow\" href=\"https:\/\/telegram.me\/share\/url?url=https:\/\/klimavex.eu\/cz\/komplexni-sluzby-klimavex\/\" target=\"_blank\" class=\" wd-social-icon social-tg\" aria-label=\"Telegram soci\u00e1ln\u00ed odkaz\">\n\t\t\t\t\t\t<span class=\"wd-icon\"><\/span>\n\t\t\t\t\t\t\t\t\t\t\t<\/a>\n\t\t\t\t\n\t\t\t\t\n\t\t\t<\/div>\n\n\t\t\t\t\t\t\t\t\t<\/div>\n\t\t\t\t\t\t<\/div>\n\t\t\t\t\t<\/div>\n\t\t\t\t\t\t\t\n\t\t\t\t\t\t\t\t\t\t\t\t<div class=\"entry-content wd-post-desc\">\n\t\t\t\t\t\tKLIMAVEX: spolehliv\u00fd partner pro v\u0161echny Va\u0161e projekty\t\t\n\t\t\tSpole\u010dnost KLIMAVEX p\u016fsob\u00ed u\u017e v\u00edce ne\u017e 30 let jako\u00a0velkoobchodn\u00ed dodavatel ...\t\t\t\t\t<\/div>\n\t\t\t\t\n\t\t\t\t\t\t\t\t\t\t\t\t\t\t<p class=\"read-more-section\">\n\t\t\t\t\t\t<a class=\"btn-read-more more-link\" href=\"https:\/\/klimavex.eu\/cz\/komplexni-sluzby-klimavex\/\">pokra\u010dovat ve \u010dten\u00ed<\/a>\t\t\t\t\t<\/p>\n\t\t\t\t\t\t\t\t\t\t\t\t\t<\/div>\n\t<\/div>\n<\/article>\n\n\t\t\t\t\t\t\t\t\t\t\t\t\t\t\n<article id=\"post-556211\" class=\"wd-post blog-design-small-images blog-post-loop blog-style-bg wd-add-shadow wd-col post-556211 post type-post status-publish format-standard has-post-thumbnail hentry category-tepelna-cerpadla category-novinky tag-tepelna-cerpadla-blog tag-novinky-blog\">\n\t<div class=\"article-inner\">\n\t\t<header class=\"entry-header\">\n\t\t\t\t\t\t\t<figure class=\"entry-thumbnail\">\n\t\t\t\t\t\t\t\t\t\t\t<div class=\"post-img-wrapp\">\n\t\t\t\t\t\t\t<a href=\"https:\/\/klimavex.eu\/cz\/tepelna-cerpadla-hyundai-pro-letosni-topnou-sezonu\/\">\n\t\t\t\t\t\t\t\t<img decoding=\"async\" width=\"1024\" height=\"427\" src=\"https:\/\/klimavex.eu\/cz\/wp-content\/uploads\/2025\/09\/tc1-1024x427.png\" class=\"attachment-large size-large\" alt=\"\" srcset=\"https:\/\/klimavex.eu\/cz\/wp-content\/uploads\/2025\/09\/tc1-1024x427.png 1024w, https:\/\/klimavex.eu\/cz\/wp-content\/uploads\/2025\/09\/tc1-300x125.png 300w, https:\/\/klimavex.eu\/cz\/wp-content\/uploads\/2025\/09\/tc1-768x320.png 768w, https:\/\/klimavex.eu\/cz\/wp-content\/uploads\/2025\/09\/tc1-1536x640.png 1536w, https:\/\/klimavex.eu\/cz\/wp-content\/uploads\/2025\/09\/tc1-20x8.png 20w, https:\/\/klimavex.eu\/cz\/wp-content\/uploads\/2025\/09\/tc1-600x250.png 600w, https:\/\/klimavex.eu\/cz\/wp-content\/uploads\/2025\/09\/tc1-150x63.png 150w, https:\/\/klimavex.eu\/cz\/wp-content\/uploads\/2025\/09\/tc1.png 1920w\" sizes=\"(max-width: 1024px) 100vw, 1024px\" \/>\t\t\t\t\t\t\t<\/a>\n\t\t\t\t\t\t<\/div>\n\t\t\t\t\t\t<div class=\"post-image-mask\">\n\t\t\t\t\t\t\t<span><\/span>\n\t\t\t\t\t\t<\/div>\n\t\t\t\t\t\t\t\t\t<\/figure>\n\t\t\t\n\t\t\t\t\t\t<div class=\"wd-post-date wd-style-with-bg\">\n\t\t\t\t<span class=\"post-date-day\">\n\t\t\t\t\t01\t\t\t\t<\/span>\n\t\t\t\t<span class=\"post-date-month\">\n\t\t\t\t\t\u0158\u00edj\t\t\t\t<\/span>\n\t\t\t<\/div>\n\t\t\t\t<\/header>\n\n\t\t<div class=\"article-body-container\">\n\t\t\t\t\t\t\t<div class=\"meta-categories-wrapp\">\n\t\t\t\t\t<div class=\"meta-post-categories wd-post-cat wd-style-with-bg\">\n\t\t\t\t\t\t<a href=\"https:\/\/klimavex.eu\/cz\/category\/tepelna-cerpadla\/\" rel=\"category tag\">Tepeln\u00e1 \u010derpadla<\/a>, <a href=\"https:\/\/klimavex.eu\/cz\/category\/novinky\/\" rel=\"category tag\">Novinky<\/a>\t\t\t\t\t<\/div>\n\t\t\t\t<\/div>\n\t\t\t\n\t\t\t\t\t\t\t<h3 class=\"wd-entities-title title post-title\">\n\t\t\t\t\t<a href=\"https:\/\/klimavex.eu\/cz\/tepelna-cerpadla-hyundai-pro-letosni-topnou-sezonu\/\" rel=\"bookmark\">Tepeln\u00e1 \u010derpadla Hyundai pro leto\u0161n\u00ed topnou sez\u00f3nu!<\/a>\n\t\t\t\t<\/h3>\n\t\t\t\n\t\t\t\t\t\t\t<div class=\"entry-meta wd-entry-meta\">\n\t\t\t\t\t\t\t\t<ul class=\"entry-meta-list\">\n\t\t\t\t\t\t\t\t\t<li class=\"modified-date\">\n\t\t\t\t\t\t\t\t<time class=\"updated\" datetime=\"2025-10-06T12:54:52+02:00\">\n\t\t\t6 \u0159\u00edjna, 2025\t\t<\/time>\n\t\t\t\t\t\t\t<\/li>\n\n\t\t\t\t\t\n\t\t\t\t\t\t\t\t\t\t\t<li class=\"meta-author\">\n\t\t\t\t\t\t\t\t\t\t\t\t<span>Podle<\/span>\n\t\t\n\t\t\t\t\t<img loading=\"lazy\" decoding=\"async\" src=\"https:\/\/klimavex.eu\/cz\/wp-content\/plugins\/ultimate-member\/assets\/img\/default_avatar.jpg\" class=\"gravatar avatar avatar-32 um-avatar um-avatar-default\" width=\"32\" height=\"32\" alt=\"Marketing KLIMAVEX\" data-default=\"https:\/\/klimavex.eu\/cz\/wp-content\/plugins\/ultimate-member\/assets\/img\/default_avatar.jpg\" onerror=\"if ( ! this.getAttribute('data-load-error') ){ this.setAttribute('data-load-error', '1');this.setAttribute('src', this.getAttribute('data-default'));}\" loading=\"lazy\" \/>\t\t\n\t\t<a href=\"https:\/\/klimavex.eu\/cz\/author\/marketing\/\" class=\"author\" rel=\"author\">Marketing KLIMAVEX<\/a>\n\t\t\t\t\t\t\t\t<\/li>\n\t\t\t\t\t\n\t\t\t\t\t\n\t\t\t\t\t\t\t\t\t\t\t<li class=\"meta-reply\">\n\t\t\t\t\t\t\t<a href=\"https:\/\/klimavex.eu\/cz\/tepelna-cerpadla-hyundai-pro-letosni-topnou-sezonu\/#respond\"><span class=\"replies-count\">0<\/span> <span class=\"replies-count-label\">koment\u00e1\u0159e<\/span><\/a>\t\t\t\t\t\t<\/li>\n\t\t\t\t\t\t\t\t\t\t\t\t<\/ul>\n\t\t\t\t\t\t<\/div>\n\t\t\t\t\t\t\t\t\t<div class=\"hovered-social-icons wd-tltp\">\n\t\t\t\t\t\t<div class=\"tooltip top\">\n\t\t\t\t\t\t\t<div class=\"tooltip-arrow\"><\/div>\n\t\t\t\t\t\t\t<div class=\"tooltip-inner\">\n\t\t\t\t\t\t\t\t\t\t\t<div id=\"\" class=\" wd-social-icons wd-style-default wd-size-small social-share wd-shape-circle color-scheme-light text-center\">\n\t\t\t\t\n\t\t\t\t\n\t\t\t\t\t\t\t\t\t<a rel=\"noopener noreferrer nofollow\" href=\"https:\/\/www.facebook.com\/sharer\/sharer.php?u=https:\/\/klimavex.eu\/cz\/tepelna-cerpadla-hyundai-pro-letosni-topnou-sezonu\/\" target=\"_blank\" class=\" wd-social-icon social-facebook\" aria-label=\"Facebook soci\u00e1ln\u00ed odkaz\">\n\t\t\t\t\t\t<span class=\"wd-icon\"><\/span>\n\t\t\t\t\t\t\t\t\t\t\t<\/a>\n\t\t\t\t\n\t\t\t\t\t\t\t\t\t<a rel=\"noopener noreferrer nofollow\" href=\"https:\/\/x.com\/share?url=https:\/\/klimavex.eu\/cz\/tepelna-cerpadla-hyundai-pro-letosni-topnou-sezonu\/\" target=\"_blank\" class=\" wd-social-icon social-twitter\" aria-label=\"X social link\">\n\t\t\t\t\t\t<span class=\"wd-icon\"><\/span>\n\t\t\t\t\t\t\t\t\t\t\t<\/a>\n\t\t\t\t\n\t\t\t\t\n\t\t\t\t\n\t\t\t\t\n\t\t\t\t\t\t\t\t\t<a rel=\"noopener noreferrer nofollow\" href=\"https:\/\/pinterest.com\/pin\/create\/button\/?url=https:\/\/klimavex.eu\/cz\/tepelna-cerpadla-hyundai-pro-letosni-topnou-sezonu\/&media=https:\/\/klimavex.eu\/cz\/wp-content\/uploads\/2025\/09\/tc1.png&description=Tepeln%C3%A1+%C4%8Derpadla+Hyundai+pro+leto%C5%A1n%C3%AD+topnou+sez%C3%B3nu%21\" target=\"_blank\" class=\" wd-social-icon social-pinterest\" aria-label=\"Pinterest soci\u00e1ln\u00ed odkaz\">\n\t\t\t\t\t\t<span class=\"wd-icon\"><\/span>\n\t\t\t\t\t\t\t\t\t\t\t<\/a>\n\t\t\t\t\n\t\t\t\t\n\t\t\t\t\t\t\t\t\t<a rel=\"noopener noreferrer nofollow\" href=\"https:\/\/www.linkedin.com\/shareArticle?mini=true&url=https:\/\/klimavex.eu\/cz\/tepelna-cerpadla-hyundai-pro-letosni-topnou-sezonu\/\" target=\"_blank\" class=\" wd-social-icon social-linkedin\" aria-label=\"Linkedin soci\u00e1ln\u00ed odkaz\">\n\t\t\t\t\t\t<span class=\"wd-icon\"><\/span>\n\t\t\t\t\t\t\t\t\t\t\t<\/a>\n\t\t\t\t\n\t\t\t\t\n\t\t\t\t\n\t\t\t\t\n\t\t\t\t\n\t\t\t\t\n\t\t\t\t\n\t\t\t\t\n\t\t\t\t\n\t\t\t\t\n\t\t\t\t\n\t\t\t\t\n\t\t\t\t\n\t\t\t\t\n\t\t\t\t\n\t\t\t\t\n\t\t\t\t\t\t\t\t\t<a rel=\"noopener noreferrer nofollow\" href=\"https:\/\/telegram.me\/share\/url?url=https:\/\/klimavex.eu\/cz\/tepelna-cerpadla-hyundai-pro-letosni-topnou-sezonu\/\" target=\"_blank\" class=\" wd-social-icon social-tg\" aria-label=\"Telegram soci\u00e1ln\u00ed odkaz\">\n\t\t\t\t\t\t<span class=\"wd-icon\"><\/span>\n\t\t\t\t\t\t\t\t\t\t\t<\/a>\n\t\t\t\t\n\t\t\t\t\n\t\t\t<\/div>\n\n\t\t\t\t\t\t\t\t\t<\/div>\n\t\t\t\t\t\t<\/div>\n\t\t\t\t\t<\/div>\n\t\t\t\t\t\t\t\n\t\t\t\t\t\t\t\t\t\t\t\t<div class=\"entry-content wd-post-desc\">\n\t\t\t\t\t\tTepeln\u00e1 \u010derpadla Hyundai pro leto\u0161n\u00ed topnou sez\u00f3nu!\t\t\n\t\t\t\t\t\t \t\t\t\t\t\n\t\t\tTepeln\u00e1 \u010derpadla zna\u010dky Hyundai na \u010desk\u00e9m a slovensk\u00e9m trhu slav\u00ed...\t\t\t\t\t<\/div>\n\t\t\t\t\n\t\t\t\t\t\t\t\t\t\t\t\t\t\t<p class=\"read-more-section\">\n\t\t\t\t\t\t<a class=\"btn-read-more more-link\" href=\"https:\/\/klimavex.eu\/cz\/tepelna-cerpadla-hyundai-pro-letosni-topnou-sezonu\/\">pokra\u010dovat ve \u010dten\u00ed<\/a>\t\t\t\t\t<\/p>\n\t\t\t\t\t\t\t\t\t\t\t\t\t<\/div>\n\t<\/div>\n<\/article>\n\n\t\t\t\t\t\t\t\t\t\t\t\t\t\t\n<article id=\"post-556203\" class=\"wd-post blog-design-small-images blog-post-loop blog-style-bg wd-add-shadow wd-col post-556203 post type-post status-publish format-standard has-post-thumbnail hentry category-tepelna-cerpadla category-novinky tag-tepelna-cerpadla-blog tag-novinky-blog\">\n\t<div class=\"article-inner\">\n\t\t<header class=\"entry-header\">\n\t\t\t\t\t\t\t<figure class=\"entry-thumbnail\">\n\t\t\t\t\t\t\t\t\t\t\t<div class=\"post-img-wrapp\">\n\t\t\t\t\t\t\t<a href=\"https:\/\/klimavex.eu\/cz\/servisni-sit-hyundai-jistota-prace-jistota-podpory\/\">\n\t\t\t\t\t\t\t\t<img decoding=\"async\" width=\"1024\" height=\"788\" src=\"https:\/\/klimavex.eu\/cz\/wp-content\/uploads\/2025\/09\/SS-Hyundai-1-1024x788.png\" class=\"attachment-large size-large\" alt=\"\" srcset=\"https:\/\/klimavex.eu\/cz\/wp-content\/uploads\/2025\/09\/SS-Hyundai-1-1024x788.png 1024w, https:\/\/klimavex.eu\/cz\/wp-content\/uploads\/2025\/09\/SS-Hyundai-1-300x231.png 300w, https:\/\/klimavex.eu\/cz\/wp-content\/uploads\/2025\/09\/SS-Hyundai-1-768x591.png 768w, https:\/\/klimavex.eu\/cz\/wp-content\/uploads\/2025\/09\/SS-Hyundai-1-20x15.png 20w, https:\/\/klimavex.eu\/cz\/wp-content\/uploads\/2025\/09\/SS-Hyundai-1-600x462.png 600w, https:\/\/klimavex.eu\/cz\/wp-content\/uploads\/2025\/09\/SS-Hyundai-1-150x115.png 150w, https:\/\/klimavex.eu\/cz\/wp-content\/uploads\/2025\/09\/SS-Hyundai-1.png 1300w\" sizes=\"(max-width: 1024px) 100vw, 1024px\" \/>\t\t\t\t\t\t\t<\/a>\n\t\t\t\t\t\t<\/div>\n\t\t\t\t\t\t<div class=\"post-image-mask\">\n\t\t\t\t\t\t\t<span><\/span>\n\t\t\t\t\t\t<\/div>\n\t\t\t\t\t\t\t\t\t<\/figure>\n\t\t\t\n\t\t\t\t\t\t<div class=\"wd-post-date wd-style-with-bg\">\n\t\t\t\t<span class=\"post-date-day\">\n\t\t\t\t\t24\t\t\t\t<\/span>\n\t\t\t\t<span class=\"post-date-month\">\n\t\t\t\t\tZ\u00e1\u0159\t\t\t\t<\/span>\n\t\t\t<\/div>\n\t\t\t\t<\/header>\n\n\t\t<div class=\"article-body-container\">\n\t\t\t\t\t\t\t<div class=\"meta-categories-wrapp\">\n\t\t\t\t\t<div class=\"meta-post-categories wd-post-cat wd-style-with-bg\">\n\t\t\t\t\t\t<a href=\"https:\/\/klimavex.eu\/cz\/category\/tepelna-cerpadla\/\" rel=\"category tag\">Tepeln\u00e1 \u010derpadla<\/a>, <a href=\"https:\/\/klimavex.eu\/cz\/category\/novinky\/\" rel=\"category tag\">Novinky<\/a>\t\t\t\t\t<\/div>\n\t\t\t\t<\/div>\n\t\t\t\n\t\t\t\t\t\t\t<h3 class=\"wd-entities-title title post-title\">\n\t\t\t\t\t<a href=\"https:\/\/klimavex.eu\/cz\/servisni-sit-hyundai-jistota-prace-jistota-podpory\/\" rel=\"bookmark\">Servisn\u00ed s\u00ed\u0165 Hyundai \u2013 jistota pr\u00e1ce, jistota podpory<\/a>\n\t\t\t\t<\/h3>\n\t\t\t\n\t\t\t\t\t\t\t<div class=\"entry-meta wd-entry-meta\">\n\t\t\t\t\t\t\t\t<ul class=\"entry-meta-list\">\n\t\t\t\t\t\t\t\t\t<li class=\"modified-date\">\n\t\t\t\t\t\t\t\t<time class=\"updated\" datetime=\"2025-09-11T14:49:06+02:00\">\n\t\t\t11 z\u00e1\u0159\u00ed, 2025\t\t<\/time>\n\t\t\t\t\t\t\t<\/li>\n\n\t\t\t\t\t\n\t\t\t\t\t\t\t\t\t\t\t<li class=\"meta-author\">\n\t\t\t\t\t\t\t\t\t\t\t\t<span>Podle<\/span>\n\t\t\n\t\t\t\t\t<img loading=\"lazy\" decoding=\"async\" src=\"https:\/\/klimavex.eu\/cz\/wp-content\/plugins\/ultimate-member\/assets\/img\/default_avatar.jpg\" class=\"gravatar avatar avatar-32 um-avatar um-avatar-default\" width=\"32\" height=\"32\" alt=\"Marketing KLIMAVEX\" data-default=\"https:\/\/klimavex.eu\/cz\/wp-content\/plugins\/ultimate-member\/assets\/img\/default_avatar.jpg\" onerror=\"if ( ! this.getAttribute('data-load-error') ){ this.setAttribute('data-load-error', '1');this.setAttribute('src', this.getAttribute('data-default'));}\" loading=\"lazy\" \/>\t\t\n\t\t<a href=\"https:\/\/klimavex.eu\/cz\/author\/marketing\/\" class=\"author\" rel=\"author\">Marketing KLIMAVEX<\/a>\n\t\t\t\t\t\t\t\t<\/li>\n\t\t\t\t\t\n\t\t\t\t\t\n\t\t\t\t\t\t\t\t\t\t\t<li class=\"meta-reply\">\n\t\t\t\t\t\t\t<a href=\"https:\/\/klimavex.eu\/cz\/servisni-sit-hyundai-jistota-prace-jistota-podpory\/#respond\"><span class=\"replies-count\">0<\/span> <span class=\"replies-count-label\">koment\u00e1\u0159e<\/span><\/a>\t\t\t\t\t\t<\/li>\n\t\t\t\t\t\t\t\t\t\t\t\t<\/ul>\n\t\t\t\t\t\t<\/div>\n\t\t\t\t\t\t\t\t\t<div class=\"hovered-social-icons wd-tltp\">\n\t\t\t\t\t\t<div class=\"tooltip top\">\n\t\t\t\t\t\t\t<div class=\"tooltip-arrow\"><\/div>\n\t\t\t\t\t\t\t<div class=\"tooltip-inner\">\n\t\t\t\t\t\t\t\t\t\t\t<div id=\"\" class=\" wd-social-icons wd-style-default wd-size-small social-share wd-shape-circle color-scheme-light text-center\">\n\t\t\t\t\n\t\t\t\t\n\t\t\t\t\t\t\t\t\t<a rel=\"noopener noreferrer nofollow\" href=\"https:\/\/www.facebook.com\/sharer\/sharer.php?u=https:\/\/klimavex.eu\/cz\/servisni-sit-hyundai-jistota-prace-jistota-podpory\/\" target=\"_blank\" class=\" wd-social-icon social-facebook\" aria-label=\"Facebook soci\u00e1ln\u00ed odkaz\">\n\t\t\t\t\t\t<span class=\"wd-icon\"><\/span>\n\t\t\t\t\t\t\t\t\t\t\t<\/a>\n\t\t\t\t\n\t\t\t\t\t\t\t\t\t<a rel=\"noopener noreferrer nofollow\" href=\"https:\/\/x.com\/share?url=https:\/\/klimavex.eu\/cz\/servisni-sit-hyundai-jistota-prace-jistota-podpory\/\" target=\"_blank\" class=\" wd-social-icon social-twitter\" aria-label=\"X social link\">\n\t\t\t\t\t\t<span class=\"wd-icon\"><\/span>\n\t\t\t\t\t\t\t\t\t\t\t<\/a>\n\t\t\t\t\n\t\t\t\t\n\t\t\t\t\n\t\t\t\t\n\t\t\t\t\t\t\t\t\t<a rel=\"noopener noreferrer nofollow\" href=\"https:\/\/pinterest.com\/pin\/create\/button\/?url=https:\/\/klimavex.eu\/cz\/servisni-sit-hyundai-jistota-prace-jistota-podpory\/&media=https:\/\/klimavex.eu\/cz\/wp-content\/uploads\/2025\/09\/SS-Hyundai-1.png&description=Servisn%C3%AD+s%C3%AD%C5%A5+Hyundai+%E2%80%93+jistota+pr%C3%A1ce%2C+jistota+podpory\" target=\"_blank\" class=\" wd-social-icon social-pinterest\" aria-label=\"Pinterest soci\u00e1ln\u00ed odkaz\">\n\t\t\t\t\t\t<span class=\"wd-icon\"><\/span>\n\t\t\t\t\t\t\t\t\t\t\t<\/a>\n\t\t\t\t\n\t\t\t\t\n\t\t\t\t\t\t\t\t\t<a rel=\"noopener noreferrer nofollow\" href=\"https:\/\/www.linkedin.com\/shareArticle?mini=true&url=https:\/\/klimavex.eu\/cz\/servisni-sit-hyundai-jistota-prace-jistota-podpory\/\" target=\"_blank\" class=\" wd-social-icon social-linkedin\" aria-label=\"Linkedin soci\u00e1ln\u00ed odkaz\">\n\t\t\t\t\t\t<span class=\"wd-icon\"><\/span>\n\t\t\t\t\t\t\t\t\t\t\t<\/a>\n\t\t\t\t\n\t\t\t\t\n\t\t\t\t\n\t\t\t\t\n\t\t\t\t\n\t\t\t\t\n\t\t\t\t\n\t\t\t\t\n\t\t\t\t\n\t\t\t\t\n\t\t\t\t\n\t\t\t\t\n\t\t\t\t\n\t\t\t\t\n\t\t\t\t\n\t\t\t\t\n\t\t\t\t\t\t\t\t\t<a rel=\"noopener noreferrer nofollow\" href=\"https:\/\/telegram.me\/share\/url?url=https:\/\/klimavex.eu\/cz\/servisni-sit-hyundai-jistota-prace-jistota-podpory\/\" target=\"_blank\" class=\" wd-social-icon social-tg\" aria-label=\"Telegram soci\u00e1ln\u00ed odkaz\">\n\t\t\t\t\t\t<span class=\"wd-icon\"><\/span>\n\t\t\t\t\t\t\t\t\t\t\t<\/a>\n\t\t\t\t\n\t\t\t\t\n\t\t\t<\/div>\n\n\t\t\t\t\t\t\t\t\t<\/div>\n\t\t\t\t\t\t<\/div>\n\t\t\t\t\t<\/div>\n\t\t\t\t\t\t\t\n\t\t\t\t\t\t\t\t\t\t\t\t<div class=\"entry-content wd-post-desc\">\n\t\t\t\t\t\tServisn\u00ed s\u00ed\u0165 Hyundai \u2013 jistota pr\u00e1ce, jistota podpory\t\t\n\t\t\t\t\t\t \t\t\t\t\t\n\t\t\tSpole\u010dnost KLIMAVEX jako v\u00fdhradn\u00ed distributor tepeln\u00fdch \u010derpade...\t\t\t\t\t<\/div>\n\t\t\t\t\n\t\t\t\t\t\t\t\t\t\t\t\t\t\t<p class=\"read-more-section\">\n\t\t\t\t\t\t<a class=\"btn-read-more more-link\" href=\"https:\/\/klimavex.eu\/cz\/servisni-sit-hyundai-jistota-prace-jistota-podpory\/\">pokra\u010dovat ve \u010dten\u00ed<\/a>\t\t\t\t\t<\/p>\n\t\t\t\t\t\t\t\t\t\t\t\t\t<\/div>\n\t<\/div>\n<\/article>\n\n\t\t\t\t\t\t\t\t\t\t\t\t\t\t\n<article id=\"post-374642\" class=\"wd-post blog-design-small-images blog-post-loop blog-style-bg wd-add-shadow wd-col post-374642 post type-post status-publish format-standard has-post-thumbnail hentry category-ventilatory category-novinky category-rekuperacni-jednotky category-tepelna-cerpadla category-odvlhcovace category-klimatizace tag-tepelna-cerpadla-blog tag-klimatizace-blog tag-novinky-blog tag-ventilatory-blog tag-odvlhcovace-blog tag-rekuperacie-blog\">\n\t<div class=\"article-inner\">\n\t\t<header class=\"entry-header\">\n\t\t\t\t\t\t\t<figure class=\"entry-thumbnail\">\n\t\t\t\t\t\t\t\t\t\t\t<div class=\"post-img-wrapp\">\n\t\t\t\t\t\t\t<a href=\"https:\/\/klimavex.eu\/cz\/co-je-to-hvac\/\">\n\t\t\t\t\t\t\t\t<img loading=\"lazy\" decoding=\"async\" width=\"1024\" height=\"576\" src=\"https:\/\/klimavex.eu\/cz\/wp-content\/uploads\/2025\/03\/hvac-1024x576.png\" class=\"attachment-large size-large\" alt=\"hvac\" srcset=\"https:\/\/klimavex.eu\/cz\/wp-content\/uploads\/2025\/03\/hvac-1024x576.png 1024w, https:\/\/klimavex.eu\/cz\/wp-content\/uploads\/2025\/03\/hvac-300x169.png 300w, https:\/\/klimavex.eu\/cz\/wp-content\/uploads\/2025\/03\/hvac-768x432.png 768w, https:\/\/klimavex.eu\/cz\/wp-content\/uploads\/2025\/03\/hvac-1536x864.png 1536w, https:\/\/klimavex.eu\/cz\/wp-content\/uploads\/2025\/03\/hvac-20x11.png 20w, https:\/\/klimavex.eu\/cz\/wp-content\/uploads\/2025\/03\/hvac-600x338.png 600w, https:\/\/klimavex.eu\/cz\/wp-content\/uploads\/2025\/03\/hvac-150x84.png 150w, https:\/\/klimavex.eu\/cz\/wp-content\/uploads\/2025\/03\/hvac.png 1920w\" sizes=\"(max-width: 1024px) 100vw, 1024px\" \/>\t\t\t\t\t\t\t<\/a>\n\t\t\t\t\t\t<\/div>\n\t\t\t\t\t\t<div class=\"post-image-mask\">\n\t\t\t\t\t\t\t<span><\/span>\n\t\t\t\t\t\t<\/div>\n\t\t\t\t\t\t\t\t\t<\/figure>\n\t\t\t\n\t\t\t\t\t\t<div class=\"wd-post-date wd-style-with-bg\">\n\t\t\t\t<span class=\"post-date-day\">\n\t\t\t\t\t02\t\t\t\t<\/span>\n\t\t\t\t<span class=\"post-date-month\">\n\t\t\t\t\tDub\t\t\t\t<\/span>\n\t\t\t<\/div>\n\t\t\t\t<\/header>\n\n\t\t<div class=\"article-body-container\">\n\t\t\t\t\t\t\t<div class=\"meta-categories-wrapp\">\n\t\t\t\t\t<div class=\"meta-post-categories wd-post-cat wd-style-with-bg\">\n\t\t\t\t\t\t<a href=\"https:\/\/klimavex.eu\/cz\/category\/ventilatory\/\" rel=\"category tag\">Ventil\u00e1tory<\/a>, <a href=\"https:\/\/klimavex.eu\/cz\/category\/novinky\/\" rel=\"category tag\">Novinky<\/a>, <a href=\"https:\/\/klimavex.eu\/cz\/category\/rekuperacni-jednotky\/\" rel=\"category tag\">Rekupera\u010dn\u00ed jednotky<\/a>, <a href=\"https:\/\/klimavex.eu\/cz\/category\/tepelna-cerpadla\/\" rel=\"category tag\">Tepeln\u00e1 \u010derpadla<\/a>, <a href=\"https:\/\/klimavex.eu\/cz\/category\/odvlhcovace\/\" rel=\"category tag\">Odvlh\u010dova\u010de<\/a>, <a href=\"https:\/\/klimavex.eu\/cz\/category\/klimatizace\/\" rel=\"category tag\">Klimatizace<\/a>\t\t\t\t\t<\/div>\n\t\t\t\t<\/div>\n\t\t\t\n\t\t\t\t\t\t\t<h3 class=\"wd-entities-title title post-title\">\n\t\t\t\t\t<a href=\"https:\/\/klimavex.eu\/cz\/co-je-to-hvac\/\" rel=\"bookmark\">Co je to HVAC?<\/a>\n\t\t\t\t<\/h3>\n\t\t\t\n\t\t\t\t\t\t\t<div class=\"entry-meta wd-entry-meta\">\n\t\t\t\t\t\t\t\t<ul class=\"entry-meta-list\">\n\t\t\t\t\t\t\t\t\t<li class=\"modified-date\">\n\t\t\t\t\t\t\t\t<time class=\"updated\" datetime=\"2025-04-02T08:57:17+02:00\">\n\t\t\t2 dubna, 2025\t\t<\/time>\n\t\t\t\t\t\t\t<\/li>\n\n\t\t\t\t\t\n\t\t\t\t\t\t\t\t\t\t\t<li class=\"meta-author\">\n\t\t\t\t\t\t\t\t\t\t\t\t<span>Podle<\/span>\n\t\t\n\t\t\t\t\t<img loading=\"lazy\" decoding=\"async\" src=\"https:\/\/klimavex.eu\/cz\/wp-content\/plugins\/ultimate-member\/assets\/img\/default_avatar.jpg\" class=\"gravatar avatar avatar-32 um-avatar um-avatar-default\" width=\"32\" height=\"32\" alt=\"Marketing KLIMAVEX\" data-default=\"https:\/\/klimavex.eu\/cz\/wp-content\/plugins\/ultimate-member\/assets\/img\/default_avatar.jpg\" onerror=\"if ( ! this.getAttribute('data-load-error') ){ this.setAttribute('data-load-error', '1');this.setAttribute('src', this.getAttribute('data-default'));}\" loading=\"lazy\" \/>\t\t\n\t\t<a href=\"https:\/\/klimavex.eu\/cz\/author\/marketing\/\" class=\"author\" rel=\"author\">Marketing KLIMAVEX<\/a>\n\t\t\t\t\t\t\t\t<\/li>\n\t\t\t\t\t\n\t\t\t\t\t\n\t\t\t\t\t\t\t\t\t\t\t<li class=\"meta-reply\">\n\t\t\t\t\t\t\t<a href=\"https:\/\/klimavex.eu\/cz\/co-je-to-hvac\/#respond\"><span class=\"replies-count\">0<\/span> <span class=\"replies-count-label\">koment\u00e1\u0159e<\/span><\/a>\t\t\t\t\t\t<\/li>\n\t\t\t\t\t\t\t\t\t\t\t\t<\/ul>\n\t\t\t\t\t\t<\/div>\n\t\t\t\t\t\t\t\t\t<div class=\"hovered-social-icons wd-tltp\">\n\t\t\t\t\t\t<div class=\"tooltip top\">\n\t\t\t\t\t\t\t<div class=\"tooltip-arrow\"><\/div>\n\t\t\t\t\t\t\t<div class=\"tooltip-inner\">\n\t\t\t\t\t\t\t\t\t\t\t<div id=\"\" class=\" wd-social-icons wd-style-default wd-size-small social-share wd-shape-circle color-scheme-light text-center\">\n\t\t\t\t\n\t\t\t\t\n\t\t\t\t\t\t\t\t\t<a rel=\"noopener noreferrer nofollow\" href=\"https:\/\/www.facebook.com\/sharer\/sharer.php?u=https:\/\/klimavex.eu\/cz\/co-je-to-hvac\/\" target=\"_blank\" class=\" wd-social-icon social-facebook\" aria-label=\"Facebook soci\u00e1ln\u00ed odkaz\">\n\t\t\t\t\t\t<span class=\"wd-icon\"><\/span>\n\t\t\t\t\t\t\t\t\t\t\t<\/a>\n\t\t\t\t\n\t\t\t\t\t\t\t\t\t<a rel=\"noopener noreferrer nofollow\" href=\"https:\/\/x.com\/share?url=https:\/\/klimavex.eu\/cz\/co-je-to-hvac\/\" target=\"_blank\" class=\" wd-social-icon social-twitter\" aria-label=\"X social link\">\n\t\t\t\t\t\t<span class=\"wd-icon\"><\/span>\n\t\t\t\t\t\t\t\t\t\t\t<\/a>\n\t\t\t\t\n\t\t\t\t\n\t\t\t\t\n\t\t\t\t\n\t\t\t\t\t\t\t\t\t<a rel=\"noopener noreferrer nofollow\" href=\"https:\/\/pinterest.com\/pin\/create\/button\/?url=https:\/\/klimavex.eu\/cz\/co-je-to-hvac\/&media=https:\/\/klimavex.eu\/cz\/wp-content\/uploads\/2025\/03\/hvac.png&description=Co+je+to+HVAC%3F\" target=\"_blank\" class=\" wd-social-icon social-pinterest\" aria-label=\"Pinterest soci\u00e1ln\u00ed odkaz\">\n\t\t\t\t\t\t<span class=\"wd-icon\"><\/span>\n\t\t\t\t\t\t\t\t\t\t\t<\/a>\n\t\t\t\t\n\t\t\t\t\n\t\t\t\t\t\t\t\t\t<a rel=\"noopener noreferrer nofollow\" href=\"https:\/\/www.linkedin.com\/shareArticle?mini=true&url=https:\/\/klimavex.eu\/cz\/co-je-to-hvac\/\" target=\"_blank\" class=\" wd-social-icon social-linkedin\" aria-label=\"Linkedin soci\u00e1ln\u00ed odkaz\">\n\t\t\t\t\t\t<span class=\"wd-icon\"><\/span>\n\t\t\t\t\t\t\t\t\t\t\t<\/a>\n\t\t\t\t\n\t\t\t\t\n\t\t\t\t\n\t\t\t\t\n\t\t\t\t\n\t\t\t\t\n\t\t\t\t\n\t\t\t\t\n\t\t\t\t\n\t\t\t\t\n\t\t\t\t\n\t\t\t\t\n\t\t\t\t\n\t\t\t\t\n\t\t\t\t\n\t\t\t\t\n\t\t\t\t\t\t\t\t\t<a rel=\"noopener noreferrer nofollow\" href=\"https:\/\/telegram.me\/share\/url?url=https:\/\/klimavex.eu\/cz\/co-je-to-hvac\/\" target=\"_blank\" class=\" wd-social-icon social-tg\" aria-label=\"Telegram soci\u00e1ln\u00ed odkaz\">\n\t\t\t\t\t\t<span class=\"wd-icon\"><\/span>\n\t\t\t\t\t\t\t\t\t\t\t<\/a>\n\t\t\t\t\n\t\t\t\t\n\t\t\t<\/div>\n\n\t\t\t\t\t\t\t\t\t<\/div>\n\t\t\t\t\t\t<\/div>\n\t\t\t\t\t<\/div>\n\t\t\t\t\t\t\t\n\t\t\t\t\t\t\t\t\t\t\t\t<div class=\"entry-content wd-post-desc\">\n\t\t\t\t\t\tCo je to HVAC?\t\t\n\t\t\tHVAC je anglick\u00e1 zkratka pro slova \u201eHeating, Ventilation, and Air Conditioning\u201d. P\u0159eklad t\u00e9to zkratky je tedy \u201eVyt\u00e1...\t\t\t\t\t<\/div>\n\t\t\t\t\n\t\t\t\t\t\t\t\t\t\t\t\t\t\t<p class=\"read-more-section\">\n\t\t\t\t\t\t<a class=\"btn-read-more more-link\" href=\"https:\/\/klimavex.eu\/cz\/co-je-to-hvac\/\">pokra\u010dovat ve \u010dten\u00ed<\/a>\t\t\t\t\t<\/p>\n\t\t\t\t\t\t\t\t\t\t\t\t\t<\/div>\n\t<\/div>\n<\/article>\n\n\t\t\t\t\t\t\t\t\t\t\t\t\t\t\n<article id=\"post-372492\" class=\"wd-post blog-design-small-images blog-post-loop blog-style-bg wd-add-shadow wd-col post-372492 post type-post status-publish format-standard has-post-thumbnail hentry category-tepelna-cerpadla category-novinky tag-novinky-blog tag-tepelna-cerpadla-blog\">\n\t<div class=\"article-inner\">\n\t\t<header class=\"entry-header\">\n\t\t\t\t\t\t\t<figure class=\"entry-thumbnail\">\n\t\t\t\t\t\t\t\t\t\t\t<div class=\"post-img-wrapp\">\n\t\t\t\t\t\t\t<a href=\"https:\/\/klimavex.eu\/cz\/hyundai-service-cloud-spravujte-tepelna-cerpadla-na-dalku\/\">\n\t\t\t\t\t\t\t\t<img loading=\"lazy\" decoding=\"async\" width=\"1024\" height=\"576\" src=\"https:\/\/klimavex.eu\/cz\/wp-content\/uploads\/2024\/10\/r290-ovladac_16.9-1024x576.png\" class=\"attachment-large size-large\" alt=\"\" srcset=\"https:\/\/klimavex.eu\/cz\/wp-content\/uploads\/2024\/10\/r290-ovladac_16.9-1024x576.png 1024w, https:\/\/klimavex.eu\/cz\/wp-content\/uploads\/2024\/10\/r290-ovladac_16.9-300x169.png 300w, https:\/\/klimavex.eu\/cz\/wp-content\/uploads\/2024\/10\/r290-ovladac_16.9-768x432.png 768w, https:\/\/klimavex.eu\/cz\/wp-content\/uploads\/2024\/10\/r290-ovladac_16.9-20x11.png 20w, https:\/\/klimavex.eu\/cz\/wp-content\/uploads\/2024\/10\/r290-ovladac_16.9-600x338.png 600w, https:\/\/klimavex.eu\/cz\/wp-content\/uploads\/2024\/10\/r290-ovladac_16.9-150x84.png 150w, https:\/\/klimavex.eu\/cz\/wp-content\/uploads\/2024\/10\/r290-ovladac_16.9.png 1280w\" sizes=\"(max-width: 1024px) 100vw, 1024px\" \/>\t\t\t\t\t\t\t<\/a>\n\t\t\t\t\t\t<\/div>\n\t\t\t\t\t\t<div class=\"post-image-mask\">\n\t\t\t\t\t\t\t<span><\/span>\n\t\t\t\t\t\t<\/div>\n\t\t\t\t\t\t\t\t\t<\/figure>\n\t\t\t\n\t\t\t\t\t\t<div class=\"wd-post-date wd-style-with-bg\">\n\t\t\t\t<span class=\"post-date-day\">\n\t\t\t\t\t24\t\t\t\t<\/span>\n\t\t\t\t<span class=\"post-date-month\">\n\t\t\t\t\t\u0158\u00edj\t\t\t\t<\/span>\n\t\t\t<\/div>\n\t\t\t\t<\/header>\n\n\t\t<div class=\"article-body-container\">\n\t\t\t\t\t\t\t<div class=\"meta-categories-wrapp\">\n\t\t\t\t\t<div class=\"meta-post-categories wd-post-cat wd-style-with-bg\">\n\t\t\t\t\t\t<a href=\"https:\/\/klimavex.eu\/cz\/category\/tepelna-cerpadla\/\" rel=\"category tag\">Tepeln\u00e1 \u010derpadla<\/a>, <a href=\"https:\/\/klimavex.eu\/cz\/category\/novinky\/\" rel=\"category tag\">Novinky<\/a>\t\t\t\t\t<\/div>\n\t\t\t\t<\/div>\n\t\t\t\n\t\t\t\t\t\t\t<h3 class=\"wd-entities-title title post-title\">\n\t\t\t\t\t<a href=\"https:\/\/klimavex.eu\/cz\/hyundai-service-cloud-spravujte-tepelna-cerpadla-na-dalku\/\" rel=\"bookmark\">Hyundai service cloud &#8211; spravujte tepeln\u00e1 \u010derpadla na d\u00e1lku<\/a>\n\t\t\t\t<\/h3>\n\t\t\t\n\t\t\t\t\t\t\t<div class=\"entry-meta wd-entry-meta\">\n\t\t\t\t\t\t\t\t<ul class=\"entry-meta-list\">\n\t\t\t\t\t\t\t\t\t<li class=\"modified-date\">\n\t\t\t\t\t\t\t\t<time class=\"updated\" datetime=\"2025-01-16T12:56:24+01:00\">\n\t\t\t16 ledna, 2025\t\t<\/time>\n\t\t\t\t\t\t\t<\/li>\n\n\t\t\t\t\t\n\t\t\t\t\t\t\t\t\t\t\t<li class=\"meta-author\">\n\t\t\t\t\t\t\t\t\t\t\t\t<span>Podle<\/span>\n\t\t\n\t\t\t\t\t<img loading=\"lazy\" decoding=\"async\" src=\"https:\/\/klimavex.eu\/cz\/wp-content\/plugins\/ultimate-member\/assets\/img\/default_avatar.jpg\" class=\"gravatar avatar avatar-32 um-avatar um-avatar-default\" width=\"32\" height=\"32\" alt=\"Marketing KLIMAVEX\" data-default=\"https:\/\/klimavex.eu\/cz\/wp-content\/plugins\/ultimate-member\/assets\/img\/default_avatar.jpg\" onerror=\"if ( ! this.getAttribute('data-load-error') ){ this.setAttribute('data-load-error', '1');this.setAttribute('src', this.getAttribute('data-default'));}\" loading=\"lazy\" \/>\t\t\n\t\t<a href=\"https:\/\/klimavex.eu\/cz\/author\/marketing\/\" class=\"author\" rel=\"author\">Marketing KLIMAVEX<\/a>\n\t\t\t\t\t\t\t\t<\/li>\n\t\t\t\t\t\n\t\t\t\t\t\n\t\t\t\t\t\t\t\t\t\t\t<li class=\"meta-reply\">\n\t\t\t\t\t\t\t<a href=\"https:\/\/klimavex.eu\/cz\/hyundai-service-cloud-spravujte-tepelna-cerpadla-na-dalku\/#respond\"><span class=\"replies-count\">0<\/span> <span class=\"replies-count-label\">koment\u00e1\u0159e<\/span><\/a>\t\t\t\t\t\t<\/li>\n\t\t\t\t\t\t\t\t\t\t\t\t<\/ul>\n\t\t\t\t\t\t<\/div>\n\t\t\t\t\t\t\t\t\t<div class=\"hovered-social-icons wd-tltp\">\n\t\t\t\t\t\t<div class=\"tooltip top\">\n\t\t\t\t\t\t\t<div class=\"tooltip-arrow\"><\/div>\n\t\t\t\t\t\t\t<div class=\"tooltip-inner\">\n\t\t\t\t\t\t\t\t\t\t\t<div id=\"\" class=\" wd-social-icons wd-style-default wd-size-small social-share wd-shape-circle color-scheme-light text-center\">\n\t\t\t\t\n\t\t\t\t\n\t\t\t\t\t\t\t\t\t<a rel=\"noopener noreferrer nofollow\" href=\"https:\/\/www.facebook.com\/sharer\/sharer.php?u=https:\/\/klimavex.eu\/cz\/hyundai-service-cloud-spravujte-tepelna-cerpadla-na-dalku\/\" target=\"_blank\" class=\" wd-social-icon social-facebook\" aria-label=\"Facebook soci\u00e1ln\u00ed odkaz\">\n\t\t\t\t\t\t<span class=\"wd-icon\"><\/span>\n\t\t\t\t\t\t\t\t\t\t\t<\/a>\n\t\t\t\t\n\t\t\t\t\t\t\t\t\t<a rel=\"noopener noreferrer nofollow\" href=\"https:\/\/x.com\/share?url=https:\/\/klimavex.eu\/cz\/hyundai-service-cloud-spravujte-tepelna-cerpadla-na-dalku\/\" target=\"_blank\" class=\" wd-social-icon social-twitter\" aria-label=\"X social link\">\n\t\t\t\t\t\t<span class=\"wd-icon\"><\/span>\n\t\t\t\t\t\t\t\t\t\t\t<\/a>\n\t\t\t\t\n\t\t\t\t\n\t\t\t\t\n\t\t\t\t\n\t\t\t\t\t\t\t\t\t<a rel=\"noopener noreferrer nofollow\" href=\"https:\/\/pinterest.com\/pin\/create\/button\/?url=https:\/\/klimavex.eu\/cz\/hyundai-service-cloud-spravujte-tepelna-cerpadla-na-dalku\/&media=https:\/\/klimavex.eu\/cz\/wp-content\/uploads\/2024\/10\/r290-ovladac_16.9.png&description=Hyundai+service+cloud+%26%238211%3B+spravujte+tepeln%C3%A1+%C4%8Derpadla+na+d%C3%A1lku\" target=\"_blank\" class=\" wd-social-icon social-pinterest\" aria-label=\"Pinterest soci\u00e1ln\u00ed odkaz\">\n\t\t\t\t\t\t<span class=\"wd-icon\"><\/span>\n\t\t\t\t\t\t\t\t\t\t\t<\/a>\n\t\t\t\t\n\t\t\t\t\n\t\t\t\t\t\t\t\t\t<a rel=\"noopener noreferrer nofollow\" href=\"https:\/\/www.linkedin.com\/shareArticle?mini=true&url=https:\/\/klimavex.eu\/cz\/hyundai-service-cloud-spravujte-tepelna-cerpadla-na-dalku\/\" target=\"_blank\" class=\" wd-social-icon social-linkedin\" aria-label=\"Linkedin soci\u00e1ln\u00ed odkaz\">\n\t\t\t\t\t\t<span class=\"wd-icon\"><\/span>\n\t\t\t\t\t\t\t\t\t\t\t<\/a>\n\t\t\t\t\n\t\t\t\t\n\t\t\t\t\n\t\t\t\t\n\t\t\t\t\n\t\t\t\t\n\t\t\t\t\n\t\t\t\t\n\t\t\t\t\n\t\t\t\t\n\t\t\t\t\n\t\t\t\t\n\t\t\t\t\n\t\t\t\t\n\t\t\t\t\n\t\t\t\t\n\t\t\t\t\t\t\t\t\t<a rel=\"noopener noreferrer nofollow\" href=\"https:\/\/telegram.me\/share\/url?url=https:\/\/klimavex.eu\/cz\/hyundai-service-cloud-spravujte-tepelna-cerpadla-na-dalku\/\" target=\"_blank\" class=\" wd-social-icon social-tg\" aria-label=\"Telegram soci\u00e1ln\u00ed odkaz\">\n\t\t\t\t\t\t<span class=\"wd-icon\"><\/span>\n\t\t\t\t\t\t\t\t\t\t\t<\/a>\n\t\t\t\t\n\t\t\t\t\n\t\t\t<\/div>\n\n\t\t\t\t\t\t\t\t\t<\/div>\n\t\t\t\t\t\t<\/div>\n\t\t\t\t\t<\/div>\n\t\t\t\t\t\t\t\n\t\t\t\t\t\t\t\t\t\t\t\t<div class=\"entry-content wd-post-desc\">\n\t\t\t\t\t\tHyundai service cloud - spravujte tepeln\u00e1 \u010derpadla na d\u00e1lku\t\t\n\t\t\tTepeln\u00e1 \u010derpadla Hyundai jsou nyn\u00ed dod\u00e1v\u00e1na s\u00a0novou slu\u017ebou, kter\u00e1 zry...\t\t\t\t\t<\/div>\n\t\t\t\t\n\t\t\t\t\t\t\t\t\t\t\t\t\t\t<p class=\"read-more-section\">\n\t\t\t\t\t\t<a class=\"btn-read-more more-link\" href=\"https:\/\/klimavex.eu\/cz\/hyundai-service-cloud-spravujte-tepelna-cerpadla-na-dalku\/\">pokra\u010dovat ve \u010dten\u00ed<\/a>\t\t\t\t\t<\/p>\n\t\t\t\t\t\t\t\t\t\t\t\t\t<\/div>\n\t<\/div>\n<\/article>\n\n\t\t\t\t\t\t\t\t\t\t\t\t\t\t\n<article id=\"post-372501\" class=\"wd-post blog-design-small-images blog-post-loop blog-style-bg wd-add-shadow wd-col post-372501 post type-post status-publish format-standard has-post-thumbnail hentry category-tepelna-cerpadla category-novinky tag-novinky-blog tag-tepelna-cerpadla-blog\">\n\t<div class=\"article-inner\">\n\t\t<header class=\"entry-header\">\n\t\t\t\t\t\t\t<figure class=\"entry-thumbnail\">\n\t\t\t\t\t\t\t\t\t\t\t<div class=\"post-img-wrapp\">\n\t\t\t\t\t\t\t<a href=\"https:\/\/klimavex.eu\/cz\/video-ukazka-instalace-tepelneho-cerpadla-hyundai\/\">\n\t\t\t\t\t\t\t\t<img loading=\"lazy\" decoding=\"async\" width=\"1024\" height=\"575\" src=\"https:\/\/klimavex.eu\/cz\/wp-content\/uploads\/2024\/10\/montaz-tc-hyundai-1024x575.png\" class=\"attachment-large size-large\" alt=\"\" srcset=\"https:\/\/klimavex.eu\/cz\/wp-content\/uploads\/2024\/10\/montaz-tc-hyundai-1024x575.png 1024w, https:\/\/klimavex.eu\/cz\/wp-content\/uploads\/2024\/10\/montaz-tc-hyundai-300x169.png 300w, https:\/\/klimavex.eu\/cz\/wp-content\/uploads\/2024\/10\/montaz-tc-hyundai-768x431.png 768w, https:\/\/klimavex.eu\/cz\/wp-content\/uploads\/2024\/10\/montaz-tc-hyundai-1536x863.png 1536w, https:\/\/klimavex.eu\/cz\/wp-content\/uploads\/2024\/10\/montaz-tc-hyundai-20x11.png 20w, https:\/\/klimavex.eu\/cz\/wp-content\/uploads\/2024\/10\/montaz-tc-hyundai-600x337.png 600w, https:\/\/klimavex.eu\/cz\/wp-content\/uploads\/2024\/10\/montaz-tc-hyundai-150x84.png 150w, https:\/\/klimavex.eu\/cz\/wp-content\/uploads\/2024\/10\/montaz-tc-hyundai.png 1917w\" sizes=\"(max-width: 1024px) 100vw, 1024px\" \/>\t\t\t\t\t\t\t<\/a>\n\t\t\t\t\t\t<\/div>\n\t\t\t\t\t\t<div class=\"post-image-mask\">\n\t\t\t\t\t\t\t<span><\/span>\n\t\t\t\t\t\t<\/div>\n\t\t\t\t\t\t\t\t\t<\/figure>\n\t\t\t\n\t\t\t\t\t\t<div class=\"wd-post-date wd-style-with-bg\">\n\t\t\t\t<span class=\"post-date-day\">\n\t\t\t\t\t21\t\t\t\t<\/span>\n\t\t\t\t<span class=\"post-date-month\">\n\t\t\t\t\t\u0158\u00edj\t\t\t\t<\/span>\n\t\t\t<\/div>\n\t\t\t\t<\/header>\n\n\t\t<div class=\"article-body-container\">\n\t\t\t\t\t\t\t<div class=\"meta-categories-wrapp\">\n\t\t\t\t\t<div class=\"meta-post-categories wd-post-cat wd-style-with-bg\">\n\t\t\t\t\t\t<a href=\"https:\/\/klimavex.eu\/cz\/category\/tepelna-cerpadla\/\" rel=\"category tag\">Tepeln\u00e1 \u010derpadla<\/a>, <a href=\"https:\/\/klimavex.eu\/cz\/category\/novinky\/\" rel=\"category tag\">Novinky<\/a>\t\t\t\t\t<\/div>\n\t\t\t\t<\/div>\n\t\t\t\n\t\t\t\t\t\t\t<h3 class=\"wd-entities-title title post-title\">\n\t\t\t\t\t<a href=\"https:\/\/klimavex.eu\/cz\/video-ukazka-instalace-tepelneho-cerpadla-hyundai\/\" rel=\"bookmark\">Video &#8211; uk\u00e1zka instalace tepeln\u00e9ho \u010derpadla Hyundai<\/a>\n\t\t\t\t<\/h3>\n\t\t\t\n\t\t\t\t\t\t\t<div class=\"entry-meta wd-entry-meta\">\n\t\t\t\t\t\t\t\t<ul class=\"entry-meta-list\">\n\t\t\t\t\t\t\t\t\t<li class=\"modified-date\">\n\t\t\t\t\t\t\t\t<time class=\"updated\" datetime=\"2025-01-16T12:56:42+01:00\">\n\t\t\t16 ledna, 2025\t\t<\/time>\n\t\t\t\t\t\t\t<\/li>\n\n\t\t\t\t\t\n\t\t\t\t\t\t\t\t\t\t\t<li class=\"meta-author\">\n\t\t\t\t\t\t\t\t\t\t\t\t<span>Podle<\/span>\n\t\t\n\t\t\t\t\t<img loading=\"lazy\" decoding=\"async\" src=\"https:\/\/klimavex.eu\/cz\/wp-content\/plugins\/ultimate-member\/assets\/img\/default_avatar.jpg\" class=\"gravatar avatar avatar-32 um-avatar um-avatar-default\" width=\"32\" height=\"32\" alt=\"Marketing KLIMAVEX\" data-default=\"https:\/\/klimavex.eu\/cz\/wp-content\/plugins\/ultimate-member\/assets\/img\/default_avatar.jpg\" onerror=\"if ( ! this.getAttribute('data-load-error') ){ this.setAttribute('data-load-error', '1');this.setAttribute('src', this.getAttribute('data-default'));}\" loading=\"lazy\" \/>\t\t\n\t\t<a href=\"https:\/\/klimavex.eu\/cz\/author\/marketing\/\" class=\"author\" rel=\"author\">Marketing KLIMAVEX<\/a>\n\t\t\t\t\t\t\t\t<\/li>\n\t\t\t\t\t\n\t\t\t\t\t\n\t\t\t\t\t\t\t\t\t\t\t<li class=\"meta-reply\">\n\t\t\t\t\t\t\t<a href=\"https:\/\/klimavex.eu\/cz\/video-ukazka-instalace-tepelneho-cerpadla-hyundai\/#respond\"><span class=\"replies-count\">0<\/span> <span class=\"replies-count-label\">koment\u00e1\u0159e<\/span><\/a>\t\t\t\t\t\t<\/li>\n\t\t\t\t\t\t\t\t\t\t\t\t<\/ul>\n\t\t\t\t\t\t<\/div>\n\t\t\t\t\t\t\t\t\t<div class=\"hovered-social-icons wd-tltp\">\n\t\t\t\t\t\t<div class=\"tooltip top\">\n\t\t\t\t\t\t\t<div class=\"tooltip-arrow\"><\/div>\n\t\t\t\t\t\t\t<div class=\"tooltip-inner\">\n\t\t\t\t\t\t\t\t\t\t\t<div id=\"\" class=\" wd-social-icons wd-style-default wd-size-small social-share wd-shape-circle color-scheme-light text-center\">\n\t\t\t\t\n\t\t\t\t\n\t\t\t\t\t\t\t\t\t<a rel=\"noopener noreferrer nofollow\" href=\"https:\/\/www.facebook.com\/sharer\/sharer.php?u=https:\/\/klimavex.eu\/cz\/video-ukazka-instalace-tepelneho-cerpadla-hyundai\/\" target=\"_blank\" class=\" wd-social-icon social-facebook\" aria-label=\"Facebook soci\u00e1ln\u00ed odkaz\">\n\t\t\t\t\t\t<span class=\"wd-icon\"><\/span>\n\t\t\t\t\t\t\t\t\t\t\t<\/a>\n\t\t\t\t\n\t\t\t\t\t\t\t\t\t<a rel=\"noopener noreferrer nofollow\" href=\"https:\/\/x.com\/share?url=https:\/\/klimavex.eu\/cz\/video-ukazka-instalace-tepelneho-cerpadla-hyundai\/\" target=\"_blank\" class=\" wd-social-icon social-twitter\" aria-label=\"X social link\">\n\t\t\t\t\t\t<span class=\"wd-icon\"><\/span>\n\t\t\t\t\t\t\t\t\t\t\t<\/a>\n\t\t\t\t\n\t\t\t\t\n\t\t\t\t\n\t\t\t\t\n\t\t\t\t\t\t\t\t\t<a rel=\"noopener noreferrer nofollow\" href=\"https:\/\/pinterest.com\/pin\/create\/button\/?url=https:\/\/klimavex.eu\/cz\/video-ukazka-instalace-tepelneho-cerpadla-hyundai\/&media=https:\/\/klimavex.eu\/cz\/wp-content\/uploads\/2024\/10\/montaz-tc-hyundai.png&description=Video+%26%238211%3B+uk%C3%A1zka+instalace+tepeln%C3%A9ho+%C4%8Derpadla+Hyundai\" target=\"_blank\" class=\" wd-social-icon social-pinterest\" aria-label=\"Pinterest soci\u00e1ln\u00ed odkaz\">\n\t\t\t\t\t\t<span class=\"wd-icon\"><\/span>\n\t\t\t\t\t\t\t\t\t\t\t<\/a>\n\t\t\t\t\n\t\t\t\t\n\t\t\t\t\t\t\t\t\t<a rel=\"noopener noreferrer nofollow\" href=\"https:\/\/www.linkedin.com\/shareArticle?mini=true&url=https:\/\/klimavex.eu\/cz\/video-ukazka-instalace-tepelneho-cerpadla-hyundai\/\" target=\"_blank\" class=\" wd-social-icon social-linkedin\" aria-label=\"Linkedin soci\u00e1ln\u00ed odkaz\">\n\t\t\t\t\t\t<span class=\"wd-icon\"><\/span>\n\t\t\t\t\t\t\t\t\t\t\t<\/a>\n\t\t\t\t\n\t\t\t\t\n\t\t\t\t\n\t\t\t\t\n\t\t\t\t\n\t\t\t\t\n\t\t\t\t\n\t\t\t\t\n\t\t\t\t\n\t\t\t\t\n\t\t\t\t\n\t\t\t\t\n\t\t\t\t\n\t\t\t\t\n\t\t\t\t\n\t\t\t\t\n\t\t\t\t\t\t\t\t\t<a rel=\"noopener noreferrer nofollow\" href=\"https:\/\/telegram.me\/share\/url?url=https:\/\/klimavex.eu\/cz\/video-ukazka-instalace-tepelneho-cerpadla-hyundai\/\" target=\"_blank\" class=\" wd-social-icon social-tg\" aria-label=\"Telegram soci\u00e1ln\u00ed odkaz\">\n\t\t\t\t\t\t<span class=\"wd-icon\"><\/span>\n\t\t\t\t\t\t\t\t\t\t\t<\/a>\n\t\t\t\t\n\t\t\t\t\n\t\t\t<\/div>\n\n\t\t\t\t\t\t\t\t\t<\/div>\n\t\t\t\t\t\t<\/div>\n\t\t\t\t\t<\/div>\n\t\t\t\t\t\t\t\n\t\t\t\t\t\t\t\t\t\t\t\t<div class=\"entry-content wd-post-desc\">\n\t\t\t\t\t\tInstalace tepeln\u00e9ho \u010derpadla Hyundai\t\t\n\t\t\tJako v\u00fdhradn\u00ed distributo\u0159i tepeln\u00fdch \u010derpadel Hyundai pro \u010ceskou a Slovenskou republiku jsme ...\t\t\t\t\t<\/div>\n\t\t\t\t\n\t\t\t\t\t\t\t\t\t\t\t\t\t\t<p class=\"read-more-section\">\n\t\t\t\t\t\t<a class=\"btn-read-more more-link\" href=\"https:\/\/klimavex.eu\/cz\/video-ukazka-instalace-tepelneho-cerpadla-hyundai\/\">pokra\u010dovat ve \u010dten\u00ed<\/a>\t\t\t\t\t<\/p>\n\t\t\t\t\t\t\t\t\t\t\t\t\t<\/div>\n\t<\/div>\n<\/article>\n\n\t\t\t\t\t\t\t\t\t\t\t\t\t\t\n<article id=\"post-371118\" class=\"wd-post blog-design-small-images blog-post-loop blog-style-bg wd-add-shadow wd-col post-371118 post type-post status-publish format-standard has-post-thumbnail hentry category-tepelna-cerpadla tag-novinky-blog tag-tepelna-cerpadla-blog\">\n\t<div class=\"article-inner\">\n\t\t<header class=\"entry-header\">\n\t\t\t\t\t\t\t<figure class=\"entry-thumbnail\">\n\t\t\t\t\t\t\t\t\t\t\t<div class=\"post-img-wrapp\">\n\t\t\t\t\t\t\t<a href=\"https:\/\/klimavex.eu\/cz\/tepelna-cerpadla-hyundai-kompaktni-ucinna-a-ticha\/\">\n\t\t\t\t\t\t\t\t<img loading=\"lazy\" decoding=\"async\" width=\"1024\" height=\"576\" src=\"https:\/\/klimavex.eu\/cz\/wp-content\/uploads\/2024\/09\/nahledovy-obrazek-1024x576.png\" class=\"attachment-large size-large\" alt=\"\" srcset=\"https:\/\/klimavex.eu\/cz\/wp-content\/uploads\/2024\/09\/nahledovy-obrazek-1024x576.png 1024w, https:\/\/klimavex.eu\/cz\/wp-content\/uploads\/2024\/09\/nahledovy-obrazek-300x169.png 300w, https:\/\/klimavex.eu\/cz\/wp-content\/uploads\/2024\/09\/nahledovy-obrazek-768x432.png 768w, https:\/\/klimavex.eu\/cz\/wp-content\/uploads\/2024\/09\/nahledovy-obrazek-20x11.png 20w, https:\/\/klimavex.eu\/cz\/wp-content\/uploads\/2024\/09\/nahledovy-obrazek-600x338.png 600w, https:\/\/klimavex.eu\/cz\/wp-content\/uploads\/2024\/09\/nahledovy-obrazek-150x84.png 150w, https:\/\/klimavex.eu\/cz\/wp-content\/uploads\/2024\/09\/nahledovy-obrazek.png 1280w\" sizes=\"(max-width: 1024px) 100vw, 1024px\" \/>\t\t\t\t\t\t\t<\/a>\n\t\t\t\t\t\t<\/div>\n\t\t\t\t\t\t<div class=\"post-image-mask\">\n\t\t\t\t\t\t\t<span><\/span>\n\t\t\t\t\t\t<\/div>\n\t\t\t\t\t\t\t\t\t<\/figure>\n\t\t\t\n\t\t\t\t\t\t<div class=\"wd-post-date wd-style-with-bg\">\n\t\t\t\t<span class=\"post-date-day\">\n\t\t\t\t\t09\t\t\t\t<\/span>\n\t\t\t\t<span class=\"post-date-month\">\n\t\t\t\t\tZ\u00e1\u0159\t\t\t\t<\/span>\n\t\t\t<\/div>\n\t\t\t\t<\/header>\n\n\t\t<div class=\"article-body-container\">\n\t\t\t\t\t\t\t<div class=\"meta-categories-wrapp\">\n\t\t\t\t\t<div class=\"meta-post-categories wd-post-cat wd-style-with-bg\">\n\t\t\t\t\t\t<a href=\"https:\/\/klimavex.eu\/cz\/category\/tepelna-cerpadla\/\" rel=\"category tag\">Tepeln\u00e1 \u010derpadla<\/a>\t\t\t\t\t<\/div>\n\t\t\t\t<\/div>\n\t\t\t\n\t\t\t\t\t\t\t<h3 class=\"wd-entities-title title post-title\">\n\t\t\t\t\t<a href=\"https:\/\/klimavex.eu\/cz\/tepelna-cerpadla-hyundai-kompaktni-ucinna-a-ticha\/\" rel=\"bookmark\">Tepeln\u00e1 \u010derpadla Hyundai &#8211; kompaktn\u00ed, \u00fa\u010dinn\u00e1 a tich\u00e1<\/a>\n\t\t\t\t<\/h3>\n\t\t\t\n\t\t\t\t\t\t\t<div class=\"entry-meta wd-entry-meta\">\n\t\t\t\t\t\t\t\t<ul class=\"entry-meta-list\">\n\t\t\t\t\t\t\t\t\t<li class=\"modified-date\">\n\t\t\t\t\t\t\t\t<time class=\"updated\" datetime=\"2024-09-25T12:05:19+02:00\">\n\t\t\t25 z\u00e1\u0159\u00ed, 2024\t\t<\/time>\n\t\t\t\t\t\t\t<\/li>\n\n\t\t\t\t\t\n\t\t\t\t\t\t\t\t\t\t\t<li class=\"meta-author\">\n\t\t\t\t\t\t\t\t\t\t\t\t<span>Podle<\/span>\n\t\t\n\t\t\t\t\t<img loading=\"lazy\" decoding=\"async\" src=\"https:\/\/klimavex.eu\/cz\/wp-content\/plugins\/ultimate-member\/assets\/img\/default_avatar.jpg\" class=\"gravatar avatar avatar-32 um-avatar um-avatar-default\" width=\"32\" height=\"32\" alt=\"Marketing KLIMAVEX\" data-default=\"https:\/\/klimavex.eu\/cz\/wp-content\/plugins\/ultimate-member\/assets\/img\/default_avatar.jpg\" onerror=\"if ( ! this.getAttribute('data-load-error') ){ this.setAttribute('data-load-error', '1');this.setAttribute('src', this.getAttribute('data-default'));}\" loading=\"lazy\" \/>\t\t\n\t\t<a href=\"https:\/\/klimavex.eu\/cz\/author\/marketing\/\" class=\"author\" rel=\"author\">Marketing KLIMAVEX<\/a>\n\t\t\t\t\t\t\t\t<\/li>\n\t\t\t\t\t\n\t\t\t\t\t\n\t\t\t\t\t\t\t\t\t\t\t<li class=\"meta-reply\">\n\t\t\t\t\t\t\t<a href=\"https:\/\/klimavex.eu\/cz\/tepelna-cerpadla-hyundai-kompaktni-ucinna-a-ticha\/#respond\"><span class=\"replies-count\">0<\/span> <span class=\"replies-count-label\">koment\u00e1\u0159e<\/span><\/a>\t\t\t\t\t\t<\/li>\n\t\t\t\t\t\t\t\t\t\t\t\t<\/ul>\n\t\t\t\t\t\t<\/div>\n\t\t\t\t\t\t\t\t\t<div class=\"hovered-social-icons wd-tltp\">\n\t\t\t\t\t\t<div class=\"tooltip top\">\n\t\t\t\t\t\t\t<div class=\"tooltip-arrow\"><\/div>\n\t\t\t\t\t\t\t<div class=\"tooltip-inner\">\n\t\t\t\t\t\t\t\t\t\t\t<div id=\"\" class=\" wd-social-icons wd-style-default wd-size-small social-share wd-shape-circle color-scheme-light text-center\">\n\t\t\t\t\n\t\t\t\t\n\t\t\t\t\t\t\t\t\t<a rel=\"noopener noreferrer nofollow\" href=\"https:\/\/www.facebook.com\/sharer\/sharer.php?u=https:\/\/klimavex.eu\/cz\/tepelna-cerpadla-hyundai-kompaktni-ucinna-a-ticha\/\" target=\"_blank\" class=\" wd-social-icon social-facebook\" aria-label=\"Facebook soci\u00e1ln\u00ed odkaz\">\n\t\t\t\t\t\t<span class=\"wd-icon\"><\/span>\n\t\t\t\t\t\t\t\t\t\t\t<\/a>\n\t\t\t\t\n\t\t\t\t\t\t\t\t\t<a rel=\"noopener noreferrer nofollow\" href=\"https:\/\/x.com\/share?url=https:\/\/klimavex.eu\/cz\/tepelna-cerpadla-hyundai-kompaktni-ucinna-a-ticha\/\" target=\"_blank\" class=\" wd-social-icon social-twitter\" aria-label=\"X social link\">\n\t\t\t\t\t\t<span class=\"wd-icon\"><\/span>\n\t\t\t\t\t\t\t\t\t\t\t<\/a>\n\t\t\t\t\n\t\t\t\t\n\t\t\t\t\n\t\t\t\t\n\t\t\t\t\t\t\t\t\t<a rel=\"noopener noreferrer nofollow\" href=\"https:\/\/pinterest.com\/pin\/create\/button\/?url=https:\/\/klimavex.eu\/cz\/tepelna-cerpadla-hyundai-kompaktni-ucinna-a-ticha\/&media=https:\/\/klimavex.eu\/cz\/wp-content\/uploads\/2024\/09\/nahledovy-obrazek.png&description=Tepeln%C3%A1+%C4%8Derpadla+Hyundai+%26%238211%3B+kompaktn%C3%AD%2C+%C3%BA%C4%8Dinn%C3%A1+a+tich%C3%A1\" target=\"_blank\" class=\" wd-social-icon social-pinterest\" aria-label=\"Pinterest soci\u00e1ln\u00ed odkaz\">\n\t\t\t\t\t\t<span class=\"wd-icon\"><\/span>\n\t\t\t\t\t\t\t\t\t\t\t<\/a>\n\t\t\t\t\n\t\t\t\t\n\t\t\t\t\t\t\t\t\t<a rel=\"noopener noreferrer nofollow\" href=\"https:\/\/www.linkedin.com\/shareArticle?mini=true&url=https:\/\/klimavex.eu\/cz\/tepelna-cerpadla-hyundai-kompaktni-ucinna-a-ticha\/\" target=\"_blank\" class=\" wd-social-icon social-linkedin\" aria-label=\"Linkedin soci\u00e1ln\u00ed odkaz\">\n\t\t\t\t\t\t<span class=\"wd-icon\"><\/span>\n\t\t\t\t\t\t\t\t\t\t\t<\/a>\n\t\t\t\t\n\t\t\t\t\n\t\t\t\t\n\t\t\t\t\n\t\t\t\t\n\t\t\t\t\n\t\t\t\t\n\t\t\t\t\n\t\t\t\t\n\t\t\t\t\n\t\t\t\t\n\t\t\t\t\n\t\t\t\t\n\t\t\t\t\n\t\t\t\t\n\t\t\t\t\n\t\t\t\t\t\t\t\t\t<a rel=\"noopener noreferrer nofollow\" href=\"https:\/\/telegram.me\/share\/url?url=https:\/\/klimavex.eu\/cz\/tepelna-cerpadla-hyundai-kompaktni-ucinna-a-ticha\/\" target=\"_blank\" class=\" wd-social-icon social-tg\" aria-label=\"Telegram soci\u00e1ln\u00ed odkaz\">\n\t\t\t\t\t\t<span class=\"wd-icon\"><\/span>\n\t\t\t\t\t\t\t\t\t\t\t<\/a>\n\t\t\t\t\n\t\t\t\t\n\t\t\t<\/div>\n\n\t\t\t\t\t\t\t\t\t<\/div>\n\t\t\t\t\t\t<\/div>\n\t\t\t\t\t<\/div>\n\t\t\t\t\t\t\t\n\t\t\t\t\t\t\t\t\t\t\t\t<div class=\"entry-content wd-post-desc\">\n\t\t\t\t\t\t<p>Tepeln\u00e1 \u010derpadla od spole\u010dnosti Hyundai nab\u00edzej\u00ed vhodn\u00e9 \u0159e\u0161en\u00ed pro u\u017eivatele, kte\u0159\u00ed oce\u0148uj\u00ed snadno ovladateln\u00e9, tich\u00e9, \u00fa\u010dinn\u00e9 a energeticky \u00fasporn\u00e9 vyt\u00e1p\u011bn\u00ed. V\u00fdrobce tyto v\u00fdhody poskytuje ve form\u011b kompaktn\u00ed a designov\u011b p\u0159\u00edv\u011btiv\u00e9 venkovn\u00ed jednotky.<\/p>\n\t\t\t\t\t<\/div>\n\t\t\t\t\n\t\t\t\t\t\t\t\t\t\t\t\t\t\t<p class=\"read-more-section\">\n\t\t\t\t\t\t<a class=\"btn-read-more more-link\" href=\"https:\/\/klimavex.eu\/cz\/tepelna-cerpadla-hyundai-kompaktni-ucinna-a-ticha\/\">pokra\u010dovat ve \u010dten\u00ed<\/a>\t\t\t\t\t<\/p>\n\t\t\t\t\t\t\t\t\t\t\t\t\t<\/div>\n\t<\/div>\n<\/article>\n\n\t\t\t\t\t\t\t\t\t\t\t\t\t\t\n<article id=\"post-712\" class=\"wd-post blog-design-small-images blog-post-loop blog-style-bg wd-add-shadow wd-col post-712 post type-post status-publish format-standard has-post-thumbnail hentry category-tepelna-cerpadla tag-novinky-blog tag-tepelna-cerpadla-blog\">\n\t<div class=\"article-inner\">\n\t\t<header class=\"entry-header\">\n\t\t\t\t\t\t\t<figure class=\"entry-thumbnail\">\n\t\t\t\t\t\t\t\t\t\t\t<div class=\"post-img-wrapp\">\n\t\t\t\t\t\t\t<a href=\"https:\/\/klimavex.eu\/cz\/kompatibilita-tepelnych-cerpadiel-hyundai-s-fotovoltaickou-elektrarnou\/\">\n\t\t\t\t\t\t\t\t<img loading=\"lazy\" decoding=\"async\" width=\"1024\" height=\"576\" src=\"https:\/\/klimavex.eu\/cz\/wp-content\/uploads\/2023\/11\/Fotovoltaika-1024x576.png\" class=\"attachment-large size-large\" alt=\"\" srcset=\"https:\/\/klimavex.eu\/cz\/wp-content\/uploads\/2023\/11\/Fotovoltaika-1024x576.png 1024w, https:\/\/klimavex.eu\/cz\/wp-content\/uploads\/2023\/11\/Fotovoltaika-300x169.png 300w, https:\/\/klimavex.eu\/cz\/wp-content\/uploads\/2023\/11\/Fotovoltaika-768x432.png 768w, https:\/\/klimavex.eu\/cz\/wp-content\/uploads\/2023\/11\/Fotovoltaika-20x11.png 20w, https:\/\/klimavex.eu\/cz\/wp-content\/uploads\/2023\/11\/Fotovoltaika-600x338.png 600w, https:\/\/klimavex.eu\/cz\/wp-content\/uploads\/2023\/11\/Fotovoltaika-150x84.png 150w, https:\/\/klimavex.eu\/cz\/wp-content\/uploads\/2023\/11\/Fotovoltaika.png 1280w\" sizes=\"(max-width: 1024px) 100vw, 1024px\" \/>\t\t\t\t\t\t\t<\/a>\n\t\t\t\t\t\t<\/div>\n\t\t\t\t\t\t<div class=\"post-image-mask\">\n\t\t\t\t\t\t\t<span><\/span>\n\t\t\t\t\t\t<\/div>\n\t\t\t\t\t\t\t\t\t<\/figure>\n\t\t\t\n\t\t\t\t\t\t<div class=\"wd-post-date wd-style-with-bg\">\n\t\t\t\t<span class=\"post-date-day\">\n\t\t\t\t\t24\t\t\t\t<\/span>\n\t\t\t\t<span class=\"post-date-month\">\n\t\t\t\t\tLis\t\t\t\t<\/span>\n\t\t\t<\/div>\n\t\t\t\t<\/header>\n\n\t\t<div class=\"article-body-container\">\n\t\t\t\t\t\t\t<div class=\"meta-categories-wrapp\">\n\t\t\t\t\t<div class=\"meta-post-categories wd-post-cat wd-style-with-bg\">\n\t\t\t\t\t\t<a href=\"https:\/\/klimavex.eu\/cz\/category\/tepelna-cerpadla\/\" rel=\"category tag\">Tepeln\u00e1 \u010derpadla<\/a>\t\t\t\t\t<\/div>\n\t\t\t\t<\/div>\n\t\t\t\n\t\t\t\t\t\t\t<h3 class=\"wd-entities-title title post-title\">\n\t\t\t\t\t<a href=\"https:\/\/klimavex.eu\/cz\/kompatibilita-tepelnych-cerpadiel-hyundai-s-fotovoltaickou-elektrarnou\/\" rel=\"bookmark\">Jak vyu\u017e\u00edt p\u0159ebytky energie z fotovoltaick\u00e9 elektr\u00e1rny?<\/a>\n\t\t\t\t<\/h3>\n\t\t\t\n\t\t\t\t\t\t\t<div class=\"entry-meta wd-entry-meta\">\n\t\t\t\t\t\t\t\t<ul class=\"entry-meta-list\">\n\t\t\t\t\t\t\t\t\t<li class=\"modified-date\">\n\t\t\t\t\t\t\t\t<time class=\"updated\" datetime=\"2025-01-16T13:03:28+01:00\">\n\t\t\t16 ledna, 2025\t\t<\/time>\n\t\t\t\t\t\t\t<\/li>\n\n\t\t\t\t\t\n\t\t\t\t\t\t\t\t\t\t\t<li class=\"meta-author\">\n\t\t\t\t\t\t\t\t\t\t\t\t<span>Podle<\/span>\n\t\t\n\t\t\t\t\t<img loading=\"lazy\" decoding=\"async\" src=\"https:\/\/klimavex.eu\/cz\/wp-content\/plugins\/ultimate-member\/assets\/img\/default_avatar.jpg\" class=\"gravatar avatar avatar-32 um-avatar um-avatar-default\" width=\"32\" height=\"32\" alt=\"Igor Gabrik\" data-default=\"https:\/\/klimavex.eu\/cz\/wp-content\/plugins\/ultimate-member\/assets\/img\/default_avatar.jpg\" onerror=\"if ( ! this.getAttribute('data-load-error') ){ this.setAttribute('data-load-error', '1');this.setAttribute('src', this.getAttribute('data-default'));}\" loading=\"lazy\" \/>\t\t\n\t\t<a href=\"https:\/\/klimavex.eu\/cz\/author\/igorgabrikgmail-com\/\" class=\"author\" rel=\"author\">admin<\/a>\n\t\t\t\t\t\t\t\t<\/li>\n\t\t\t\t\t\n\t\t\t\t\t\n\t\t\t\t\t\t\t\t\t\t\t\t<\/ul>\n\t\t\t\t\t\t<\/div>\n\t\t\t\t\t\t\t\t\t<div class=\"hovered-social-icons wd-tltp\">\n\t\t\t\t\t\t<div class=\"tooltip top\">\n\t\t\t\t\t\t\t<div class=\"tooltip-arrow\"><\/div>\n\t\t\t\t\t\t\t<div class=\"tooltip-inner\">\n\t\t\t\t\t\t\t\t\t\t\t<div id=\"\" class=\" wd-social-icons wd-style-default wd-size-small social-share wd-shape-circle color-scheme-light text-center\">\n\t\t\t\t\n\t\t\t\t\n\t\t\t\t\t\t\t\t\t<a rel=\"noopener noreferrer nofollow\" href=\"https:\/\/www.facebook.com\/sharer\/sharer.php?u=https:\/\/klimavex.eu\/cz\/kompatibilita-tepelnych-cerpadiel-hyundai-s-fotovoltaickou-elektrarnou\/\" target=\"_blank\" class=\" wd-social-icon social-facebook\" aria-label=\"Facebook soci\u00e1ln\u00ed odkaz\">\n\t\t\t\t\t\t<span class=\"wd-icon\"><\/span>\n\t\t\t\t\t\t\t\t\t\t\t<\/a>\n\t\t\t\t\n\t\t\t\t\t\t\t\t\t<a rel=\"noopener noreferrer nofollow\" href=\"https:\/\/x.com\/share?url=https:\/\/klimavex.eu\/cz\/kompatibilita-tepelnych-cerpadiel-hyundai-s-fotovoltaickou-elektrarnou\/\" target=\"_blank\" class=\" wd-social-icon social-twitter\" aria-label=\"X social link\">\n\t\t\t\t\t\t<span class=\"wd-icon\"><\/span>\n\t\t\t\t\t\t\t\t\t\t\t<\/a>\n\t\t\t\t\n\t\t\t\t\n\t\t\t\t\n\t\t\t\t\n\t\t\t\t\t\t\t\t\t<a rel=\"noopener noreferrer nofollow\" href=\"https:\/\/pinterest.com\/pin\/create\/button\/?url=https:\/\/klimavex.eu\/cz\/kompatibilita-tepelnych-cerpadiel-hyundai-s-fotovoltaickou-elektrarnou\/&media=https:\/\/klimavex.eu\/cz\/wp-content\/uploads\/2023\/11\/Fotovoltaika.png&description=Jak+vyu%C5%BE%C3%ADt+p%C5%99ebytky+energie+z+fotovoltaick%C3%A9+elektr%C3%A1rny%3F\" target=\"_blank\" class=\" wd-social-icon social-pinterest\" aria-label=\"Pinterest soci\u00e1ln\u00ed odkaz\">\n\t\t\t\t\t\t<span class=\"wd-icon\"><\/span>\n\t\t\t\t\t\t\t\t\t\t\t<\/a>\n\t\t\t\t\n\t\t\t\t\n\t\t\t\t\t\t\t\t\t<a rel=\"noopener noreferrer nofollow\" href=\"https:\/\/www.linkedin.com\/shareArticle?mini=true&url=https:\/\/klimavex.eu\/cz\/kompatibilita-tepelnych-cerpadiel-hyundai-s-fotovoltaickou-elektrarnou\/\" target=\"_blank\" class=\" wd-social-icon social-linkedin\" aria-label=\"Linkedin soci\u00e1ln\u00ed odkaz\">\n\t\t\t\t\t\t<span class=\"wd-icon\"><\/span>\n\t\t\t\t\t\t\t\t\t\t\t<\/a>\n\t\t\t\t\n\t\t\t\t\n\t\t\t\t\n\t\t\t\t\n\t\t\t\t\n\t\t\t\t\n\t\t\t\t\n\t\t\t\t\n\t\t\t\t\n\t\t\t\t\n\t\t\t\t\n\t\t\t\t\n\t\t\t\t\n\t\t\t\t\n\t\t\t\t\n\t\t\t\t\n\t\t\t\t\t\t\t\t\t<a rel=\"noopener noreferrer nofollow\" href=\"https:\/\/telegram.me\/share\/url?url=https:\/\/klimavex.eu\/cz\/kompatibilita-tepelnych-cerpadiel-hyundai-s-fotovoltaickou-elektrarnou\/\" target=\"_blank\" class=\" wd-social-icon social-tg\" aria-label=\"Telegram soci\u00e1ln\u00ed odkaz\">\n\t\t\t\t\t\t<span class=\"wd-icon\"><\/span>\n\t\t\t\t\t\t\t\t\t\t\t<\/a>\n\t\t\t\t\n\t\t\t\t\n\t\t\t<\/div>\n\n\t\t\t\t\t\t\t\t\t<\/div>\n\t\t\t\t\t\t<\/div>\n\t\t\t\t\t<\/div>\n\t\t\t\t\t\t\t\n\t\t\t\t\t\t\t\t\t\t\t\t<div class=\"entry-content wd-post-desc\">\n\t\t\t\t\t\t<p>P\u0159e\u010dt\u011bte si, jak pomoc\u00ed tepeln\u00e9ho \u010derpadla Hyundai efektivn\u011b vyu\u017e\u00edvat p\u0159ebytky energie z fotovoltaick\u00e9 elektr\u00e1rny a jak\u00e9 dotace je mo\u017en\u00e9 vyu\u017e\u00edt k po\u0159\u00edzen\u00ed t\u00e9to kombinace. <\/p>\n\t\t\t\t\t<\/div>\n\t\t\t\t\n\t\t\t\t\t\t\t\t\t\t\t\t\t\t<p class=\"read-more-section\">\n\t\t\t\t\t\t<a class=\"btn-read-more more-link\" href=\"https:\/\/klimavex.eu\/cz\/kompatibilita-tepelnych-cerpadiel-hyundai-s-fotovoltaickou-elektrarnou\/\">pokra\u010dovat ve \u010dten\u00ed<\/a>\t\t\t\t\t<\/p>\n\t\t\t\t\t\t\t\t\t\t\t\t\t<\/div>\n\t<\/div>\n<\/article>\n\n\t\t\t\t\t\t\t\t\t\t\t\t\t\t\n<article id=\"post-684\" class=\"wd-post blog-design-small-images blog-post-loop blog-style-bg wd-add-shadow wd-col post-684 post type-post status-publish format-standard has-post-thumbnail hentry category-novinky tag-novinky-blog tag-tepelna-cerpadla-blog tag-rekuperacie-blog tag-klimatizace-blog\">\n\t<div class=\"article-inner\">\n\t\t<header class=\"entry-header\">\n\t\t\t\t\t\t\t<figure class=\"entry-thumbnail\">\n\t\t\t\t\t\t\t\t\t\t\t<div class=\"post-img-wrapp\">\n\t\t\t\t\t\t\t<a href=\"https:\/\/klimavex.eu\/cz\/hyundai-hvac\/\">\n\t\t\t\t\t\t\t\t<img loading=\"lazy\" decoding=\"async\" width=\"1024\" height=\"576\" src=\"https:\/\/klimavex.eu\/cz\/wp-content\/uploads\/2023\/11\/Hyundai-vstupuje-na-trh-1024x576.png\" class=\"attachment-large size-large\" alt=\"\" srcset=\"https:\/\/klimavex.eu\/cz\/wp-content\/uploads\/2023\/11\/Hyundai-vstupuje-na-trh-1024x576.png 1024w, https:\/\/klimavex.eu\/cz\/wp-content\/uploads\/2023\/11\/Hyundai-vstupuje-na-trh-300x169.png 300w, https:\/\/klimavex.eu\/cz\/wp-content\/uploads\/2023\/11\/Hyundai-vstupuje-na-trh-768x432.png 768w, https:\/\/klimavex.eu\/cz\/wp-content\/uploads\/2023\/11\/Hyundai-vstupuje-na-trh-20x11.png 20w, https:\/\/klimavex.eu\/cz\/wp-content\/uploads\/2023\/11\/Hyundai-vstupuje-na-trh-600x338.png 600w, https:\/\/klimavex.eu\/cz\/wp-content\/uploads\/2023\/11\/Hyundai-vstupuje-na-trh-150x84.png 150w, https:\/\/klimavex.eu\/cz\/wp-content\/uploads\/2023\/11\/Hyundai-vstupuje-na-trh.png 1280w\" sizes=\"(max-width: 1024px) 100vw, 1024px\" \/>\t\t\t\t\t\t\t<\/a>\n\t\t\t\t\t\t<\/div>\n\t\t\t\t\t\t<div class=\"post-image-mask\">\n\t\t\t\t\t\t\t<span><\/span>\n\t\t\t\t\t\t<\/div>\n\t\t\t\t\t\t\t\t\t<\/figure>\n\t\t\t\n\t\t\t\t\t\t<div class=\"wd-post-date wd-style-with-bg\">\n\t\t\t\t<span class=\"post-date-day\">\n\t\t\t\t\t24\t\t\t\t<\/span>\n\t\t\t\t<span class=\"post-date-month\">\n\t\t\t\t\tLis\t\t\t\t<\/span>\n\t\t\t<\/div>\n\t\t\t\t<\/header>\n\n\t\t<div class=\"article-body-container\">\n\t\t\t\t\t\t\t<div class=\"meta-categories-wrapp\">\n\t\t\t\t\t<div class=\"meta-post-categories wd-post-cat wd-style-with-bg\">\n\t\t\t\t\t\t<a href=\"https:\/\/klimavex.eu\/cz\/category\/novinky\/\" rel=\"category tag\">Novinky<\/a>\t\t\t\t\t<\/div>\n\t\t\t\t<\/div>\n\t\t\t\n\t\t\t\t\t\t\t<h3 class=\"wd-entities-title title post-title\">\n\t\t\t\t\t<a href=\"https:\/\/klimavex.eu\/cz\/hyundai-hvac\/\" rel=\"bookmark\">Zna\u010dka Hyundai vstupuje na trh HVAC<\/a>\n\t\t\t\t<\/h3>\n\t\t\t\n\t\t\t\t\t\t\t<div class=\"entry-meta wd-entry-meta\">\n\t\t\t\t\t\t\t\t<ul class=\"entry-meta-list\">\n\t\t\t\t\t\t\t\t\t<li class=\"modified-date\">\n\t\t\t\t\t\t\t\t<time class=\"updated\" datetime=\"2025-01-16T13:03:54+01:00\">\n\t\t\t16 ledna, 2025\t\t<\/time>\n\t\t\t\t\t\t\t<\/li>\n\n\t\t\t\t\t\n\t\t\t\t\t\t\t\t\t\t\t<li class=\"meta-author\">\n\t\t\t\t\t\t\t\t\t\t\t\t<span>Podle<\/span>\n\t\t\n\t\t\t\t\t<img loading=\"lazy\" decoding=\"async\" src=\"https:\/\/klimavex.eu\/cz\/wp-content\/plugins\/ultimate-member\/assets\/img\/default_avatar.jpg\" class=\"gravatar avatar avatar-32 um-avatar um-avatar-default\" width=\"32\" height=\"32\" alt=\"Igor Gabrik\" data-default=\"https:\/\/klimavex.eu\/cz\/wp-content\/plugins\/ultimate-member\/assets\/img\/default_avatar.jpg\" onerror=\"if ( ! this.getAttribute('data-load-error') ){ this.setAttribute('data-load-error', '1');this.setAttribute('src', this.getAttribute('data-default'));}\" loading=\"lazy\" \/>\t\t\n\t\t<a href=\"https:\/\/klimavex.eu\/cz\/author\/igorgabrikgmail-com\/\" class=\"author\" rel=\"author\">admin<\/a>\n\t\t\t\t\t\t\t\t<\/li>\n\t\t\t\t\t\n\t\t\t\t\t\n\t\t\t\t\t\t\t\t\t\t\t\t<\/ul>\n\t\t\t\t\t\t<\/div>\n\t\t\t\t\t\t\t\t\t<div class=\"hovered-social-icons wd-tltp\">\n\t\t\t\t\t\t<div class=\"tooltip top\">\n\t\t\t\t\t\t\t<div class=\"tooltip-arrow\"><\/div>\n\t\t\t\t\t\t\t<div class=\"tooltip-inner\">\n\t\t\t\t\t\t\t\t\t\t\t<div id=\"\" class=\" wd-social-icons wd-style-default wd-size-small social-share wd-shape-circle color-scheme-light text-center\">\n\t\t\t\t\n\t\t\t\t\n\t\t\t\t\t\t\t\t\t<a rel=\"noopener noreferrer nofollow\" href=\"https:\/\/www.facebook.com\/sharer\/sharer.php?u=https:\/\/klimavex.eu\/cz\/hyundai-hvac\/\" target=\"_blank\" class=\" wd-social-icon social-facebook\" aria-label=\"Facebook soci\u00e1ln\u00ed odkaz\">\n\t\t\t\t\t\t<span class=\"wd-icon\"><\/span>\n\t\t\t\t\t\t\t\t\t\t\t<\/a>\n\t\t\t\t\n\t\t\t\t\t\t\t\t\t<a rel=\"noopener noreferrer nofollow\" href=\"https:\/\/x.com\/share?url=https:\/\/klimavex.eu\/cz\/hyundai-hvac\/\" target=\"_blank\" class=\" wd-social-icon social-twitter\" aria-label=\"X social link\">\n\t\t\t\t\t\t<span class=\"wd-icon\"><\/span>\n\t\t\t\t\t\t\t\t\t\t\t<\/a>\n\t\t\t\t\n\t\t\t\t\n\t\t\t\t\n\t\t\t\t\n\t\t\t\t\t\t\t\t\t<a rel=\"noopener noreferrer nofollow\" href=\"https:\/\/pinterest.com\/pin\/create\/button\/?url=https:\/\/klimavex.eu\/cz\/hyundai-hvac\/&media=https:\/\/klimavex.eu\/cz\/wp-content\/uploads\/2023\/11\/Hyundai-vstupuje-na-trh.png&description=Zna%C4%8Dka+Hyundai+vstupuje+na+trh+HVAC\" target=\"_blank\" class=\" wd-social-icon social-pinterest\" aria-label=\"Pinterest soci\u00e1ln\u00ed odkaz\">\n\t\t\t\t\t\t<span class=\"wd-icon\"><\/span>\n\t\t\t\t\t\t\t\t\t\t\t<\/a>\n\t\t\t\t\n\t\t\t\t\n\t\t\t\t\t\t\t\t\t<a rel=\"noopener noreferrer nofollow\" href=\"https:\/\/www.linkedin.com\/shareArticle?mini=true&url=https:\/\/klimavex.eu\/cz\/hyundai-hvac\/\" target=\"_blank\" class=\" wd-social-icon social-linkedin\" aria-label=\"Linkedin soci\u00e1ln\u00ed odkaz\">\n\t\t\t\t\t\t<span class=\"wd-icon\"><\/span>\n\t\t\t\t\t\t\t\t\t\t\t<\/a>\n\t\t\t\t\n\t\t\t\t\n\t\t\t\t\n\t\t\t\t\n\t\t\t\t\n\t\t\t\t\n\t\t\t\t\n\t\t\t\t\n\t\t\t\t\n\t\t\t\t\n\t\t\t\t\n\t\t\t\t\n\t\t\t\t\n\t\t\t\t\n\t\t\t\t\n\t\t\t\t\n\t\t\t\t\t\t\t\t\t<a rel=\"noopener noreferrer nofollow\" href=\"https:\/\/telegram.me\/share\/url?url=https:\/\/klimavex.eu\/cz\/hyundai-hvac\/\" target=\"_blank\" class=\" wd-social-icon social-tg\" aria-label=\"Telegram soci\u00e1ln\u00ed odkaz\">\n\t\t\t\t\t\t<span class=\"wd-icon\"><\/span>\n\t\t\t\t\t\t\t\t\t\t\t<\/a>\n\t\t\t\t\n\t\t\t\t\n\t\t\t<\/div>\n\n\t\t\t\t\t\t\t\t\t<\/div>\n\t\t\t\t\t\t<\/div>\n\t\t\t\t\t<\/div>\n\t\t\t\t\t\t\t\n\t\t\t\t\t\t\t\t\t\t\t\t<div class=\"entry-content wd-post-desc\">\n\t\t\t\t\t\t<p>Tepeln\u00e1 \u010derpadla, rekupera\u010dn\u00ed jednotky a tak\u00e9 klimatizace &#8211; v\u0161echny tyto produkty nab\u00edz\u00ed spole\u010dnost Hyundai pro \u010desk\u00e9 a slovensk\u00e9 dom\u00e1cnosti. Nechte Hyundai zdokonalit V\u00e1\u0161 sv\u011bt.<\/p>\n\t\t\t\t\t<\/div>\n\t\t\t\t\n\t\t\t\t\t\t\t\t\t\t\t\t\t\t<p class=\"read-more-section\">\n\t\t\t\t\t\t<a class=\"btn-read-more more-link\" href=\"https:\/\/klimavex.eu\/cz\/hyundai-hvac\/\">pokra\u010dovat ve \u010dten\u00ed<\/a>\t\t\t\t\t<\/p>\n\t\t\t\t\t\t\t\t\t\t\t\t\t<\/div>\n\t<\/div>\n<\/article>\n\n\t\t\t\t\n\t\t\t\t\t\t\t\t<\/div>\n\t\t\t\n\t\t\t\t\t\t\t\t\t\t<\/div>\n\t\t\t\t\t\t\t\t<\/div>\n\t\t\t\t<\/div>\n\t\t\t\t\t<\/div>\n\t\t\t\t<\/div>\n\t\t\t\t<\/div>\n\t\t\t\t\t\t\t\t\t\t\t\t\t<\/div>\n\n\t\t\t\t\t\t\t\t\t\t\t\t\t\t\n\t\t\t\t\t\n\t\t\t\t\t<div class=\"wd-tab-content wd-entry-content\">\n\t\t\t\t\t\t\t\t\t\t\t\t\t\t\t\t<link rel=\"stylesheet\" id=\"elementor-post-272809-css\" href=\"https:\/\/klimavex.eu\/cz\/wp-content\/uploads\/elementor\/css\/post-272809.css?ver=1732201174\" type=\"text\/css\" media=\"all\">\n\t\t\t\t\t<div data-elementor-type=\"wp-post\" data-elementor-id=\"272809\" class=\"elementor elementor-272809\" data-elementor-post-type=\"cms_block\">\n\t\t\t\t<div class=\"wd-negative-gap elementor-element elementor-element-b7c4eac e-flex e-con-boxed e-con e-parent\" data-id=\"b7c4eac\" data-element_type=\"container\">\n\t\t\t\t\t<div class=\"e-con-inner\">\n\t\t\t\t<div class=\"elementor-element elementor-element-6bf0d98 wd-width-100 elementor-widget elementor-widget-wd_blog\" data-id=\"6bf0d98\" data-element_type=\"widget\" data-widget_type=\"wd_blog.default\">\n\t\t\t\t<div class=\"elementor-widget-container\">\n\t\t\t\t\t\t\t\t\t\t<div class=\"wd-blog-element\">\n\t\t\t\t\t<div class=\"wd-posts wd-blog-holder wd-grid-g\" id=\"69f4d579d3195\" data-paged=\"1\" data-atts=\"{&quot;post_type&quot;:&quot;post&quot;,&quot;items_per_page&quot;:12,&quot;include&quot;:null,&quot;taxonomies&quot;:[&quot;5497&quot;],&quot;offset&quot;:&quot;&quot;,&quot;orderby&quot;:&quot;date&quot;,&quot;order&quot;:&quot;DESC&quot;,&quot;meta_key&quot;:null,&quot;exclude&quot;:[&quot;369739&quot;],&quot;parts_media&quot;:true,&quot;parts_title&quot;:&quot;1&quot;,&quot;parts_meta&quot;:&quot;1&quot;,&quot;parts_text&quot;:&quot;1&quot;,&quot;parts_btn&quot;:&quot;1&quot;,&quot;img_size&quot;:&quot;large&quot;,&quot;blog_design&quot;:&quot;small-images&quot;,&quot;blog_carousel_design&quot;:null,&quot;blog_columns&quot;:null,&quot;blog_columns_tablet&quot;:{&quot;size&quot;:&quot;&quot;},&quot;blog_columns_mobile&quot;:{&quot;size&quot;:&quot;&quot;},&quot;blog_spacing&quot;:null,&quot;blog_spacing_tablet&quot;:&quot;&quot;,&quot;blog_spacing_mobile&quot;:&quot;&quot;,&quot;pagination&quot;:&quot;infinit&quot;,&quot;speed&quot;:null,&quot;slides_per_view&quot;:null,&quot;slides_per_view_tablet&quot;:{&quot;size&quot;:&quot;&quot;},&quot;slides_per_view_mobile&quot;:{&quot;size&quot;:&quot;&quot;},&quot;wrap&quot;:null,&quot;autoplay&quot;:null,&quot;hide_pagination_control&quot;:null,&quot;hide_prev_next_buttons&quot;:null,&quot;scroll_per_page&quot;:null,&quot;lazy_loading&quot;:&quot;yes&quot;,&quot;scroll_carousel_init&quot;:null,&quot;ajax_page&quot;:&quot;&quot;,&quot;custom_sizes&quot;:false,&quot;elementor&quot;:true}\" data-source=\"shortcode\">\n\t\t\t\n\t\t\t\t\t\t\t\t\t\t\t\t\t\t\n<article id=\"post-569523\" class=\"wd-post blog-design-small-images blog-post-loop blog-style-bg wd-add-shadow wd-col post-569523 post type-post status-publish format-standard has-post-thumbnail hentry category-ventilatory category-klimatizace category-rekuperacni-jednotky category-tepelna-cerpadla category-odvlhcovace category-novinky tag-novinky-blog tag-rekuperacie-blog tag-tepelna-cerpadla-blog tag-klimatizace-blog tag-ventilatory-blog tag-odvlhcovace-blog\">\n\t<div class=\"article-inner\">\n\t\t<header class=\"entry-header\">\n\t\t\t\t\t\t\t<figure class=\"entry-thumbnail\">\n\t\t\t\t\t\t\t\t\t\t\t<div class=\"post-img-wrapp\">\n\t\t\t\t\t\t\t<a href=\"https:\/\/klimavex.eu\/cz\/komplexni-sluzby-klimavex\/\">\n\t\t\t\t\t\t\t\t<img fetchpriority=\"high\" decoding=\"async\" width=\"1024\" height=\"576\" src=\"https:\/\/klimavex.eu\/cz\/wp-content\/uploads\/2025\/11\/CZ-1024x576.png\" class=\"attachment-large size-large\" alt=\"\" srcset=\"https:\/\/klimavex.eu\/cz\/wp-content\/uploads\/2025\/11\/CZ-1024x576.png 1024w, https:\/\/klimavex.eu\/cz\/wp-content\/uploads\/2025\/11\/CZ-300x169.png 300w, https:\/\/klimavex.eu\/cz\/wp-content\/uploads\/2025\/11\/CZ-768x432.png 768w, https:\/\/klimavex.eu\/cz\/wp-content\/uploads\/2025\/11\/CZ-20x11.png 20w, https:\/\/klimavex.eu\/cz\/wp-content\/uploads\/2025\/11\/CZ-600x338.png 600w, https:\/\/klimavex.eu\/cz\/wp-content\/uploads\/2025\/11\/CZ-150x84.png 150w, https:\/\/klimavex.eu\/cz\/wp-content\/uploads\/2025\/11\/CZ.png 1280w\" sizes=\"(max-width: 1024px) 100vw, 1024px\" \/>\t\t\t\t\t\t\t<\/a>\n\t\t\t\t\t\t<\/div>\n\t\t\t\t\t\t<div class=\"post-image-mask\">\n\t\t\t\t\t\t\t<span><\/span>\n\t\t\t\t\t\t<\/div>\n\t\t\t\t\t\t\t\t\t<\/figure>\n\t\t\t\n\t\t\t\t\t\t<div class=\"wd-post-date wd-style-with-bg\">\n\t\t\t\t<span class=\"post-date-day\">\n\t\t\t\t\t27\t\t\t\t<\/span>\n\t\t\t\t<span class=\"post-date-month\">\n\t\t\t\t\tLis\t\t\t\t<\/span>\n\t\t\t<\/div>\n\t\t\t\t<\/header>\n\n\t\t<div class=\"article-body-container\">\n\t\t\t\t\t\t\t<div class=\"meta-categories-wrapp\">\n\t\t\t\t\t<div class=\"meta-post-categories wd-post-cat wd-style-with-bg\">\n\t\t\t\t\t\t<a href=\"https:\/\/klimavex.eu\/cz\/category\/ventilatory\/\" rel=\"category tag\">Ventil\u00e1tory<\/a>, <a href=\"https:\/\/klimavex.eu\/cz\/category\/klimatizace\/\" rel=\"category tag\">Klimatizace<\/a>, <a href=\"https:\/\/klimavex.eu\/cz\/category\/rekuperacni-jednotky\/\" rel=\"category tag\">Rekupera\u010dn\u00ed jednotky<\/a>, <a href=\"https:\/\/klimavex.eu\/cz\/category\/tepelna-cerpadla\/\" rel=\"category tag\">Tepeln\u00e1 \u010derpadla<\/a>, <a href=\"https:\/\/klimavex.eu\/cz\/category\/odvlhcovace\/\" rel=\"category tag\">Odvlh\u010dova\u010de<\/a>, <a href=\"https:\/\/klimavex.eu\/cz\/category\/novinky\/\" rel=\"category tag\">Novinky<\/a>\t\t\t\t\t<\/div>\n\t\t\t\t<\/div>\n\t\t\t\n\t\t\t\t\t\t\t<h3 class=\"wd-entities-title title post-title\">\n\t\t\t\t\t<a href=\"https:\/\/klimavex.eu\/cz\/komplexni-sluzby-klimavex\/\" rel=\"bookmark\">Komplexn\u00ed slu\u017eby KLIMAVEX<\/a>\n\t\t\t\t<\/h3>\n\t\t\t\n\t\t\t\t\t\t\t<div class=\"entry-meta wd-entry-meta\">\n\t\t\t\t\t\t\t\t<ul class=\"entry-meta-list\">\n\t\t\t\t\t\t\t\t\t<li class=\"modified-date\">\n\t\t\t\t\t\t\t\t<time class=\"updated\" datetime=\"2025-11-27T14:52:38+01:00\">\n\t\t\t27 listopadu, 2025\t\t<\/time>\n\t\t\t\t\t\t\t<\/li>\n\n\t\t\t\t\t\n\t\t\t\t\t\t\t\t\t\t\t<li class=\"meta-author\">\n\t\t\t\t\t\t\t\t\t\t\t\t<span>Podle<\/span>\n\t\t\n\t\t\t\t\t<img loading=\"lazy\" decoding=\"async\" src=\"https:\/\/klimavex.eu\/cz\/wp-content\/plugins\/ultimate-member\/assets\/img\/default_avatar.jpg\" class=\"gravatar avatar avatar-32 um-avatar um-avatar-default\" width=\"32\" height=\"32\" alt=\"Marketing KLIMAVEX\" data-default=\"https:\/\/klimavex.eu\/cz\/wp-content\/plugins\/ultimate-member\/assets\/img\/default_avatar.jpg\" onerror=\"if ( ! this.getAttribute('data-load-error') ){ this.setAttribute('data-load-error', '1');this.setAttribute('src', this.getAttribute('data-default'));}\" loading=\"lazy\" \/>\t\t\n\t\t<a href=\"https:\/\/klimavex.eu\/cz\/author\/marketing\/\" class=\"author\" rel=\"author\">Marketing KLIMAVEX<\/a>\n\t\t\t\t\t\t\t\t<\/li>\n\t\t\t\t\t\n\t\t\t\t\t\n\t\t\t\t\t\t\t\t\t\t\t<li class=\"meta-reply\">\n\t\t\t\t\t\t\t<a href=\"https:\/\/klimavex.eu\/cz\/komplexni-sluzby-klimavex\/#respond\"><span class=\"replies-count\">0<\/span> <span class=\"replies-count-label\">koment\u00e1\u0159e<\/span><\/a>\t\t\t\t\t\t<\/li>\n\t\t\t\t\t\t\t\t\t\t\t\t<\/ul>\n\t\t\t\t\t\t<\/div>\n\t\t\t\t\t\t\t\t\t<div class=\"hovered-social-icons wd-tltp\">\n\t\t\t\t\t\t<div class=\"tooltip top\">\n\t\t\t\t\t\t\t<div class=\"tooltip-arrow\"><\/div>\n\t\t\t\t\t\t\t<div class=\"tooltip-inner\">\n\t\t\t\t\t\t\t\t\t\t\t<div id=\"\" class=\" wd-social-icons wd-style-default wd-size-small social-share wd-shape-circle color-scheme-light text-center\">\n\t\t\t\t\n\t\t\t\t\n\t\t\t\t\t\t\t\t\t<a rel=\"noopener noreferrer nofollow\" href=\"https:\/\/www.facebook.com\/sharer\/sharer.php?u=https:\/\/klimavex.eu\/cz\/komplexni-sluzby-klimavex\/\" target=\"_blank\" class=\" wd-social-icon social-facebook\" aria-label=\"Facebook soci\u00e1ln\u00ed odkaz\">\n\t\t\t\t\t\t<span class=\"wd-icon\"><\/span>\n\t\t\t\t\t\t\t\t\t\t\t<\/a>\n\t\t\t\t\n\t\t\t\t\t\t\t\t\t<a rel=\"noopener noreferrer nofollow\" href=\"https:\/\/x.com\/share?url=https:\/\/klimavex.eu\/cz\/komplexni-sluzby-klimavex\/\" target=\"_blank\" class=\" wd-social-icon social-twitter\" aria-label=\"X social link\">\n\t\t\t\t\t\t<span class=\"wd-icon\"><\/span>\n\t\t\t\t\t\t\t\t\t\t\t<\/a>\n\t\t\t\t\n\t\t\t\t\n\t\t\t\t\n\t\t\t\t\n\t\t\t\t\t\t\t\t\t<a rel=\"noopener noreferrer nofollow\" href=\"https:\/\/pinterest.com\/pin\/create\/button\/?url=https:\/\/klimavex.eu\/cz\/komplexni-sluzby-klimavex\/&media=https:\/\/klimavex.eu\/cz\/wp-content\/uploads\/2025\/11\/CZ.png&description=Komplexn%C3%AD+slu%C5%BEby+KLIMAVEX\" target=\"_blank\" class=\" wd-social-icon social-pinterest\" aria-label=\"Pinterest soci\u00e1ln\u00ed odkaz\">\n\t\t\t\t\t\t<span class=\"wd-icon\"><\/span>\n\t\t\t\t\t\t\t\t\t\t\t<\/a>\n\t\t\t\t\n\t\t\t\t\n\t\t\t\t\t\t\t\t\t<a rel=\"noopener noreferrer nofollow\" href=\"https:\/\/www.linkedin.com\/shareArticle?mini=true&url=https:\/\/klimavex.eu\/cz\/komplexni-sluzby-klimavex\/\" target=\"_blank\" class=\" wd-social-icon social-linkedin\" aria-label=\"Linkedin soci\u00e1ln\u00ed odkaz\">\n\t\t\t\t\t\t<span class=\"wd-icon\"><\/span>\n\t\t\t\t\t\t\t\t\t\t\t<\/a>\n\t\t\t\t\n\t\t\t\t\n\t\t\t\t\n\t\t\t\t\n\t\t\t\t\n\t\t\t\t\n\t\t\t\t\n\t\t\t\t\n\t\t\t\t\n\t\t\t\t\n\t\t\t\t\n\t\t\t\t\n\t\t\t\t\n\t\t\t\t\n\t\t\t\t\n\t\t\t\t\n\t\t\t\t\t\t\t\t\t<a rel=\"noopener noreferrer nofollow\" href=\"https:\/\/telegram.me\/share\/url?url=https:\/\/klimavex.eu\/cz\/komplexni-sluzby-klimavex\/\" target=\"_blank\" class=\" wd-social-icon social-tg\" aria-label=\"Telegram soci\u00e1ln\u00ed odkaz\">\n\t\t\t\t\t\t<span class=\"wd-icon\"><\/span>\n\t\t\t\t\t\t\t\t\t\t\t<\/a>\n\t\t\t\t\n\t\t\t\t\n\t\t\t<\/div>\n\n\t\t\t\t\t\t\t\t\t<\/div>\n\t\t\t\t\t\t<\/div>\n\t\t\t\t\t<\/div>\n\t\t\t\t\t\t\t\n\t\t\t\t\t\t\t\t\t\t\t\t<div class=\"entry-content wd-post-desc\">\n\t\t\t\t\t\tKLIMAVEX: spolehliv\u00fd partner pro v\u0161echny Va\u0161e projekty\t\t\n\t\t\tSpole\u010dnost KLIMAVEX p\u016fsob\u00ed u\u017e v\u00edce ne\u017e 30 let jako\u00a0velkoobchodn\u00ed dodavatel ...\t\t\t\t\t<\/div>\n\t\t\t\t\n\t\t\t\t\t\t\t\t\t\t\t\t\t\t<p class=\"read-more-section\">\n\t\t\t\t\t\t<a class=\"btn-read-more more-link\" href=\"https:\/\/klimavex.eu\/cz\/komplexni-sluzby-klimavex\/\">pokra\u010dovat ve \u010dten\u00ed<\/a>\t\t\t\t\t<\/p>\n\t\t\t\t\t\t\t\t\t\t\t\t\t<\/div>\n\t<\/div>\n<\/article>\n\n\t\t\t\t\t\t\t\t\t\t\t\t\t\t\n<article id=\"post-556187\" class=\"wd-post blog-design-small-images blog-post-loop blog-style-bg wd-add-shadow wd-col post-556187 post type-post status-publish format-standard has-post-thumbnail hentry category-klimatizace category-novinky tag-klimatizace-blog tag-novinky-blog\">\n\t<div class=\"article-inner\">\n\t\t<header class=\"entry-header\">\n\t\t\t\t\t\t\t<figure class=\"entry-thumbnail\">\n\t\t\t\t\t\t\t\t\t\t\t<div class=\"post-img-wrapp\">\n\t\t\t\t\t\t\t<a href=\"https:\/\/klimavex.eu\/cz\/vrf-systemy-hyundai-spolehlive-chlazeni-a-vytapeni-komercnich-prostor-a-prumyslovych-hal\/\">\n\t\t\t\t\t\t\t\t<img loading=\"lazy\" decoding=\"async\" width=\"1024\" height=\"576\" src=\"https:\/\/klimavex.eu\/cz\/wp-content\/uploads\/2025\/09\/vrf1-1024x576.png\" class=\"attachment-large size-large\" alt=\"\" srcset=\"https:\/\/klimavex.eu\/cz\/wp-content\/uploads\/2025\/09\/vrf1-1024x576.png 1024w, https:\/\/klimavex.eu\/cz\/wp-content\/uploads\/2025\/09\/vrf1-300x169.png 300w, https:\/\/klimavex.eu\/cz\/wp-content\/uploads\/2025\/09\/vrf1-768x432.png 768w, https:\/\/klimavex.eu\/cz\/wp-content\/uploads\/2025\/09\/vrf1-1536x864.png 1536w, https:\/\/klimavex.eu\/cz\/wp-content\/uploads\/2025\/09\/vrf1-20x11.png 20w, https:\/\/klimavex.eu\/cz\/wp-content\/uploads\/2025\/09\/vrf1-600x338.png 600w, https:\/\/klimavex.eu\/cz\/wp-content\/uploads\/2025\/09\/vrf1-150x84.png 150w, https:\/\/klimavex.eu\/cz\/wp-content\/uploads\/2025\/09\/vrf1.png 1920w\" sizes=\"(max-width: 1024px) 100vw, 1024px\" \/>\t\t\t\t\t\t\t<\/a>\n\t\t\t\t\t\t<\/div>\n\t\t\t\t\t\t<div class=\"post-image-mask\">\n\t\t\t\t\t\t\t<span><\/span>\n\t\t\t\t\t\t<\/div>\n\t\t\t\t\t\t\t\t\t<\/figure>\n\t\t\t\n\t\t\t\t\t\t<div class=\"wd-post-date wd-style-with-bg\">\n\t\t\t\t<span class=\"post-date-day\">\n\t\t\t\t\t17\t\t\t\t<\/span>\n\t\t\t\t<span class=\"post-date-month\">\n\t\t\t\t\tZ\u00e1\u0159\t\t\t\t<\/span>\n\t\t\t<\/div>\n\t\t\t\t<\/header>\n\n\t\t<div class=\"article-body-container\">\n\t\t\t\t\t\t\t<div class=\"meta-categories-wrapp\">\n\t\t\t\t\t<div class=\"meta-post-categories wd-post-cat wd-style-with-bg\">\n\t\t\t\t\t\t<a href=\"https:\/\/klimavex.eu\/cz\/category\/klimatizace\/\" rel=\"category tag\">Klimatizace<\/a>, <a href=\"https:\/\/klimavex.eu\/cz\/category\/novinky\/\" rel=\"category tag\">Novinky<\/a>\t\t\t\t\t<\/div>\n\t\t\t\t<\/div>\n\t\t\t\n\t\t\t\t\t\t\t<h3 class=\"wd-entities-title title post-title\">\n\t\t\t\t\t<a href=\"https:\/\/klimavex.eu\/cz\/vrf-systemy-hyundai-spolehlive-chlazeni-a-vytapeni-komercnich-prostor-a-prumyslovych-hal\/\" rel=\"bookmark\">VRF syst\u00e9my Hyundai \u2013 spolehliv\u00e9 chlazen\u00ed a vyt\u00e1p\u011bn\u00ed komer\u010dn\u00edch prostor a pr\u016fmyslov\u00fdch hal<\/a>\n\t\t\t\t<\/h3>\n\t\t\t\n\t\t\t\t\t\t\t<div class=\"entry-meta wd-entry-meta\">\n\t\t\t\t\t\t\t\t<ul class=\"entry-meta-list\">\n\t\t\t\t\t\t\t\t\t<li class=\"modified-date\">\n\t\t\t\t\t\t\t\t<time class=\"updated\" datetime=\"2025-10-03T17:43:55+02:00\">\n\t\t\t3 \u0159\u00edjna, 2025\t\t<\/time>\n\t\t\t\t\t\t\t<\/li>\n\n\t\t\t\t\t\n\t\t\t\t\t\t\t\t\t\t\t<li class=\"meta-author\">\n\t\t\t\t\t\t\t\t\t\t\t\t<span>Podle<\/span>\n\t\t\n\t\t\t\t\t<img loading=\"lazy\" decoding=\"async\" src=\"https:\/\/klimavex.eu\/cz\/wp-content\/plugins\/ultimate-member\/assets\/img\/default_avatar.jpg\" class=\"gravatar avatar avatar-32 um-avatar um-avatar-default\" width=\"32\" height=\"32\" alt=\"Marketing KLIMAVEX\" data-default=\"https:\/\/klimavex.eu\/cz\/wp-content\/plugins\/ultimate-member\/assets\/img\/default_avatar.jpg\" onerror=\"if ( ! this.getAttribute('data-load-error') ){ this.setAttribute('data-load-error', '1');this.setAttribute('src', this.getAttribute('data-default'));}\" loading=\"lazy\" \/>\t\t\n\t\t<a href=\"https:\/\/klimavex.eu\/cz\/author\/marketing\/\" class=\"author\" rel=\"author\">Marketing KLIMAVEX<\/a>\n\t\t\t\t\t\t\t\t<\/li>\n\t\t\t\t\t\n\t\t\t\t\t\n\t\t\t\t\t\t\t\t\t\t\t<li class=\"meta-reply\">\n\t\t\t\t\t\t\t<a href=\"https:\/\/klimavex.eu\/cz\/vrf-systemy-hyundai-spolehlive-chlazeni-a-vytapeni-komercnich-prostor-a-prumyslovych-hal\/#respond\"><span class=\"replies-count\">0<\/span> <span class=\"replies-count-label\">koment\u00e1\u0159e<\/span><\/a>\t\t\t\t\t\t<\/li>\n\t\t\t\t\t\t\t\t\t\t\t\t<\/ul>\n\t\t\t\t\t\t<\/div>\n\t\t\t\t\t\t\t\t\t<div class=\"hovered-social-icons wd-tltp\">\n\t\t\t\t\t\t<div class=\"tooltip top\">\n\t\t\t\t\t\t\t<div class=\"tooltip-arrow\"><\/div>\n\t\t\t\t\t\t\t<div class=\"tooltip-inner\">\n\t\t\t\t\t\t\t\t\t\t\t<div id=\"\" class=\" wd-social-icons wd-style-default wd-size-small social-share wd-shape-circle color-scheme-light text-center\">\n\t\t\t\t\n\t\t\t\t\n\t\t\t\t\t\t\t\t\t<a rel=\"noopener noreferrer nofollow\" href=\"https:\/\/www.facebook.com\/sharer\/sharer.php?u=https:\/\/klimavex.eu\/cz\/vrf-systemy-hyundai-spolehlive-chlazeni-a-vytapeni-komercnich-prostor-a-prumyslovych-hal\/\" target=\"_blank\" class=\" wd-social-icon social-facebook\" aria-label=\"Facebook soci\u00e1ln\u00ed odkaz\">\n\t\t\t\t\t\t<span class=\"wd-icon\"><\/span>\n\t\t\t\t\t\t\t\t\t\t\t<\/a>\n\t\t\t\t\n\t\t\t\t\t\t\t\t\t<a rel=\"noopener noreferrer nofollow\" href=\"https:\/\/x.com\/share?url=https:\/\/klimavex.eu\/cz\/vrf-systemy-hyundai-spolehlive-chlazeni-a-vytapeni-komercnich-prostor-a-prumyslovych-hal\/\" target=\"_blank\" class=\" wd-social-icon social-twitter\" aria-label=\"X social link\">\n\t\t\t\t\t\t<span class=\"wd-icon\"><\/span>\n\t\t\t\t\t\t\t\t\t\t\t<\/a>\n\t\t\t\t\n\t\t\t\t\n\t\t\t\t\n\t\t\t\t\n\t\t\t\t\t\t\t\t\t<a rel=\"noopener noreferrer nofollow\" href=\"https:\/\/pinterest.com\/pin\/create\/button\/?url=https:\/\/klimavex.eu\/cz\/vrf-systemy-hyundai-spolehlive-chlazeni-a-vytapeni-komercnich-prostor-a-prumyslovych-hal\/&media=https:\/\/klimavex.eu\/cz\/wp-content\/uploads\/2025\/09\/vrf1.png&description=VRF+syst%C3%A9my+Hyundai+%E2%80%93+spolehliv%C3%A9+chlazen%C3%AD+a+vyt%C3%A1p%C4%9Bn%C3%AD+komer%C4%8Dn%C3%ADch+prostor+a+pr%C5%AFmyslov%C3%BDch+hal\" target=\"_blank\" class=\" wd-social-icon social-pinterest\" aria-label=\"Pinterest soci\u00e1ln\u00ed odkaz\">\n\t\t\t\t\t\t<span class=\"wd-icon\"><\/span>\n\t\t\t\t\t\t\t\t\t\t\t<\/a>\n\t\t\t\t\n\t\t\t\t\n\t\t\t\t\t\t\t\t\t<a rel=\"noopener noreferrer nofollow\" href=\"https:\/\/www.linkedin.com\/shareArticle?mini=true&url=https:\/\/klimavex.eu\/cz\/vrf-systemy-hyundai-spolehlive-chlazeni-a-vytapeni-komercnich-prostor-a-prumyslovych-hal\/\" target=\"_blank\" class=\" wd-social-icon social-linkedin\" aria-label=\"Linkedin soci\u00e1ln\u00ed odkaz\">\n\t\t\t\t\t\t<span class=\"wd-icon\"><\/span>\n\t\t\t\t\t\t\t\t\t\t\t<\/a>\n\t\t\t\t\n\t\t\t\t\n\t\t\t\t\n\t\t\t\t\n\t\t\t\t\n\t\t\t\t\n\t\t\t\t\n\t\t\t\t\n\t\t\t\t\n\t\t\t\t\n\t\t\t\t\n\t\t\t\t\n\t\t\t\t\n\t\t\t\t\n\t\t\t\t\n\t\t\t\t\n\t\t\t\t\t\t\t\t\t<a rel=\"noopener noreferrer nofollow\" href=\"https:\/\/telegram.me\/share\/url?url=https:\/\/klimavex.eu\/cz\/vrf-systemy-hyundai-spolehlive-chlazeni-a-vytapeni-komercnich-prostor-a-prumyslovych-hal\/\" target=\"_blank\" class=\" wd-social-icon social-tg\" aria-label=\"Telegram soci\u00e1ln\u00ed odkaz\">\n\t\t\t\t\t\t<span class=\"wd-icon\"><\/span>\n\t\t\t\t\t\t\t\t\t\t\t<\/a>\n\t\t\t\t\n\t\t\t\t\n\t\t\t<\/div>\n\n\t\t\t\t\t\t\t\t\t<\/div>\n\t\t\t\t\t\t<\/div>\n\t\t\t\t\t<\/div>\n\t\t\t\t\t\t\t\n\t\t\t\t\t\t\t\t\t\t\t\t<div class=\"entry-content wd-post-desc\">\n\t\t\t\t\t\tVRF syst\u00e9my Hyundai \u2013 spolehliv\u00e9 chlazen\u00ed a vyt\u00e1p\u011bn\u00ed komer\u010dn\u00edch prostor a pr\u016fmyslov\u00fdch hal\n\t\t\n\t\t\t\t\t\t\t\t\t\t\t\t\t\n\t\t\t\t\t\t \t\t\t\t\t\n\t\t\tSpole\u010dnost ...\t\t\t\t\t<\/div>\n\t\t\t\t\n\t\t\t\t\t\t\t\t\t\t\t\t\t\t<p class=\"read-more-section\">\n\t\t\t\t\t\t<a class=\"btn-read-more more-link\" href=\"https:\/\/klimavex.eu\/cz\/vrf-systemy-hyundai-spolehlive-chlazeni-a-vytapeni-komercnich-prostor-a-prumyslovych-hal\/\">pokra\u010dovat ve \u010dten\u00ed<\/a>\t\t\t\t\t<\/p>\n\t\t\t\t\t\t\t\t\t\t\t\t\t<\/div>\n\t<\/div>\n<\/article>\n\n\t\t\t\t\t\t\t\t\t\t\t\t\t\t\n<article id=\"post-470076\" class=\"wd-post blog-design-small-images blog-post-loop blog-style-bg wd-add-shadow wd-col post-470076 post type-post status-publish format-standard has-post-thumbnail hentry category-klimatizace category-novinky tag-klimatizace-blog tag-novinky-blog\">\n\t<div class=\"article-inner\">\n\t\t<header class=\"entry-header\">\n\t\t\t\t\t\t\t<figure class=\"entry-thumbnail\">\n\t\t\t\t\t\t\t\t\t\t\t<div class=\"post-img-wrapp\">\n\t\t\t\t\t\t\t<a href=\"https:\/\/klimavex.eu\/cz\/klimatizace-pro-vsechny-prilezitosti-airwell-xdaw\/\">\n\t\t\t\t\t\t\t\t<img loading=\"lazy\" decoding=\"async\" width=\"1024\" height=\"576\" src=\"https:\/\/klimavex.eu\/cz\/wp-content\/uploads\/2025\/08\/xdaw-nahled-1024x576.png\" class=\"attachment-large size-large\" alt=\"\" srcset=\"https:\/\/klimavex.eu\/cz\/wp-content\/uploads\/2025\/08\/xdaw-nahled-1024x576.png 1024w, https:\/\/klimavex.eu\/cz\/wp-content\/uploads\/2025\/08\/xdaw-nahled-300x169.png 300w, https:\/\/klimavex.eu\/cz\/wp-content\/uploads\/2025\/08\/xdaw-nahled-768x432.png 768w, https:\/\/klimavex.eu\/cz\/wp-content\/uploads\/2025\/08\/xdaw-nahled-1536x864.png 1536w, https:\/\/klimavex.eu\/cz\/wp-content\/uploads\/2025\/08\/xdaw-nahled-20x11.png 20w, https:\/\/klimavex.eu\/cz\/wp-content\/uploads\/2025\/08\/xdaw-nahled-600x338.png 600w, https:\/\/klimavex.eu\/cz\/wp-content\/uploads\/2025\/08\/xdaw-nahled-150x84.png 150w, https:\/\/klimavex.eu\/cz\/wp-content\/uploads\/2025\/08\/xdaw-nahled.png 1600w\" sizes=\"(max-width: 1024px) 100vw, 1024px\" \/>\t\t\t\t\t\t\t<\/a>\n\t\t\t\t\t\t<\/div>\n\t\t\t\t\t\t<div class=\"post-image-mask\">\n\t\t\t\t\t\t\t<span><\/span>\n\t\t\t\t\t\t<\/div>\n\t\t\t\t\t\t\t\t\t<\/figure>\n\t\t\t\n\t\t\t\t\t\t<div class=\"wd-post-date wd-style-with-bg\">\n\t\t\t\t<span class=\"post-date-day\">\n\t\t\t\t\t13\t\t\t\t<\/span>\n\t\t\t\t<span class=\"post-date-month\">\n\t\t\t\t\tSrp\t\t\t\t<\/span>\n\t\t\t<\/div>\n\t\t\t\t<\/header>\n\n\t\t<div class=\"article-body-container\">\n\t\t\t\t\t\t\t<div class=\"meta-categories-wrapp\">\n\t\t\t\t\t<div class=\"meta-post-categories wd-post-cat wd-style-with-bg\">\n\t\t\t\t\t\t<a href=\"https:\/\/klimavex.eu\/cz\/category\/klimatizace\/\" rel=\"category tag\">Klimatizace<\/a>, <a href=\"https:\/\/klimavex.eu\/cz\/category\/novinky\/\" rel=\"category tag\">Novinky<\/a>\t\t\t\t\t<\/div>\n\t\t\t\t<\/div>\n\t\t\t\n\t\t\t\t\t\t\t<h3 class=\"wd-entities-title title post-title\">\n\t\t\t\t\t<a href=\"https:\/\/klimavex.eu\/cz\/klimatizace-pro-vsechny-prilezitosti-airwell-xdaw\/\" rel=\"bookmark\">Klimatizace pro v\u0161echny p\u0159\u00edle\u017eitosti &#8211; Airwell XDAW<\/a>\n\t\t\t\t<\/h3>\n\t\t\t\n\t\t\t\t\t\t\t<div class=\"entry-meta wd-entry-meta\">\n\t\t\t\t\t\t\t\t<ul class=\"entry-meta-list\">\n\t\t\t\t\t\t\t\t\t<li class=\"modified-date\">\n\t\t\t\t\t\t\t\t<time class=\"updated\" datetime=\"2025-08-14T09:11:20+02:00\">\n\t\t\t14 srpna, 2025\t\t<\/time>\n\t\t\t\t\t\t\t<\/li>\n\n\t\t\t\t\t\n\t\t\t\t\t\t\t\t\t\t\t<li class=\"meta-author\">\n\t\t\t\t\t\t\t\t\t\t\t\t<span>Podle<\/span>\n\t\t\n\t\t\t\t\t<img loading=\"lazy\" decoding=\"async\" src=\"https:\/\/klimavex.eu\/cz\/wp-content\/plugins\/ultimate-member\/assets\/img\/default_avatar.jpg\" class=\"gravatar avatar avatar-32 um-avatar um-avatar-default\" width=\"32\" height=\"32\" alt=\"Marketing KLIMAVEX\" data-default=\"https:\/\/klimavex.eu\/cz\/wp-content\/plugins\/ultimate-member\/assets\/img\/default_avatar.jpg\" onerror=\"if ( ! this.getAttribute('data-load-error') ){ this.setAttribute('data-load-error', '1');this.setAttribute('src', this.getAttribute('data-default'));}\" loading=\"lazy\" \/>\t\t\n\t\t<a href=\"https:\/\/klimavex.eu\/cz\/author\/marketing\/\" class=\"author\" rel=\"author\">Marketing KLIMAVEX<\/a>\n\t\t\t\t\t\t\t\t<\/li>\n\t\t\t\t\t\n\t\t\t\t\t\n\t\t\t\t\t\t\t\t\t\t\t<li class=\"meta-reply\">\n\t\t\t\t\t\t\t<a href=\"https:\/\/klimavex.eu\/cz\/klimatizace-pro-vsechny-prilezitosti-airwell-xdaw\/#respond\"><span class=\"replies-count\">0<\/span> <span class=\"replies-count-label\">koment\u00e1\u0159e<\/span><\/a>\t\t\t\t\t\t<\/li>\n\t\t\t\t\t\t\t\t\t\t\t\t<\/ul>\n\t\t\t\t\t\t<\/div>\n\t\t\t\t\t\t\t\t\t<div class=\"hovered-social-icons wd-tltp\">\n\t\t\t\t\t\t<div class=\"tooltip top\">\n\t\t\t\t\t\t\t<div class=\"tooltip-arrow\"><\/div>\n\t\t\t\t\t\t\t<div class=\"tooltip-inner\">\n\t\t\t\t\t\t\t\t\t\t\t<div id=\"\" class=\" wd-social-icons wd-style-default wd-size-small social-share wd-shape-circle color-scheme-light text-center\">\n\t\t\t\t\n\t\t\t\t\n\t\t\t\t\t\t\t\t\t<a rel=\"noopener noreferrer nofollow\" href=\"https:\/\/www.facebook.com\/sharer\/sharer.php?u=https:\/\/klimavex.eu\/cz\/klimatizace-pro-vsechny-prilezitosti-airwell-xdaw\/\" target=\"_blank\" class=\" wd-social-icon social-facebook\" aria-label=\"Facebook soci\u00e1ln\u00ed odkaz\">\n\t\t\t\t\t\t<span class=\"wd-icon\"><\/span>\n\t\t\t\t\t\t\t\t\t\t\t<\/a>\n\t\t\t\t\n\t\t\t\t\t\t\t\t\t<a rel=\"noopener noreferrer nofollow\" href=\"https:\/\/x.com\/share?url=https:\/\/klimavex.eu\/cz\/klimatizace-pro-vsechny-prilezitosti-airwell-xdaw\/\" target=\"_blank\" class=\" wd-social-icon social-twitter\" aria-label=\"X social link\">\n\t\t\t\t\t\t<span class=\"wd-icon\"><\/span>\n\t\t\t\t\t\t\t\t\t\t\t<\/a>\n\t\t\t\t\n\t\t\t\t\n\t\t\t\t\n\t\t\t\t\n\t\t\t\t\t\t\t\t\t<a rel=\"noopener noreferrer nofollow\" href=\"https:\/\/pinterest.com\/pin\/create\/button\/?url=https:\/\/klimavex.eu\/cz\/klimatizace-pro-vsechny-prilezitosti-airwell-xdaw\/&media=https:\/\/klimavex.eu\/cz\/wp-content\/uploads\/2025\/08\/xdaw-nahled.png&description=Klimatizace+pro+v%C5%A1echny+p%C5%99%C3%ADle%C5%BEitosti+%26%238211%3B+Airwell+XDAW\" target=\"_blank\" class=\" wd-social-icon social-pinterest\" aria-label=\"Pinterest soci\u00e1ln\u00ed odkaz\">\n\t\t\t\t\t\t<span class=\"wd-icon\"><\/span>\n\t\t\t\t\t\t\t\t\t\t\t<\/a>\n\t\t\t\t\n\t\t\t\t\n\t\t\t\t\t\t\t\t\t<a rel=\"noopener noreferrer nofollow\" href=\"https:\/\/www.linkedin.com\/shareArticle?mini=true&url=https:\/\/klimavex.eu\/cz\/klimatizace-pro-vsechny-prilezitosti-airwell-xdaw\/\" target=\"_blank\" class=\" wd-social-icon social-linkedin\" aria-label=\"Linkedin soci\u00e1ln\u00ed odkaz\">\n\t\t\t\t\t\t<span class=\"wd-icon\"><\/span>\n\t\t\t\t\t\t\t\t\t\t\t<\/a>\n\t\t\t\t\n\t\t\t\t\n\t\t\t\t\n\t\t\t\t\n\t\t\t\t\n\t\t\t\t\n\t\t\t\t\n\t\t\t\t\n\t\t\t\t\n\t\t\t\t\n\t\t\t\t\n\t\t\t\t\n\t\t\t\t\n\t\t\t\t\n\t\t\t\t\n\t\t\t\t\n\t\t\t\t\t\t\t\t\t<a rel=\"noopener noreferrer nofollow\" href=\"https:\/\/telegram.me\/share\/url?url=https:\/\/klimavex.eu\/cz\/klimatizace-pro-vsechny-prilezitosti-airwell-xdaw\/\" target=\"_blank\" class=\" wd-social-icon social-tg\" aria-label=\"Telegram soci\u00e1ln\u00ed odkaz\">\n\t\t\t\t\t\t<span class=\"wd-icon\"><\/span>\n\t\t\t\t\t\t\t\t\t\t\t<\/a>\n\t\t\t\t\n\t\t\t\t\n\t\t\t<\/div>\n\n\t\t\t\t\t\t\t\t\t<\/div>\n\t\t\t\t\t\t<\/div>\n\t\t\t\t\t<\/div>\n\t\t\t\t\t\t\t\n\t\t\t\t\t\t\t\t\t\t\t\t<div class=\"entry-content wd-post-desc\">\n\t\t\t\t\t\tKlimatizace pro v\u0161echny p\u0159\u00edle\u017eitosti - Airwell XDAW\t\t\n\t\t\t\t\t\t\t\t\t\t\t\t\t\n\t\t\tZapome\u0148te na velk\u00e9 venkovn\u00ed jednotky, vrt\u00e1n\u00ed kilometr\u016f trubek a ...\t\t\t\t\t<\/div>\n\t\t\t\t\n\t\t\t\t\t\t\t\t\t\t\t\t\t\t<p class=\"read-more-section\">\n\t\t\t\t\t\t<a class=\"btn-read-more more-link\" href=\"https:\/\/klimavex.eu\/cz\/klimatizace-pro-vsechny-prilezitosti-airwell-xdaw\/\">pokra\u010dovat ve \u010dten\u00ed<\/a>\t\t\t\t\t<\/p>\n\t\t\t\t\t\t\t\t\t\t\t\t\t<\/div>\n\t<\/div>\n<\/article>\n\n\t\t\t\t\t\t\t\t\t\t\t\t\t\t\n<article id=\"post-374642\" class=\"wd-post blog-design-small-images blog-post-loop blog-style-bg wd-add-shadow wd-col post-374642 post type-post status-publish format-standard has-post-thumbnail hentry category-ventilatory category-novinky category-rekuperacni-jednotky category-tepelna-cerpadla category-odvlhcovace category-klimatizace tag-tepelna-cerpadla-blog tag-klimatizace-blog tag-novinky-blog tag-ventilatory-blog tag-odvlhcovace-blog tag-rekuperacie-blog\">\n\t<div class=\"article-inner\">\n\t\t<header class=\"entry-header\">\n\t\t\t\t\t\t\t<figure class=\"entry-thumbnail\">\n\t\t\t\t\t\t\t\t\t\t\t<div class=\"post-img-wrapp\">\n\t\t\t\t\t\t\t<a href=\"https:\/\/klimavex.eu\/cz\/co-je-to-hvac\/\">\n\t\t\t\t\t\t\t\t<img loading=\"lazy\" decoding=\"async\" width=\"1024\" height=\"576\" src=\"https:\/\/klimavex.eu\/cz\/wp-content\/uploads\/2025\/03\/hvac-1024x576.png\" class=\"attachment-large size-large\" alt=\"hvac\" srcset=\"https:\/\/klimavex.eu\/cz\/wp-content\/uploads\/2025\/03\/hvac-1024x576.png 1024w, https:\/\/klimavex.eu\/cz\/wp-content\/uploads\/2025\/03\/hvac-300x169.png 300w, https:\/\/klimavex.eu\/cz\/wp-content\/uploads\/2025\/03\/hvac-768x432.png 768w, https:\/\/klimavex.eu\/cz\/wp-content\/uploads\/2025\/03\/hvac-1536x864.png 1536w, https:\/\/klimavex.eu\/cz\/wp-content\/uploads\/2025\/03\/hvac-20x11.png 20w, https:\/\/klimavex.eu\/cz\/wp-content\/uploads\/2025\/03\/hvac-600x338.png 600w, https:\/\/klimavex.eu\/cz\/wp-content\/uploads\/2025\/03\/hvac-150x84.png 150w, https:\/\/klimavex.eu\/cz\/wp-content\/uploads\/2025\/03\/hvac.png 1920w\" sizes=\"(max-width: 1024px) 100vw, 1024px\" \/>\t\t\t\t\t\t\t<\/a>\n\t\t\t\t\t\t<\/div>\n\t\t\t\t\t\t<div class=\"post-image-mask\">\n\t\t\t\t\t\t\t<span><\/span>\n\t\t\t\t\t\t<\/div>\n\t\t\t\t\t\t\t\t\t<\/figure>\n\t\t\t\n\t\t\t\t\t\t<div class=\"wd-post-date wd-style-with-bg\">\n\t\t\t\t<span class=\"post-date-day\">\n\t\t\t\t\t02\t\t\t\t<\/span>\n\t\t\t\t<span class=\"post-date-month\">\n\t\t\t\t\tDub\t\t\t\t<\/span>\n\t\t\t<\/div>\n\t\t\t\t<\/header>\n\n\t\t<div class=\"article-body-container\">\n\t\t\t\t\t\t\t<div class=\"meta-categories-wrapp\">\n\t\t\t\t\t<div class=\"meta-post-categories wd-post-cat wd-style-with-bg\">\n\t\t\t\t\t\t<a href=\"https:\/\/klimavex.eu\/cz\/category\/ventilatory\/\" rel=\"category tag\">Ventil\u00e1tory<\/a>, <a href=\"https:\/\/klimavex.eu\/cz\/category\/novinky\/\" rel=\"category tag\">Novinky<\/a>, <a href=\"https:\/\/klimavex.eu\/cz\/category\/rekuperacni-jednotky\/\" rel=\"category tag\">Rekupera\u010dn\u00ed jednotky<\/a>, <a href=\"https:\/\/klimavex.eu\/cz\/category\/tepelna-cerpadla\/\" rel=\"category tag\">Tepeln\u00e1 \u010derpadla<\/a>, <a href=\"https:\/\/klimavex.eu\/cz\/category\/odvlhcovace\/\" rel=\"category tag\">Odvlh\u010dova\u010de<\/a>, <a href=\"https:\/\/klimavex.eu\/cz\/category\/klimatizace\/\" rel=\"category tag\">Klimatizace<\/a>\t\t\t\t\t<\/div>\n\t\t\t\t<\/div>\n\t\t\t\n\t\t\t\t\t\t\t<h3 class=\"wd-entities-title title post-title\">\n\t\t\t\t\t<a href=\"https:\/\/klimavex.eu\/cz\/co-je-to-hvac\/\" rel=\"bookmark\">Co je to HVAC?<\/a>\n\t\t\t\t<\/h3>\n\t\t\t\n\t\t\t\t\t\t\t<div class=\"entry-meta wd-entry-meta\">\n\t\t\t\t\t\t\t\t<ul class=\"entry-meta-list\">\n\t\t\t\t\t\t\t\t\t<li class=\"modified-date\">\n\t\t\t\t\t\t\t\t<time class=\"updated\" datetime=\"2025-04-02T08:57:17+02:00\">\n\t\t\t2 dubna, 2025\t\t<\/time>\n\t\t\t\t\t\t\t<\/li>\n\n\t\t\t\t\t\n\t\t\t\t\t\t\t\t\t\t\t<li class=\"meta-author\">\n\t\t\t\t\t\t\t\t\t\t\t\t<span>Podle<\/span>\n\t\t\n\t\t\t\t\t<img loading=\"lazy\" decoding=\"async\" src=\"https:\/\/klimavex.eu\/cz\/wp-content\/plugins\/ultimate-member\/assets\/img\/default_avatar.jpg\" class=\"gravatar avatar avatar-32 um-avatar um-avatar-default\" width=\"32\" height=\"32\" alt=\"Marketing KLIMAVEX\" data-default=\"https:\/\/klimavex.eu\/cz\/wp-content\/plugins\/ultimate-member\/assets\/img\/default_avatar.jpg\" onerror=\"if ( ! this.getAttribute('data-load-error') ){ this.setAttribute('data-load-error', '1');this.setAttribute('src', this.getAttribute('data-default'));}\" loading=\"lazy\" \/>\t\t\n\t\t<a href=\"https:\/\/klimavex.eu\/cz\/author\/marketing\/\" class=\"author\" rel=\"author\">Marketing KLIMAVEX<\/a>\n\t\t\t\t\t\t\t\t<\/li>\n\t\t\t\t\t\n\t\t\t\t\t\n\t\t\t\t\t\t\t\t\t\t\t<li class=\"meta-reply\">\n\t\t\t\t\t\t\t<a href=\"https:\/\/klimavex.eu\/cz\/co-je-to-hvac\/#respond\"><span class=\"replies-count\">0<\/span> <span class=\"replies-count-label\">koment\u00e1\u0159e<\/span><\/a>\t\t\t\t\t\t<\/li>\n\t\t\t\t\t\t\t\t\t\t\t\t<\/ul>\n\t\t\t\t\t\t<\/div>\n\t\t\t\t\t\t\t\t\t<div class=\"hovered-social-icons wd-tltp\">\n\t\t\t\t\t\t<div class=\"tooltip top\">\n\t\t\t\t\t\t\t<div class=\"tooltip-arrow\"><\/div>\n\t\t\t\t\t\t\t<div class=\"tooltip-inner\">\n\t\t\t\t\t\t\t\t\t\t\t<div id=\"\" class=\" wd-social-icons wd-style-default wd-size-small social-share wd-shape-circle color-scheme-light text-center\">\n\t\t\t\t\n\t\t\t\t\n\t\t\t\t\t\t\t\t\t<a rel=\"noopener noreferrer nofollow\" href=\"https:\/\/www.facebook.com\/sharer\/sharer.php?u=https:\/\/klimavex.eu\/cz\/co-je-to-hvac\/\" target=\"_blank\" class=\" wd-social-icon social-facebook\" aria-label=\"Facebook soci\u00e1ln\u00ed odkaz\">\n\t\t\t\t\t\t<span class=\"wd-icon\"><\/span>\n\t\t\t\t\t\t\t\t\t\t\t<\/a>\n\t\t\t\t\n\t\t\t\t\t\t\t\t\t<a rel=\"noopener noreferrer nofollow\" href=\"https:\/\/x.com\/share?url=https:\/\/klimavex.eu\/cz\/co-je-to-hvac\/\" target=\"_blank\" class=\" wd-social-icon social-twitter\" aria-label=\"X social link\">\n\t\t\t\t\t\t<span class=\"wd-icon\"><\/span>\n\t\t\t\t\t\t\t\t\t\t\t<\/a>\n\t\t\t\t\n\t\t\t\t\n\t\t\t\t\n\t\t\t\t\n\t\t\t\t\t\t\t\t\t<a rel=\"noopener noreferrer nofollow\" href=\"https:\/\/pinterest.com\/pin\/create\/button\/?url=https:\/\/klimavex.eu\/cz\/co-je-to-hvac\/&media=https:\/\/klimavex.eu\/cz\/wp-content\/uploads\/2025\/03\/hvac.png&description=Co+je+to+HVAC%3F\" target=\"_blank\" class=\" wd-social-icon social-pinterest\" aria-label=\"Pinterest soci\u00e1ln\u00ed odkaz\">\n\t\t\t\t\t\t<span class=\"wd-icon\"><\/span>\n\t\t\t\t\t\t\t\t\t\t\t<\/a>\n\t\t\t\t\n\t\t\t\t\n\t\t\t\t\t\t\t\t\t<a rel=\"noopener noreferrer nofollow\" href=\"https:\/\/www.linkedin.com\/shareArticle?mini=true&url=https:\/\/klimavex.eu\/cz\/co-je-to-hvac\/\" target=\"_blank\" class=\" wd-social-icon social-linkedin\" aria-label=\"Linkedin soci\u00e1ln\u00ed odkaz\">\n\t\t\t\t\t\t<span class=\"wd-icon\"><\/span>\n\t\t\t\t\t\t\t\t\t\t\t<\/a>\n\t\t\t\t\n\t\t\t\t\n\t\t\t\t\n\t\t\t\t\n\t\t\t\t\n\t\t\t\t\n\t\t\t\t\n\t\t\t\t\n\t\t\t\t\n\t\t\t\t\n\t\t\t\t\n\t\t\t\t\n\t\t\t\t\n\t\t\t\t\n\t\t\t\t\n\t\t\t\t\n\t\t\t\t\t\t\t\t\t<a rel=\"noopener noreferrer nofollow\" href=\"https:\/\/telegram.me\/share\/url?url=https:\/\/klimavex.eu\/cz\/co-je-to-hvac\/\" target=\"_blank\" class=\" wd-social-icon social-tg\" aria-label=\"Telegram soci\u00e1ln\u00ed odkaz\">\n\t\t\t\t\t\t<span class=\"wd-icon\"><\/span>\n\t\t\t\t\t\t\t\t\t\t\t<\/a>\n\t\t\t\t\n\t\t\t\t\n\t\t\t<\/div>\n\n\t\t\t\t\t\t\t\t\t<\/div>\n\t\t\t\t\t\t<\/div>\n\t\t\t\t\t<\/div>\n\t\t\t\t\t\t\t\n\t\t\t\t\t\t\t\t\t\t\t\t<div class=\"entry-content wd-post-desc\">\n\t\t\t\t\t\tCo je to HVAC?\t\t\n\t\t\tHVAC je anglick\u00e1 zkratka pro slova \u201eHeating, Ventilation, and Air Conditioning\u201d. P\u0159eklad t\u00e9to zkratky je tedy \u201eVyt\u00e1...\t\t\t\t\t<\/div>\n\t\t\t\t\n\t\t\t\t\t\t\t\t\t\t\t\t\t\t<p class=\"read-more-section\">\n\t\t\t\t\t\t<a class=\"btn-read-more more-link\" href=\"https:\/\/klimavex.eu\/cz\/co-je-to-hvac\/\">pokra\u010dovat ve \u010dten\u00ed<\/a>\t\t\t\t\t<\/p>\n\t\t\t\t\t\t\t\t\t\t\t\t\t<\/div>\n\t<\/div>\n<\/article>\n\n\t\t\t\t\t\t\t\t\t\t\t\t\t\t\n<article id=\"post-374597\" class=\"wd-post blog-design-small-images blog-post-loop blog-style-bg wd-add-shadow wd-col post-374597 post type-post status-publish format-standard has-post-thumbnail hentry category-novinky category-klimatizace tag-klimatizace-blog tag-novinky-blog\">\n\t<div class=\"article-inner\">\n\t\t<header class=\"entry-header\">\n\t\t\t\t\t\t\t<figure class=\"entry-thumbnail\">\n\t\t\t\t\t\t\t\t\t\t\t<div class=\"post-img-wrapp\">\n\t\t\t\t\t\t\t<a href=\"https:\/\/klimavex.eu\/cz\/prehled-klimatizaci-hyundai\/\">\n\t\t\t\t\t\t\t\t<img loading=\"lazy\" decoding=\"async\" width=\"1024\" height=\"576\" src=\"https:\/\/klimavex.eu\/cz\/wp-content\/uploads\/2025\/03\/uvodni-hyundai-klimatizace-1024x576.png\" class=\"attachment-large size-large\" alt=\"\" srcset=\"https:\/\/klimavex.eu\/cz\/wp-content\/uploads\/2025\/03\/uvodni-hyundai-klimatizace-1024x576.png 1024w, https:\/\/klimavex.eu\/cz\/wp-content\/uploads\/2025\/03\/uvodni-hyundai-klimatizace-300x169.png 300w, https:\/\/klimavex.eu\/cz\/wp-content\/uploads\/2025\/03\/uvodni-hyundai-klimatizace-768x432.png 768w, https:\/\/klimavex.eu\/cz\/wp-content\/uploads\/2025\/03\/uvodni-hyundai-klimatizace-20x11.png 20w, https:\/\/klimavex.eu\/cz\/wp-content\/uploads\/2025\/03\/uvodni-hyundai-klimatizace-600x338.png 600w, https:\/\/klimavex.eu\/cz\/wp-content\/uploads\/2025\/03\/uvodni-hyundai-klimatizace-150x84.png 150w, https:\/\/klimavex.eu\/cz\/wp-content\/uploads\/2025\/03\/uvodni-hyundai-klimatizace.png 1280w\" sizes=\"(max-width: 1024px) 100vw, 1024px\" \/>\t\t\t\t\t\t\t<\/a>\n\t\t\t\t\t\t<\/div>\n\t\t\t\t\t\t<div class=\"post-image-mask\">\n\t\t\t\t\t\t\t<span><\/span>\n\t\t\t\t\t\t<\/div>\n\t\t\t\t\t\t\t\t\t<\/figure>\n\t\t\t\n\t\t\t\t\t\t<div class=\"wd-post-date wd-style-with-bg\">\n\t\t\t\t<span class=\"post-date-day\">\n\t\t\t\t\t19\t\t\t\t<\/span>\n\t\t\t\t<span class=\"post-date-month\">\n\t\t\t\t\tB\u0159e\t\t\t\t<\/span>\n\t\t\t<\/div>\n\t\t\t\t<\/header>\n\n\t\t<div class=\"article-body-container\">\n\t\t\t\t\t\t\t<div class=\"meta-categories-wrapp\">\n\t\t\t\t\t<div class=\"meta-post-categories wd-post-cat wd-style-with-bg\">\n\t\t\t\t\t\t<a href=\"https:\/\/klimavex.eu\/cz\/category\/novinky\/\" rel=\"category tag\">Novinky<\/a>, <a href=\"https:\/\/klimavex.eu\/cz\/category\/klimatizace\/\" rel=\"category tag\">Klimatizace<\/a>\t\t\t\t\t<\/div>\n\t\t\t\t<\/div>\n\t\t\t\n\t\t\t\t\t\t\t<h3 class=\"wd-entities-title title post-title\">\n\t\t\t\t\t<a href=\"https:\/\/klimavex.eu\/cz\/prehled-klimatizaci-hyundai\/\" rel=\"bookmark\">P\u0159ipravte se na l\u00e9to s\u00a0klimatizac\u00ed Hyundai<\/a>\n\t\t\t\t<\/h3>\n\t\t\t\n\t\t\t\t\t\t\t<div class=\"entry-meta wd-entry-meta\">\n\t\t\t\t\t\t\t\t<ul class=\"entry-meta-list\">\n\t\t\t\t\t\t\t\t\t<li class=\"modified-date\">\n\t\t\t\t\t\t\t\t<time class=\"updated\" datetime=\"2025-03-14T16:16:27+01:00\">\n\t\t\t14 b\u0159ezna, 2025\t\t<\/time>\n\t\t\t\t\t\t\t<\/li>\n\n\t\t\t\t\t\n\t\t\t\t\t\t\t\t\t\t\t<li class=\"meta-author\">\n\t\t\t\t\t\t\t\t\t\t\t\t<span>Podle<\/span>\n\t\t\n\t\t\t\t\t<img loading=\"lazy\" decoding=\"async\" src=\"https:\/\/klimavex.eu\/cz\/wp-content\/plugins\/ultimate-member\/assets\/img\/default_avatar.jpg\" class=\"gravatar avatar avatar-32 um-avatar um-avatar-default\" width=\"32\" height=\"32\" alt=\"Marketing KLIMAVEX\" data-default=\"https:\/\/klimavex.eu\/cz\/wp-content\/plugins\/ultimate-member\/assets\/img\/default_avatar.jpg\" onerror=\"if ( ! this.getAttribute('data-load-error') ){ this.setAttribute('data-load-error', '1');this.setAttribute('src', this.getAttribute('data-default'));}\" loading=\"lazy\" \/>\t\t\n\t\t<a href=\"https:\/\/klimavex.eu\/cz\/author\/marketing\/\" class=\"author\" rel=\"author\">Marketing KLIMAVEX<\/a>\n\t\t\t\t\t\t\t\t<\/li>\n\t\t\t\t\t\n\t\t\t\t\t\n\t\t\t\t\t\t\t\t\t\t\t<li class=\"meta-reply\">\n\t\t\t\t\t\t\t<a href=\"https:\/\/klimavex.eu\/cz\/prehled-klimatizaci-hyundai\/#respond\"><span class=\"replies-count\">0<\/span> <span class=\"replies-count-label\">koment\u00e1\u0159e<\/span><\/a>\t\t\t\t\t\t<\/li>\n\t\t\t\t\t\t\t\t\t\t\t\t<\/ul>\n\t\t\t\t\t\t<\/div>\n\t\t\t\t\t\t\t\t\t<div class=\"hovered-social-icons wd-tltp\">\n\t\t\t\t\t\t<div class=\"tooltip top\">\n\t\t\t\t\t\t\t<div class=\"tooltip-arrow\"><\/div>\n\t\t\t\t\t\t\t<div class=\"tooltip-inner\">\n\t\t\t\t\t\t\t\t\t\t\t<div id=\"\" class=\" wd-social-icons wd-style-default wd-size-small social-share wd-shape-circle color-scheme-light text-center\">\n\t\t\t\t\n\t\t\t\t\n\t\t\t\t\t\t\t\t\t<a rel=\"noopener noreferrer nofollow\" href=\"https:\/\/www.facebook.com\/sharer\/sharer.php?u=https:\/\/klimavex.eu\/cz\/prehled-klimatizaci-hyundai\/\" target=\"_blank\" class=\" wd-social-icon social-facebook\" aria-label=\"Facebook soci\u00e1ln\u00ed odkaz\">\n\t\t\t\t\t\t<span class=\"wd-icon\"><\/span>\n\t\t\t\t\t\t\t\t\t\t\t<\/a>\n\t\t\t\t\n\t\t\t\t\t\t\t\t\t<a rel=\"noopener noreferrer nofollow\" href=\"https:\/\/x.com\/share?url=https:\/\/klimavex.eu\/cz\/prehled-klimatizaci-hyundai\/\" target=\"_blank\" class=\" wd-social-icon social-twitter\" aria-label=\"X social link\">\n\t\t\t\t\t\t<span class=\"wd-icon\"><\/span>\n\t\t\t\t\t\t\t\t\t\t\t<\/a>\n\t\t\t\t\n\t\t\t\t\n\t\t\t\t\n\t\t\t\t\n\t\t\t\t\t\t\t\t\t<a rel=\"noopener noreferrer nofollow\" href=\"https:\/\/pinterest.com\/pin\/create\/button\/?url=https:\/\/klimavex.eu\/cz\/prehled-klimatizaci-hyundai\/&media=https:\/\/klimavex.eu\/cz\/wp-content\/uploads\/2025\/03\/uvodni-hyundai-klimatizace.png&description=P%C5%99ipravte+se+na+l%C3%A9to+s%C2%A0klimatizac%C3%AD+Hyundai\" target=\"_blank\" class=\" wd-social-icon social-pinterest\" aria-label=\"Pinterest soci\u00e1ln\u00ed odkaz\">\n\t\t\t\t\t\t<span class=\"wd-icon\"><\/span>\n\t\t\t\t\t\t\t\t\t\t\t<\/a>\n\t\t\t\t\n\t\t\t\t\n\t\t\t\t\t\t\t\t\t<a rel=\"noopener noreferrer nofollow\" href=\"https:\/\/www.linkedin.com\/shareArticle?mini=true&url=https:\/\/klimavex.eu\/cz\/prehled-klimatizaci-hyundai\/\" target=\"_blank\" class=\" wd-social-icon social-linkedin\" aria-label=\"Linkedin soci\u00e1ln\u00ed odkaz\">\n\t\t\t\t\t\t<span class=\"wd-icon\"><\/span>\n\t\t\t\t\t\t\t\t\t\t\t<\/a>\n\t\t\t\t\n\t\t\t\t\n\t\t\t\t\n\t\t\t\t\n\t\t\t\t\n\t\t\t\t\n\t\t\t\t\n\t\t\t\t\n\t\t\t\t\n\t\t\t\t\n\t\t\t\t\n\t\t\t\t\n\t\t\t\t\n\t\t\t\t\n\t\t\t\t\n\t\t\t\t\n\t\t\t\t\t\t\t\t\t<a rel=\"noopener noreferrer nofollow\" href=\"https:\/\/telegram.me\/share\/url?url=https:\/\/klimavex.eu\/cz\/prehled-klimatizaci-hyundai\/\" target=\"_blank\" class=\" wd-social-icon social-tg\" aria-label=\"Telegram soci\u00e1ln\u00ed odkaz\">\n\t\t\t\t\t\t<span class=\"wd-icon\"><\/span>\n\t\t\t\t\t\t\t\t\t\t\t<\/a>\n\t\t\t\t\n\t\t\t\t\n\t\t\t<\/div>\n\n\t\t\t\t\t\t\t\t\t<\/div>\n\t\t\t\t\t\t<\/div>\n\t\t\t\t\t<\/div>\n\t\t\t\t\t\t\t\n\t\t\t\t\t\t\t\t\t\t\t\t<div class=\"entry-content wd-post-desc\">\n\t\t\t\t\t\tP\u0159ipravte se na l\u00e9to s klimatizac\u00ed Hyundai\t\t\n\t\t\t\t\t\t\t\t\t\t\t\t\t\n\t\t\t\t\t\t \t\t\t\t\t\n\t\t\tV hork\u00fdch letn\u00edch m\u011bs\u00edc\u00edch, kdy teploty \u0161plhaj\u00ed na vysok\u00e9 ho...\t\t\t\t\t<\/div>\n\t\t\t\t\n\t\t\t\t\t\t\t\t\t\t\t\t\t\t<p class=\"read-more-section\">\n\t\t\t\t\t\t<a class=\"btn-read-more more-link\" href=\"https:\/\/klimavex.eu\/cz\/prehled-klimatizaci-hyundai\/\">pokra\u010dovat ve \u010dten\u00ed<\/a>\t\t\t\t\t<\/p>\n\t\t\t\t\t\t\t\t\t\t\t\t\t<\/div>\n\t<\/div>\n<\/article>\n\n\t\t\t\t\t\t\t\t\t\t\t\t\t\t\n<article id=\"post-374582\" class=\"wd-post blog-design-small-images blog-post-loop blog-style-bg wd-add-shadow wd-col post-374582 post type-post status-publish format-standard has-post-thumbnail hentry category-novinky category-klimatizace tag-klimatizace-blog tag-novinky-blog\">\n\t<div class=\"article-inner\">\n\t\t<header class=\"entry-header\">\n\t\t\t\t\t\t\t<figure class=\"entry-thumbnail\">\n\t\t\t\t\t\t\t\t\t\t\t<div class=\"post-img-wrapp\">\n\t\t\t\t\t\t\t<a href=\"https:\/\/klimavex.eu\/cz\/panasonic-jet-air-stream\/\">\n\t\t\t\t\t\t\t\t<img loading=\"lazy\" decoding=\"async\" width=\"1024\" height=\"504\" src=\"https:\/\/klimavex.eu\/cz\/wp-content\/uploads\/2025\/03\/panasonic-jet-air_03-1-1024x504.png\" class=\"attachment-large size-large\" alt=\"\" srcset=\"https:\/\/klimavex.eu\/cz\/wp-content\/uploads\/2025\/03\/panasonic-jet-air_03-1-1024x504.png 1024w, https:\/\/klimavex.eu\/cz\/wp-content\/uploads\/2025\/03\/panasonic-jet-air_03-1-300x148.png 300w, https:\/\/klimavex.eu\/cz\/wp-content\/uploads\/2025\/03\/panasonic-jet-air_03-1-768x378.png 768w, https:\/\/klimavex.eu\/cz\/wp-content\/uploads\/2025\/03\/panasonic-jet-air_03-1-1536x756.png 1536w, https:\/\/klimavex.eu\/cz\/wp-content\/uploads\/2025\/03\/panasonic-jet-air_03-1-20x10.png 20w, https:\/\/klimavex.eu\/cz\/wp-content\/uploads\/2025\/03\/panasonic-jet-air_03-1-600x295.png 600w, https:\/\/klimavex.eu\/cz\/wp-content\/uploads\/2025\/03\/panasonic-jet-air_03-1-150x74.png 150w, https:\/\/klimavex.eu\/cz\/wp-content\/uploads\/2025\/03\/panasonic-jet-air_03-1.png 1750w\" sizes=\"(max-width: 1024px) 100vw, 1024px\" \/>\t\t\t\t\t\t\t<\/a>\n\t\t\t\t\t\t<\/div>\n\t\t\t\t\t\t<div class=\"post-image-mask\">\n\t\t\t\t\t\t\t<span><\/span>\n\t\t\t\t\t\t<\/div>\n\t\t\t\t\t\t\t\t\t<\/figure>\n\t\t\t\n\t\t\t\t\t\t<div class=\"wd-post-date wd-style-with-bg\">\n\t\t\t\t<span class=\"post-date-day\">\n\t\t\t\t\t14\t\t\t\t<\/span>\n\t\t\t\t<span class=\"post-date-month\">\n\t\t\t\t\tB\u0159e\t\t\t\t<\/span>\n\t\t\t<\/div>\n\t\t\t\t<\/header>\n\n\t\t<div class=\"article-body-container\">\n\t\t\t\t\t\t\t<div class=\"meta-categories-wrapp\">\n\t\t\t\t\t<div class=\"meta-post-categories wd-post-cat wd-style-with-bg\">\n\t\t\t\t\t\t<a href=\"https:\/\/klimavex.eu\/cz\/category\/novinky\/\" rel=\"category tag\">Novinky<\/a>, <a href=\"https:\/\/klimavex.eu\/cz\/category\/klimatizace\/\" rel=\"category tag\">Klimatizace<\/a>\t\t\t\t\t<\/div>\n\t\t\t\t<\/div>\n\t\t\t\n\t\t\t\t\t\t\t<h3 class=\"wd-entities-title title post-title\">\n\t\t\t\t\t<a href=\"https:\/\/klimavex.eu\/cz\/panasonic-jet-air-stream\/\" rel=\"bookmark\">Novinka na trhu: Komer\u010dn\u00ed klimatizace Panasonic Jet Air Stream<\/a>\n\t\t\t\t<\/h3>\n\t\t\t\n\t\t\t\t\t\t\t<div class=\"entry-meta wd-entry-meta\">\n\t\t\t\t\t\t\t\t<ul class=\"entry-meta-list\">\n\t\t\t\t\t\t\t\t\t<li class=\"modified-date\">\n\t\t\t\t\t\t\t\t<time class=\"updated\" datetime=\"2025-03-14T11:41:57+01:00\">\n\t\t\t14 b\u0159ezna, 2025\t\t<\/time>\n\t\t\t\t\t\t\t<\/li>\n\n\t\t\t\t\t\n\t\t\t\t\t\t\t\t\t\t\t<li class=\"meta-author\">\n\t\t\t\t\t\t\t\t\t\t\t\t<span>Podle<\/span>\n\t\t\n\t\t\t\t\t<img loading=\"lazy\" decoding=\"async\" src=\"https:\/\/klimavex.eu\/cz\/wp-content\/plugins\/ultimate-member\/assets\/img\/default_avatar.jpg\" class=\"gravatar avatar avatar-32 um-avatar um-avatar-default\" width=\"32\" height=\"32\" alt=\"Marketing KLIMAVEX\" data-default=\"https:\/\/klimavex.eu\/cz\/wp-content\/plugins\/ultimate-member\/assets\/img\/default_avatar.jpg\" onerror=\"if ( ! this.getAttribute('data-load-error') ){ this.setAttribute('data-load-error', '1');this.setAttribute('src', this.getAttribute('data-default'));}\" loading=\"lazy\" \/>\t\t\n\t\t<a href=\"https:\/\/klimavex.eu\/cz\/author\/marketing\/\" class=\"author\" rel=\"author\">Marketing KLIMAVEX<\/a>\n\t\t\t\t\t\t\t\t<\/li>\n\t\t\t\t\t\n\t\t\t\t\t\n\t\t\t\t\t\t\t\t\t\t\t<li class=\"meta-reply\">\n\t\t\t\t\t\t\t<a href=\"https:\/\/klimavex.eu\/cz\/panasonic-jet-air-stream\/#respond\"><span class=\"replies-count\">0<\/span> <span class=\"replies-count-label\">koment\u00e1\u0159e<\/span><\/a>\t\t\t\t\t\t<\/li>\n\t\t\t\t\t\t\t\t\t\t\t\t<\/ul>\n\t\t\t\t\t\t<\/div>\n\t\t\t\t\t\t\t\t\t<div class=\"hovered-social-icons wd-tltp\">\n\t\t\t\t\t\t<div class=\"tooltip top\">\n\t\t\t\t\t\t\t<div class=\"tooltip-arrow\"><\/div>\n\t\t\t\t\t\t\t<div class=\"tooltip-inner\">\n\t\t\t\t\t\t\t\t\t\t\t<div id=\"\" class=\" wd-social-icons wd-style-default wd-size-small social-share wd-shape-circle color-scheme-light text-center\">\n\t\t\t\t\n\t\t\t\t\n\t\t\t\t\t\t\t\t\t<a rel=\"noopener noreferrer nofollow\" href=\"https:\/\/www.facebook.com\/sharer\/sharer.php?u=https:\/\/klimavex.eu\/cz\/panasonic-jet-air-stream\/\" target=\"_blank\" class=\" wd-social-icon social-facebook\" aria-label=\"Facebook soci\u00e1ln\u00ed odkaz\">\n\t\t\t\t\t\t<span class=\"wd-icon\"><\/span>\n\t\t\t\t\t\t\t\t\t\t\t<\/a>\n\t\t\t\t\n\t\t\t\t\t\t\t\t\t<a rel=\"noopener noreferrer nofollow\" href=\"https:\/\/x.com\/share?url=https:\/\/klimavex.eu\/cz\/panasonic-jet-air-stream\/\" target=\"_blank\" class=\" wd-social-icon social-twitter\" aria-label=\"X social link\">\n\t\t\t\t\t\t<span class=\"wd-icon\"><\/span>\n\t\t\t\t\t\t\t\t\t\t\t<\/a>\n\t\t\t\t\n\t\t\t\t\n\t\t\t\t\n\t\t\t\t\n\t\t\t\t\t\t\t\t\t<a rel=\"noopener noreferrer nofollow\" href=\"https:\/\/pinterest.com\/pin\/create\/button\/?url=https:\/\/klimavex.eu\/cz\/panasonic-jet-air-stream\/&media=https:\/\/klimavex.eu\/cz\/wp-content\/uploads\/2025\/03\/panasonic-jet-air_03-1.png&description=Novinka+na+trhu%3A+Komer%C4%8Dn%C3%AD+klimatizace+Panasonic+Jet+Air+Stream\" target=\"_blank\" class=\" wd-social-icon social-pinterest\" aria-label=\"Pinterest soci\u00e1ln\u00ed odkaz\">\n\t\t\t\t\t\t<span class=\"wd-icon\"><\/span>\n\t\t\t\t\t\t\t\t\t\t\t<\/a>\n\t\t\t\t\n\t\t\t\t\n\t\t\t\t\t\t\t\t\t<a rel=\"noopener noreferrer nofollow\" href=\"https:\/\/www.linkedin.com\/shareArticle?mini=true&url=https:\/\/klimavex.eu\/cz\/panasonic-jet-air-stream\/\" target=\"_blank\" class=\" wd-social-icon social-linkedin\" aria-label=\"Linkedin soci\u00e1ln\u00ed odkaz\">\n\t\t\t\t\t\t<span class=\"wd-icon\"><\/span>\n\t\t\t\t\t\t\t\t\t\t\t<\/a>\n\t\t\t\t\n\t\t\t\t\n\t\t\t\t\n\t\t\t\t\n\t\t\t\t\n\t\t\t\t\n\t\t\t\t\n\t\t\t\t\n\t\t\t\t\n\t\t\t\t\n\t\t\t\t\n\t\t\t\t\n\t\t\t\t\n\t\t\t\t\n\t\t\t\t\n\t\t\t\t\n\t\t\t\t\t\t\t\t\t<a rel=\"noopener noreferrer nofollow\" href=\"https:\/\/telegram.me\/share\/url?url=https:\/\/klimavex.eu\/cz\/panasonic-jet-air-stream\/\" target=\"_blank\" class=\" wd-social-icon social-tg\" aria-label=\"Telegram soci\u00e1ln\u00ed odkaz\">\n\t\t\t\t\t\t<span class=\"wd-icon\"><\/span>\n\t\t\t\t\t\t\t\t\t\t\t<\/a>\n\t\t\t\t\n\t\t\t\t\n\t\t\t<\/div>\n\n\t\t\t\t\t\t\t\t\t<\/div>\n\t\t\t\t\t\t<\/div>\n\t\t\t\t\t<\/div>\n\t\t\t\t\t\t\t\n\t\t\t\t\t\t\t\t\t\t\t\t<div class=\"entry-content wd-post-desc\">\n\t\t\t\t\t\tNovinka na trhu: Komer\u010dn\u00ed klimatizace Panasonic Jet Air Stream\t\t\n\t\t\tSpole\u010dnost Panasonic p\u0159edstavuje svou nejnov\u011bj\u0161\u00ed inovaci v oblasti ...\t\t\t\t\t<\/div>\n\t\t\t\t\n\t\t\t\t\t\t\t\t\t\t\t\t\t\t<p class=\"read-more-section\">\n\t\t\t\t\t\t<a class=\"btn-read-more more-link\" href=\"https:\/\/klimavex.eu\/cz\/panasonic-jet-air-stream\/\">pokra\u010dovat ve \u010dten\u00ed<\/a>\t\t\t\t\t<\/p>\n\t\t\t\t\t\t\t\t\t\t\t\t\t<\/div>\n\t<\/div>\n<\/article>\n\n\t\t\t\t\t\t\t\t\t\t\t\t\t\t\n<article id=\"post-334666\" class=\"wd-post blog-design-small-images blog-post-loop blog-style-bg wd-add-shadow wd-col post-334666 post type-post status-publish format-standard has-post-thumbnail hentry category-klimatizace tag-klimatizace-blog tag-novinky-blog\">\n\t<div class=\"article-inner\">\n\t\t<header class=\"entry-header\">\n\t\t\t\t\t\t\t<figure class=\"entry-thumbnail\">\n\t\t\t\t\t\t\t\t\t\t\t<div class=\"post-img-wrapp\">\n\t\t\t\t\t\t\t<a href=\"https:\/\/klimavex.eu\/cz\/hyundai-carbon-grey\/\">\n\t\t\t\t\t\t\t\t<img loading=\"lazy\" decoding=\"async\" width=\"1024\" height=\"576\" src=\"https:\/\/klimavex.eu\/cz\/wp-content\/uploads\/2024\/06\/CZ-1024x576.png\" class=\"attachment-large size-large\" alt=\"\" srcset=\"https:\/\/klimavex.eu\/cz\/wp-content\/uploads\/2024\/06\/CZ-1024x576.png 1024w, https:\/\/klimavex.eu\/cz\/wp-content\/uploads\/2024\/06\/CZ-300x169.png 300w, https:\/\/klimavex.eu\/cz\/wp-content\/uploads\/2024\/06\/CZ-768x432.png 768w, https:\/\/klimavex.eu\/cz\/wp-content\/uploads\/2024\/06\/CZ-20x11.png 20w, https:\/\/klimavex.eu\/cz\/wp-content\/uploads\/2024\/06\/CZ-600x338.png 600w, https:\/\/klimavex.eu\/cz\/wp-content\/uploads\/2024\/06\/CZ-150x84.png 150w, https:\/\/klimavex.eu\/cz\/wp-content\/uploads\/2024\/06\/CZ.png 1280w\" sizes=\"(max-width: 1024px) 100vw, 1024px\" \/>\t\t\t\t\t\t\t<\/a>\n\t\t\t\t\t\t<\/div>\n\t\t\t\t\t\t<div class=\"post-image-mask\">\n\t\t\t\t\t\t\t<span><\/span>\n\t\t\t\t\t\t<\/div>\n\t\t\t\t\t\t\t\t\t<\/figure>\n\t\t\t\n\t\t\t\t\t\t<div class=\"wd-post-date wd-style-with-bg\">\n\t\t\t\t<span class=\"post-date-day\">\n\t\t\t\t\t01\t\t\t\t<\/span>\n\t\t\t\t<span class=\"post-date-month\">\n\t\t\t\t\t\u010cvn\t\t\t\t<\/span>\n\t\t\t<\/div>\n\t\t\t\t<\/header>\n\n\t\t<div class=\"article-body-container\">\n\t\t\t\t\t\t\t<div class=\"meta-categories-wrapp\">\n\t\t\t\t\t<div class=\"meta-post-categories wd-post-cat wd-style-with-bg\">\n\t\t\t\t\t\t<a href=\"https:\/\/klimavex.eu\/cz\/category\/klimatizace\/\" rel=\"category tag\">Klimatizace<\/a>\t\t\t\t\t<\/div>\n\t\t\t\t<\/div>\n\t\t\t\n\t\t\t\t\t\t\t<h3 class=\"wd-entities-title title post-title\">\n\t\t\t\t\t<a href=\"https:\/\/klimavex.eu\/cz\/hyundai-carbon-grey\/\" rel=\"bookmark\">Hyundai CARBON GREY<\/a>\n\t\t\t\t<\/h3>\n\t\t\t\n\t\t\t\t\t\t\t<div class=\"entry-meta wd-entry-meta\">\n\t\t\t\t\t\t\t\t<ul class=\"entry-meta-list\">\n\t\t\t\t\t\t\t\t\t<li class=\"modified-date\">\n\t\t\t\t\t\t\t\t<time class=\"updated\" datetime=\"2025-01-16T12:58:30+01:00\">\n\t\t\t16 ledna, 2025\t\t<\/time>\n\t\t\t\t\t\t\t<\/li>\n\n\t\t\t\t\t\n\t\t\t\t\t\t\t\t\t\t\t<li class=\"meta-author\">\n\t\t\t\t\t\t\t\t\t\t\t\t<span>Podle<\/span>\n\t\t\n\t\t\t\t\t<img loading=\"lazy\" decoding=\"async\" src=\"https:\/\/klimavex.eu\/cz\/wp-content\/plugins\/ultimate-member\/assets\/img\/default_avatar.jpg\" class=\"gravatar avatar avatar-32 um-avatar um-avatar-default\" width=\"32\" height=\"32\" alt=\"Marketing KLIMAVEX\" data-default=\"https:\/\/klimavex.eu\/cz\/wp-content\/plugins\/ultimate-member\/assets\/img\/default_avatar.jpg\" onerror=\"if ( ! this.getAttribute('data-load-error') ){ this.setAttribute('data-load-error', '1');this.setAttribute('src', this.getAttribute('data-default'));}\" loading=\"lazy\" \/>\t\t\n\t\t<a href=\"https:\/\/klimavex.eu\/cz\/author\/marketing\/\" class=\"author\" rel=\"author\">Marketing KLIMAVEX<\/a>\n\t\t\t\t\t\t\t\t<\/li>\n\t\t\t\t\t\n\t\t\t\t\t\n\t\t\t\t\t\t\t\t\t\t\t<li class=\"meta-reply\">\n\t\t\t\t\t\t\t<a href=\"https:\/\/klimavex.eu\/cz\/hyundai-carbon-grey\/#respond\"><span class=\"replies-count\">0<\/span> <span class=\"replies-count-label\">koment\u00e1\u0159e<\/span><\/a>\t\t\t\t\t\t<\/li>\n\t\t\t\t\t\t\t\t\t\t\t\t<\/ul>\n\t\t\t\t\t\t<\/div>\n\t\t\t\t\t\t\t\t\t<div class=\"hovered-social-icons wd-tltp\">\n\t\t\t\t\t\t<div class=\"tooltip top\">\n\t\t\t\t\t\t\t<div class=\"tooltip-arrow\"><\/div>\n\t\t\t\t\t\t\t<div class=\"tooltip-inner\">\n\t\t\t\t\t\t\t\t\t\t\t<div id=\"\" class=\" wd-social-icons wd-style-default wd-size-small social-share wd-shape-circle color-scheme-light text-center\">\n\t\t\t\t\n\t\t\t\t\n\t\t\t\t\t\t\t\t\t<a rel=\"noopener noreferrer nofollow\" href=\"https:\/\/www.facebook.com\/sharer\/sharer.php?u=https:\/\/klimavex.eu\/cz\/hyundai-carbon-grey\/\" target=\"_blank\" class=\" wd-social-icon social-facebook\" aria-label=\"Facebook soci\u00e1ln\u00ed odkaz\">\n\t\t\t\t\t\t<span class=\"wd-icon\"><\/span>\n\t\t\t\t\t\t\t\t\t\t\t<\/a>\n\t\t\t\t\n\t\t\t\t\t\t\t\t\t<a rel=\"noopener noreferrer nofollow\" href=\"https:\/\/x.com\/share?url=https:\/\/klimavex.eu\/cz\/hyundai-carbon-grey\/\" target=\"_blank\" class=\" wd-social-icon social-twitter\" aria-label=\"X social link\">\n\t\t\t\t\t\t<span class=\"wd-icon\"><\/span>\n\t\t\t\t\t\t\t\t\t\t\t<\/a>\n\t\t\t\t\n\t\t\t\t\n\t\t\t\t\n\t\t\t\t\n\t\t\t\t\t\t\t\t\t<a rel=\"noopener noreferrer nofollow\" href=\"https:\/\/pinterest.com\/pin\/create\/button\/?url=https:\/\/klimavex.eu\/cz\/hyundai-carbon-grey\/&media=https:\/\/klimavex.eu\/cz\/wp-content\/uploads\/2024\/06\/CZ.png&description=Hyundai+CARBON+GREY\" target=\"_blank\" class=\" wd-social-icon social-pinterest\" aria-label=\"Pinterest soci\u00e1ln\u00ed odkaz\">\n\t\t\t\t\t\t<span class=\"wd-icon\"><\/span>\n\t\t\t\t\t\t\t\t\t\t\t<\/a>\n\t\t\t\t\n\t\t\t\t\n\t\t\t\t\t\t\t\t\t<a rel=\"noopener noreferrer nofollow\" href=\"https:\/\/www.linkedin.com\/shareArticle?mini=true&url=https:\/\/klimavex.eu\/cz\/hyundai-carbon-grey\/\" target=\"_blank\" class=\" wd-social-icon social-linkedin\" aria-label=\"Linkedin soci\u00e1ln\u00ed odkaz\">\n\t\t\t\t\t\t<span class=\"wd-icon\"><\/span>\n\t\t\t\t\t\t\t\t\t\t\t<\/a>\n\t\t\t\t\n\t\t\t\t\n\t\t\t\t\n\t\t\t\t\n\t\t\t\t\n\t\t\t\t\n\t\t\t\t\n\t\t\t\t\n\t\t\t\t\n\t\t\t\t\n\t\t\t\t\n\t\t\t\t\n\t\t\t\t\n\t\t\t\t\n\t\t\t\t\n\t\t\t\t\n\t\t\t\t\t\t\t\t\t<a rel=\"noopener noreferrer nofollow\" href=\"https:\/\/telegram.me\/share\/url?url=https:\/\/klimavex.eu\/cz\/hyundai-carbon-grey\/\" target=\"_blank\" class=\" wd-social-icon social-tg\" aria-label=\"Telegram soci\u00e1ln\u00ed odkaz\">\n\t\t\t\t\t\t<span class=\"wd-icon\"><\/span>\n\t\t\t\t\t\t\t\t\t\t\t<\/a>\n\t\t\t\t\n\t\t\t\t\n\t\t\t<\/div>\n\n\t\t\t\t\t\t\t\t\t<\/div>\n\t\t\t\t\t\t<\/div>\n\t\t\t\t\t<\/div>\n\t\t\t\t\t\t\t\n\t\t\t\t\t\t\t\t\t\t\t\t<div class=\"entry-content wd-post-desc\">\n\t\t\t\t\t\t<p>Hyundai CARBON GREY pat\u0159\u00ed do s\u00e9rie n\u00e1st\u011bnn\u00fdch klimatizac\u00ed Hyundai Home split. Jej\u00ed n\u00e1zev poch\u00e1z\u00ed z jej\u00edho elegantn\u00edho \u0161ed\u00e9ho designu, dok\u00e1\u017ee vyt\u00e1p\u011bt a\u017e &#8211; 25\u00b0C a ani v chlazen\u00ed \u010di filtraci vzduchu nezaost\u00e1v\u00e1.<\/p>\n\t\t\t\t\t<\/div>\n\t\t\t\t\n\t\t\t\t\t\t\t\t\t\t\t\t\t\t<p class=\"read-more-section\">\n\t\t\t\t\t\t<a class=\"btn-read-more more-link\" href=\"https:\/\/klimavex.eu\/cz\/hyundai-carbon-grey\/\">pokra\u010dovat ve \u010dten\u00ed<\/a>\t\t\t\t\t<\/p>\n\t\t\t\t\t\t\t\t\t\t\t\t\t<\/div>\n\t<\/div>\n<\/article>\n\n\t\t\t\t\t\t\t\t\t\t\t\t\t\t\n<article id=\"post-334422\" class=\"wd-post blog-design-small-images blog-post-loop blog-style-bg wd-add-shadow wd-col post-334422 post type-post status-publish format-standard has-post-thumbnail hentry category-klimatizace tag-klimatizace-blog tag-novinky-blog\">\n\t<div class=\"article-inner\">\n\t\t<header class=\"entry-header\">\n\t\t\t\t\t\t\t<figure class=\"entry-thumbnail\">\n\t\t\t\t\t\t\t\t\t\t\t<div class=\"post-img-wrapp\">\n\t\t\t\t\t\t\t<a href=\"https:\/\/klimavex.eu\/cz\/predstaveni-klimatizaci\/\">\n\t\t\t\t\t\t\t\t<img loading=\"lazy\" decoding=\"async\" width=\"1024\" height=\"576\" src=\"https:\/\/klimavex.eu\/cz\/wp-content\/uploads\/2024\/05\/nahledovka-1024x576.png\" class=\"attachment-large size-large\" alt=\"hyundai carbon grey na st\u011bn\u011b\" srcset=\"https:\/\/klimavex.eu\/cz\/wp-content\/uploads\/2024\/05\/nahledovka-1024x576.png 1024w, https:\/\/klimavex.eu\/cz\/wp-content\/uploads\/2024\/05\/nahledovka-300x169.png 300w, https:\/\/klimavex.eu\/cz\/wp-content\/uploads\/2024\/05\/nahledovka-768x432.png 768w, https:\/\/klimavex.eu\/cz\/wp-content\/uploads\/2024\/05\/nahledovka-20x11.png 20w, https:\/\/klimavex.eu\/cz\/wp-content\/uploads\/2024\/05\/nahledovka-600x338.png 600w, https:\/\/klimavex.eu\/cz\/wp-content\/uploads\/2024\/05\/nahledovka-150x84.png 150w, https:\/\/klimavex.eu\/cz\/wp-content\/uploads\/2024\/05\/nahledovka.png 1280w\" sizes=\"(max-width: 1024px) 100vw, 1024px\" \/>\t\t\t\t\t\t\t<\/a>\n\t\t\t\t\t\t<\/div>\n\t\t\t\t\t\t<div class=\"post-image-mask\">\n\t\t\t\t\t\t\t<span><\/span>\n\t\t\t\t\t\t<\/div>\n\t\t\t\t\t\t\t\t\t<\/figure>\n\t\t\t\n\t\t\t\t\t\t<div class=\"wd-post-date wd-style-with-bg\">\n\t\t\t\t<span class=\"post-date-day\">\n\t\t\t\t\t03\t\t\t\t<\/span>\n\t\t\t\t<span class=\"post-date-month\">\n\t\t\t\t\tKv\u011b\t\t\t\t<\/span>\n\t\t\t<\/div>\n\t\t\t\t<\/header>\n\n\t\t<div class=\"article-body-container\">\n\t\t\t\t\t\t\t<div class=\"meta-categories-wrapp\">\n\t\t\t\t\t<div class=\"meta-post-categories wd-post-cat wd-style-with-bg\">\n\t\t\t\t\t\t<a href=\"https:\/\/klimavex.eu\/cz\/category\/klimatizace\/\" rel=\"category tag\">Klimatizace<\/a>\t\t\t\t\t<\/div>\n\t\t\t\t<\/div>\n\t\t\t\n\t\t\t\t\t\t\t<h3 class=\"wd-entities-title title post-title\">\n\t\t\t\t\t<a href=\"https:\/\/klimavex.eu\/cz\/predstaveni-klimatizaci\/\" rel=\"bookmark\">Tepl\u00e9 l\u00e9to vol\u00e1, poj\u010fme chladit. Hur\u00e1!<\/a>\n\t\t\t\t<\/h3>\n\t\t\t\n\t\t\t\t\t\t\t<div class=\"entry-meta wd-entry-meta\">\n\t\t\t\t\t\t\t\t<ul class=\"entry-meta-list\">\n\t\t\t\t\t\t\t\t\t<li class=\"modified-date\">\n\t\t\t\t\t\t\t\t<time class=\"updated\" datetime=\"2025-01-16T12:59:37+01:00\">\n\t\t\t16 ledna, 2025\t\t<\/time>\n\t\t\t\t\t\t\t<\/li>\n\n\t\t\t\t\t\n\t\t\t\t\t\t\t\t\t\t\t<li class=\"meta-author\">\n\t\t\t\t\t\t\t\t\t\t\t\t<span>Podle<\/span>\n\t\t\n\t\t\t\t\t<img loading=\"lazy\" decoding=\"async\" src=\"https:\/\/klimavex.eu\/cz\/wp-content\/plugins\/ultimate-member\/assets\/img\/default_avatar.jpg\" class=\"gravatar avatar avatar-32 um-avatar um-avatar-default\" width=\"32\" height=\"32\" alt=\"Marketing KLIMAVEX\" data-default=\"https:\/\/klimavex.eu\/cz\/wp-content\/plugins\/ultimate-member\/assets\/img\/default_avatar.jpg\" onerror=\"if ( ! this.getAttribute('data-load-error') ){ this.setAttribute('data-load-error', '1');this.setAttribute('src', this.getAttribute('data-default'));}\" loading=\"lazy\" \/>\t\t\n\t\t<a href=\"https:\/\/klimavex.eu\/cz\/author\/marketing\/\" class=\"author\" rel=\"author\">Marketing KLIMAVEX<\/a>\n\t\t\t\t\t\t\t\t<\/li>\n\t\t\t\t\t\n\t\t\t\t\t\n\t\t\t\t\t\t\t\t\t\t\t<li class=\"meta-reply\">\n\t\t\t\t\t\t\t<a href=\"https:\/\/klimavex.eu\/cz\/predstaveni-klimatizaci\/#respond\"><span class=\"replies-count\">0<\/span> <span class=\"replies-count-label\">koment\u00e1\u0159e<\/span><\/a>\t\t\t\t\t\t<\/li>\n\t\t\t\t\t\t\t\t\t\t\t\t<\/ul>\n\t\t\t\t\t\t<\/div>\n\t\t\t\t\t\t\t\t\t<div class=\"hovered-social-icons wd-tltp\">\n\t\t\t\t\t\t<div class=\"tooltip top\">\n\t\t\t\t\t\t\t<div class=\"tooltip-arrow\"><\/div>\n\t\t\t\t\t\t\t<div class=\"tooltip-inner\">\n\t\t\t\t\t\t\t\t\t\t\t<div id=\"\" class=\" wd-social-icons wd-style-default wd-size-small social-share wd-shape-circle color-scheme-light text-center\">\n\t\t\t\t\n\t\t\t\t\n\t\t\t\t\t\t\t\t\t<a rel=\"noopener noreferrer nofollow\" href=\"https:\/\/www.facebook.com\/sharer\/sharer.php?u=https:\/\/klimavex.eu\/cz\/predstaveni-klimatizaci\/\" target=\"_blank\" class=\" wd-social-icon social-facebook\" aria-label=\"Facebook soci\u00e1ln\u00ed odkaz\">\n\t\t\t\t\t\t<span class=\"wd-icon\"><\/span>\n\t\t\t\t\t\t\t\t\t\t\t<\/a>\n\t\t\t\t\n\t\t\t\t\t\t\t\t\t<a rel=\"noopener noreferrer nofollow\" href=\"https:\/\/x.com\/share?url=https:\/\/klimavex.eu\/cz\/predstaveni-klimatizaci\/\" target=\"_blank\" class=\" wd-social-icon social-twitter\" aria-label=\"X social link\">\n\t\t\t\t\t\t<span class=\"wd-icon\"><\/span>\n\t\t\t\t\t\t\t\t\t\t\t<\/a>\n\t\t\t\t\n\t\t\t\t\n\t\t\t\t\n\t\t\t\t\n\t\t\t\t\t\t\t\t\t<a rel=\"noopener noreferrer nofollow\" href=\"https:\/\/pinterest.com\/pin\/create\/button\/?url=https:\/\/klimavex.eu\/cz\/predstaveni-klimatizaci\/&media=https:\/\/klimavex.eu\/cz\/wp-content\/uploads\/2024\/05\/nahledovka.png&description=Tepl%C3%A9+l%C3%A9to+vol%C3%A1%2C+poj%C4%8Fme+chladit.+Hur%C3%A1%21\" target=\"_blank\" class=\" wd-social-icon social-pinterest\" aria-label=\"Pinterest soci\u00e1ln\u00ed odkaz\">\n\t\t\t\t\t\t<span class=\"wd-icon\"><\/span>\n\t\t\t\t\t\t\t\t\t\t\t<\/a>\n\t\t\t\t\n\t\t\t\t\n\t\t\t\t\t\t\t\t\t<a rel=\"noopener noreferrer nofollow\" href=\"https:\/\/www.linkedin.com\/shareArticle?mini=true&url=https:\/\/klimavex.eu\/cz\/predstaveni-klimatizaci\/\" target=\"_blank\" class=\" wd-social-icon social-linkedin\" aria-label=\"Linkedin soci\u00e1ln\u00ed odkaz\">\n\t\t\t\t\t\t<span class=\"wd-icon\"><\/span>\n\t\t\t\t\t\t\t\t\t\t\t<\/a>\n\t\t\t\t\n\t\t\t\t\n\t\t\t\t\n\t\t\t\t\n\t\t\t\t\n\t\t\t\t\n\t\t\t\t\n\t\t\t\t\n\t\t\t\t\n\t\t\t\t\n\t\t\t\t\n\t\t\t\t\n\t\t\t\t\n\t\t\t\t\n\t\t\t\t\n\t\t\t\t\n\t\t\t\t\t\t\t\t\t<a rel=\"noopener noreferrer nofollow\" href=\"https:\/\/telegram.me\/share\/url?url=https:\/\/klimavex.eu\/cz\/predstaveni-klimatizaci\/\" target=\"_blank\" class=\" wd-social-icon social-tg\" aria-label=\"Telegram soci\u00e1ln\u00ed odkaz\">\n\t\t\t\t\t\t<span class=\"wd-icon\"><\/span>\n\t\t\t\t\t\t\t\t\t\t\t<\/a>\n\t\t\t\t\n\t\t\t\t\n\t\t\t<\/div>\n\n\t\t\t\t\t\t\t\t\t<\/div>\n\t\t\t\t\t\t<\/div>\n\t\t\t\t\t<\/div>\n\t\t\t\t\t\t\t\n\t\t\t\t\t\t\t\t\t\t\t\t<div class=\"entry-content wd-post-desc\">\n\t\t\t\t\t\t<p>Klimatizace Hyundai jsou ide\u00e1ln\u00ed volbou na cel\u00fd rok. V l\u00e9t\u011b V\u00e1m pomohou udr\u017eet V\u00e1\u0161 domov chladn\u00fd, v zim\u011b V\u00e1m ho p\u0159\u00edjemn\u011b vyh\u0159ej\u00ed.<\/p>\n\t\t\t\t\t<\/div>\n\t\t\t\t\n\t\t\t\t\t\t\t\t\t\t\t\t\t\t<p class=\"read-more-section\">\n\t\t\t\t\t\t<a class=\"btn-read-more more-link\" href=\"https:\/\/klimavex.eu\/cz\/predstaveni-klimatizaci\/\">pokra\u010dovat ve \u010dten\u00ed<\/a>\t\t\t\t\t<\/p>\n\t\t\t\t\t\t\t\t\t\t\t\t\t<\/div>\n\t<\/div>\n<\/article>\n\n\t\t\t\t\t\t\t\t\t\t\t\t\t\t\n<article id=\"post-684\" class=\"wd-post blog-design-small-images blog-post-loop blog-style-bg wd-add-shadow wd-col post-684 post type-post status-publish format-standard has-post-thumbnail hentry category-novinky tag-novinky-blog tag-tepelna-cerpadla-blog tag-rekuperacie-blog tag-klimatizace-blog\">\n\t<div class=\"article-inner\">\n\t\t<header class=\"entry-header\">\n\t\t\t\t\t\t\t<figure class=\"entry-thumbnail\">\n\t\t\t\t\t\t\t\t\t\t\t<div class=\"post-img-wrapp\">\n\t\t\t\t\t\t\t<a href=\"https:\/\/klimavex.eu\/cz\/hyundai-hvac\/\">\n\t\t\t\t\t\t\t\t<img loading=\"lazy\" decoding=\"async\" width=\"1024\" height=\"576\" src=\"https:\/\/klimavex.eu\/cz\/wp-content\/uploads\/2023\/11\/Hyundai-vstupuje-na-trh-1024x576.png\" class=\"attachment-large size-large\" alt=\"\" srcset=\"https:\/\/klimavex.eu\/cz\/wp-content\/uploads\/2023\/11\/Hyundai-vstupuje-na-trh-1024x576.png 1024w, https:\/\/klimavex.eu\/cz\/wp-content\/uploads\/2023\/11\/Hyundai-vstupuje-na-trh-300x169.png 300w, https:\/\/klimavex.eu\/cz\/wp-content\/uploads\/2023\/11\/Hyundai-vstupuje-na-trh-768x432.png 768w, https:\/\/klimavex.eu\/cz\/wp-content\/uploads\/2023\/11\/Hyundai-vstupuje-na-trh-20x11.png 20w, https:\/\/klimavex.eu\/cz\/wp-content\/uploads\/2023\/11\/Hyundai-vstupuje-na-trh-600x338.png 600w, https:\/\/klimavex.eu\/cz\/wp-content\/uploads\/2023\/11\/Hyundai-vstupuje-na-trh-150x84.png 150w, https:\/\/klimavex.eu\/cz\/wp-content\/uploads\/2023\/11\/Hyundai-vstupuje-na-trh.png 1280w\" sizes=\"(max-width: 1024px) 100vw, 1024px\" \/>\t\t\t\t\t\t\t<\/a>\n\t\t\t\t\t\t<\/div>\n\t\t\t\t\t\t<div class=\"post-image-mask\">\n\t\t\t\t\t\t\t<span><\/span>\n\t\t\t\t\t\t<\/div>\n\t\t\t\t\t\t\t\t\t<\/figure>\n\t\t\t\n\t\t\t\t\t\t<div class=\"wd-post-date wd-style-with-bg\">\n\t\t\t\t<span class=\"post-date-day\">\n\t\t\t\t\t24\t\t\t\t<\/span>\n\t\t\t\t<span class=\"post-date-month\">\n\t\t\t\t\tLis\t\t\t\t<\/span>\n\t\t\t<\/div>\n\t\t\t\t<\/header>\n\n\t\t<div class=\"article-body-container\">\n\t\t\t\t\t\t\t<div class=\"meta-categories-wrapp\">\n\t\t\t\t\t<div class=\"meta-post-categories wd-post-cat wd-style-with-bg\">\n\t\t\t\t\t\t<a href=\"https:\/\/klimavex.eu\/cz\/category\/novinky\/\" rel=\"category tag\">Novinky<\/a>\t\t\t\t\t<\/div>\n\t\t\t\t<\/div>\n\t\t\t\n\t\t\t\t\t\t\t<h3 class=\"wd-entities-title title post-title\">\n\t\t\t\t\t<a href=\"https:\/\/klimavex.eu\/cz\/hyundai-hvac\/\" rel=\"bookmark\">Zna\u010dka Hyundai vstupuje na trh HVAC<\/a>\n\t\t\t\t<\/h3>\n\t\t\t\n\t\t\t\t\t\t\t<div class=\"entry-meta wd-entry-meta\">\n\t\t\t\t\t\t\t\t<ul class=\"entry-meta-list\">\n\t\t\t\t\t\t\t\t\t<li class=\"modified-date\">\n\t\t\t\t\t\t\t\t<time class=\"updated\" datetime=\"2025-01-16T13:03:54+01:00\">\n\t\t\t16 ledna, 2025\t\t<\/time>\n\t\t\t\t\t\t\t<\/li>\n\n\t\t\t\t\t\n\t\t\t\t\t\t\t\t\t\t\t<li class=\"meta-author\">\n\t\t\t\t\t\t\t\t\t\t\t\t<span>Podle<\/span>\n\t\t\n\t\t\t\t\t<img loading=\"lazy\" decoding=\"async\" src=\"https:\/\/klimavex.eu\/cz\/wp-content\/plugins\/ultimate-member\/assets\/img\/default_avatar.jpg\" class=\"gravatar avatar avatar-32 um-avatar um-avatar-default\" width=\"32\" height=\"32\" alt=\"Igor Gabrik\" data-default=\"https:\/\/klimavex.eu\/cz\/wp-content\/plugins\/ultimate-member\/assets\/img\/default_avatar.jpg\" onerror=\"if ( ! this.getAttribute('data-load-error') ){ this.setAttribute('data-load-error', '1');this.setAttribute('src', this.getAttribute('data-default'));}\" loading=\"lazy\" \/>\t\t\n\t\t<a href=\"https:\/\/klimavex.eu\/cz\/author\/igorgabrikgmail-com\/\" class=\"author\" rel=\"author\">admin<\/a>\n\t\t\t\t\t\t\t\t<\/li>\n\t\t\t\t\t\n\t\t\t\t\t\n\t\t\t\t\t\t\t\t\t\t\t\t<\/ul>\n\t\t\t\t\t\t<\/div>\n\t\t\t\t\t\t\t\t\t<div class=\"hovered-social-icons wd-tltp\">\n\t\t\t\t\t\t<div class=\"tooltip top\">\n\t\t\t\t\t\t\t<div class=\"tooltip-arrow\"><\/div>\n\t\t\t\t\t\t\t<div class=\"tooltip-inner\">\n\t\t\t\t\t\t\t\t\t\t\t<div id=\"\" class=\" wd-social-icons wd-style-default wd-size-small social-share wd-shape-circle color-scheme-light text-center\">\n\t\t\t\t\n\t\t\t\t\n\t\t\t\t\t\t\t\t\t<a rel=\"noopener noreferrer nofollow\" href=\"https:\/\/www.facebook.com\/sharer\/sharer.php?u=https:\/\/klimavex.eu\/cz\/hyundai-hvac\/\" target=\"_blank\" class=\" wd-social-icon social-facebook\" aria-label=\"Facebook soci\u00e1ln\u00ed odkaz\">\n\t\t\t\t\t\t<span class=\"wd-icon\"><\/span>\n\t\t\t\t\t\t\t\t\t\t\t<\/a>\n\t\t\t\t\n\t\t\t\t\t\t\t\t\t<a rel=\"noopener noreferrer nofollow\" href=\"https:\/\/x.com\/share?url=https:\/\/klimavex.eu\/cz\/hyundai-hvac\/\" target=\"_blank\" class=\" wd-social-icon social-twitter\" aria-label=\"X social link\">\n\t\t\t\t\t\t<span class=\"wd-icon\"><\/span>\n\t\t\t\t\t\t\t\t\t\t\t<\/a>\n\t\t\t\t\n\t\t\t\t\n\t\t\t\t\n\t\t\t\t\n\t\t\t\t\t\t\t\t\t<a rel=\"noopener noreferrer nofollow\" href=\"https:\/\/pinterest.com\/pin\/create\/button\/?url=https:\/\/klimavex.eu\/cz\/hyundai-hvac\/&media=https:\/\/klimavex.eu\/cz\/wp-content\/uploads\/2023\/11\/Hyundai-vstupuje-na-trh.png&description=Zna%C4%8Dka+Hyundai+vstupuje+na+trh+HVAC\" target=\"_blank\" class=\" wd-social-icon social-pinterest\" aria-label=\"Pinterest soci\u00e1ln\u00ed odkaz\">\n\t\t\t\t\t\t<span class=\"wd-icon\"><\/span>\n\t\t\t\t\t\t\t\t\t\t\t<\/a>\n\t\t\t\t\n\t\t\t\t\n\t\t\t\t\t\t\t\t\t<a rel=\"noopener noreferrer nofollow\" href=\"https:\/\/www.linkedin.com\/shareArticle?mini=true&url=https:\/\/klimavex.eu\/cz\/hyundai-hvac\/\" target=\"_blank\" class=\" wd-social-icon social-linkedin\" aria-label=\"Linkedin soci\u00e1ln\u00ed odkaz\">\n\t\t\t\t\t\t<span class=\"wd-icon\"><\/span>\n\t\t\t\t\t\t\t\t\t\t\t<\/a>\n\t\t\t\t\n\t\t\t\t\n\t\t\t\t\n\t\t\t\t\n\t\t\t\t\n\t\t\t\t\n\t\t\t\t\n\t\t\t\t\n\t\t\t\t\n\t\t\t\t\n\t\t\t\t\n\t\t\t\t\n\t\t\t\t\n\t\t\t\t\n\t\t\t\t\n\t\t\t\t\n\t\t\t\t\t\t\t\t\t<a rel=\"noopener noreferrer nofollow\" href=\"https:\/\/telegram.me\/share\/url?url=https:\/\/klimavex.eu\/cz\/hyundai-hvac\/\" target=\"_blank\" class=\" wd-social-icon social-tg\" aria-label=\"Telegram soci\u00e1ln\u00ed odkaz\">\n\t\t\t\t\t\t<span class=\"wd-icon\"><\/span>\n\t\t\t\t\t\t\t\t\t\t\t<\/a>\n\t\t\t\t\n\t\t\t\t\n\t\t\t<\/div>\n\n\t\t\t\t\t\t\t\t\t<\/div>\n\t\t\t\t\t\t<\/div>\n\t\t\t\t\t<\/div>\n\t\t\t\t\t\t\t\n\t\t\t\t\t\t\t\t\t\t\t\t<div class=\"entry-content wd-post-desc\">\n\t\t\t\t\t\t<p>Tepeln\u00e1 \u010derpadla, rekupera\u010dn\u00ed jednotky a tak\u00e9 klimatizace &#8211; v\u0161echny tyto produkty nab\u00edz\u00ed spole\u010dnost Hyundai pro \u010desk\u00e9 a slovensk\u00e9 dom\u00e1cnosti. Nechte Hyundai zdokonalit V\u00e1\u0161 sv\u011bt.<\/p>\n\t\t\t\t\t<\/div>\n\t\t\t\t\n\t\t\t\t\t\t\t\t\t\t\t\t\t\t<p class=\"read-more-section\">\n\t\t\t\t\t\t<a class=\"btn-read-more more-link\" href=\"https:\/\/klimavex.eu\/cz\/hyundai-hvac\/\">pokra\u010dovat ve \u010dten\u00ed<\/a>\t\t\t\t\t<\/p>\n\t\t\t\t\t\t\t\t\t\t\t\t\t<\/div>\n\t<\/div>\n<\/article>\n\n\t\t\t\t\n\t\t\t\t\t\t\t\t<\/div>\n\t\t\t\n\t\t\t\t\t\t\t\t\t\t<\/div>\n\t\t\t\t\t\t\t\t<\/div>\n\t\t\t\t<\/div>\n\t\t\t\t\t<\/div>\n\t\t\t\t<\/div>\n\t\t\t\t<\/div>\n\t\t\t\t\t\t\t\t\t\t\t\t\t<\/div>\n\n\t\t\t\t\t\t\t\t\t\t\t\t\t\t\n\t\t\t\t\t\n\t\t\t\t\t<div class=\"wd-tab-content wd-entry-content\">\n\t\t\t\t\t\t\t\t\t\t\t\t\t\t\t\t<link rel=\"stylesheet\" id=\"elementor-post-335824-css\" href=\"https:\/\/klimavex.eu\/cz\/wp-content\/uploads\/elementor\/css\/post-335824.css?ver=1732201174\" type=\"text\/css\" media=\"all\">\n\t\t\t\t\t<div data-elementor-type=\"wp-post\" data-elementor-id=\"335824\" class=\"elementor elementor-335824\" data-elementor-post-type=\"cms_block\">\n\t\t\t\t<div class=\"wd-negative-gap elementor-element elementor-element-568afe0 e-flex e-con-boxed e-con e-parent\" data-id=\"568afe0\" data-element_type=\"container\">\n\t\t\t\t\t<div class=\"e-con-inner\">\n\t\t\t\t<div class=\"elementor-element elementor-element-f0775f6 wd-width-100 elementor-widget elementor-widget-wd_blog\" data-id=\"f0775f6\" data-element_type=\"widget\" data-widget_type=\"wd_blog.default\">\n\t\t\t\t<div class=\"elementor-widget-container\">\n\t\t\t\t\t\t\t\t\t\t<div class=\"wd-blog-element\">\n\t\t\t\t\t<div class=\"wd-posts wd-blog-holder wd-grid-g\" id=\"69f4d579e3c45\" data-paged=\"1\" data-atts=\"{&quot;post_type&quot;:&quot;post&quot;,&quot;items_per_page&quot;:12,&quot;include&quot;:null,&quot;taxonomies&quot;:[&quot;5495&quot;],&quot;offset&quot;:&quot;&quot;,&quot;orderby&quot;:&quot;date&quot;,&quot;order&quot;:&quot;DESC&quot;,&quot;meta_key&quot;:null,&quot;exclude&quot;:[&quot;369739&quot;],&quot;parts_media&quot;:true,&quot;parts_title&quot;:&quot;1&quot;,&quot;parts_meta&quot;:&quot;1&quot;,&quot;parts_text&quot;:&quot;1&quot;,&quot;parts_btn&quot;:&quot;1&quot;,&quot;img_size&quot;:&quot;large&quot;,&quot;blog_design&quot;:&quot;small-images&quot;,&quot;blog_carousel_design&quot;:null,&quot;blog_columns&quot;:null,&quot;blog_columns_tablet&quot;:{&quot;size&quot;:&quot;&quot;},&quot;blog_columns_mobile&quot;:{&quot;size&quot;:&quot;&quot;},&quot;blog_spacing&quot;:null,&quot;blog_spacing_tablet&quot;:&quot;&quot;,&quot;blog_spacing_mobile&quot;:&quot;&quot;,&quot;pagination&quot;:&quot;infinit&quot;,&quot;speed&quot;:null,&quot;slides_per_view&quot;:null,&quot;slides_per_view_tablet&quot;:{&quot;size&quot;:&quot;&quot;},&quot;slides_per_view_mobile&quot;:{&quot;size&quot;:&quot;&quot;},&quot;wrap&quot;:null,&quot;autoplay&quot;:null,&quot;hide_pagination_control&quot;:null,&quot;hide_prev_next_buttons&quot;:null,&quot;scroll_per_page&quot;:null,&quot;lazy_loading&quot;:&quot;yes&quot;,&quot;scroll_carousel_init&quot;:null,&quot;ajax_page&quot;:&quot;&quot;,&quot;custom_sizes&quot;:false,&quot;elementor&quot;:true}\" data-source=\"shortcode\">\n\t\t\t\n\t\t\t\t\t\t\t\t\t\t\t\t\t\t\n<article id=\"post-569523\" class=\"wd-post blog-design-small-images blog-post-loop blog-style-bg wd-add-shadow wd-col post-569523 post type-post status-publish format-standard has-post-thumbnail hentry category-ventilatory category-klimatizace category-rekuperacni-jednotky category-tepelna-cerpadla category-odvlhcovace category-novinky tag-novinky-blog tag-rekuperacie-blog tag-tepelna-cerpadla-blog tag-klimatizace-blog tag-ventilatory-blog tag-odvlhcovace-blog\">\n\t<div class=\"article-inner\">\n\t\t<header class=\"entry-header\">\n\t\t\t\t\t\t\t<figure class=\"entry-thumbnail\">\n\t\t\t\t\t\t\t\t\t\t\t<div class=\"post-img-wrapp\">\n\t\t\t\t\t\t\t<a href=\"https:\/\/klimavex.eu\/cz\/komplexni-sluzby-klimavex\/\">\n\t\t\t\t\t\t\t\t<img fetchpriority=\"high\" decoding=\"async\" width=\"1024\" height=\"576\" src=\"https:\/\/klimavex.eu\/cz\/wp-content\/uploads\/2025\/11\/CZ-1024x576.png\" class=\"attachment-large size-large\" alt=\"\" srcset=\"https:\/\/klimavex.eu\/cz\/wp-content\/uploads\/2025\/11\/CZ-1024x576.png 1024w, https:\/\/klimavex.eu\/cz\/wp-content\/uploads\/2025\/11\/CZ-300x169.png 300w, https:\/\/klimavex.eu\/cz\/wp-content\/uploads\/2025\/11\/CZ-768x432.png 768w, https:\/\/klimavex.eu\/cz\/wp-content\/uploads\/2025\/11\/CZ-20x11.png 20w, https:\/\/klimavex.eu\/cz\/wp-content\/uploads\/2025\/11\/CZ-600x338.png 600w, https:\/\/klimavex.eu\/cz\/wp-content\/uploads\/2025\/11\/CZ-150x84.png 150w, https:\/\/klimavex.eu\/cz\/wp-content\/uploads\/2025\/11\/CZ.png 1280w\" sizes=\"(max-width: 1024px) 100vw, 1024px\" \/>\t\t\t\t\t\t\t<\/a>\n\t\t\t\t\t\t<\/div>\n\t\t\t\t\t\t<div class=\"post-image-mask\">\n\t\t\t\t\t\t\t<span><\/span>\n\t\t\t\t\t\t<\/div>\n\t\t\t\t\t\t\t\t\t<\/figure>\n\t\t\t\n\t\t\t\t\t\t<div class=\"wd-post-date wd-style-with-bg\">\n\t\t\t\t<span class=\"post-date-day\">\n\t\t\t\t\t27\t\t\t\t<\/span>\n\t\t\t\t<span class=\"post-date-month\">\n\t\t\t\t\tLis\t\t\t\t<\/span>\n\t\t\t<\/div>\n\t\t\t\t<\/header>\n\n\t\t<div class=\"article-body-container\">\n\t\t\t\t\t\t\t<div class=\"meta-categories-wrapp\">\n\t\t\t\t\t<div class=\"meta-post-categories wd-post-cat wd-style-with-bg\">\n\t\t\t\t\t\t<a href=\"https:\/\/klimavex.eu\/cz\/category\/ventilatory\/\" rel=\"category tag\">Ventil\u00e1tory<\/a>, <a href=\"https:\/\/klimavex.eu\/cz\/category\/klimatizace\/\" rel=\"category tag\">Klimatizace<\/a>, <a href=\"https:\/\/klimavex.eu\/cz\/category\/rekuperacni-jednotky\/\" rel=\"category tag\">Rekupera\u010dn\u00ed jednotky<\/a>, <a href=\"https:\/\/klimavex.eu\/cz\/category\/tepelna-cerpadla\/\" rel=\"category tag\">Tepeln\u00e1 \u010derpadla<\/a>, <a href=\"https:\/\/klimavex.eu\/cz\/category\/odvlhcovace\/\" rel=\"category tag\">Odvlh\u010dova\u010de<\/a>, <a href=\"https:\/\/klimavex.eu\/cz\/category\/novinky\/\" rel=\"category tag\">Novinky<\/a>\t\t\t\t\t<\/div>\n\t\t\t\t<\/div>\n\t\t\t\n\t\t\t\t\t\t\t<h3 class=\"wd-entities-title title post-title\">\n\t\t\t\t\t<a href=\"https:\/\/klimavex.eu\/cz\/komplexni-sluzby-klimavex\/\" rel=\"bookmark\">Komplexn\u00ed slu\u017eby KLIMAVEX<\/a>\n\t\t\t\t<\/h3>\n\t\t\t\n\t\t\t\t\t\t\t<div class=\"entry-meta wd-entry-meta\">\n\t\t\t\t\t\t\t\t<ul class=\"entry-meta-list\">\n\t\t\t\t\t\t\t\t\t<li class=\"modified-date\">\n\t\t\t\t\t\t\t\t<time class=\"updated\" datetime=\"2025-11-27T14:52:38+01:00\">\n\t\t\t27 listopadu, 2025\t\t<\/time>\n\t\t\t\t\t\t\t<\/li>\n\n\t\t\t\t\t\n\t\t\t\t\t\t\t\t\t\t\t<li class=\"meta-author\">\n\t\t\t\t\t\t\t\t\t\t\t\t<span>Podle<\/span>\n\t\t\n\t\t\t\t\t<img loading=\"lazy\" decoding=\"async\" src=\"https:\/\/klimavex.eu\/cz\/wp-content\/plugins\/ultimate-member\/assets\/img\/default_avatar.jpg\" class=\"gravatar avatar avatar-32 um-avatar um-avatar-default\" width=\"32\" height=\"32\" alt=\"Marketing KLIMAVEX\" data-default=\"https:\/\/klimavex.eu\/cz\/wp-content\/plugins\/ultimate-member\/assets\/img\/default_avatar.jpg\" onerror=\"if ( ! this.getAttribute('data-load-error') ){ this.setAttribute('data-load-error', '1');this.setAttribute('src', this.getAttribute('data-default'));}\" loading=\"lazy\" \/>\t\t\n\t\t<a href=\"https:\/\/klimavex.eu\/cz\/author\/marketing\/\" class=\"author\" rel=\"author\">Marketing KLIMAVEX<\/a>\n\t\t\t\t\t\t\t\t<\/li>\n\t\t\t\t\t\n\t\t\t\t\t\n\t\t\t\t\t\t\t\t\t\t\t<li class=\"meta-reply\">\n\t\t\t\t\t\t\t<a href=\"https:\/\/klimavex.eu\/cz\/komplexni-sluzby-klimavex\/#respond\"><span class=\"replies-count\">0<\/span> <span class=\"replies-count-label\">koment\u00e1\u0159e<\/span><\/a>\t\t\t\t\t\t<\/li>\n\t\t\t\t\t\t\t\t\t\t\t\t<\/ul>\n\t\t\t\t\t\t<\/div>\n\t\t\t\t\t\t\t\t\t<div class=\"hovered-social-icons wd-tltp\">\n\t\t\t\t\t\t<div class=\"tooltip top\">\n\t\t\t\t\t\t\t<div class=\"tooltip-arrow\"><\/div>\n\t\t\t\t\t\t\t<div class=\"tooltip-inner\">\n\t\t\t\t\t\t\t\t\t\t\t<div id=\"\" class=\" wd-social-icons wd-style-default wd-size-small social-share wd-shape-circle color-scheme-light text-center\">\n\t\t\t\t\n\t\t\t\t\n\t\t\t\t\t\t\t\t\t<a rel=\"noopener noreferrer nofollow\" href=\"https:\/\/www.facebook.com\/sharer\/sharer.php?u=https:\/\/klimavex.eu\/cz\/komplexni-sluzby-klimavex\/\" target=\"_blank\" class=\" wd-social-icon social-facebook\" aria-label=\"Facebook soci\u00e1ln\u00ed odkaz\">\n\t\t\t\t\t\t<span class=\"wd-icon\"><\/span>\n\t\t\t\t\t\t\t\t\t\t\t<\/a>\n\t\t\t\t\n\t\t\t\t\t\t\t\t\t<a rel=\"noopener noreferrer nofollow\" href=\"https:\/\/x.com\/share?url=https:\/\/klimavex.eu\/cz\/komplexni-sluzby-klimavex\/\" target=\"_blank\" class=\" wd-social-icon social-twitter\" aria-label=\"X social link\">\n\t\t\t\t\t\t<span class=\"wd-icon\"><\/span>\n\t\t\t\t\t\t\t\t\t\t\t<\/a>\n\t\t\t\t\n\t\t\t\t\n\t\t\t\t\n\t\t\t\t\n\t\t\t\t\t\t\t\t\t<a rel=\"noopener noreferrer nofollow\" href=\"https:\/\/pinterest.com\/pin\/create\/button\/?url=https:\/\/klimavex.eu\/cz\/komplexni-sluzby-klimavex\/&media=https:\/\/klimavex.eu\/cz\/wp-content\/uploads\/2025\/11\/CZ.png&description=Komplexn%C3%AD+slu%C5%BEby+KLIMAVEX\" target=\"_blank\" class=\" wd-social-icon social-pinterest\" aria-label=\"Pinterest soci\u00e1ln\u00ed odkaz\">\n\t\t\t\t\t\t<span class=\"wd-icon\"><\/span>\n\t\t\t\t\t\t\t\t\t\t\t<\/a>\n\t\t\t\t\n\t\t\t\t\n\t\t\t\t\t\t\t\t\t<a rel=\"noopener noreferrer nofollow\" href=\"https:\/\/www.linkedin.com\/shareArticle?mini=true&url=https:\/\/klimavex.eu\/cz\/komplexni-sluzby-klimavex\/\" target=\"_blank\" class=\" wd-social-icon social-linkedin\" aria-label=\"Linkedin soci\u00e1ln\u00ed odkaz\">\n\t\t\t\t\t\t<span class=\"wd-icon\"><\/span>\n\t\t\t\t\t\t\t\t\t\t\t<\/a>\n\t\t\t\t\n\t\t\t\t\n\t\t\t\t\n\t\t\t\t\n\t\t\t\t\n\t\t\t\t\n\t\t\t\t\n\t\t\t\t\n\t\t\t\t\n\t\t\t\t\n\t\t\t\t\n\t\t\t\t\n\t\t\t\t\n\t\t\t\t\n\t\t\t\t\n\t\t\t\t\n\t\t\t\t\t\t\t\t\t<a rel=\"noopener noreferrer nofollow\" href=\"https:\/\/telegram.me\/share\/url?url=https:\/\/klimavex.eu\/cz\/komplexni-sluzby-klimavex\/\" target=\"_blank\" class=\" wd-social-icon social-tg\" aria-label=\"Telegram soci\u00e1ln\u00ed odkaz\">\n\t\t\t\t\t\t<span class=\"wd-icon\"><\/span>\n\t\t\t\t\t\t\t\t\t\t\t<\/a>\n\t\t\t\t\n\t\t\t\t\n\t\t\t<\/div>\n\n\t\t\t\t\t\t\t\t\t<\/div>\n\t\t\t\t\t\t<\/div>\n\t\t\t\t\t<\/div>\n\t\t\t\t\t\t\t\n\t\t\t\t\t\t\t\t\t\t\t\t<div class=\"entry-content wd-post-desc\">\n\t\t\t\t\t\tKLIMAVEX: spolehliv\u00fd partner pro v\u0161echny Va\u0161e projekty\t\t\n\t\t\tSpole\u010dnost KLIMAVEX p\u016fsob\u00ed u\u017e v\u00edce ne\u017e 30 let jako\u00a0velkoobchodn\u00ed dodavatel ...\t\t\t\t\t<\/div>\n\t\t\t\t\n\t\t\t\t\t\t\t\t\t\t\t\t\t\t<p class=\"read-more-section\">\n\t\t\t\t\t\t<a class=\"btn-read-more more-link\" href=\"https:\/\/klimavex.eu\/cz\/komplexni-sluzby-klimavex\/\">pokra\u010dovat ve \u010dten\u00ed<\/a>\t\t\t\t\t<\/p>\n\t\t\t\t\t\t\t\t\t\t\t\t\t<\/div>\n\t<\/div>\n<\/article>\n\n\t\t\t\t\t\t\t\t\t\t\t\t\t\t\n<article id=\"post-374642\" class=\"wd-post blog-design-small-images blog-post-loop blog-style-bg wd-add-shadow wd-col post-374642 post type-post status-publish format-standard has-post-thumbnail hentry category-ventilatory category-novinky category-rekuperacni-jednotky category-tepelna-cerpadla category-odvlhcovace category-klimatizace tag-tepelna-cerpadla-blog tag-klimatizace-blog tag-novinky-blog tag-ventilatory-blog tag-odvlhcovace-blog tag-rekuperacie-blog\">\n\t<div class=\"article-inner\">\n\t\t<header class=\"entry-header\">\n\t\t\t\t\t\t\t<figure class=\"entry-thumbnail\">\n\t\t\t\t\t\t\t\t\t\t\t<div class=\"post-img-wrapp\">\n\t\t\t\t\t\t\t<a href=\"https:\/\/klimavex.eu\/cz\/co-je-to-hvac\/\">\n\t\t\t\t\t\t\t\t<img loading=\"lazy\" decoding=\"async\" width=\"1024\" height=\"576\" src=\"https:\/\/klimavex.eu\/cz\/wp-content\/uploads\/2025\/03\/hvac-1024x576.png\" class=\"attachment-large size-large\" alt=\"hvac\" srcset=\"https:\/\/klimavex.eu\/cz\/wp-content\/uploads\/2025\/03\/hvac-1024x576.png 1024w, https:\/\/klimavex.eu\/cz\/wp-content\/uploads\/2025\/03\/hvac-300x169.png 300w, https:\/\/klimavex.eu\/cz\/wp-content\/uploads\/2025\/03\/hvac-768x432.png 768w, https:\/\/klimavex.eu\/cz\/wp-content\/uploads\/2025\/03\/hvac-1536x864.png 1536w, https:\/\/klimavex.eu\/cz\/wp-content\/uploads\/2025\/03\/hvac-20x11.png 20w, https:\/\/klimavex.eu\/cz\/wp-content\/uploads\/2025\/03\/hvac-600x338.png 600w, https:\/\/klimavex.eu\/cz\/wp-content\/uploads\/2025\/03\/hvac-150x84.png 150w, https:\/\/klimavex.eu\/cz\/wp-content\/uploads\/2025\/03\/hvac.png 1920w\" sizes=\"(max-width: 1024px) 100vw, 1024px\" \/>\t\t\t\t\t\t\t<\/a>\n\t\t\t\t\t\t<\/div>\n\t\t\t\t\t\t<div class=\"post-image-mask\">\n\t\t\t\t\t\t\t<span><\/span>\n\t\t\t\t\t\t<\/div>\n\t\t\t\t\t\t\t\t\t<\/figure>\n\t\t\t\n\t\t\t\t\t\t<div class=\"wd-post-date wd-style-with-bg\">\n\t\t\t\t<span class=\"post-date-day\">\n\t\t\t\t\t02\t\t\t\t<\/span>\n\t\t\t\t<span class=\"post-date-month\">\n\t\t\t\t\tDub\t\t\t\t<\/span>\n\t\t\t<\/div>\n\t\t\t\t<\/header>\n\n\t\t<div class=\"article-body-container\">\n\t\t\t\t\t\t\t<div class=\"meta-categories-wrapp\">\n\t\t\t\t\t<div class=\"meta-post-categories wd-post-cat wd-style-with-bg\">\n\t\t\t\t\t\t<a href=\"https:\/\/klimavex.eu\/cz\/category\/ventilatory\/\" rel=\"category tag\">Ventil\u00e1tory<\/a>, <a href=\"https:\/\/klimavex.eu\/cz\/category\/novinky\/\" rel=\"category tag\">Novinky<\/a>, <a href=\"https:\/\/klimavex.eu\/cz\/category\/rekuperacni-jednotky\/\" rel=\"category tag\">Rekupera\u010dn\u00ed jednotky<\/a>, <a href=\"https:\/\/klimavex.eu\/cz\/category\/tepelna-cerpadla\/\" rel=\"category tag\">Tepeln\u00e1 \u010derpadla<\/a>, <a href=\"https:\/\/klimavex.eu\/cz\/category\/odvlhcovace\/\" rel=\"category tag\">Odvlh\u010dova\u010de<\/a>, <a href=\"https:\/\/klimavex.eu\/cz\/category\/klimatizace\/\" rel=\"category tag\">Klimatizace<\/a>\t\t\t\t\t<\/div>\n\t\t\t\t<\/div>\n\t\t\t\n\t\t\t\t\t\t\t<h3 class=\"wd-entities-title title post-title\">\n\t\t\t\t\t<a href=\"https:\/\/klimavex.eu\/cz\/co-je-to-hvac\/\" rel=\"bookmark\">Co je to HVAC?<\/a>\n\t\t\t\t<\/h3>\n\t\t\t\n\t\t\t\t\t\t\t<div class=\"entry-meta wd-entry-meta\">\n\t\t\t\t\t\t\t\t<ul class=\"entry-meta-list\">\n\t\t\t\t\t\t\t\t\t<li class=\"modified-date\">\n\t\t\t\t\t\t\t\t<time class=\"updated\" datetime=\"2025-04-02T08:57:17+02:00\">\n\t\t\t2 dubna, 2025\t\t<\/time>\n\t\t\t\t\t\t\t<\/li>\n\n\t\t\t\t\t\n\t\t\t\t\t\t\t\t\t\t\t<li class=\"meta-author\">\n\t\t\t\t\t\t\t\t\t\t\t\t<span>Podle<\/span>\n\t\t\n\t\t\t\t\t<img loading=\"lazy\" decoding=\"async\" src=\"https:\/\/klimavex.eu\/cz\/wp-content\/plugins\/ultimate-member\/assets\/img\/default_avatar.jpg\" class=\"gravatar avatar avatar-32 um-avatar um-avatar-default\" width=\"32\" height=\"32\" alt=\"Marketing KLIMAVEX\" data-default=\"https:\/\/klimavex.eu\/cz\/wp-content\/plugins\/ultimate-member\/assets\/img\/default_avatar.jpg\" onerror=\"if ( ! this.getAttribute('data-load-error') ){ this.setAttribute('data-load-error', '1');this.setAttribute('src', this.getAttribute('data-default'));}\" loading=\"lazy\" \/>\t\t\n\t\t<a href=\"https:\/\/klimavex.eu\/cz\/author\/marketing\/\" class=\"author\" rel=\"author\">Marketing KLIMAVEX<\/a>\n\t\t\t\t\t\t\t\t<\/li>\n\t\t\t\t\t\n\t\t\t\t\t\n\t\t\t\t\t\t\t\t\t\t\t<li class=\"meta-reply\">\n\t\t\t\t\t\t\t<a href=\"https:\/\/klimavex.eu\/cz\/co-je-to-hvac\/#respond\"><span class=\"replies-count\">0<\/span> <span class=\"replies-count-label\">koment\u00e1\u0159e<\/span><\/a>\t\t\t\t\t\t<\/li>\n\t\t\t\t\t\t\t\t\t\t\t\t<\/ul>\n\t\t\t\t\t\t<\/div>\n\t\t\t\t\t\t\t\t\t<div class=\"hovered-social-icons wd-tltp\">\n\t\t\t\t\t\t<div class=\"tooltip top\">\n\t\t\t\t\t\t\t<div class=\"tooltip-arrow\"><\/div>\n\t\t\t\t\t\t\t<div class=\"tooltip-inner\">\n\t\t\t\t\t\t\t\t\t\t\t<div id=\"\" class=\" wd-social-icons wd-style-default wd-size-small social-share wd-shape-circle color-scheme-light text-center\">\n\t\t\t\t\n\t\t\t\t\n\t\t\t\t\t\t\t\t\t<a rel=\"noopener noreferrer nofollow\" href=\"https:\/\/www.facebook.com\/sharer\/sharer.php?u=https:\/\/klimavex.eu\/cz\/co-je-to-hvac\/\" target=\"_blank\" class=\" wd-social-icon social-facebook\" aria-label=\"Facebook soci\u00e1ln\u00ed odkaz\">\n\t\t\t\t\t\t<span class=\"wd-icon\"><\/span>\n\t\t\t\t\t\t\t\t\t\t\t<\/a>\n\t\t\t\t\n\t\t\t\t\t\t\t\t\t<a rel=\"noopener noreferrer nofollow\" href=\"https:\/\/x.com\/share?url=https:\/\/klimavex.eu\/cz\/co-je-to-hvac\/\" target=\"_blank\" class=\" wd-social-icon social-twitter\" aria-label=\"X social link\">\n\t\t\t\t\t\t<span class=\"wd-icon\"><\/span>\n\t\t\t\t\t\t\t\t\t\t\t<\/a>\n\t\t\t\t\n\t\t\t\t\n\t\t\t\t\n\t\t\t\t\n\t\t\t\t\t\t\t\t\t<a rel=\"noopener noreferrer nofollow\" href=\"https:\/\/pinterest.com\/pin\/create\/button\/?url=https:\/\/klimavex.eu\/cz\/co-je-to-hvac\/&media=https:\/\/klimavex.eu\/cz\/wp-content\/uploads\/2025\/03\/hvac.png&description=Co+je+to+HVAC%3F\" target=\"_blank\" class=\" wd-social-icon social-pinterest\" aria-label=\"Pinterest soci\u00e1ln\u00ed odkaz\">\n\t\t\t\t\t\t<span class=\"wd-icon\"><\/span>\n\t\t\t\t\t\t\t\t\t\t\t<\/a>\n\t\t\t\t\n\t\t\t\t\n\t\t\t\t\t\t\t\t\t<a rel=\"noopener noreferrer nofollow\" href=\"https:\/\/www.linkedin.com\/shareArticle?mini=true&url=https:\/\/klimavex.eu\/cz\/co-je-to-hvac\/\" target=\"_blank\" class=\" wd-social-icon social-linkedin\" aria-label=\"Linkedin soci\u00e1ln\u00ed odkaz\">\n\t\t\t\t\t\t<span class=\"wd-icon\"><\/span>\n\t\t\t\t\t\t\t\t\t\t\t<\/a>\n\t\t\t\t\n\t\t\t\t\n\t\t\t\t\n\t\t\t\t\n\t\t\t\t\n\t\t\t\t\n\t\t\t\t\n\t\t\t\t\n\t\t\t\t\n\t\t\t\t\n\t\t\t\t\n\t\t\t\t\n\t\t\t\t\n\t\t\t\t\n\t\t\t\t\n\t\t\t\t\n\t\t\t\t\t\t\t\t\t<a rel=\"noopener noreferrer nofollow\" href=\"https:\/\/telegram.me\/share\/url?url=https:\/\/klimavex.eu\/cz\/co-je-to-hvac\/\" target=\"_blank\" class=\" wd-social-icon social-tg\" aria-label=\"Telegram soci\u00e1ln\u00ed odkaz\">\n\t\t\t\t\t\t<span class=\"wd-icon\"><\/span>\n\t\t\t\t\t\t\t\t\t\t\t<\/a>\n\t\t\t\t\n\t\t\t\t\n\t\t\t<\/div>\n\n\t\t\t\t\t\t\t\t\t<\/div>\n\t\t\t\t\t\t<\/div>\n\t\t\t\t\t<\/div>\n\t\t\t\t\t\t\t\n\t\t\t\t\t\t\t\t\t\t\t\t<div class=\"entry-content wd-post-desc\">\n\t\t\t\t\t\tCo je to HVAC?\t\t\n\t\t\tHVAC je anglick\u00e1 zkratka pro slova \u201eHeating, Ventilation, and Air Conditioning\u201d. P\u0159eklad t\u00e9to zkratky je tedy \u201eVyt\u00e1...\t\t\t\t\t<\/div>\n\t\t\t\t\n\t\t\t\t\t\t\t\t\t\t\t\t\t\t<p class=\"read-more-section\">\n\t\t\t\t\t\t<a class=\"btn-read-more more-link\" href=\"https:\/\/klimavex.eu\/cz\/co-je-to-hvac\/\">pokra\u010dovat ve \u010dten\u00ed<\/a>\t\t\t\t\t<\/p>\n\t\t\t\t\t\t\t\t\t\t\t\t\t<\/div>\n\t<\/div>\n<\/article>\n\n\t\t\t\t\n\t\t\t\t\t\t\t\t<\/div>\n\t\t\t\n\t\t\t\t\t\t\t\t\t\t<\/div>\n\t\t\t\t\t\t\t\t<\/div>\n\t\t\t\t<\/div>\n\t\t\t\t\t<\/div>\n\t\t\t\t<\/div>\n\t\t\t\t<\/div>\n\t\t\t\t\t\t\t\t\t\t\t\t\t<\/div>\n\n\t\t\t\t\t\t\t\t\t\t\t\t\t\t\n\t\t\t\t\t\n\t\t\t\t\t<div class=\"wd-tab-content wd-entry-content\">\n\t\t\t\t\t\t\t\t\t\t\t\t\t\t\t\t<link rel=\"stylesheet\" id=\"elementor-post-334458-css\" href=\"https:\/\/klimavex.eu\/cz\/wp-content\/uploads\/elementor\/css\/post-334458.css?ver=1732201174\" type=\"text\/css\" media=\"all\">\n\t\t\t\t\t<div data-elementor-type=\"wp-post\" data-elementor-id=\"334458\" class=\"elementor elementor-334458\" data-elementor-post-type=\"cms_block\">\n\t\t\t\t<div class=\"wd-negative-gap elementor-element elementor-element-bf2c7e1 e-flex e-con-boxed e-con e-parent\" data-id=\"bf2c7e1\" data-element_type=\"container\">\n\t\t\t\t\t<div class=\"e-con-inner\">\n\t\t\t\t<div class=\"elementor-element elementor-element-caeb307 wd-width-100 elementor-widget elementor-widget-wd_blog\" data-id=\"caeb307\" data-element_type=\"widget\" data-widget_type=\"wd_blog.default\">\n\t\t\t\t<div class=\"elementor-widget-container\">\n\t\t\t\t\t\t\t\t\t\t<div class=\"wd-blog-element\">\n\t\t\t\t\t<div class=\"wd-posts wd-blog-holder wd-grid-g\" id=\"69f4d579eb5e1\" data-paged=\"1\" data-atts=\"{&quot;post_type&quot;:&quot;post&quot;,&quot;items_per_page&quot;:12,&quot;include&quot;:null,&quot;taxonomies&quot;:[&quot;5496&quot;],&quot;offset&quot;:&quot;&quot;,&quot;orderby&quot;:&quot;date&quot;,&quot;order&quot;:&quot;DESC&quot;,&quot;meta_key&quot;:null,&quot;exclude&quot;:[&quot;369739&quot;],&quot;parts_media&quot;:true,&quot;parts_title&quot;:&quot;1&quot;,&quot;parts_meta&quot;:&quot;1&quot;,&quot;parts_text&quot;:&quot;1&quot;,&quot;parts_btn&quot;:&quot;1&quot;,&quot;img_size&quot;:&quot;large&quot;,&quot;blog_design&quot;:&quot;small-images&quot;,&quot;blog_carousel_design&quot;:null,&quot;blog_columns&quot;:null,&quot;blog_columns_tablet&quot;:{&quot;size&quot;:&quot;&quot;},&quot;blog_columns_mobile&quot;:{&quot;size&quot;:&quot;&quot;},&quot;blog_spacing&quot;:null,&quot;blog_spacing_tablet&quot;:&quot;&quot;,&quot;blog_spacing_mobile&quot;:&quot;&quot;,&quot;pagination&quot;:&quot;infinit&quot;,&quot;speed&quot;:null,&quot;slides_per_view&quot;:null,&quot;slides_per_view_tablet&quot;:{&quot;size&quot;:&quot;&quot;},&quot;slides_per_view_mobile&quot;:{&quot;size&quot;:&quot;&quot;},&quot;wrap&quot;:null,&quot;autoplay&quot;:null,&quot;hide_pagination_control&quot;:null,&quot;hide_prev_next_buttons&quot;:null,&quot;scroll_per_page&quot;:null,&quot;lazy_loading&quot;:&quot;yes&quot;,&quot;scroll_carousel_init&quot;:null,&quot;ajax_page&quot;:&quot;&quot;,&quot;custom_sizes&quot;:false,&quot;elementor&quot;:true}\" data-source=\"shortcode\">\n\t\t\t\n\t\t\t\t\t\t\t\t\t\t\t\t\t\t\n<article id=\"post-569523\" class=\"wd-post blog-design-small-images blog-post-loop blog-style-bg wd-add-shadow wd-col post-569523 post type-post status-publish format-standard has-post-thumbnail hentry category-ventilatory category-klimatizace category-rekuperacni-jednotky category-tepelna-cerpadla category-odvlhcovace category-novinky tag-novinky-blog tag-rekuperacie-blog tag-tepelna-cerpadla-blog tag-klimatizace-blog tag-ventilatory-blog tag-odvlhcovace-blog\">\n\t<div class=\"article-inner\">\n\t\t<header class=\"entry-header\">\n\t\t\t\t\t\t\t<figure class=\"entry-thumbnail\">\n\t\t\t\t\t\t\t\t\t\t\t<div class=\"post-img-wrapp\">\n\t\t\t\t\t\t\t<a href=\"https:\/\/klimavex.eu\/cz\/komplexni-sluzby-klimavex\/\">\n\t\t\t\t\t\t\t\t<img fetchpriority=\"high\" decoding=\"async\" width=\"1024\" height=\"576\" src=\"https:\/\/klimavex.eu\/cz\/wp-content\/uploads\/2025\/11\/CZ-1024x576.png\" class=\"attachment-large size-large\" alt=\"\" srcset=\"https:\/\/klimavex.eu\/cz\/wp-content\/uploads\/2025\/11\/CZ-1024x576.png 1024w, https:\/\/klimavex.eu\/cz\/wp-content\/uploads\/2025\/11\/CZ-300x169.png 300w, https:\/\/klimavex.eu\/cz\/wp-content\/uploads\/2025\/11\/CZ-768x432.png 768w, https:\/\/klimavex.eu\/cz\/wp-content\/uploads\/2025\/11\/CZ-20x11.png 20w, https:\/\/klimavex.eu\/cz\/wp-content\/uploads\/2025\/11\/CZ-600x338.png 600w, https:\/\/klimavex.eu\/cz\/wp-content\/uploads\/2025\/11\/CZ-150x84.png 150w, https:\/\/klimavex.eu\/cz\/wp-content\/uploads\/2025\/11\/CZ.png 1280w\" sizes=\"(max-width: 1024px) 100vw, 1024px\" \/>\t\t\t\t\t\t\t<\/a>\n\t\t\t\t\t\t<\/div>\n\t\t\t\t\t\t<div class=\"post-image-mask\">\n\t\t\t\t\t\t\t<span><\/span>\n\t\t\t\t\t\t<\/div>\n\t\t\t\t\t\t\t\t\t<\/figure>\n\t\t\t\n\t\t\t\t\t\t<div class=\"wd-post-date wd-style-with-bg\">\n\t\t\t\t<span class=\"post-date-day\">\n\t\t\t\t\t27\t\t\t\t<\/span>\n\t\t\t\t<span class=\"post-date-month\">\n\t\t\t\t\tLis\t\t\t\t<\/span>\n\t\t\t<\/div>\n\t\t\t\t<\/header>\n\n\t\t<div class=\"article-body-container\">\n\t\t\t\t\t\t\t<div class=\"meta-categories-wrapp\">\n\t\t\t\t\t<div class=\"meta-post-categories wd-post-cat wd-style-with-bg\">\n\t\t\t\t\t\t<a href=\"https:\/\/klimavex.eu\/cz\/category\/ventilatory\/\" rel=\"category tag\">Ventil\u00e1tory<\/a>, <a href=\"https:\/\/klimavex.eu\/cz\/category\/klimatizace\/\" rel=\"category tag\">Klimatizace<\/a>, <a href=\"https:\/\/klimavex.eu\/cz\/category\/rekuperacni-jednotky\/\" rel=\"category tag\">Rekupera\u010dn\u00ed jednotky<\/a>, <a href=\"https:\/\/klimavex.eu\/cz\/category\/tepelna-cerpadla\/\" rel=\"category tag\">Tepeln\u00e1 \u010derpadla<\/a>, <a href=\"https:\/\/klimavex.eu\/cz\/category\/odvlhcovace\/\" rel=\"category tag\">Odvlh\u010dova\u010de<\/a>, <a href=\"https:\/\/klimavex.eu\/cz\/category\/novinky\/\" rel=\"category tag\">Novinky<\/a>\t\t\t\t\t<\/div>\n\t\t\t\t<\/div>\n\t\t\t\n\t\t\t\t\t\t\t<h3 class=\"wd-entities-title title post-title\">\n\t\t\t\t\t<a href=\"https:\/\/klimavex.eu\/cz\/komplexni-sluzby-klimavex\/\" rel=\"bookmark\">Komplexn\u00ed slu\u017eby KLIMAVEX<\/a>\n\t\t\t\t<\/h3>\n\t\t\t\n\t\t\t\t\t\t\t<div class=\"entry-meta wd-entry-meta\">\n\t\t\t\t\t\t\t\t<ul class=\"entry-meta-list\">\n\t\t\t\t\t\t\t\t\t<li class=\"modified-date\">\n\t\t\t\t\t\t\t\t<time class=\"updated\" datetime=\"2025-11-27T14:52:38+01:00\">\n\t\t\t27 listopadu, 2025\t\t<\/time>\n\t\t\t\t\t\t\t<\/li>\n\n\t\t\t\t\t\n\t\t\t\t\t\t\t\t\t\t\t<li class=\"meta-author\">\n\t\t\t\t\t\t\t\t\t\t\t\t<span>Podle<\/span>\n\t\t\n\t\t\t\t\t<img loading=\"lazy\" decoding=\"async\" src=\"https:\/\/klimavex.eu\/cz\/wp-content\/plugins\/ultimate-member\/assets\/img\/default_avatar.jpg\" class=\"gravatar avatar avatar-32 um-avatar um-avatar-default\" width=\"32\" height=\"32\" alt=\"Marketing KLIMAVEX\" data-default=\"https:\/\/klimavex.eu\/cz\/wp-content\/plugins\/ultimate-member\/assets\/img\/default_avatar.jpg\" onerror=\"if ( ! this.getAttribute('data-load-error') ){ this.setAttribute('data-load-error', '1');this.setAttribute('src', this.getAttribute('data-default'));}\" loading=\"lazy\" \/>\t\t\n\t\t<a href=\"https:\/\/klimavex.eu\/cz\/author\/marketing\/\" class=\"author\" rel=\"author\">Marketing KLIMAVEX<\/a>\n\t\t\t\t\t\t\t\t<\/li>\n\t\t\t\t\t\n\t\t\t\t\t\n\t\t\t\t\t\t\t\t\t\t\t<li class=\"meta-reply\">\n\t\t\t\t\t\t\t<a href=\"https:\/\/klimavex.eu\/cz\/komplexni-sluzby-klimavex\/#respond\"><span class=\"replies-count\">0<\/span> <span class=\"replies-count-label\">koment\u00e1\u0159e<\/span><\/a>\t\t\t\t\t\t<\/li>\n\t\t\t\t\t\t\t\t\t\t\t\t<\/ul>\n\t\t\t\t\t\t<\/div>\n\t\t\t\t\t\t\t\t\t<div class=\"hovered-social-icons wd-tltp\">\n\t\t\t\t\t\t<div class=\"tooltip top\">\n\t\t\t\t\t\t\t<div class=\"tooltip-arrow\"><\/div>\n\t\t\t\t\t\t\t<div class=\"tooltip-inner\">\n\t\t\t\t\t\t\t\t\t\t\t<div id=\"\" class=\" wd-social-icons wd-style-default wd-size-small social-share wd-shape-circle color-scheme-light text-center\">\n\t\t\t\t\n\t\t\t\t\n\t\t\t\t\t\t\t\t\t<a rel=\"noopener noreferrer nofollow\" href=\"https:\/\/www.facebook.com\/sharer\/sharer.php?u=https:\/\/klimavex.eu\/cz\/komplexni-sluzby-klimavex\/\" target=\"_blank\" class=\" wd-social-icon social-facebook\" aria-label=\"Facebook soci\u00e1ln\u00ed odkaz\">\n\t\t\t\t\t\t<span class=\"wd-icon\"><\/span>\n\t\t\t\t\t\t\t\t\t\t\t<\/a>\n\t\t\t\t\n\t\t\t\t\t\t\t\t\t<a rel=\"noopener noreferrer nofollow\" href=\"https:\/\/x.com\/share?url=https:\/\/klimavex.eu\/cz\/komplexni-sluzby-klimavex\/\" target=\"_blank\" class=\" wd-social-icon social-twitter\" aria-label=\"X social link\">\n\t\t\t\t\t\t<span class=\"wd-icon\"><\/span>\n\t\t\t\t\t\t\t\t\t\t\t<\/a>\n\t\t\t\t\n\t\t\t\t\n\t\t\t\t\n\t\t\t\t\n\t\t\t\t\t\t\t\t\t<a rel=\"noopener noreferrer nofollow\" href=\"https:\/\/pinterest.com\/pin\/create\/button\/?url=https:\/\/klimavex.eu\/cz\/komplexni-sluzby-klimavex\/&media=https:\/\/klimavex.eu\/cz\/wp-content\/uploads\/2025\/11\/CZ.png&description=Komplexn%C3%AD+slu%C5%BEby+KLIMAVEX\" target=\"_blank\" class=\" wd-social-icon social-pinterest\" aria-label=\"Pinterest soci\u00e1ln\u00ed odkaz\">\n\t\t\t\t\t\t<span class=\"wd-icon\"><\/span>\n\t\t\t\t\t\t\t\t\t\t\t<\/a>\n\t\t\t\t\n\t\t\t\t\n\t\t\t\t\t\t\t\t\t<a rel=\"noopener noreferrer nofollow\" href=\"https:\/\/www.linkedin.com\/shareArticle?mini=true&url=https:\/\/klimavex.eu\/cz\/komplexni-sluzby-klimavex\/\" target=\"_blank\" class=\" wd-social-icon social-linkedin\" aria-label=\"Linkedin soci\u00e1ln\u00ed odkaz\">\n\t\t\t\t\t\t<span class=\"wd-icon\"><\/span>\n\t\t\t\t\t\t\t\t\t\t\t<\/a>\n\t\t\t\t\n\t\t\t\t\n\t\t\t\t\n\t\t\t\t\n\t\t\t\t\n\t\t\t\t\n\t\t\t\t\n\t\t\t\t\n\t\t\t\t\n\t\t\t\t\n\t\t\t\t\n\t\t\t\t\n\t\t\t\t\n\t\t\t\t\n\t\t\t\t\n\t\t\t\t\n\t\t\t\t\t\t\t\t\t<a rel=\"noopener noreferrer nofollow\" href=\"https:\/\/telegram.me\/share\/url?url=https:\/\/klimavex.eu\/cz\/komplexni-sluzby-klimavex\/\" target=\"_blank\" class=\" wd-social-icon social-tg\" aria-label=\"Telegram soci\u00e1ln\u00ed odkaz\">\n\t\t\t\t\t\t<span class=\"wd-icon\"><\/span>\n\t\t\t\t\t\t\t\t\t\t\t<\/a>\n\t\t\t\t\n\t\t\t\t\n\t\t\t<\/div>\n\n\t\t\t\t\t\t\t\t\t<\/div>\n\t\t\t\t\t\t<\/div>\n\t\t\t\t\t<\/div>\n\t\t\t\t\t\t\t\n\t\t\t\t\t\t\t\t\t\t\t\t<div class=\"entry-content wd-post-desc\">\n\t\t\t\t\t\tKLIMAVEX: spolehliv\u00fd partner pro v\u0161echny Va\u0161e projekty\t\t\n\t\t\tSpole\u010dnost KLIMAVEX p\u016fsob\u00ed u\u017e v\u00edce ne\u017e 30 let jako\u00a0velkoobchodn\u00ed dodavatel ...\t\t\t\t\t<\/div>\n\t\t\t\t\n\t\t\t\t\t\t\t\t\t\t\t\t\t\t<p class=\"read-more-section\">\n\t\t\t\t\t\t<a class=\"btn-read-more more-link\" href=\"https:\/\/klimavex.eu\/cz\/komplexni-sluzby-klimavex\/\">pokra\u010dovat ve \u010dten\u00ed<\/a>\t\t\t\t\t<\/p>\n\t\t\t\t\t\t\t\t\t\t\t\t\t<\/div>\n\t<\/div>\n<\/article>\n\n\t\t\t\t\t\t\t\t\t\t\t\t\t\t\n<article id=\"post-374642\" class=\"wd-post blog-design-small-images blog-post-loop blog-style-bg wd-add-shadow wd-col post-374642 post type-post status-publish format-standard has-post-thumbnail hentry category-ventilatory category-novinky category-rekuperacni-jednotky category-tepelna-cerpadla category-odvlhcovace category-klimatizace tag-tepelna-cerpadla-blog tag-klimatizace-blog tag-novinky-blog tag-ventilatory-blog tag-odvlhcovace-blog tag-rekuperacie-blog\">\n\t<div class=\"article-inner\">\n\t\t<header class=\"entry-header\">\n\t\t\t\t\t\t\t<figure class=\"entry-thumbnail\">\n\t\t\t\t\t\t\t\t\t\t\t<div class=\"post-img-wrapp\">\n\t\t\t\t\t\t\t<a href=\"https:\/\/klimavex.eu\/cz\/co-je-to-hvac\/\">\n\t\t\t\t\t\t\t\t<img loading=\"lazy\" decoding=\"async\" width=\"1024\" height=\"576\" src=\"https:\/\/klimavex.eu\/cz\/wp-content\/uploads\/2025\/03\/hvac-1024x576.png\" class=\"attachment-large size-large\" alt=\"hvac\" srcset=\"https:\/\/klimavex.eu\/cz\/wp-content\/uploads\/2025\/03\/hvac-1024x576.png 1024w, https:\/\/klimavex.eu\/cz\/wp-content\/uploads\/2025\/03\/hvac-300x169.png 300w, https:\/\/klimavex.eu\/cz\/wp-content\/uploads\/2025\/03\/hvac-768x432.png 768w, https:\/\/klimavex.eu\/cz\/wp-content\/uploads\/2025\/03\/hvac-1536x864.png 1536w, https:\/\/klimavex.eu\/cz\/wp-content\/uploads\/2025\/03\/hvac-20x11.png 20w, https:\/\/klimavex.eu\/cz\/wp-content\/uploads\/2025\/03\/hvac-600x338.png 600w, https:\/\/klimavex.eu\/cz\/wp-content\/uploads\/2025\/03\/hvac-150x84.png 150w, https:\/\/klimavex.eu\/cz\/wp-content\/uploads\/2025\/03\/hvac.png 1920w\" sizes=\"(max-width: 1024px) 100vw, 1024px\" \/>\t\t\t\t\t\t\t<\/a>\n\t\t\t\t\t\t<\/div>\n\t\t\t\t\t\t<div class=\"post-image-mask\">\n\t\t\t\t\t\t\t<span><\/span>\n\t\t\t\t\t\t<\/div>\n\t\t\t\t\t\t\t\t\t<\/figure>\n\t\t\t\n\t\t\t\t\t\t<div class=\"wd-post-date wd-style-with-bg\">\n\t\t\t\t<span class=\"post-date-day\">\n\t\t\t\t\t02\t\t\t\t<\/span>\n\t\t\t\t<span class=\"post-date-month\">\n\t\t\t\t\tDub\t\t\t\t<\/span>\n\t\t\t<\/div>\n\t\t\t\t<\/header>\n\n\t\t<div class=\"article-body-container\">\n\t\t\t\t\t\t\t<div class=\"meta-categories-wrapp\">\n\t\t\t\t\t<div class=\"meta-post-categories wd-post-cat wd-style-with-bg\">\n\t\t\t\t\t\t<a href=\"https:\/\/klimavex.eu\/cz\/category\/ventilatory\/\" rel=\"category tag\">Ventil\u00e1tory<\/a>, <a href=\"https:\/\/klimavex.eu\/cz\/category\/novinky\/\" rel=\"category tag\">Novinky<\/a>, <a href=\"https:\/\/klimavex.eu\/cz\/category\/rekuperacni-jednotky\/\" rel=\"category tag\">Rekupera\u010dn\u00ed jednotky<\/a>, <a href=\"https:\/\/klimavex.eu\/cz\/category\/tepelna-cerpadla\/\" rel=\"category tag\">Tepeln\u00e1 \u010derpadla<\/a>, <a href=\"https:\/\/klimavex.eu\/cz\/category\/odvlhcovace\/\" rel=\"category tag\">Odvlh\u010dova\u010de<\/a>, <a href=\"https:\/\/klimavex.eu\/cz\/category\/klimatizace\/\" rel=\"category tag\">Klimatizace<\/a>\t\t\t\t\t<\/div>\n\t\t\t\t<\/div>\n\t\t\t\n\t\t\t\t\t\t\t<h3 class=\"wd-entities-title title post-title\">\n\t\t\t\t\t<a href=\"https:\/\/klimavex.eu\/cz\/co-je-to-hvac\/\" rel=\"bookmark\">Co je to HVAC?<\/a>\n\t\t\t\t<\/h3>\n\t\t\t\n\t\t\t\t\t\t\t<div class=\"entry-meta wd-entry-meta\">\n\t\t\t\t\t\t\t\t<ul class=\"entry-meta-list\">\n\t\t\t\t\t\t\t\t\t<li class=\"modified-date\">\n\t\t\t\t\t\t\t\t<time class=\"updated\" datetime=\"2025-04-02T08:57:17+02:00\">\n\t\t\t2 dubna, 2025\t\t<\/time>\n\t\t\t\t\t\t\t<\/li>\n\n\t\t\t\t\t\n\t\t\t\t\t\t\t\t\t\t\t<li class=\"meta-author\">\n\t\t\t\t\t\t\t\t\t\t\t\t<span>Podle<\/span>\n\t\t\n\t\t\t\t\t<img loading=\"lazy\" decoding=\"async\" src=\"https:\/\/klimavex.eu\/cz\/wp-content\/plugins\/ultimate-member\/assets\/img\/default_avatar.jpg\" class=\"gravatar avatar avatar-32 um-avatar um-avatar-default\" width=\"32\" height=\"32\" alt=\"Marketing KLIMAVEX\" data-default=\"https:\/\/klimavex.eu\/cz\/wp-content\/plugins\/ultimate-member\/assets\/img\/default_avatar.jpg\" onerror=\"if ( ! this.getAttribute('data-load-error') ){ this.setAttribute('data-load-error', '1');this.setAttribute('src', this.getAttribute('data-default'));}\" loading=\"lazy\" \/>\t\t\n\t\t<a href=\"https:\/\/klimavex.eu\/cz\/author\/marketing\/\" class=\"author\" rel=\"author\">Marketing KLIMAVEX<\/a>\n\t\t\t\t\t\t\t\t<\/li>\n\t\t\t\t\t\n\t\t\t\t\t\n\t\t\t\t\t\t\t\t\t\t\t<li class=\"meta-reply\">\n\t\t\t\t\t\t\t<a href=\"https:\/\/klimavex.eu\/cz\/co-je-to-hvac\/#respond\"><span class=\"replies-count\">0<\/span> <span class=\"replies-count-label\">koment\u00e1\u0159e<\/span><\/a>\t\t\t\t\t\t<\/li>\n\t\t\t\t\t\t\t\t\t\t\t\t<\/ul>\n\t\t\t\t\t\t<\/div>\n\t\t\t\t\t\t\t\t\t<div class=\"hovered-social-icons wd-tltp\">\n\t\t\t\t\t\t<div class=\"tooltip top\">\n\t\t\t\t\t\t\t<div class=\"tooltip-arrow\"><\/div>\n\t\t\t\t\t\t\t<div class=\"tooltip-inner\">\n\t\t\t\t\t\t\t\t\t\t\t<div id=\"\" class=\" wd-social-icons wd-style-default wd-size-small social-share wd-shape-circle color-scheme-light text-center\">\n\t\t\t\t\n\t\t\t\t\n\t\t\t\t\t\t\t\t\t<a rel=\"noopener noreferrer nofollow\" href=\"https:\/\/www.facebook.com\/sharer\/sharer.php?u=https:\/\/klimavex.eu\/cz\/co-je-to-hvac\/\" target=\"_blank\" class=\" wd-social-icon social-facebook\" aria-label=\"Facebook soci\u00e1ln\u00ed odkaz\">\n\t\t\t\t\t\t<span class=\"wd-icon\"><\/span>\n\t\t\t\t\t\t\t\t\t\t\t<\/a>\n\t\t\t\t\n\t\t\t\t\t\t\t\t\t<a rel=\"noopener noreferrer nofollow\" href=\"https:\/\/x.com\/share?url=https:\/\/klimavex.eu\/cz\/co-je-to-hvac\/\" target=\"_blank\" class=\" wd-social-icon social-twitter\" aria-label=\"X social link\">\n\t\t\t\t\t\t<span class=\"wd-icon\"><\/span>\n\t\t\t\t\t\t\t\t\t\t\t<\/a>\n\t\t\t\t\n\t\t\t\t\n\t\t\t\t\n\t\t\t\t\n\t\t\t\t\t\t\t\t\t<a rel=\"noopener noreferrer nofollow\" href=\"https:\/\/pinterest.com\/pin\/create\/button\/?url=https:\/\/klimavex.eu\/cz\/co-je-to-hvac\/&media=https:\/\/klimavex.eu\/cz\/wp-content\/uploads\/2025\/03\/hvac.png&description=Co+je+to+HVAC%3F\" target=\"_blank\" class=\" wd-social-icon social-pinterest\" aria-label=\"Pinterest soci\u00e1ln\u00ed odkaz\">\n\t\t\t\t\t\t<span class=\"wd-icon\"><\/span>\n\t\t\t\t\t\t\t\t\t\t\t<\/a>\n\t\t\t\t\n\t\t\t\t\n\t\t\t\t\t\t\t\t\t<a rel=\"noopener noreferrer nofollow\" href=\"https:\/\/www.linkedin.com\/shareArticle?mini=true&url=https:\/\/klimavex.eu\/cz\/co-je-to-hvac\/\" target=\"_blank\" class=\" wd-social-icon social-linkedin\" aria-label=\"Linkedin soci\u00e1ln\u00ed odkaz\">\n\t\t\t\t\t\t<span class=\"wd-icon\"><\/span>\n\t\t\t\t\t\t\t\t\t\t\t<\/a>\n\t\t\t\t\n\t\t\t\t\n\t\t\t\t\n\t\t\t\t\n\t\t\t\t\n\t\t\t\t\n\t\t\t\t\n\t\t\t\t\n\t\t\t\t\n\t\t\t\t\n\t\t\t\t\n\t\t\t\t\n\t\t\t\t\n\t\t\t\t\n\t\t\t\t\n\t\t\t\t\n\t\t\t\t\t\t\t\t\t<a rel=\"noopener noreferrer nofollow\" href=\"https:\/\/telegram.me\/share\/url?url=https:\/\/klimavex.eu\/cz\/co-je-to-hvac\/\" target=\"_blank\" class=\" wd-social-icon social-tg\" aria-label=\"Telegram soci\u00e1ln\u00ed odkaz\">\n\t\t\t\t\t\t<span class=\"wd-icon\"><\/span>\n\t\t\t\t\t\t\t\t\t\t\t<\/a>\n\t\t\t\t\n\t\t\t\t\n\t\t\t<\/div>\n\n\t\t\t\t\t\t\t\t\t<\/div>\n\t\t\t\t\t\t<\/div>\n\t\t\t\t\t<\/div>\n\t\t\t\t\t\t\t\n\t\t\t\t\t\t\t\t\t\t\t\t<div class=\"entry-content wd-post-desc\">\n\t\t\t\t\t\tCo je to HVAC?\t\t\n\t\t\tHVAC je anglick\u00e1 zkratka pro slova \u201eHeating, Ventilation, and Air Conditioning\u201d. P\u0159eklad t\u00e9to zkratky je tedy \u201eVyt\u00e1...\t\t\t\t\t<\/div>\n\t\t\t\t\n\t\t\t\t\t\t\t\t\t\t\t\t\t\t<p class=\"read-more-section\">\n\t\t\t\t\t\t<a class=\"btn-read-more more-link\" href=\"https:\/\/klimavex.eu\/cz\/co-je-to-hvac\/\">pokra\u010dovat ve \u010dten\u00ed<\/a>\t\t\t\t\t<\/p>\n\t\t\t\t\t\t\t\t\t\t\t\t\t<\/div>\n\t<\/div>\n<\/article>\n\n\t\t\t\t\t\t\t\t\t\t\t\t\t\t\n<article id=\"post-374766\" class=\"wd-post blog-design-small-images blog-post-loop blog-style-bg wd-add-shadow wd-col post-374766 post type-post status-publish format-standard has-post-thumbnail hentry category-novinky category-rekuperacni-jednotky tag-rekuperacie-blog tag-novinky-blog\">\n\t<div class=\"article-inner\">\n\t\t<header class=\"entry-header\">\n\t\t\t\t\t\t\t<figure class=\"entry-thumbnail\">\n\t\t\t\t\t\t\t\t\t\t\t<div class=\"post-img-wrapp\">\n\t\t\t\t\t\t\t<a href=\"https:\/\/klimavex.eu\/cz\/rekuperacni-jednotka-hyundai-cisty-vzduch-a-uspora-energie-pro-vas-domov-i-kancelar\/\">\n\t\t\t\t\t\t\t\t<img loading=\"lazy\" decoding=\"async\" width=\"605\" height=\"340\" src=\"https:\/\/klimavex.eu\/cz\/wp-content\/uploads\/2025\/03\/rekuperacka.png\" class=\"attachment-large size-large\" alt=\"rekupera\u010dn\u00ed jednotka\" srcset=\"https:\/\/klimavex.eu\/cz\/wp-content\/uploads\/2025\/03\/rekuperacka.png 605w, https:\/\/klimavex.eu\/cz\/wp-content\/uploads\/2025\/03\/rekuperacka-300x169.png 300w, https:\/\/klimavex.eu\/cz\/wp-content\/uploads\/2025\/03\/rekuperacka-20x11.png 20w, https:\/\/klimavex.eu\/cz\/wp-content\/uploads\/2025\/03\/rekuperacka-600x337.png 600w, https:\/\/klimavex.eu\/cz\/wp-content\/uploads\/2025\/03\/rekuperacka-150x84.png 150w\" sizes=\"(max-width: 605px) 100vw, 605px\" \/>\t\t\t\t\t\t\t<\/a>\n\t\t\t\t\t\t<\/div>\n\t\t\t\t\t\t<div class=\"post-image-mask\">\n\t\t\t\t\t\t\t<span><\/span>\n\t\t\t\t\t\t<\/div>\n\t\t\t\t\t\t\t\t\t<\/figure>\n\t\t\t\n\t\t\t\t\t\t<div class=\"wd-post-date wd-style-with-bg\">\n\t\t\t\t<span class=\"post-date-day\">\n\t\t\t\t\t27\t\t\t\t<\/span>\n\t\t\t\t<span class=\"post-date-month\">\n\t\t\t\t\tB\u0159e\t\t\t\t<\/span>\n\t\t\t<\/div>\n\t\t\t\t<\/header>\n\n\t\t<div class=\"article-body-container\">\n\t\t\t\t\t\t\t<div class=\"meta-categories-wrapp\">\n\t\t\t\t\t<div class=\"meta-post-categories wd-post-cat wd-style-with-bg\">\n\t\t\t\t\t\t<a href=\"https:\/\/klimavex.eu\/cz\/category\/novinky\/\" rel=\"category tag\">Novinky<\/a>, <a href=\"https:\/\/klimavex.eu\/cz\/category\/rekuperacni-jednotky\/\" rel=\"category tag\">Rekupera\u010dn\u00ed jednotky<\/a>\t\t\t\t\t<\/div>\n\t\t\t\t<\/div>\n\t\t\t\n\t\t\t\t\t\t\t<h3 class=\"wd-entities-title title post-title\">\n\t\t\t\t\t<a href=\"https:\/\/klimavex.eu\/cz\/rekuperacni-jednotka-hyundai-cisty-vzduch-a-uspora-energie-pro-vas-domov-i-kancelar\/\" rel=\"bookmark\">Rekupera\u010dn\u00ed jednotka Hyundai: \u010cist\u00fd vzduch a \u00faspora energie pro V\u00e1\u0161 domov i kancel\u00e1\u0159<\/a>\n\t\t\t\t<\/h3>\n\t\t\t\n\t\t\t\t\t\t\t<div class=\"entry-meta wd-entry-meta\">\n\t\t\t\t\t\t\t\t<ul class=\"entry-meta-list\">\n\t\t\t\t\t\t\t\t\t<li class=\"modified-date\">\n\t\t\t\t\t\t\t\t<time class=\"updated\" datetime=\"2025-03-27T10:39:16+01:00\">\n\t\t\t27 b\u0159ezna, 2025\t\t<\/time>\n\t\t\t\t\t\t\t<\/li>\n\n\t\t\t\t\t\n\t\t\t\t\t\t\t\t\t\t\t<li class=\"meta-author\">\n\t\t\t\t\t\t\t\t\t\t\t\t<span>Podle<\/span>\n\t\t\n\t\t\t\t\t<img loading=\"lazy\" decoding=\"async\" src=\"https:\/\/klimavex.eu\/cz\/wp-content\/plugins\/ultimate-member\/assets\/img\/default_avatar.jpg\" class=\"gravatar avatar avatar-32 um-avatar um-avatar-default\" width=\"32\" height=\"32\" alt=\"Marketing KLIMAVEX\" data-default=\"https:\/\/klimavex.eu\/cz\/wp-content\/plugins\/ultimate-member\/assets\/img\/default_avatar.jpg\" onerror=\"if ( ! this.getAttribute('data-load-error') ){ this.setAttribute('data-load-error', '1');this.setAttribute('src', this.getAttribute('data-default'));}\" loading=\"lazy\" \/>\t\t\n\t\t<a href=\"https:\/\/klimavex.eu\/cz\/author\/marketing\/\" class=\"author\" rel=\"author\">Marketing KLIMAVEX<\/a>\n\t\t\t\t\t\t\t\t<\/li>\n\t\t\t\t\t\n\t\t\t\t\t\n\t\t\t\t\t\t\t\t\t\t\t<li class=\"meta-reply\">\n\t\t\t\t\t\t\t<a href=\"https:\/\/klimavex.eu\/cz\/rekuperacni-jednotka-hyundai-cisty-vzduch-a-uspora-energie-pro-vas-domov-i-kancelar\/#respond\"><span class=\"replies-count\">0<\/span> <span class=\"replies-count-label\">koment\u00e1\u0159e<\/span><\/a>\t\t\t\t\t\t<\/li>\n\t\t\t\t\t\t\t\t\t\t\t\t<\/ul>\n\t\t\t\t\t\t<\/div>\n\t\t\t\t\t\t\t\t\t<div class=\"hovered-social-icons wd-tltp\">\n\t\t\t\t\t\t<div class=\"tooltip top\">\n\t\t\t\t\t\t\t<div class=\"tooltip-arrow\"><\/div>\n\t\t\t\t\t\t\t<div class=\"tooltip-inner\">\n\t\t\t\t\t\t\t\t\t\t\t<div id=\"\" class=\" wd-social-icons wd-style-default wd-size-small social-share wd-shape-circle color-scheme-light text-center\">\n\t\t\t\t\n\t\t\t\t\n\t\t\t\t\t\t\t\t\t<a rel=\"noopener noreferrer nofollow\" href=\"https:\/\/www.facebook.com\/sharer\/sharer.php?u=https:\/\/klimavex.eu\/cz\/rekuperacni-jednotka-hyundai-cisty-vzduch-a-uspora-energie-pro-vas-domov-i-kancelar\/\" target=\"_blank\" class=\" wd-social-icon social-facebook\" aria-label=\"Facebook soci\u00e1ln\u00ed odkaz\">\n\t\t\t\t\t\t<span class=\"wd-icon\"><\/span>\n\t\t\t\t\t\t\t\t\t\t\t<\/a>\n\t\t\t\t\n\t\t\t\t\t\t\t\t\t<a rel=\"noopener noreferrer nofollow\" href=\"https:\/\/x.com\/share?url=https:\/\/klimavex.eu\/cz\/rekuperacni-jednotka-hyundai-cisty-vzduch-a-uspora-energie-pro-vas-domov-i-kancelar\/\" target=\"_blank\" class=\" wd-social-icon social-twitter\" aria-label=\"X social link\">\n\t\t\t\t\t\t<span class=\"wd-icon\"><\/span>\n\t\t\t\t\t\t\t\t\t\t\t<\/a>\n\t\t\t\t\n\t\t\t\t\n\t\t\t\t\n\t\t\t\t\n\t\t\t\t\t\t\t\t\t<a rel=\"noopener noreferrer nofollow\" href=\"https:\/\/pinterest.com\/pin\/create\/button\/?url=https:\/\/klimavex.eu\/cz\/rekuperacni-jednotka-hyundai-cisty-vzduch-a-uspora-energie-pro-vas-domov-i-kancelar\/&media=https:\/\/klimavex.eu\/cz\/wp-content\/uploads\/2025\/03\/rekuperacka.png&description=Rekupera%C4%8Dn%C3%AD+jednotka+Hyundai%3A+%C4%8Cist%C3%BD+vzduch+a+%C3%BAspora+energie+pro+V%C3%A1%C5%A1+domov+i+kancel%C3%A1%C5%99\" target=\"_blank\" class=\" wd-social-icon social-pinterest\" aria-label=\"Pinterest soci\u00e1ln\u00ed odkaz\">\n\t\t\t\t\t\t<span class=\"wd-icon\"><\/span>\n\t\t\t\t\t\t\t\t\t\t\t<\/a>\n\t\t\t\t\n\t\t\t\t\n\t\t\t\t\t\t\t\t\t<a rel=\"noopener noreferrer nofollow\" href=\"https:\/\/www.linkedin.com\/shareArticle?mini=true&url=https:\/\/klimavex.eu\/cz\/rekuperacni-jednotka-hyundai-cisty-vzduch-a-uspora-energie-pro-vas-domov-i-kancelar\/\" target=\"_blank\" class=\" wd-social-icon social-linkedin\" aria-label=\"Linkedin soci\u00e1ln\u00ed odkaz\">\n\t\t\t\t\t\t<span class=\"wd-icon\"><\/span>\n\t\t\t\t\t\t\t\t\t\t\t<\/a>\n\t\t\t\t\n\t\t\t\t\n\t\t\t\t\n\t\t\t\t\n\t\t\t\t\n\t\t\t\t\n\t\t\t\t\n\t\t\t\t\n\t\t\t\t\n\t\t\t\t\n\t\t\t\t\n\t\t\t\t\n\t\t\t\t\n\t\t\t\t\n\t\t\t\t\n\t\t\t\t\n\t\t\t\t\t\t\t\t\t<a rel=\"noopener noreferrer nofollow\" href=\"https:\/\/telegram.me\/share\/url?url=https:\/\/klimavex.eu\/cz\/rekuperacni-jednotka-hyundai-cisty-vzduch-a-uspora-energie-pro-vas-domov-i-kancelar\/\" target=\"_blank\" class=\" wd-social-icon social-tg\" aria-label=\"Telegram soci\u00e1ln\u00ed odkaz\">\n\t\t\t\t\t\t<span class=\"wd-icon\"><\/span>\n\t\t\t\t\t\t\t\t\t\t\t<\/a>\n\t\t\t\t\n\t\t\t\t\n\t\t\t<\/div>\n\n\t\t\t\t\t\t\t\t\t<\/div>\n\t\t\t\t\t\t<\/div>\n\t\t\t\t\t<\/div>\n\t\t\t\t\t\t\t\n\t\t\t\t\t\t\t\t\t\t\t\t<div class=\"entry-content wd-post-desc\">\n\t\t\t\t\t\tRekupera\u010dn\u00ed jednotka Hyundai: \u010cist\u00fd vzduch a \u00faspora energie pro V\u00e1\u0161 domov i kancel\u00e1\u0159\t\t\n\t\t\t\t\t\t\t\t\t\t\t\t\t\n\t\t\t\u010clov\u011bk tr\u00e1v\u00ed velkou \u010d\u00e1st sv\u00e9ho ...\t\t\t\t\t<\/div>\n\t\t\t\t\n\t\t\t\t\t\t\t\t\t\t\t\t\t\t<p class=\"read-more-section\">\n\t\t\t\t\t\t<a class=\"btn-read-more more-link\" href=\"https:\/\/klimavex.eu\/cz\/rekuperacni-jednotka-hyundai-cisty-vzduch-a-uspora-energie-pro-vas-domov-i-kancelar\/\">pokra\u010dovat ve \u010dten\u00ed<\/a>\t\t\t\t\t<\/p>\n\t\t\t\t\t\t\t\t\t\t\t\t\t<\/div>\n\t<\/div>\n<\/article>\n\n\t\t\t\t\t\t\t\t\t\t\t\t\t\t\n<article id=\"post-332979\" class=\"wd-post blog-design-small-images blog-post-loop blog-style-bg wd-add-shadow wd-col post-332979 post type-post status-publish format-standard has-post-thumbnail hentry category-rekuperacni-jednotky tag-rekuperacie-blog tag-novinky-blog\">\n\t<div class=\"article-inner\">\n\t\t<header class=\"entry-header\">\n\t\t\t\t\t\t\t<figure class=\"entry-thumbnail\">\n\t\t\t\t\t\t\t\t\t\t\t<div class=\"post-img-wrapp\">\n\t\t\t\t\t\t\t<a href=\"https:\/\/klimavex.eu\/cz\/efektivne-vetranie-bez-straty-tepla-ci-vstupu-alergenov\/\">\n\t\t\t\t\t\t\t\t<img loading=\"lazy\" decoding=\"async\" width=\"1024\" height=\"576\" src=\"https:\/\/klimavex.eu\/cz\/wp-content\/uploads\/2024\/04\/Nahledove-obrazky-clanku-1024x576.png\" class=\"attachment-large size-large\" alt=\"\" srcset=\"https:\/\/klimavex.eu\/cz\/wp-content\/uploads\/2024\/04\/Nahledove-obrazky-clanku-1024x576.png 1024w, https:\/\/klimavex.eu\/cz\/wp-content\/uploads\/2024\/04\/Nahledove-obrazky-clanku-300x169.png 300w, https:\/\/klimavex.eu\/cz\/wp-content\/uploads\/2024\/04\/Nahledove-obrazky-clanku-768x432.png 768w, https:\/\/klimavex.eu\/cz\/wp-content\/uploads\/2024\/04\/Nahledove-obrazky-clanku-20x11.png 20w, https:\/\/klimavex.eu\/cz\/wp-content\/uploads\/2024\/04\/Nahledove-obrazky-clanku-600x338.png 600w, https:\/\/klimavex.eu\/cz\/wp-content\/uploads\/2024\/04\/Nahledove-obrazky-clanku-150x84.png 150w, https:\/\/klimavex.eu\/cz\/wp-content\/uploads\/2024\/04\/Nahledove-obrazky-clanku.png 1280w\" sizes=\"(max-width: 1024px) 100vw, 1024px\" \/>\t\t\t\t\t\t\t<\/a>\n\t\t\t\t\t\t<\/div>\n\t\t\t\t\t\t<div class=\"post-image-mask\">\n\t\t\t\t\t\t\t<span><\/span>\n\t\t\t\t\t\t<\/div>\n\t\t\t\t\t\t\t\t\t<\/figure>\n\t\t\t\n\t\t\t\t\t\t<div class=\"wd-post-date wd-style-with-bg\">\n\t\t\t\t<span class=\"post-date-day\">\n\t\t\t\t\t12\t\t\t\t<\/span>\n\t\t\t\t<span class=\"post-date-month\">\n\t\t\t\t\tDub\t\t\t\t<\/span>\n\t\t\t<\/div>\n\t\t\t\t<\/header>\n\n\t\t<div class=\"article-body-container\">\n\t\t\t\t\t\t\t<div class=\"meta-categories-wrapp\">\n\t\t\t\t\t<div class=\"meta-post-categories wd-post-cat wd-style-with-bg\">\n\t\t\t\t\t\t<a href=\"https:\/\/klimavex.eu\/cz\/category\/rekuperacni-jednotky\/\" rel=\"category tag\">Rekupera\u010dn\u00ed jednotky<\/a>\t\t\t\t\t<\/div>\n\t\t\t\t<\/div>\n\t\t\t\n\t\t\t\t\t\t\t<h3 class=\"wd-entities-title title post-title\">\n\t\t\t\t\t<a href=\"https:\/\/klimavex.eu\/cz\/efektivne-vetranie-bez-straty-tepla-ci-vstupu-alergenov\/\" rel=\"bookmark\">Efektivn\u00ed v\u011btr\u00e1n\u00ed bez ztr\u00e1ty tepla bez a alergi\u00ed \u2013 sleva 15%<\/a>\n\t\t\t\t<\/h3>\n\t\t\t\n\t\t\t\t\t\t\t<div class=\"entry-meta wd-entry-meta\">\n\t\t\t\t\t\t\t\t<ul class=\"entry-meta-list\">\n\t\t\t\t\t\t\t\t\t<li class=\"modified-date\">\n\t\t\t\t\t\t\t\t<time class=\"updated\" datetime=\"2025-01-16T13:01:38+01:00\">\n\t\t\t16 ledna, 2025\t\t<\/time>\n\t\t\t\t\t\t\t<\/li>\n\n\t\t\t\t\t\n\t\t\t\t\t\t\t\t\t\t\t<li class=\"meta-author\">\n\t\t\t\t\t\t\t\t\t\t\t\t<span>Podle<\/span>\n\t\t\n\t\t\t\t\t<img loading=\"lazy\" decoding=\"async\" src=\"https:\/\/klimavex.eu\/cz\/wp-content\/plugins\/ultimate-member\/assets\/img\/default_avatar.jpg\" class=\"gravatar avatar avatar-32 um-avatar um-avatar-default\" width=\"32\" height=\"32\" alt=\"Marketing KLIMAVEX\" data-default=\"https:\/\/klimavex.eu\/cz\/wp-content\/plugins\/ultimate-member\/assets\/img\/default_avatar.jpg\" onerror=\"if ( ! this.getAttribute('data-load-error') ){ this.setAttribute('data-load-error', '1');this.setAttribute('src', this.getAttribute('data-default'));}\" loading=\"lazy\" \/>\t\t\n\t\t<a href=\"https:\/\/klimavex.eu\/cz\/author\/marketing\/\" class=\"author\" rel=\"author\">Marketing KLIMAVEX<\/a>\n\t\t\t\t\t\t\t\t<\/li>\n\t\t\t\t\t\n\t\t\t\t\t\n\t\t\t\t\t\t\t\t\t\t\t<li class=\"meta-reply\">\n\t\t\t\t\t\t\t<a href=\"https:\/\/klimavex.eu\/cz\/efektivne-vetranie-bez-straty-tepla-ci-vstupu-alergenov\/#respond\"><span class=\"replies-count\">0<\/span> <span class=\"replies-count-label\">koment\u00e1\u0159e<\/span><\/a>\t\t\t\t\t\t<\/li>\n\t\t\t\t\t\t\t\t\t\t\t\t<\/ul>\n\t\t\t\t\t\t<\/div>\n\t\t\t\t\t\t\t\t\t<div class=\"hovered-social-icons wd-tltp\">\n\t\t\t\t\t\t<div class=\"tooltip top\">\n\t\t\t\t\t\t\t<div class=\"tooltip-arrow\"><\/div>\n\t\t\t\t\t\t\t<div class=\"tooltip-inner\">\n\t\t\t\t\t\t\t\t\t\t\t<div id=\"\" class=\" wd-social-icons wd-style-default wd-size-small social-share wd-shape-circle color-scheme-light text-center\">\n\t\t\t\t\n\t\t\t\t\n\t\t\t\t\t\t\t\t\t<a rel=\"noopener noreferrer nofollow\" href=\"https:\/\/www.facebook.com\/sharer\/sharer.php?u=https:\/\/klimavex.eu\/cz\/efektivne-vetranie-bez-straty-tepla-ci-vstupu-alergenov\/\" target=\"_blank\" class=\" wd-social-icon social-facebook\" aria-label=\"Facebook soci\u00e1ln\u00ed odkaz\">\n\t\t\t\t\t\t<span class=\"wd-icon\"><\/span>\n\t\t\t\t\t\t\t\t\t\t\t<\/a>\n\t\t\t\t\n\t\t\t\t\t\t\t\t\t<a rel=\"noopener noreferrer nofollow\" href=\"https:\/\/x.com\/share?url=https:\/\/klimavex.eu\/cz\/efektivne-vetranie-bez-straty-tepla-ci-vstupu-alergenov\/\" target=\"_blank\" class=\" wd-social-icon social-twitter\" aria-label=\"X social link\">\n\t\t\t\t\t\t<span class=\"wd-icon\"><\/span>\n\t\t\t\t\t\t\t\t\t\t\t<\/a>\n\t\t\t\t\n\t\t\t\t\n\t\t\t\t\n\t\t\t\t\n\t\t\t\t\t\t\t\t\t<a rel=\"noopener noreferrer nofollow\" href=\"https:\/\/pinterest.com\/pin\/create\/button\/?url=https:\/\/klimavex.eu\/cz\/efektivne-vetranie-bez-straty-tepla-ci-vstupu-alergenov\/&media=https:\/\/klimavex.eu\/cz\/wp-content\/uploads\/2024\/04\/Nahledove-obrazky-clanku.png&description=Efektivn%C3%AD+v%C4%9Btr%C3%A1n%C3%AD+bez+ztr%C3%A1ty+tepla+bez+a+alergi%C3%AD+%E2%80%93+sleva+15%25\" target=\"_blank\" class=\" wd-social-icon social-pinterest\" aria-label=\"Pinterest soci\u00e1ln\u00ed odkaz\">\n\t\t\t\t\t\t<span class=\"wd-icon\"><\/span>\n\t\t\t\t\t\t\t\t\t\t\t<\/a>\n\t\t\t\t\n\t\t\t\t\n\t\t\t\t\t\t\t\t\t<a rel=\"noopener noreferrer nofollow\" href=\"https:\/\/www.linkedin.com\/shareArticle?mini=true&url=https:\/\/klimavex.eu\/cz\/efektivne-vetranie-bez-straty-tepla-ci-vstupu-alergenov\/\" target=\"_blank\" class=\" wd-social-icon social-linkedin\" aria-label=\"Linkedin soci\u00e1ln\u00ed odkaz\">\n\t\t\t\t\t\t<span class=\"wd-icon\"><\/span>\n\t\t\t\t\t\t\t\t\t\t\t<\/a>\n\t\t\t\t\n\t\t\t\t\n\t\t\t\t\n\t\t\t\t\n\t\t\t\t\n\t\t\t\t\n\t\t\t\t\n\t\t\t\t\n\t\t\t\t\n\t\t\t\t\n\t\t\t\t\n\t\t\t\t\n\t\t\t\t\n\t\t\t\t\n\t\t\t\t\n\t\t\t\t\n\t\t\t\t\t\t\t\t\t<a rel=\"noopener noreferrer nofollow\" href=\"https:\/\/telegram.me\/share\/url?url=https:\/\/klimavex.eu\/cz\/efektivne-vetranie-bez-straty-tepla-ci-vstupu-alergenov\/\" target=\"_blank\" class=\" wd-social-icon social-tg\" aria-label=\"Telegram soci\u00e1ln\u00ed odkaz\">\n\t\t\t\t\t\t<span class=\"wd-icon\"><\/span>\n\t\t\t\t\t\t\t\t\t\t\t<\/a>\n\t\t\t\t\n\t\t\t\t\n\t\t\t<\/div>\n\n\t\t\t\t\t\t\t\t\t<\/div>\n\t\t\t\t\t\t<\/div>\n\t\t\t\t\t<\/div>\n\t\t\t\t\t\t\t\n\t\t\t\t\t\t\t\t\t\t\t\t<div class=\"entry-content wd-post-desc\">\n\t\t\t\t\t\t<p>Vortice VORT HRW MONO EVO je decentr\u00e1ln\u00ed rekupera\u010dn\u00ed jednotka pro instalaci v obytn\u00fdch a komer\u010dn\u00edch prostorech. Zajist\u00ed efektivn\u00ed v\u011btr\u00e1n\u00ed i filtraci vzduchu, nav\u00edc si sedne s t\u00e9m\u011b\u0159 ka\u017ed\u00fdm interi\u00e9rem.<\/p>\n\t\t\t\t\t<\/div>\n\t\t\t\t\n\t\t\t\t\t\t\t\t\t\t\t\t\t\t<p class=\"read-more-section\">\n\t\t\t\t\t\t<a class=\"btn-read-more more-link\" href=\"https:\/\/klimavex.eu\/cz\/efektivne-vetranie-bez-straty-tepla-ci-vstupu-alergenov\/\">pokra\u010dovat ve \u010dten\u00ed<\/a>\t\t\t\t\t<\/p>\n\t\t\t\t\t\t\t\t\t\t\t\t\t<\/div>\n\t<\/div>\n<\/article>\n\n\t\t\t\t\t\t\t\t\t\t\t\t\t\t\n<article id=\"post-722\" class=\"wd-post blog-design-small-images blog-post-loop blog-style-bg wd-add-shadow wd-col post-722 post type-post status-publish format-standard has-post-thumbnail hentry category-rekuperacni-jednotky tag-rekuperacie-blog tag-novinky-blog\">\n\t<div class=\"article-inner\">\n\t\t<header class=\"entry-header\">\n\t\t\t\t\t\t\t<figure class=\"entry-thumbnail\">\n\t\t\t\t\t\t\t\t\t\t\t<div class=\"post-img-wrapp\">\n\t\t\t\t\t\t\t<a href=\"https:\/\/klimavex.eu\/cz\/rekuperacna-jednotka-vhodna-pre-alergikov-a-na-domacu-samoinstalaciu\/\">\n\t\t\t\t\t\t\t\t<img loading=\"lazy\" decoding=\"async\" width=\"1024\" height=\"576\" src=\"https:\/\/klimavex.eu\/cz\/wp-content\/uploads\/2023\/11\/Rekuperacni-jednotka-1024x576.png\" class=\"attachment-large size-large\" alt=\"\" srcset=\"https:\/\/klimavex.eu\/cz\/wp-content\/uploads\/2023\/11\/Rekuperacni-jednotka-1024x576.png 1024w, https:\/\/klimavex.eu\/cz\/wp-content\/uploads\/2023\/11\/Rekuperacni-jednotka-300x169.png 300w, https:\/\/klimavex.eu\/cz\/wp-content\/uploads\/2023\/11\/Rekuperacni-jednotka-768x432.png 768w, https:\/\/klimavex.eu\/cz\/wp-content\/uploads\/2023\/11\/Rekuperacni-jednotka-20x11.png 20w, https:\/\/klimavex.eu\/cz\/wp-content\/uploads\/2023\/11\/Rekuperacni-jednotka-600x338.png 600w, https:\/\/klimavex.eu\/cz\/wp-content\/uploads\/2023\/11\/Rekuperacni-jednotka-150x84.png 150w, https:\/\/klimavex.eu\/cz\/wp-content\/uploads\/2023\/11\/Rekuperacni-jednotka.png 1280w\" sizes=\"(max-width: 1024px) 100vw, 1024px\" \/>\t\t\t\t\t\t\t<\/a>\n\t\t\t\t\t\t<\/div>\n\t\t\t\t\t\t<div class=\"post-image-mask\">\n\t\t\t\t\t\t\t<span><\/span>\n\t\t\t\t\t\t<\/div>\n\t\t\t\t\t\t\t\t\t<\/figure>\n\t\t\t\n\t\t\t\t\t\t<div class=\"wd-post-date wd-style-with-bg\">\n\t\t\t\t<span class=\"post-date-day\">\n\t\t\t\t\t24\t\t\t\t<\/span>\n\t\t\t\t<span class=\"post-date-month\">\n\t\t\t\t\tLis\t\t\t\t<\/span>\n\t\t\t<\/div>\n\t\t\t\t<\/header>\n\n\t\t<div class=\"article-body-container\">\n\t\t\t\t\t\t\t<div class=\"meta-categories-wrapp\">\n\t\t\t\t\t<div class=\"meta-post-categories wd-post-cat wd-style-with-bg\">\n\t\t\t\t\t\t<a href=\"https:\/\/klimavex.eu\/cz\/category\/rekuperacni-jednotky\/\" rel=\"category tag\">Rekupera\u010dn\u00ed jednotky<\/a>\t\t\t\t\t<\/div>\n\t\t\t\t<\/div>\n\t\t\t\n\t\t\t\t\t\t\t<h3 class=\"wd-entities-title title post-title\">\n\t\t\t\t\t<a href=\"https:\/\/klimavex.eu\/cz\/rekuperacna-jednotka-vhodna-pre-alergikov-a-na-domacu-samoinstalaciu\/\" rel=\"bookmark\">Rekupera\u010dn\u00ed jednotka vhodn\u00e1 pro alergiky i dom\u00e1c\u00ed samoinstalaci<\/a>\n\t\t\t\t<\/h3>\n\t\t\t\n\t\t\t\t\t\t\t<div class=\"entry-meta wd-entry-meta\">\n\t\t\t\t\t\t\t\t<ul class=\"entry-meta-list\">\n\t\t\t\t\t\t\t\t\t<li class=\"modified-date\">\n\t\t\t\t\t\t\t\t<time class=\"updated\" datetime=\"2025-01-16T13:02:50+01:00\">\n\t\t\t16 ledna, 2025\t\t<\/time>\n\t\t\t\t\t\t\t<\/li>\n\n\t\t\t\t\t\n\t\t\t\t\t\t\t\t\t\t\t<li class=\"meta-author\">\n\t\t\t\t\t\t\t\t\t\t\t\t<span>Podle<\/span>\n\t\t\n\t\t\t\t\t<img loading=\"lazy\" decoding=\"async\" src=\"https:\/\/klimavex.eu\/cz\/wp-content\/plugins\/ultimate-member\/assets\/img\/default_avatar.jpg\" class=\"gravatar avatar avatar-32 um-avatar um-avatar-default\" width=\"32\" height=\"32\" alt=\"Igor Gabrik\" data-default=\"https:\/\/klimavex.eu\/cz\/wp-content\/plugins\/ultimate-member\/assets\/img\/default_avatar.jpg\" onerror=\"if ( ! this.getAttribute('data-load-error') ){ this.setAttribute('data-load-error', '1');this.setAttribute('src', this.getAttribute('data-default'));}\" loading=\"lazy\" \/>\t\t\n\t\t<a href=\"https:\/\/klimavex.eu\/cz\/author\/igorgabrikgmail-com\/\" class=\"author\" rel=\"author\">admin<\/a>\n\t\t\t\t\t\t\t\t<\/li>\n\t\t\t\t\t\n\t\t\t\t\t\n\t\t\t\t\t\t\t\t\t\t\t\t<\/ul>\n\t\t\t\t\t\t<\/div>\n\t\t\t\t\t\t\t\t\t<div class=\"hovered-social-icons wd-tltp\">\n\t\t\t\t\t\t<div class=\"tooltip top\">\n\t\t\t\t\t\t\t<div class=\"tooltip-arrow\"><\/div>\n\t\t\t\t\t\t\t<div class=\"tooltip-inner\">\n\t\t\t\t\t\t\t\t\t\t\t<div id=\"\" class=\" wd-social-icons wd-style-default wd-size-small social-share wd-shape-circle color-scheme-light text-center\">\n\t\t\t\t\n\t\t\t\t\n\t\t\t\t\t\t\t\t\t<a rel=\"noopener noreferrer nofollow\" href=\"https:\/\/www.facebook.com\/sharer\/sharer.php?u=https:\/\/klimavex.eu\/cz\/rekuperacna-jednotka-vhodna-pre-alergikov-a-na-domacu-samoinstalaciu\/\" target=\"_blank\" class=\" wd-social-icon social-facebook\" aria-label=\"Facebook soci\u00e1ln\u00ed odkaz\">\n\t\t\t\t\t\t<span class=\"wd-icon\"><\/span>\n\t\t\t\t\t\t\t\t\t\t\t<\/a>\n\t\t\t\t\n\t\t\t\t\t\t\t\t\t<a rel=\"noopener noreferrer nofollow\" href=\"https:\/\/x.com\/share?url=https:\/\/klimavex.eu\/cz\/rekuperacna-jednotka-vhodna-pre-alergikov-a-na-domacu-samoinstalaciu\/\" target=\"_blank\" class=\" wd-social-icon social-twitter\" aria-label=\"X social link\">\n\t\t\t\t\t\t<span class=\"wd-icon\"><\/span>\n\t\t\t\t\t\t\t\t\t\t\t<\/a>\n\t\t\t\t\n\t\t\t\t\n\t\t\t\t\n\t\t\t\t\n\t\t\t\t\t\t\t\t\t<a rel=\"noopener noreferrer nofollow\" href=\"https:\/\/pinterest.com\/pin\/create\/button\/?url=https:\/\/klimavex.eu\/cz\/rekuperacna-jednotka-vhodna-pre-alergikov-a-na-domacu-samoinstalaciu\/&media=https:\/\/klimavex.eu\/cz\/wp-content\/uploads\/2023\/11\/Rekuperacni-jednotka.png&description=Rekupera%C4%8Dn%C3%AD+jednotka+vhodn%C3%A1+pro+alergiky+i+dom%C3%A1c%C3%AD+samoinstalaci\" target=\"_blank\" class=\" wd-social-icon social-pinterest\" aria-label=\"Pinterest soci\u00e1ln\u00ed odkaz\">\n\t\t\t\t\t\t<span class=\"wd-icon\"><\/span>\n\t\t\t\t\t\t\t\t\t\t\t<\/a>\n\t\t\t\t\n\t\t\t\t\n\t\t\t\t\t\t\t\t\t<a rel=\"noopener noreferrer nofollow\" href=\"https:\/\/www.linkedin.com\/shareArticle?mini=true&url=https:\/\/klimavex.eu\/cz\/rekuperacna-jednotka-vhodna-pre-alergikov-a-na-domacu-samoinstalaciu\/\" target=\"_blank\" class=\" wd-social-icon social-linkedin\" aria-label=\"Linkedin soci\u00e1ln\u00ed odkaz\">\n\t\t\t\t\t\t<span class=\"wd-icon\"><\/span>\n\t\t\t\t\t\t\t\t\t\t\t<\/a>\n\t\t\t\t\n\t\t\t\t\n\t\t\t\t\n\t\t\t\t\n\t\t\t\t\n\t\t\t\t\n\t\t\t\t\n\t\t\t\t\n\t\t\t\t\n\t\t\t\t\n\t\t\t\t\n\t\t\t\t\n\t\t\t\t\n\t\t\t\t\n\t\t\t\t\n\t\t\t\t\n\t\t\t\t\t\t\t\t\t<a rel=\"noopener noreferrer nofollow\" href=\"https:\/\/telegram.me\/share\/url?url=https:\/\/klimavex.eu\/cz\/rekuperacna-jednotka-vhodna-pre-alergikov-a-na-domacu-samoinstalaciu\/\" target=\"_blank\" class=\" wd-social-icon social-tg\" aria-label=\"Telegram soci\u00e1ln\u00ed odkaz\">\n\t\t\t\t\t\t<span class=\"wd-icon\"><\/span>\n\t\t\t\t\t\t\t\t\t\t\t<\/a>\n\t\t\t\t\n\t\t\t\t\n\t\t\t<\/div>\n\n\t\t\t\t\t\t\t\t\t<\/div>\n\t\t\t\t\t\t<\/div>\n\t\t\t\t\t<\/div>\n\t\t\t\t\t\t\t\n\t\t\t\t\t\t\t\t\t\t\t\t<div class=\"entry-content wd-post-desc\">\n\t\t\t\t\t\t<p>Decentr\u00e1ln\u00ed n\u00e1st\u011bnn\u00e1 rekupera\u010dn\u00ed jednotka Hyundai V\u00e1m pom\u016f\u017ee u\u0161et\u0159it n\u00e1klady na vyt\u00e1p\u011bn\u00ed, d\u00fdchat kvalitnej\u0161\u00ed vzduch nebo p\u0159edej\u00edt alergi\u00edm. M\u016f\u017eete si ji nainstalovat sami a vejde se i do mal\u00fdch byt\u016f. <\/p>\n\t\t\t\t\t<\/div>\n\t\t\t\t\n\t\t\t\t\t\t\t\t\t\t\t\t\t\t<p class=\"read-more-section\">\n\t\t\t\t\t\t<a class=\"btn-read-more more-link\" href=\"https:\/\/klimavex.eu\/cz\/rekuperacna-jednotka-vhodna-pre-alergikov-a-na-domacu-samoinstalaciu\/\">pokra\u010dovat ve \u010dten\u00ed<\/a>\t\t\t\t\t<\/p>\n\t\t\t\t\t\t\t\t\t\t\t\t\t<\/div>\n\t<\/div>\n<\/article>\n\n\t\t\t\t\t\t\t\t\t\t\t\t\t\t\n<article id=\"post-684\" class=\"wd-post blog-design-small-images blog-post-loop blog-style-bg wd-add-shadow wd-col post-684 post type-post status-publish format-standard has-post-thumbnail hentry category-novinky tag-novinky-blog tag-tepelna-cerpadla-blog tag-rekuperacie-blog tag-klimatizace-blog\">\n\t<div class=\"article-inner\">\n\t\t<header class=\"entry-header\">\n\t\t\t\t\t\t\t<figure class=\"entry-thumbnail\">\n\t\t\t\t\t\t\t\t\t\t\t<div class=\"post-img-wrapp\">\n\t\t\t\t\t\t\t<a href=\"https:\/\/klimavex.eu\/cz\/hyundai-hvac\/\">\n\t\t\t\t\t\t\t\t<img loading=\"lazy\" decoding=\"async\" width=\"1024\" height=\"576\" src=\"https:\/\/klimavex.eu\/cz\/wp-content\/uploads\/2023\/11\/Hyundai-vstupuje-na-trh-1024x576.png\" class=\"attachment-large size-large\" alt=\"\" srcset=\"https:\/\/klimavex.eu\/cz\/wp-content\/uploads\/2023\/11\/Hyundai-vstupuje-na-trh-1024x576.png 1024w, https:\/\/klimavex.eu\/cz\/wp-content\/uploads\/2023\/11\/Hyundai-vstupuje-na-trh-300x169.png 300w, https:\/\/klimavex.eu\/cz\/wp-content\/uploads\/2023\/11\/Hyundai-vstupuje-na-trh-768x432.png 768w, https:\/\/klimavex.eu\/cz\/wp-content\/uploads\/2023\/11\/Hyundai-vstupuje-na-trh-20x11.png 20w, https:\/\/klimavex.eu\/cz\/wp-content\/uploads\/2023\/11\/Hyundai-vstupuje-na-trh-600x338.png 600w, https:\/\/klimavex.eu\/cz\/wp-content\/uploads\/2023\/11\/Hyundai-vstupuje-na-trh-150x84.png 150w, https:\/\/klimavex.eu\/cz\/wp-content\/uploads\/2023\/11\/Hyundai-vstupuje-na-trh.png 1280w\" sizes=\"(max-width: 1024px) 100vw, 1024px\" \/>\t\t\t\t\t\t\t<\/a>\n\t\t\t\t\t\t<\/div>\n\t\t\t\t\t\t<div class=\"post-image-mask\">\n\t\t\t\t\t\t\t<span><\/span>\n\t\t\t\t\t\t<\/div>\n\t\t\t\t\t\t\t\t\t<\/figure>\n\t\t\t\n\t\t\t\t\t\t<div class=\"wd-post-date wd-style-with-bg\">\n\t\t\t\t<span class=\"post-date-day\">\n\t\t\t\t\t24\t\t\t\t<\/span>\n\t\t\t\t<span class=\"post-date-month\">\n\t\t\t\t\tLis\t\t\t\t<\/span>\n\t\t\t<\/div>\n\t\t\t\t<\/header>\n\n\t\t<div class=\"article-body-container\">\n\t\t\t\t\t\t\t<div class=\"meta-categories-wrapp\">\n\t\t\t\t\t<div class=\"meta-post-categories wd-post-cat wd-style-with-bg\">\n\t\t\t\t\t\t<a href=\"https:\/\/klimavex.eu\/cz\/category\/novinky\/\" rel=\"category tag\">Novinky<\/a>\t\t\t\t\t<\/div>\n\t\t\t\t<\/div>\n\t\t\t\n\t\t\t\t\t\t\t<h3 class=\"wd-entities-title title post-title\">\n\t\t\t\t\t<a href=\"https:\/\/klimavex.eu\/cz\/hyundai-hvac\/\" rel=\"bookmark\">Zna\u010dka Hyundai vstupuje na trh HVAC<\/a>\n\t\t\t\t<\/h3>\n\t\t\t\n\t\t\t\t\t\t\t<div class=\"entry-meta wd-entry-meta\">\n\t\t\t\t\t\t\t\t<ul class=\"entry-meta-list\">\n\t\t\t\t\t\t\t\t\t<li class=\"modified-date\">\n\t\t\t\t\t\t\t\t<time class=\"updated\" datetime=\"2025-01-16T13:03:54+01:00\">\n\t\t\t16 ledna, 2025\t\t<\/time>\n\t\t\t\t\t\t\t<\/li>\n\n\t\t\t\t\t\n\t\t\t\t\t\t\t\t\t\t\t<li class=\"meta-author\">\n\t\t\t\t\t\t\t\t\t\t\t\t<span>Podle<\/span>\n\t\t\n\t\t\t\t\t<img loading=\"lazy\" decoding=\"async\" src=\"https:\/\/klimavex.eu\/cz\/wp-content\/plugins\/ultimate-member\/assets\/img\/default_avatar.jpg\" class=\"gravatar avatar avatar-32 um-avatar um-avatar-default\" width=\"32\" height=\"32\" alt=\"Igor Gabrik\" data-default=\"https:\/\/klimavex.eu\/cz\/wp-content\/plugins\/ultimate-member\/assets\/img\/default_avatar.jpg\" onerror=\"if ( ! this.getAttribute('data-load-error') ){ this.setAttribute('data-load-error', '1');this.setAttribute('src', this.getAttribute('data-default'));}\" loading=\"lazy\" \/>\t\t\n\t\t<a href=\"https:\/\/klimavex.eu\/cz\/author\/igorgabrikgmail-com\/\" class=\"author\" rel=\"author\">admin<\/a>\n\t\t\t\t\t\t\t\t<\/li>\n\t\t\t\t\t\n\t\t\t\t\t\n\t\t\t\t\t\t\t\t\t\t\t\t<\/ul>\n\t\t\t\t\t\t<\/div>\n\t\t\t\t\t\t\t\t\t<div class=\"hovered-social-icons wd-tltp\">\n\t\t\t\t\t\t<div class=\"tooltip top\">\n\t\t\t\t\t\t\t<div class=\"tooltip-arrow\"><\/div>\n\t\t\t\t\t\t\t<div class=\"tooltip-inner\">\n\t\t\t\t\t\t\t\t\t\t\t<div id=\"\" class=\" wd-social-icons wd-style-default wd-size-small social-share wd-shape-circle color-scheme-light text-center\">\n\t\t\t\t\n\t\t\t\t\n\t\t\t\t\t\t\t\t\t<a rel=\"noopener noreferrer nofollow\" href=\"https:\/\/www.facebook.com\/sharer\/sharer.php?u=https:\/\/klimavex.eu\/cz\/hyundai-hvac\/\" target=\"_blank\" class=\" wd-social-icon social-facebook\" aria-label=\"Facebook soci\u00e1ln\u00ed odkaz\">\n\t\t\t\t\t\t<span class=\"wd-icon\"><\/span>\n\t\t\t\t\t\t\t\t\t\t\t<\/a>\n\t\t\t\t\n\t\t\t\t\t\t\t\t\t<a rel=\"noopener noreferrer nofollow\" href=\"https:\/\/x.com\/share?url=https:\/\/klimavex.eu\/cz\/hyundai-hvac\/\" target=\"_blank\" class=\" wd-social-icon social-twitter\" aria-label=\"X social link\">\n\t\t\t\t\t\t<span class=\"wd-icon\"><\/span>\n\t\t\t\t\t\t\t\t\t\t\t<\/a>\n\t\t\t\t\n\t\t\t\t\n\t\t\t\t\n\t\t\t\t\n\t\t\t\t\t\t\t\t\t<a rel=\"noopener noreferrer nofollow\" href=\"https:\/\/pinterest.com\/pin\/create\/button\/?url=https:\/\/klimavex.eu\/cz\/hyundai-hvac\/&media=https:\/\/klimavex.eu\/cz\/wp-content\/uploads\/2023\/11\/Hyundai-vstupuje-na-trh.png&description=Zna%C4%8Dka+Hyundai+vstupuje+na+trh+HVAC\" target=\"_blank\" class=\" wd-social-icon social-pinterest\" aria-label=\"Pinterest soci\u00e1ln\u00ed odkaz\">\n\t\t\t\t\t\t<span class=\"wd-icon\"><\/span>\n\t\t\t\t\t\t\t\t\t\t\t<\/a>\n\t\t\t\t\n\t\t\t\t\n\t\t\t\t\t\t\t\t\t<a rel=\"noopener noreferrer nofollow\" href=\"https:\/\/www.linkedin.com\/shareArticle?mini=true&url=https:\/\/klimavex.eu\/cz\/hyundai-hvac\/\" target=\"_blank\" class=\" wd-social-icon social-linkedin\" aria-label=\"Linkedin soci\u00e1ln\u00ed odkaz\">\n\t\t\t\t\t\t<span class=\"wd-icon\"><\/span>\n\t\t\t\t\t\t\t\t\t\t\t<\/a>\n\t\t\t\t\n\t\t\t\t\n\t\t\t\t\n\t\t\t\t\n\t\t\t\t\n\t\t\t\t\n\t\t\t\t\n\t\t\t\t\n\t\t\t\t\n\t\t\t\t\n\t\t\t\t\n\t\t\t\t\n\t\t\t\t\n\t\t\t\t\n\t\t\t\t\n\t\t\t\t\n\t\t\t\t\t\t\t\t\t<a rel=\"noopener noreferrer nofollow\" href=\"https:\/\/telegram.me\/share\/url?url=https:\/\/klimavex.eu\/cz\/hyundai-hvac\/\" target=\"_blank\" class=\" wd-social-icon social-tg\" aria-label=\"Telegram soci\u00e1ln\u00ed odkaz\">\n\t\t\t\t\t\t<span class=\"wd-icon\"><\/span>\n\t\t\t\t\t\t\t\t\t\t\t<\/a>\n\t\t\t\t\n\t\t\t\t\n\t\t\t<\/div>\n\n\t\t\t\t\t\t\t\t\t<\/div>\n\t\t\t\t\t\t<\/div>\n\t\t\t\t\t<\/div>\n\t\t\t\t\t\t\t\n\t\t\t\t\t\t\t\t\t\t\t\t<div class=\"entry-content wd-post-desc\">\n\t\t\t\t\t\t<p>Tepeln\u00e1 \u010derpadla, rekupera\u010dn\u00ed jednotky a tak\u00e9 klimatizace &#8211; v\u0161echny tyto produkty nab\u00edz\u00ed spole\u010dnost Hyundai pro \u010desk\u00e9 a slovensk\u00e9 dom\u00e1cnosti. Nechte Hyundai zdokonalit V\u00e1\u0161 sv\u011bt.<\/p>\n\t\t\t\t\t<\/div>\n\t\t\t\t\n\t\t\t\t\t\t\t\t\t\t\t\t\t\t<p class=\"read-more-section\">\n\t\t\t\t\t\t<a class=\"btn-read-more more-link\" href=\"https:\/\/klimavex.eu\/cz\/hyundai-hvac\/\">pokra\u010dovat ve \u010dten\u00ed<\/a>\t\t\t\t\t<\/p>\n\t\t\t\t\t\t\t\t\t\t\t\t\t<\/div>\n\t<\/div>\n<\/article>\n\n\t\t\t\t\n\t\t\t\t\t\t\t\t<\/div>\n\t\t\t\n\t\t\t\t\t\t\t\t\t\t<\/div>\n\t\t\t\t\t\t\t\t<\/div>\n\t\t\t\t<\/div>\n\t\t\t\t\t<\/div>\n\t\t\t\t<\/div>\n\t\t\t\t<\/div>\n\t\t\t\t\t\t\t\t\t\t\t\t\t<\/div>\n\n\t\t\t\t\t\t\t\t\t\t\t\t\t\t\n\t\t\t\t\t\n\t\t\t\t\t<div class=\"wd-tab-content wd-entry-content\">\n\t\t\t\t\t\t\t\t\t\t\t\t\t\t\t\t<link rel=\"stylesheet\" id=\"elementor-post-335823-css\" href=\"https:\/\/klimavex.eu\/cz\/wp-content\/uploads\/elementor\/css\/post-335823.css?ver=1732201174\" type=\"text\/css\" media=\"all\">\n\t\t\t\t\t<div data-elementor-type=\"wp-post\" data-elementor-id=\"335823\" class=\"elementor elementor-335823\" data-elementor-post-type=\"cms_block\">\n\t\t\t\t<div class=\"wd-negative-gap elementor-element elementor-element-ac97f43 e-flex e-con-boxed e-con e-parent\" data-id=\"ac97f43\" data-element_type=\"container\">\n\t\t\t\t\t<div class=\"e-con-inner\">\n\t\t\t\t<div class=\"elementor-element elementor-element-9d063bf wd-width-100 elementor-widget elementor-widget-wd_blog\" data-id=\"9d063bf\" data-element_type=\"widget\" data-widget_type=\"wd_blog.default\">\n\t\t\t\t<div class=\"elementor-widget-container\">\n\t\t\t\t\t\t\t\t\t\t<div class=\"wd-blog-element\">\n\t\t\t\t\t<div class=\"wd-posts wd-blog-holder wd-grid-g\" id=\"69f4d57a02f8b\" data-paged=\"1\" data-atts=\"{&quot;post_type&quot;:&quot;post&quot;,&quot;items_per_page&quot;:12,&quot;include&quot;:null,&quot;taxonomies&quot;:[&quot;5498&quot;],&quot;offset&quot;:&quot;&quot;,&quot;orderby&quot;:&quot;date&quot;,&quot;order&quot;:&quot;DESC&quot;,&quot;meta_key&quot;:null,&quot;exclude&quot;:[&quot;369739&quot;],&quot;parts_media&quot;:true,&quot;parts_title&quot;:&quot;1&quot;,&quot;parts_meta&quot;:&quot;1&quot;,&quot;parts_text&quot;:&quot;1&quot;,&quot;parts_btn&quot;:&quot;1&quot;,&quot;img_size&quot;:&quot;large&quot;,&quot;blog_design&quot;:&quot;small-images&quot;,&quot;blog_carousel_design&quot;:null,&quot;blog_columns&quot;:null,&quot;blog_columns_tablet&quot;:{&quot;size&quot;:&quot;&quot;},&quot;blog_columns_mobile&quot;:{&quot;size&quot;:&quot;&quot;},&quot;blog_spacing&quot;:null,&quot;blog_spacing_tablet&quot;:&quot;&quot;,&quot;blog_spacing_mobile&quot;:&quot;&quot;,&quot;pagination&quot;:&quot;infinit&quot;,&quot;speed&quot;:null,&quot;slides_per_view&quot;:null,&quot;slides_per_view_tablet&quot;:{&quot;size&quot;:&quot;&quot;},&quot;slides_per_view_mobile&quot;:{&quot;size&quot;:&quot;&quot;},&quot;wrap&quot;:null,&quot;autoplay&quot;:null,&quot;hide_pagination_control&quot;:null,&quot;hide_prev_next_buttons&quot;:null,&quot;scroll_per_page&quot;:null,&quot;lazy_loading&quot;:&quot;yes&quot;,&quot;scroll_carousel_init&quot;:null,&quot;ajax_page&quot;:&quot;&quot;,&quot;custom_sizes&quot;:false,&quot;elementor&quot;:true}\" data-source=\"shortcode\">\n\t\t\t\n\t\t\t\t\t\t\t\t\t\t\t\t\t\t\n<article id=\"post-569523\" class=\"wd-post blog-design-small-images blog-post-loop blog-style-bg wd-add-shadow wd-col post-569523 post type-post status-publish format-standard has-post-thumbnail hentry category-ventilatory category-klimatizace category-rekuperacni-jednotky category-tepelna-cerpadla category-odvlhcovace category-novinky tag-novinky-blog tag-rekuperacie-blog tag-tepelna-cerpadla-blog tag-klimatizace-blog tag-ventilatory-blog tag-odvlhcovace-blog\">\n\t<div class=\"article-inner\">\n\t\t<header class=\"entry-header\">\n\t\t\t\t\t\t\t<figure class=\"entry-thumbnail\">\n\t\t\t\t\t\t\t\t\t\t\t<div class=\"post-img-wrapp\">\n\t\t\t\t\t\t\t<a href=\"https:\/\/klimavex.eu\/cz\/komplexni-sluzby-klimavex\/\">\n\t\t\t\t\t\t\t\t<img fetchpriority=\"high\" decoding=\"async\" width=\"1024\" height=\"576\" src=\"https:\/\/klimavex.eu\/cz\/wp-content\/uploads\/2025\/11\/CZ-1024x576.png\" class=\"attachment-large size-large\" alt=\"\" srcset=\"https:\/\/klimavex.eu\/cz\/wp-content\/uploads\/2025\/11\/CZ-1024x576.png 1024w, https:\/\/klimavex.eu\/cz\/wp-content\/uploads\/2025\/11\/CZ-300x169.png 300w, https:\/\/klimavex.eu\/cz\/wp-content\/uploads\/2025\/11\/CZ-768x432.png 768w, https:\/\/klimavex.eu\/cz\/wp-content\/uploads\/2025\/11\/CZ-20x11.png 20w, https:\/\/klimavex.eu\/cz\/wp-content\/uploads\/2025\/11\/CZ-600x338.png 600w, https:\/\/klimavex.eu\/cz\/wp-content\/uploads\/2025\/11\/CZ-150x84.png 150w, https:\/\/klimavex.eu\/cz\/wp-content\/uploads\/2025\/11\/CZ.png 1280w\" sizes=\"(max-width: 1024px) 100vw, 1024px\" \/>\t\t\t\t\t\t\t<\/a>\n\t\t\t\t\t\t<\/div>\n\t\t\t\t\t\t<div class=\"post-image-mask\">\n\t\t\t\t\t\t\t<span><\/span>\n\t\t\t\t\t\t<\/div>\n\t\t\t\t\t\t\t\t\t<\/figure>\n\t\t\t\n\t\t\t\t\t\t<div class=\"wd-post-date wd-style-with-bg\">\n\t\t\t\t<span class=\"post-date-day\">\n\t\t\t\t\t27\t\t\t\t<\/span>\n\t\t\t\t<span class=\"post-date-month\">\n\t\t\t\t\tLis\t\t\t\t<\/span>\n\t\t\t<\/div>\n\t\t\t\t<\/header>\n\n\t\t<div class=\"article-body-container\">\n\t\t\t\t\t\t\t<div class=\"meta-categories-wrapp\">\n\t\t\t\t\t<div class=\"meta-post-categories wd-post-cat wd-style-with-bg\">\n\t\t\t\t\t\t<a href=\"https:\/\/klimavex.eu\/cz\/category\/ventilatory\/\" rel=\"category tag\">Ventil\u00e1tory<\/a>, <a href=\"https:\/\/klimavex.eu\/cz\/category\/klimatizace\/\" rel=\"category tag\">Klimatizace<\/a>, <a href=\"https:\/\/klimavex.eu\/cz\/category\/rekuperacni-jednotky\/\" rel=\"category tag\">Rekupera\u010dn\u00ed jednotky<\/a>, <a href=\"https:\/\/klimavex.eu\/cz\/category\/tepelna-cerpadla\/\" rel=\"category tag\">Tepeln\u00e1 \u010derpadla<\/a>, <a href=\"https:\/\/klimavex.eu\/cz\/category\/odvlhcovace\/\" rel=\"category tag\">Odvlh\u010dova\u010de<\/a>, <a href=\"https:\/\/klimavex.eu\/cz\/category\/novinky\/\" rel=\"category tag\">Novinky<\/a>\t\t\t\t\t<\/div>\n\t\t\t\t<\/div>\n\t\t\t\n\t\t\t\t\t\t\t<h3 class=\"wd-entities-title title post-title\">\n\t\t\t\t\t<a href=\"https:\/\/klimavex.eu\/cz\/komplexni-sluzby-klimavex\/\" rel=\"bookmark\">Komplexn\u00ed slu\u017eby KLIMAVEX<\/a>\n\t\t\t\t<\/h3>\n\t\t\t\n\t\t\t\t\t\t\t<div class=\"entry-meta wd-entry-meta\">\n\t\t\t\t\t\t\t\t<ul class=\"entry-meta-list\">\n\t\t\t\t\t\t\t\t\t<li class=\"modified-date\">\n\t\t\t\t\t\t\t\t<time class=\"updated\" datetime=\"2025-11-27T14:52:38+01:00\">\n\t\t\t27 listopadu, 2025\t\t<\/time>\n\t\t\t\t\t\t\t<\/li>\n\n\t\t\t\t\t\n\t\t\t\t\t\t\t\t\t\t\t<li class=\"meta-author\">\n\t\t\t\t\t\t\t\t\t\t\t\t<span>Podle<\/span>\n\t\t\n\t\t\t\t\t<img loading=\"lazy\" decoding=\"async\" src=\"https:\/\/klimavex.eu\/cz\/wp-content\/plugins\/ultimate-member\/assets\/img\/default_avatar.jpg\" class=\"gravatar avatar avatar-32 um-avatar um-avatar-default\" width=\"32\" height=\"32\" alt=\"Marketing KLIMAVEX\" data-default=\"https:\/\/klimavex.eu\/cz\/wp-content\/plugins\/ultimate-member\/assets\/img\/default_avatar.jpg\" onerror=\"if ( ! this.getAttribute('data-load-error') ){ this.setAttribute('data-load-error', '1');this.setAttribute('src', this.getAttribute('data-default'));}\" loading=\"lazy\" \/>\t\t\n\t\t<a href=\"https:\/\/klimavex.eu\/cz\/author\/marketing\/\" class=\"author\" rel=\"author\">Marketing KLIMAVEX<\/a>\n\t\t\t\t\t\t\t\t<\/li>\n\t\t\t\t\t\n\t\t\t\t\t\n\t\t\t\t\t\t\t\t\t\t\t<li class=\"meta-reply\">\n\t\t\t\t\t\t\t<a href=\"https:\/\/klimavex.eu\/cz\/komplexni-sluzby-klimavex\/#respond\"><span class=\"replies-count\">0<\/span> <span class=\"replies-count-label\">koment\u00e1\u0159e<\/span><\/a>\t\t\t\t\t\t<\/li>\n\t\t\t\t\t\t\t\t\t\t\t\t<\/ul>\n\t\t\t\t\t\t<\/div>\n\t\t\t\t\t\t\t\t\t<div class=\"hovered-social-icons wd-tltp\">\n\t\t\t\t\t\t<div class=\"tooltip top\">\n\t\t\t\t\t\t\t<div class=\"tooltip-arrow\"><\/div>\n\t\t\t\t\t\t\t<div class=\"tooltip-inner\">\n\t\t\t\t\t\t\t\t\t\t\t<div id=\"\" class=\" wd-social-icons wd-style-default wd-size-small social-share wd-shape-circle color-scheme-light text-center\">\n\t\t\t\t\n\t\t\t\t\n\t\t\t\t\t\t\t\t\t<a rel=\"noopener noreferrer nofollow\" href=\"https:\/\/www.facebook.com\/sharer\/sharer.php?u=https:\/\/klimavex.eu\/cz\/komplexni-sluzby-klimavex\/\" target=\"_blank\" class=\" wd-social-icon social-facebook\" aria-label=\"Facebook soci\u00e1ln\u00ed odkaz\">\n\t\t\t\t\t\t<span class=\"wd-icon\"><\/span>\n\t\t\t\t\t\t\t\t\t\t\t<\/a>\n\t\t\t\t\n\t\t\t\t\t\t\t\t\t<a rel=\"noopener noreferrer nofollow\" href=\"https:\/\/x.com\/share?url=https:\/\/klimavex.eu\/cz\/komplexni-sluzby-klimavex\/\" target=\"_blank\" class=\" wd-social-icon social-twitter\" aria-label=\"X social link\">\n\t\t\t\t\t\t<span class=\"wd-icon\"><\/span>\n\t\t\t\t\t\t\t\t\t\t\t<\/a>\n\t\t\t\t\n\t\t\t\t\n\t\t\t\t\n\t\t\t\t\n\t\t\t\t\t\t\t\t\t<a rel=\"noopener noreferrer nofollow\" href=\"https:\/\/pinterest.com\/pin\/create\/button\/?url=https:\/\/klimavex.eu\/cz\/komplexni-sluzby-klimavex\/&media=https:\/\/klimavex.eu\/cz\/wp-content\/uploads\/2025\/11\/CZ.png&description=Komplexn%C3%AD+slu%C5%BEby+KLIMAVEX\" target=\"_blank\" class=\" wd-social-icon social-pinterest\" aria-label=\"Pinterest soci\u00e1ln\u00ed odkaz\">\n\t\t\t\t\t\t<span class=\"wd-icon\"><\/span>\n\t\t\t\t\t\t\t\t\t\t\t<\/a>\n\t\t\t\t\n\t\t\t\t\n\t\t\t\t\t\t\t\t\t<a rel=\"noopener noreferrer nofollow\" href=\"https:\/\/www.linkedin.com\/shareArticle?mini=true&url=https:\/\/klimavex.eu\/cz\/komplexni-sluzby-klimavex\/\" target=\"_blank\" class=\" wd-social-icon social-linkedin\" aria-label=\"Linkedin soci\u00e1ln\u00ed odkaz\">\n\t\t\t\t\t\t<span class=\"wd-icon\"><\/span>\n\t\t\t\t\t\t\t\t\t\t\t<\/a>\n\t\t\t\t\n\t\t\t\t\n\t\t\t\t\n\t\t\t\t\n\t\t\t\t\n\t\t\t\t\n\t\t\t\t\n\t\t\t\t\n\t\t\t\t\n\t\t\t\t\n\t\t\t\t\n\t\t\t\t\n\t\t\t\t\n\t\t\t\t\n\t\t\t\t\n\t\t\t\t\n\t\t\t\t\t\t\t\t\t<a rel=\"noopener noreferrer nofollow\" href=\"https:\/\/telegram.me\/share\/url?url=https:\/\/klimavex.eu\/cz\/komplexni-sluzby-klimavex\/\" target=\"_blank\" class=\" wd-social-icon social-tg\" aria-label=\"Telegram soci\u00e1ln\u00ed odkaz\">\n\t\t\t\t\t\t<span class=\"wd-icon\"><\/span>\n\t\t\t\t\t\t\t\t\t\t\t<\/a>\n\t\t\t\t\n\t\t\t\t\n\t\t\t<\/div>\n\n\t\t\t\t\t\t\t\t\t<\/div>\n\t\t\t\t\t\t<\/div>\n\t\t\t\t\t<\/div>\n\t\t\t\t\t\t\t\n\t\t\t\t\t\t\t\t\t\t\t\t<div class=\"entry-content wd-post-desc\">\n\t\t\t\t\t\tKLIMAVEX: spolehliv\u00fd partner pro v\u0161echny Va\u0161e projekty\t\t\n\t\t\tSpole\u010dnost KLIMAVEX p\u016fsob\u00ed u\u017e v\u00edce ne\u017e 30 let jako\u00a0velkoobchodn\u00ed dodavatel ...\t\t\t\t\t<\/div>\n\t\t\t\t\n\t\t\t\t\t\t\t\t\t\t\t\t\t\t<p class=\"read-more-section\">\n\t\t\t\t\t\t<a class=\"btn-read-more more-link\" href=\"https:\/\/klimavex.eu\/cz\/komplexni-sluzby-klimavex\/\">pokra\u010dovat ve \u010dten\u00ed<\/a>\t\t\t\t\t<\/p>\n\t\t\t\t\t\t\t\t\t\t\t\t\t<\/div>\n\t<\/div>\n<\/article>\n\n\t\t\t\t\t\t\t\t\t\t\t\t\t\t\n<article id=\"post-374642\" class=\"wd-post blog-design-small-images blog-post-loop blog-style-bg wd-add-shadow wd-col post-374642 post type-post status-publish format-standard has-post-thumbnail hentry category-ventilatory category-novinky category-rekuperacni-jednotky category-tepelna-cerpadla category-odvlhcovace category-klimatizace tag-tepelna-cerpadla-blog tag-klimatizace-blog tag-novinky-blog tag-ventilatory-blog tag-odvlhcovace-blog tag-rekuperacie-blog\">\n\t<div class=\"article-inner\">\n\t\t<header class=\"entry-header\">\n\t\t\t\t\t\t\t<figure class=\"entry-thumbnail\">\n\t\t\t\t\t\t\t\t\t\t\t<div class=\"post-img-wrapp\">\n\t\t\t\t\t\t\t<a href=\"https:\/\/klimavex.eu\/cz\/co-je-to-hvac\/\">\n\t\t\t\t\t\t\t\t<img loading=\"lazy\" decoding=\"async\" width=\"1024\" height=\"576\" src=\"https:\/\/klimavex.eu\/cz\/wp-content\/uploads\/2025\/03\/hvac-1024x576.png\" class=\"attachment-large size-large\" alt=\"hvac\" srcset=\"https:\/\/klimavex.eu\/cz\/wp-content\/uploads\/2025\/03\/hvac-1024x576.png 1024w, https:\/\/klimavex.eu\/cz\/wp-content\/uploads\/2025\/03\/hvac-300x169.png 300w, https:\/\/klimavex.eu\/cz\/wp-content\/uploads\/2025\/03\/hvac-768x432.png 768w, https:\/\/klimavex.eu\/cz\/wp-content\/uploads\/2025\/03\/hvac-1536x864.png 1536w, https:\/\/klimavex.eu\/cz\/wp-content\/uploads\/2025\/03\/hvac-20x11.png 20w, https:\/\/klimavex.eu\/cz\/wp-content\/uploads\/2025\/03\/hvac-600x338.png 600w, https:\/\/klimavex.eu\/cz\/wp-content\/uploads\/2025\/03\/hvac-150x84.png 150w, https:\/\/klimavex.eu\/cz\/wp-content\/uploads\/2025\/03\/hvac.png 1920w\" sizes=\"(max-width: 1024px) 100vw, 1024px\" \/>\t\t\t\t\t\t\t<\/a>\n\t\t\t\t\t\t<\/div>\n\t\t\t\t\t\t<div class=\"post-image-mask\">\n\t\t\t\t\t\t\t<span><\/span>\n\t\t\t\t\t\t<\/div>\n\t\t\t\t\t\t\t\t\t<\/figure>\n\t\t\t\n\t\t\t\t\t\t<div class=\"wd-post-date wd-style-with-bg\">\n\t\t\t\t<span class=\"post-date-day\">\n\t\t\t\t\t02\t\t\t\t<\/span>\n\t\t\t\t<span class=\"post-date-month\">\n\t\t\t\t\tDub\t\t\t\t<\/span>\n\t\t\t<\/div>\n\t\t\t\t<\/header>\n\n\t\t<div class=\"article-body-container\">\n\t\t\t\t\t\t\t<div class=\"meta-categories-wrapp\">\n\t\t\t\t\t<div class=\"meta-post-categories wd-post-cat wd-style-with-bg\">\n\t\t\t\t\t\t<a href=\"https:\/\/klimavex.eu\/cz\/category\/ventilatory\/\" rel=\"category tag\">Ventil\u00e1tory<\/a>, <a href=\"https:\/\/klimavex.eu\/cz\/category\/novinky\/\" rel=\"category tag\">Novinky<\/a>, <a href=\"https:\/\/klimavex.eu\/cz\/category\/rekuperacni-jednotky\/\" rel=\"category tag\">Rekupera\u010dn\u00ed jednotky<\/a>, <a href=\"https:\/\/klimavex.eu\/cz\/category\/tepelna-cerpadla\/\" rel=\"category tag\">Tepeln\u00e1 \u010derpadla<\/a>, <a href=\"https:\/\/klimavex.eu\/cz\/category\/odvlhcovace\/\" rel=\"category tag\">Odvlh\u010dova\u010de<\/a>, <a href=\"https:\/\/klimavex.eu\/cz\/category\/klimatizace\/\" rel=\"category tag\">Klimatizace<\/a>\t\t\t\t\t<\/div>\n\t\t\t\t<\/div>\n\t\t\t\n\t\t\t\t\t\t\t<h3 class=\"wd-entities-title title post-title\">\n\t\t\t\t\t<a href=\"https:\/\/klimavex.eu\/cz\/co-je-to-hvac\/\" rel=\"bookmark\">Co je to HVAC?<\/a>\n\t\t\t\t<\/h3>\n\t\t\t\n\t\t\t\t\t\t\t<div class=\"entry-meta wd-entry-meta\">\n\t\t\t\t\t\t\t\t<ul class=\"entry-meta-list\">\n\t\t\t\t\t\t\t\t\t<li class=\"modified-date\">\n\t\t\t\t\t\t\t\t<time class=\"updated\" datetime=\"2025-04-02T08:57:17+02:00\">\n\t\t\t2 dubna, 2025\t\t<\/time>\n\t\t\t\t\t\t\t<\/li>\n\n\t\t\t\t\t\n\t\t\t\t\t\t\t\t\t\t\t<li class=\"meta-author\">\n\t\t\t\t\t\t\t\t\t\t\t\t<span>Podle<\/span>\n\t\t\n\t\t\t\t\t<img loading=\"lazy\" decoding=\"async\" src=\"https:\/\/klimavex.eu\/cz\/wp-content\/plugins\/ultimate-member\/assets\/img\/default_avatar.jpg\" class=\"gravatar avatar avatar-32 um-avatar um-avatar-default\" width=\"32\" height=\"32\" alt=\"Marketing KLIMAVEX\" data-default=\"https:\/\/klimavex.eu\/cz\/wp-content\/plugins\/ultimate-member\/assets\/img\/default_avatar.jpg\" onerror=\"if ( ! this.getAttribute('data-load-error') ){ this.setAttribute('data-load-error', '1');this.setAttribute('src', this.getAttribute('data-default'));}\" loading=\"lazy\" \/>\t\t\n\t\t<a href=\"https:\/\/klimavex.eu\/cz\/author\/marketing\/\" class=\"author\" rel=\"author\">Marketing KLIMAVEX<\/a>\n\t\t\t\t\t\t\t\t<\/li>\n\t\t\t\t\t\n\t\t\t\t\t\n\t\t\t\t\t\t\t\t\t\t\t<li class=\"meta-reply\">\n\t\t\t\t\t\t\t<a href=\"https:\/\/klimavex.eu\/cz\/co-je-to-hvac\/#respond\"><span class=\"replies-count\">0<\/span> <span class=\"replies-count-label\">koment\u00e1\u0159e<\/span><\/a>\t\t\t\t\t\t<\/li>\n\t\t\t\t\t\t\t\t\t\t\t\t<\/ul>\n\t\t\t\t\t\t<\/div>\n\t\t\t\t\t\t\t\t\t<div class=\"hovered-social-icons wd-tltp\">\n\t\t\t\t\t\t<div class=\"tooltip top\">\n\t\t\t\t\t\t\t<div class=\"tooltip-arrow\"><\/div>\n\t\t\t\t\t\t\t<div class=\"tooltip-inner\">\n\t\t\t\t\t\t\t\t\t\t\t<div id=\"\" class=\" wd-social-icons wd-style-default wd-size-small social-share wd-shape-circle color-scheme-light text-center\">\n\t\t\t\t\n\t\t\t\t\n\t\t\t\t\t\t\t\t\t<a rel=\"noopener noreferrer nofollow\" href=\"https:\/\/www.facebook.com\/sharer\/sharer.php?u=https:\/\/klimavex.eu\/cz\/co-je-to-hvac\/\" target=\"_blank\" class=\" wd-social-icon social-facebook\" aria-label=\"Facebook soci\u00e1ln\u00ed odkaz\">\n\t\t\t\t\t\t<span class=\"wd-icon\"><\/span>\n\t\t\t\t\t\t\t\t\t\t\t<\/a>\n\t\t\t\t\n\t\t\t\t\t\t\t\t\t<a rel=\"noopener noreferrer nofollow\" href=\"https:\/\/x.com\/share?url=https:\/\/klimavex.eu\/cz\/co-je-to-hvac\/\" target=\"_blank\" class=\" wd-social-icon social-twitter\" aria-label=\"X social link\">\n\t\t\t\t\t\t<span class=\"wd-icon\"><\/span>\n\t\t\t\t\t\t\t\t\t\t\t<\/a>\n\t\t\t\t\n\t\t\t\t\n\t\t\t\t\n\t\t\t\t\n\t\t\t\t\t\t\t\t\t<a rel=\"noopener noreferrer nofollow\" href=\"https:\/\/pinterest.com\/pin\/create\/button\/?url=https:\/\/klimavex.eu\/cz\/co-je-to-hvac\/&media=https:\/\/klimavex.eu\/cz\/wp-content\/uploads\/2025\/03\/hvac.png&description=Co+je+to+HVAC%3F\" target=\"_blank\" class=\" wd-social-icon social-pinterest\" aria-label=\"Pinterest soci\u00e1ln\u00ed odkaz\">\n\t\t\t\t\t\t<span class=\"wd-icon\"><\/span>\n\t\t\t\t\t\t\t\t\t\t\t<\/a>\n\t\t\t\t\n\t\t\t\t\n\t\t\t\t\t\t\t\t\t<a rel=\"noopener noreferrer nofollow\" href=\"https:\/\/www.linkedin.com\/shareArticle?mini=true&url=https:\/\/klimavex.eu\/cz\/co-je-to-hvac\/\" target=\"_blank\" class=\" wd-social-icon social-linkedin\" aria-label=\"Linkedin soci\u00e1ln\u00ed odkaz\">\n\t\t\t\t\t\t<span class=\"wd-icon\"><\/span>\n\t\t\t\t\t\t\t\t\t\t\t<\/a>\n\t\t\t\t\n\t\t\t\t\n\t\t\t\t\n\t\t\t\t\n\t\t\t\t\n\t\t\t\t\n\t\t\t\t\n\t\t\t\t\n\t\t\t\t\n\t\t\t\t\n\t\t\t\t\n\t\t\t\t\n\t\t\t\t\n\t\t\t\t\n\t\t\t\t\n\t\t\t\t\n\t\t\t\t\t\t\t\t\t<a rel=\"noopener noreferrer nofollow\" href=\"https:\/\/telegram.me\/share\/url?url=https:\/\/klimavex.eu\/cz\/co-je-to-hvac\/\" target=\"_blank\" class=\" wd-social-icon social-tg\" aria-label=\"Telegram soci\u00e1ln\u00ed odkaz\">\n\t\t\t\t\t\t<span class=\"wd-icon\"><\/span>\n\t\t\t\t\t\t\t\t\t\t\t<\/a>\n\t\t\t\t\n\t\t\t\t\n\t\t\t<\/div>\n\n\t\t\t\t\t\t\t\t\t<\/div>\n\t\t\t\t\t\t<\/div>\n\t\t\t\t\t<\/div>\n\t\t\t\t\t\t\t\n\t\t\t\t\t\t\t\t\t\t\t\t<div class=\"entry-content wd-post-desc\">\n\t\t\t\t\t\tCo je to HVAC?\t\t\n\t\t\tHVAC je anglick\u00e1 zkratka pro slova \u201eHeating, Ventilation, and Air Conditioning\u201d. P\u0159eklad t\u00e9to zkratky je tedy \u201eVyt\u00e1...\t\t\t\t\t<\/div>\n\t\t\t\t\n\t\t\t\t\t\t\t\t\t\t\t\t\t\t<p class=\"read-more-section\">\n\t\t\t\t\t\t<a class=\"btn-read-more more-link\" href=\"https:\/\/klimavex.eu\/cz\/co-je-to-hvac\/\">pokra\u010dovat ve \u010dten\u00ed<\/a>\t\t\t\t\t<\/p>\n\t\t\t\t\t\t\t\t\t\t\t\t\t<\/div>\n\t<\/div>\n<\/article>\n\n\t\t\t\t\n\t\t\t\t\t\t\t\t<\/div>\n\t\t\t\n\t\t\t\t\t\t\t\t\t\t<\/div>\n\t\t\t\t\t\t\t\t<\/div>\n\t\t\t\t<\/div>\n\t\t\t\t\t<\/div>\n\t\t\t\t<\/div>\n\t\t\t\t<\/div>\n\t\t\t\t\t\t\t\t\t\t\t\t\t<\/div>\n\n\t\t\t\t\t\t\t\t\t\t\t\t\t\t\n\t\t\t\t\t\n\t\t\t\t\t<div class=\"wd-tab-content wd-entry-content\">\n\t\t\t\t\t\t\t\t\t\t\t\t\t\t\t\t<link rel=\"stylesheet\" id=\"elementor-post-335822-css\" href=\"https:\/\/klimavex.eu\/cz\/wp-content\/uploads\/elementor\/css\/post-335822.css?ver=1732201174\" type=\"text\/css\" media=\"all\">\n\t\t\t\t\t<div data-elementor-type=\"wp-post\" data-elementor-id=\"335822\" class=\"elementor elementor-335822\" data-elementor-post-type=\"cms_block\">\n\t\t\t\t<div class=\"wd-negative-gap elementor-element elementor-element-88a5668 e-flex e-con-boxed e-con e-parent\" data-id=\"88a5668\" data-element_type=\"container\">\n\t\t\t\t\t<div class=\"e-con-inner\">\n\t\t\t\t<div class=\"elementor-element elementor-element-c0ad449 wd-width-100 elementor-widget elementor-widget-wd_blog\" data-id=\"c0ad449\" data-element_type=\"widget\" data-widget_type=\"wd_blog.default\">\n\t\t\t\t<div class=\"elementor-widget-container\">\n\t\t\t\t\t\t\t\t\t\t<div class=\"wd-blog-element\">\n\t\t\t\t\t<div class=\"wd-posts wd-blog-holder wd-grid-g\" id=\"69f4d57a0ab7c\" data-paged=\"1\" data-atts=\"{&quot;post_type&quot;:&quot;post&quot;,&quot;items_per_page&quot;:12,&quot;include&quot;:null,&quot;taxonomies&quot;:[&quot;5355&quot;],&quot;offset&quot;:&quot;&quot;,&quot;orderby&quot;:&quot;date&quot;,&quot;order&quot;:&quot;DESC&quot;,&quot;meta_key&quot;:null,&quot;exclude&quot;:[&quot;369739&quot;],&quot;parts_media&quot;:true,&quot;parts_title&quot;:&quot;1&quot;,&quot;parts_meta&quot;:&quot;1&quot;,&quot;parts_text&quot;:&quot;1&quot;,&quot;parts_btn&quot;:&quot;1&quot;,&quot;img_size&quot;:&quot;large&quot;,&quot;blog_design&quot;:&quot;small-images&quot;,&quot;blog_carousel_design&quot;:null,&quot;blog_columns&quot;:null,&quot;blog_columns_tablet&quot;:{&quot;size&quot;:&quot;&quot;},&quot;blog_columns_mobile&quot;:{&quot;size&quot;:&quot;&quot;},&quot;blog_spacing&quot;:null,&quot;blog_spacing_tablet&quot;:&quot;&quot;,&quot;blog_spacing_mobile&quot;:&quot;&quot;,&quot;pagination&quot;:&quot;infinit&quot;,&quot;speed&quot;:null,&quot;slides_per_view&quot;:null,&quot;slides_per_view_tablet&quot;:{&quot;size&quot;:&quot;&quot;},&quot;slides_per_view_mobile&quot;:{&quot;size&quot;:&quot;&quot;},&quot;wrap&quot;:null,&quot;autoplay&quot;:null,&quot;hide_pagination_control&quot;:null,&quot;hide_prev_next_buttons&quot;:null,&quot;scroll_per_page&quot;:null,&quot;lazy_loading&quot;:&quot;yes&quot;,&quot;scroll_carousel_init&quot;:null,&quot;ajax_page&quot;:&quot;&quot;,&quot;custom_sizes&quot;:false,&quot;elementor&quot;:true}\" data-source=\"shortcode\">\n\t\t\t\n\t\t\t\t\n\t\t\t\t\t\t\t\t<\/div>\n\t\t\t\n\t\t\t\t\t\t\t\t\t\t<\/div>\n\t\t\t\t\t\t\t\t<\/div>\n\t\t\t\t<\/div>\n\t\t\t\t\t<\/div>\n\t\t\t\t<\/div>\n\t\t\t\t<\/div>\n\t\t\t\t\t\t\t\t\t\t\t\t\t<\/div>\n\n\t\t\t\t\t\t\t<\/div>\n\t\t<\/div>\n\t\t\t\t<\/div>\n\t\t\t\t<\/div>\n\t\t\t\t<\/div>\n\t\t\t\t\t<\/div>\n\t\t\t\t<\/div>\n\t\t\t\t<\/div>\n\t\t","protected":false},"excerpt":{"rendered":"<p>KATEGORIE \u010cL\u00c1NK\u016e NOVINKY TEPELN\u00c1 \u010cERPADLA KLIMATIZACE VENTIL\u00c1TORY REKUPERA\u010cN\u00cd JEDNOTKY ODVLH\u010cOVA\u010cE SOUT\u011a\u017dE 01 \u010cvn Klimatiz\u00e1cie Hyundai CARBON GREY 26 \u010dervna, 2024<\/p>\n","protected":false},"author":1,"featured_media":0,"parent":0,"menu_order":4,"comment_status":"closed","ping_status":"closed","template":"","meta":{"footnotes":""},"class_list":["post-883","page","type-page","status-publish","hentry"],"yoast_head":"<!-- This site is optimized with the Yoast SEO plugin v23.9 - https:\/\/yoast.com\/wordpress\/plugins\/seo\/ -->\n<title>KLIMAVEX GROUP - \u010cesko - Blog<\/title>\n<meta name=\"description\" content=\"P\u0159e\u010dt\u011bte si nejnov\u011bj\u0161\u00ed zpr\u00e1vy ze sv\u011bta vzduchotechniky a tak\u00e9 aktuality o tom, co pro V\u00e1s p\u0159ipravila spole\u010dnost KLIMAVEX.\" \/>\n<meta name=\"robots\" content=\"index, follow, max-snippet:-1, max-image-preview:large, max-video-preview:-1\" \/>\n<link rel=\"canonical\" href=\"https:\/\/klimavex.eu\/cz\/blog\/\" \/>\n<meta property=\"og:locale\" content=\"cs_CZ\" \/>\n<meta property=\"og:type\" content=\"article\" \/>\n<meta property=\"og:title\" content=\"KLIMAVEX GROUP - \u010cesko - Blog\" \/>\n<meta property=\"og:description\" content=\"P\u0159e\u010dt\u011bte si nejnov\u011bj\u0161\u00ed zpr\u00e1vy ze sv\u011bta vzduchotechniky a tak\u00e9 aktuality o tom, co pro V\u00e1s p\u0159ipravila spole\u010dnost KLIMAVEX.\" \/>\n<meta property=\"og:url\" content=\"https:\/\/klimavex.eu\/cz\/blog\/\" \/>\n<meta property=\"og:site_name\" content=\"KLIMAVEX GROUP - \u010cesko\" \/>\n<meta property=\"article:publisher\" content=\"https:\/\/www.facebook.com\/klimavex.cz\" \/>\n<meta property=\"article:modified_time\" content=\"2024-07-17T10:17:38+00:00\" \/>\n<meta property=\"og:image\" content=\"https:\/\/klimavex.eu\/cz\/wp-content\/themes\/woodmart\/images\/lazy.png\" \/>\n<meta name=\"twitter:card\" content=\"summary_large_image\" \/>\n<meta name=\"twitter:label1\" content=\"Odhadovan\u00e1 doba \u010dten\u00ed\" \/>\n\t<meta name=\"twitter:data1\" content=\"27 minut\" \/>\n<script type=\"application\/ld+json\" class=\"yoast-schema-graph\">{\"@context\":\"https:\/\/schema.org\",\"@graph\":[{\"@type\":\"WebPage\",\"@id\":\"https:\/\/klimavex.eu\/cz\/blog\/\",\"url\":\"https:\/\/klimavex.eu\/cz\/blog\/\",\"name\":\"KLIMAVEX GROUP - \u010cesko - Blog\",\"isPartOf\":{\"@id\":\"https:\/\/klimavex.eu\/cz\/#website\"},\"primaryImageOfPage\":{\"@id\":\"https:\/\/klimavex.eu\/cz\/blog\/#primaryimage\"},\"image\":{\"@id\":\"https:\/\/klimavex.eu\/cz\/blog\/#primaryimage\"},\"thumbnailUrl\":\"https:\/\/klimavex.eu\/cz\/wp-content\/themes\/woodmart\/images\/lazy.png\",\"datePublished\":\"2023-11-24T16:46:19+00:00\",\"dateModified\":\"2024-07-17T10:17:38+00:00\",\"description\":\"P\u0159e\u010dt\u011bte si nejnov\u011bj\u0161\u00ed zpr\u00e1vy ze sv\u011bta vzduchotechniky a tak\u00e9 aktuality o tom, co pro V\u00e1s p\u0159ipravila spole\u010dnost KLIMAVEX.\",\"breadcrumb\":{\"@id\":\"https:\/\/klimavex.eu\/cz\/blog\/#breadcrumb\"},\"inLanguage\":\"cs\",\"potentialAction\":[{\"@type\":\"ReadAction\",\"target\":[\"https:\/\/klimavex.eu\/cz\/blog\/\"]}]},{\"@type\":\"ImageObject\",\"inLanguage\":\"cs\",\"@id\":\"https:\/\/klimavex.eu\/cz\/blog\/#primaryimage\",\"url\":\"https:\/\/klimavex.eu\/cz\/wp-content\/uploads\/2023\/11\/slovakia.png\",\"contentUrl\":\"https:\/\/klimavex.eu\/cz\/wp-content\/uploads\/2023\/11\/slovakia.png\",\"width\":512,\"height\":512},{\"@type\":\"BreadcrumbList\",\"@id\":\"https:\/\/klimavex.eu\/cz\/blog\/#breadcrumb\",\"itemListElement\":[{\"@type\":\"ListItem\",\"position\":1,\"name\":\"Domovsk\u00e1 str\u00e1nka\",\"item\":\"https:\/\/klimavex.eu\/cz\/\"},{\"@type\":\"ListItem\",\"position\":2,\"name\":\"Blog\"}]},{\"@type\":\"WebSite\",\"@id\":\"https:\/\/klimavex.eu\/cz\/#website\",\"url\":\"https:\/\/klimavex.eu\/cz\/\",\"name\":\"KLIMAVEX GROUP - \u010cesko\",\"description\":\"\",\"publisher\":{\"@id\":\"https:\/\/klimavex.eu\/cz\/#organization\"},\"alternateName\":\"KLIMAVEX CZ a.s.\",\"potentialAction\":[{\"@type\":\"SearchAction\",\"target\":{\"@type\":\"EntryPoint\",\"urlTemplate\":\"https:\/\/klimavex.eu\/cz\/?s={search_term_string}\"},\"query-input\":{\"@type\":\"PropertyValueSpecification\",\"valueRequired\":true,\"valueName\":\"search_term_string\"}}],\"inLanguage\":\"cs\"},{\"@type\":\"Organization\",\"@id\":\"https:\/\/klimavex.eu\/cz\/#organization\",\"name\":\"KLIMAVEX GROUP\",\"alternateName\":\"KLIMAVEX\",\"url\":\"https:\/\/klimavex.eu\/cz\/\",\"logo\":{\"@type\":\"ImageObject\",\"inLanguage\":\"cs\",\"@id\":\"https:\/\/klimavex.eu\/cz\/#\/schema\/logo\/image\/\",\"url\":\"https:\/\/klimavex.eu\/cz\/wp-content\/uploads\/2024\/04\/Klimavex-Group-logo.png\",\"contentUrl\":\"https:\/\/klimavex.eu\/cz\/wp-content\/uploads\/2024\/04\/Klimavex-Group-logo.png\",\"width\":1681,\"height\":472,\"caption\":\"KLIMAVEX GROUP\"},\"image\":{\"@id\":\"https:\/\/klimavex.eu\/cz\/#\/schema\/logo\/image\/\"},\"sameAs\":[\"https:\/\/www.facebook.com\/klimavex.cz\",\"https:\/\/www.instagram.com\/klimavex_cz\/\"]}]}<\/script>\n<!-- \/ Yoast SEO plugin. -->","yoast_head_json":{"title":"KLIMAVEX GROUP - \u010cesko - Blog","description":"P\u0159e\u010dt\u011bte si nejnov\u011bj\u0161\u00ed zpr\u00e1vy ze sv\u011bta vzduchotechniky a tak\u00e9 aktuality o tom, co pro V\u00e1s p\u0159ipravila spole\u010dnost KLIMAVEX.","robots":{"index":"index","follow":"follow","max-snippet":"max-snippet:-1","max-image-preview":"max-image-preview:large","max-video-preview":"max-video-preview:-1"},"canonical":"https:\/\/klimavex.eu\/cz\/blog\/","og_locale":"cs_CZ","og_type":"article","og_title":"KLIMAVEX GROUP - \u010cesko - Blog","og_description":"P\u0159e\u010dt\u011bte si nejnov\u011bj\u0161\u00ed zpr\u00e1vy ze sv\u011bta vzduchotechniky a tak\u00e9 aktuality o tom, co pro V\u00e1s p\u0159ipravila spole\u010dnost KLIMAVEX.","og_url":"https:\/\/klimavex.eu\/cz\/blog\/","og_site_name":"KLIMAVEX GROUP - \u010cesko","article_publisher":"https:\/\/www.facebook.com\/klimavex.cz","article_modified_time":"2024-07-17T10:17:38+00:00","og_image":[{"url":"https:\/\/klimavex.eu\/cz\/wp-content\/themes\/woodmart\/images\/lazy.png"}],"twitter_card":"summary_large_image","twitter_misc":{"Odhadovan\u00e1 doba \u010dten\u00ed":"27 minut"},"schema":{"@context":"https:\/\/schema.org","@graph":[{"@type":"WebPage","@id":"https:\/\/klimavex.eu\/cz\/blog\/","url":"https:\/\/klimavex.eu\/cz\/blog\/","name":"KLIMAVEX GROUP - \u010cesko - Blog","isPartOf":{"@id":"https:\/\/klimavex.eu\/cz\/#website"},"primaryImageOfPage":{"@id":"https:\/\/klimavex.eu\/cz\/blog\/#primaryimage"},"image":{"@id":"https:\/\/klimavex.eu\/cz\/blog\/#primaryimage"},"thumbnailUrl":"https:\/\/klimavex.eu\/cz\/wp-content\/themes\/woodmart\/images\/lazy.png","datePublished":"2023-11-24T16:46:19+00:00","dateModified":"2024-07-17T10:17:38+00:00","description":"P\u0159e\u010dt\u011bte si nejnov\u011bj\u0161\u00ed zpr\u00e1vy ze sv\u011bta vzduchotechniky a tak\u00e9 aktuality o tom, co pro V\u00e1s p\u0159ipravila spole\u010dnost KLIMAVEX.","breadcrumb":{"@id":"https:\/\/klimavex.eu\/cz\/blog\/#breadcrumb"},"inLanguage":"cs","potentialAction":[{"@type":"ReadAction","target":["https:\/\/klimavex.eu\/cz\/blog\/"]}]},{"@type":"ImageObject","inLanguage":"cs","@id":"https:\/\/klimavex.eu\/cz\/blog\/#primaryimage","url":"https:\/\/klimavex.eu\/cz\/wp-content\/uploads\/2023\/11\/slovakia.png","contentUrl":"https:\/\/klimavex.eu\/cz\/wp-content\/uploads\/2023\/11\/slovakia.png","width":512,"height":512},{"@type":"BreadcrumbList","@id":"https:\/\/klimavex.eu\/cz\/blog\/#breadcrumb","itemListElement":[{"@type":"ListItem","position":1,"name":"Domovsk\u00e1 str\u00e1nka","item":"https:\/\/klimavex.eu\/cz\/"},{"@type":"ListItem","position":2,"name":"Blog"}]},{"@type":"WebSite","@id":"https:\/\/klimavex.eu\/cz\/#website","url":"https:\/\/klimavex.eu\/cz\/","name":"KLIMAVEX GROUP - \u010cesko","description":"","publisher":{"@id":"https:\/\/klimavex.eu\/cz\/#organization"},"alternateName":"KLIMAVEX CZ a.s.","potentialAction":[{"@type":"SearchAction","target":{"@type":"EntryPoint","urlTemplate":"https:\/\/klimavex.eu\/cz\/?s={search_term_string}"},"query-input":{"@type":"PropertyValueSpecification","valueRequired":true,"valueName":"search_term_string"}}],"inLanguage":"cs"},{"@type":"Organization","@id":"https:\/\/klimavex.eu\/cz\/#organization","name":"KLIMAVEX GROUP","alternateName":"KLIMAVEX","url":"https:\/\/klimavex.eu\/cz\/","logo":{"@type":"ImageObject","inLanguage":"cs","@id":"https:\/\/klimavex.eu\/cz\/#\/schema\/logo\/image\/","url":"https:\/\/klimavex.eu\/cz\/wp-content\/uploads\/2024\/04\/Klimavex-Group-logo.png","contentUrl":"https:\/\/klimavex.eu\/cz\/wp-content\/uploads\/2024\/04\/Klimavex-Group-logo.png","width":1681,"height":472,"caption":"KLIMAVEX GROUP"},"image":{"@id":"https:\/\/klimavex.eu\/cz\/#\/schema\/logo\/image\/"},"sameAs":["https:\/\/www.facebook.com\/klimavex.cz","https:\/\/www.instagram.com\/klimavex_cz\/"]}]}},"_links":{"self":[{"href":"https:\/\/klimavex.eu\/cz\/wp-json\/wp\/v2\/pages\/883","targetHints":{"allow":["GET"]}}],"collection":[{"href":"https:\/\/klimavex.eu\/cz\/wp-json\/wp\/v2\/pages"}],"about":[{"href":"https:\/\/klimavex.eu\/cz\/wp-json\/wp\/v2\/types\/page"}],"author":[{"embeddable":true,"href":"https:\/\/klimavex.eu\/cz\/wp-json\/wp\/v2\/users\/1"}],"replies":[{"embeddable":true,"href":"https:\/\/klimavex.eu\/cz\/wp-json\/wp\/v2\/comments?post=883"}],"version-history":[{"count":0,"href":"https:\/\/klimavex.eu\/cz\/wp-json\/wp\/v2\/pages\/883\/revisions"}],"wp:attachment":[{"href":"https:\/\/klimavex.eu\/cz\/wp-json\/wp\/v2\/media?parent=883"}],"curies":[{"name":"wp","href":"https:\/\/api.w.org\/{rel}","templated":true}]}}