{"id":542686,"date":"2026-04-27T22:50:00","date_gmt":"2026-04-27T20:50:00","guid":{"rendered":"https:\/\/klimavex.eu\/cz\/katalog\/samsung-nastenna-klimatizace-windfree-elite-s2-ar70f09\/"},"modified":"2026-04-27T22:50:32","modified_gmt":"2026-04-27T20:50:32","slug":"klimatizace-samsung-split-nastenna-windfree-elite-s2-ar70f09-r32-230v-25kw","status":"publish","type":"product","link":"https:\/\/klimavex.eu\/cz\/katalog\/klimatizace-samsung-split-nastenna-windfree-elite-s2-ar70f09-r32-230v-25kw\/","title":{"rendered":"Klimatizace Samsung split n\u00e1st\u011bnn\u00e1 WindFree ELITE S2 AR70F09 R32 230V 2,5kW"},"content":{"rendered":"<p style=\"text-align: justify;\"><strong>Kl&iacute;\u010dov&eacute; vlastnosti<\/strong><\/p>\n<ul>\n<li style=\"text-align: justify;\">Energetick&aacute; t\u0159&iacute;da A+++ v&nbsp;re\u017eimu chlazen&iacute; i topen&iacute;<\/li>\n<li style=\"text-align: justify;\">Tich&yacute; provoz &ndash; od 16 dB(A)<\/li>\n<li style=\"text-align: justify;\">WindFree<sup>TM<\/sup> &ndash; z&iacute;skejte pocit p\u0159&iacute;jemn&eacute;ho chl&aacute;dku, ne skute\u010dn&eacute; zimy, a nav&iacute;c se sn&iacute;\u017een&yacute;mi n&aacute;klady na energie<\/li>\n<li style=\"text-align: justify;\">AI Auto Comfort &ndash; automatick&aacute; optimalizace re\u017eimu na z&aacute;klad\u011b anal&yacute;zy okoln&iacute;ho prost\u0159ed&iacute;<\/li>\n<li style=\"text-align: justify;\">Rychl&eacute; chlazen&iacute; &ndash; chlad&iacute; rychleji a do v&scaron;ech sm\u011br\u016f i v\u011bt&scaron;&iacute;ch prostor<\/li>\n<li style=\"text-align: justify;\">Integrovan&yacute; senzor pohybu MDS &ndash; po 20 minut&aacute;ch \u017e&aacute;dn&yacute;ch pohyb\u016f se zap&iacute;n&aacute; &uacute;sporn&yacute; re\u017eim WindFree<sup>TM<\/sup><\/li>\n<li style=\"text-align: justify;\">SmartThings &ndash; Wi-Fi vzd&aacute;len&aacute; kontrola kdykoli a odkudkoli<\/li>\n<li style=\"text-align: justify;\">Tri-Care Filter &ndash; t\u0159&iacute;vrstv&yacute; filtr, kter&yacute; zachycuje l&aacute;tky od velk&yacute;ch prachov&yacute;ch \u010d&aacute;stic a\u017e po nejjemn\u011bj&scaron;&iacute; viry, bakterie a alergeny<\/li>\n<li style=\"text-align: justify;\">Auto Clean &ndash; klimatizace se sama automaticky vy\u010dist&iacute;<\/li>\n<li style=\"text-align: justify;\">Easy Filter Plus &ndash; antibakteri&aacute;ln&iacute; filtr, kter&yacute; se snadno \u010dist&iacute;<\/li>\n<li style=\"text-align: justify;\">DuraFin&trade; Plus &ndash; p\u0159edch&aacute;z&iacute; korozi, pro klimatizaci s&nbsp;dlouhou \u017eivotnost&iacute;<\/li>\n<li style=\"text-align: justify;\">Chladivo R32 &ndash; chladivo &scaron;etrn&eacute; k&nbsp;\u017eivotn&iacute;mu prost\u0159ed&iacute;<\/li>\n<li style=\"text-align: justify;\">ECO Mode &ndash; efektivn&iacute; chlazen&iacute;, sn&iacute;\u017een&aacute; spot\u0159eba energie, ni\u017e&scaron;&iacute; n&aacute;klady<\/li>\n<li style=\"text-align: justify;\">Good Sleep &ndash; re\u017eim kontroluj&iacute;c&iacute; teplotu m&iacute;stnosti pro zaji&scaron;t\u011bn&iacute; dobr&eacute;ho sp&aacute;nku<\/li>\n<li style=\"text-align: justify;\">Infra\u010derven&yacute; sol&aacute;rn&iacute; ovlada\u010d v&nbsp;balen&iacute;<\/li>\n<\/ul>\n","protected":false},"excerpt":{"rendered":"<p style=\"text-align: justify;\"><strong>Samsung WindFree<sup>TM<\/sup> Elite<\/strong> <strong>S2<\/strong> je pr&eacute;miov&aacute; n&aacute;st\u011bnn&aacute; split klimatizace vhodn&aacute; p\u0159edev&scaron;&iacute;m <strong>pro reziden\u010dn&iacute; &uacute;\u010dely<\/strong>. Dok&aacute;\u017ee nejen chladit, ale tak&eacute; &uacute;\u010dinn\u011b topit. S&eacute;rie Elite je schopna d&iacute;ky sv&yacute;m pokro\u010dil&yacute;m funkc&iacute;m uspokojit i ty nejn&aacute;ro\u010dn\u011bj&scaron;&iacute; u\u017eivatele. Klimatizace d&iacute;ky <strong>technologii WindFree<sup>TM<\/sup><\/strong> udr\u017euje p\u0159&iacute;jemn&eacute; chladn&eacute; prost\u0159ed&iacute; <strong>bez jak&eacute;hokoliv pr\u016fvanu chladn&eacute;ho vzduchu<\/strong>. D&iacute;ky inteligentn&iacute;m ovl&aacute;dac&iacute;m prvk\u016fm se p\u0159izp\u016fsobuje osobn&iacute;m preferenc&iacute;m u\u017eivatele a vytv&aacute;\u0159&iacute; tak komfortn&iacute; prost\u0159ed&iacute;, kter&eacute; automaticky udr\u017euje. Jednotky s&nbsp;modern&iacute;m <strong>b&iacute;l&yacute;m designem<\/strong> nab&iacute;z&iacute; energetickou &uacute;\u010dinnost A+++ v&nbsp;re\u017eimu chlazen&iacute; i topen&iacute;. U\u017e&iacute;v&aacute; se ekologick&eacute; <strong>chladivo R32<\/strong>.<\/p>\n","protected":false},"featured_media":546767,"template":"","meta":[],"product_cat":[7657,10783,7659,7660,7672,7678,7547,10784,10772],"product_tag":[],"class_list":{"0":"post-542686","1":"product","2":"type-product","3":"status-publish","4":"has-post-thumbnail","6":"product_cat-podle-znacky","7":"product_cat-klimatizace-doprodej","8":"product_cat-podle-typu","9":"product_cat-nastenne","10":"product_cat-samsung","11":"product_cat-nastenne-windfree-elite","12":"product_cat-klimatizace","13":"product_cat-doprodej-klimatizace","14":"product_cat-doprodej","15":"pa_barva-vnitrni-jednotky-bila","16":"pa_chlad-do-von-tep-c-do-10c","17":"pa_chladici-vykon-11467","18":"pa_energeticka-trida-scop-aplusplusplus","19":"pa_energeticka-trida-seer-aplusplusplus","20":"pa_extra-funkce-windfree","21":"pa_filtrace-vzduchu-tri-care-filter","22":"pa_hlucnost-vnitrni-jednotky-11435","23":"pa_label-dopredaj","24":"pa_napajeni-1f-230v","25":"pa_prikon-chlazeni-12213","26":"pa_prikon-vytapeni-12212","27":"pa_provedeni-nastenny-split","28":"pa_topny-vykon-11494","29":"pa_typ-chladiva-r32","30":"pa_vyk-do-von-tepl-c-do-15-c","31":"pa_vykonovy-model-11472","32":"pa_znacka-samsung","34":"first","35":"instock","36":"taxable","37":"shipping-taxable","38":"purchasable","39":"product-type-simple"},"yoast_head":"<!-- This site is optimized with the Yoast SEO plugin v23.9 - https:\/\/yoast.com\/wordpress\/plugins\/seo\/ -->\n<title>Klimatizace Samsung split n\u00e1st\u011bnn\u00e1 WindFree ELITE S2 AR70F09 R32 230V 2,5kW - KLIMAVEX GROUP - \u010cesko<\/title>\n<meta name=\"robots\" content=\"index, follow, max-snippet:-1, max-image-preview:large, max-video-preview:-1\" \/>\n<link rel=\"canonical\" href=\"https:\/\/klimavex.eu\/cz\/katalog\/samsung-nastenna-klimatizace-windfree-elite-s2-ar70f09\/\" \/>\n<meta property=\"og:locale\" content=\"cs_CZ\" \/>\n<meta property=\"og:type\" content=\"article\" \/>\n<meta property=\"og:title\" content=\"Klimatizace Samsung split n\u00e1st\u011bnn\u00e1 WindFree ELITE S2 AR70F09 R32 230V 2,5kW - KLIMAVEX GROUP - \u010cesko\" \/>\n<meta property=\"og:description\" content=\"Samsung WindFreeTM Elite S2 je pr&eacute;miov&aacute; n&aacute;st\u011bnn&aacute; split klimatizace vhodn&aacute; p\u0159edev&scaron;&iacute;m pro reziden\u010dn&iacute; &uacute;\u010dely. Dok&aacute;\u017ee nejen chladit, ale tak&eacute; &uacute;\u010dinn\u011b topit. S&eacute;rie Elite je schopna d&iacute;ky sv&yacute;m pokro\u010dil&yacute;m funkc&iacute;m uspokojit i ty nejn&aacute;ro\u010dn\u011bj&scaron;&iacute; u\u017eivatele. Klimatizace d&iacute;ky technologii WindFreeTM udr\u017euje p\u0159&iacute;jemn&eacute; chladn&eacute; prost\u0159ed&iacute; bez jak&eacute;hokoliv pr\u016fvanu chladn&eacute;ho vzduchu. D&iacute;ky inteligentn&iacute;m ovl&aacute;dac&iacute;m prvk\u016fm se p\u0159izp\u016fsobuje osobn&iacute;m preferenc&iacute;m u\u017eivatele a vytv&aacute;\u0159&iacute; tak komfortn&iacute; prost\u0159ed&iacute;, kter&eacute; automaticky udr\u017euje. Jednotky s&nbsp;modern&iacute;m b&iacute;l&yacute;m designem nab&iacute;z&iacute; energetickou &uacute;\u010dinnost A+++ v&nbsp;re\u017eimu chlazen&iacute; i topen&iacute;. U\u017e&iacute;v&aacute; se ekologick&eacute; chladivo R32.\" \/>\n<meta property=\"og:url\" content=\"https:\/\/klimavex.eu\/cz\/katalog\/samsung-nastenna-klimatizace-windfree-elite-s2-ar70f09\/\" \/>\n<meta property=\"og:site_name\" content=\"KLIMAVEX GROUP - \u010cesko\" \/>\n<meta property=\"article:publisher\" content=\"https:\/\/www.facebook.com\/klimavex.cz\" \/>\n<meta property=\"article:modified_time\" content=\"2026-04-27T20:50:32+00:00\" \/>\n<meta property=\"og:image\" content=\"https:\/\/klimavex.eu\/cz\/wp-content\/uploads\/2025\/09\/5nNGhcZp0lbUJwPP3fUAcu5gTBdA7wcsexEPN5fJrRI-1.png\" \/>\n\t<meta property=\"og:image:width\" content=\"512\" \/>\n\t<meta property=\"og:image:height\" content=\"512\" \/>\n\t<meta property=\"og:image:type\" content=\"image\/png\" \/>\n<meta name=\"twitter:card\" content=\"summary_large_image\" \/>\n<meta name=\"twitter:label1\" content=\"Odhadovan\u00e1 doba \u010dten\u00ed\" \/>\n\t<meta name=\"twitter:data1\" content=\"1 minuta\" \/>\n<script type=\"application\/ld+json\" class=\"yoast-schema-graph\">{\"@context\":\"https:\/\/schema.org\",\"@graph\":[{\"@type\":\"WebPage\",\"@id\":\"https:\/\/klimavex.eu\/cz\/katalog\/samsung-nastenna-klimatizace-windfree-elite-s2-ar70f09\/\",\"url\":\"https:\/\/klimavex.eu\/cz\/katalog\/samsung-nastenna-klimatizace-windfree-elite-s2-ar70f09\/\",\"name\":\"Klimatizace Samsung split n\u00e1st\u011bnn\u00e1 WindFree ELITE S2 AR70F09 R32 230V 2,5kW - KLIMAVEX GROUP - \u010cesko\",\"isPartOf\":{\"@id\":\"https:\/\/klimavex.eu\/cz\/#website\"},\"primaryImageOfPage\":{\"@id\":\"https:\/\/klimavex.eu\/cz\/katalog\/samsung-nastenna-klimatizace-windfree-elite-s2-ar70f09\/#primaryimage\"},\"image\":{\"@id\":\"https:\/\/klimavex.eu\/cz\/katalog\/samsung-nastenna-klimatizace-windfree-elite-s2-ar70f09\/#primaryimage\"},\"thumbnailUrl\":\"https:\/\/klimavex.eu\/cz\/wp-content\/uploads\/2025\/09\/5nNGhcZp0lbUJwPP3fUAcu5gTBdA7wcsexEPN5fJrRI-1.png\",\"datePublished\":\"2026-04-27T20:50:00+00:00\",\"dateModified\":\"2026-04-27T20:50:32+00:00\",\"breadcrumb\":{\"@id\":\"https:\/\/klimavex.eu\/cz\/katalog\/samsung-nastenna-klimatizace-windfree-elite-s2-ar70f09\/#breadcrumb\"},\"inLanguage\":\"cs\",\"potentialAction\":[{\"@type\":\"ReadAction\",\"target\":[\"https:\/\/klimavex.eu\/cz\/katalog\/samsung-nastenna-klimatizace-windfree-elite-s2-ar70f09\/\"]}]},{\"@type\":\"ImageObject\",\"inLanguage\":\"cs\",\"@id\":\"https:\/\/klimavex.eu\/cz\/katalog\/samsung-nastenna-klimatizace-windfree-elite-s2-ar70f09\/#primaryimage\",\"url\":\"https:\/\/klimavex.eu\/cz\/wp-content\/uploads\/2025\/09\/5nNGhcZp0lbUJwPP3fUAcu5gTBdA7wcsexEPN5fJrRI-1.png\",\"contentUrl\":\"https:\/\/klimavex.eu\/cz\/wp-content\/uploads\/2025\/09\/5nNGhcZp0lbUJwPP3fUAcu5gTBdA7wcsexEPN5fJrRI-1.png\",\"width\":512,\"height\":512},{\"@type\":\"BreadcrumbList\",\"@id\":\"https:\/\/klimavex.eu\/cz\/katalog\/samsung-nastenna-klimatizace-windfree-elite-s2-ar70f09\/#breadcrumb\",\"itemListElement\":[{\"@type\":\"ListItem\",\"position\":1,\"name\":\"Domovsk\u00e1 str\u00e1nka\",\"item\":\"https:\/\/klimavex.eu\/cz\/\"},{\"@type\":\"ListItem\",\"position\":2,\"name\":\"Eshop\",\"item\":\"https:\/\/klimavex.eu\/cz\/eshop\/\"},{\"@type\":\"ListItem\",\"position\":3,\"name\":\"Samsung n\u00e1st\u011bnn\u00e1 klimatizace WindFree Elite S2 AR70F09\"}]},{\"@type\":\"WebSite\",\"@id\":\"https:\/\/klimavex.eu\/cz\/#website\",\"url\":\"https:\/\/klimavex.eu\/cz\/\",\"name\":\"KLIMAVEX GROUP - \u010cesko\",\"description\":\"\",\"publisher\":{\"@id\":\"https:\/\/klimavex.eu\/cz\/#organization\"},\"alternateName\":\"KLIMAVEX CZ a.s.\",\"potentialAction\":[{\"@type\":\"SearchAction\",\"target\":{\"@type\":\"EntryPoint\",\"urlTemplate\":\"https:\/\/klimavex.eu\/cz\/?s={search_term_string}\"},\"query-input\":{\"@type\":\"PropertyValueSpecification\",\"valueRequired\":true,\"valueName\":\"search_term_string\"}}],\"inLanguage\":\"cs\"},{\"@type\":\"Organization\",\"@id\":\"https:\/\/klimavex.eu\/cz\/#organization\",\"name\":\"KLIMAVEX GROUP\",\"alternateName\":\"KLIMAVEX\",\"url\":\"https:\/\/klimavex.eu\/cz\/\",\"logo\":{\"@type\":\"ImageObject\",\"inLanguage\":\"cs\",\"@id\":\"https:\/\/klimavex.eu\/cz\/#\/schema\/logo\/image\/\",\"url\":\"https:\/\/klimavex.eu\/cz\/wp-content\/uploads\/2024\/04\/Klimavex-Group-logo.png\",\"contentUrl\":\"https:\/\/klimavex.eu\/cz\/wp-content\/uploads\/2024\/04\/Klimavex-Group-logo.png\",\"width\":1681,\"height\":472,\"caption\":\"KLIMAVEX GROUP\"},\"image\":{\"@id\":\"https:\/\/klimavex.eu\/cz\/#\/schema\/logo\/image\/\"},\"sameAs\":[\"https:\/\/www.facebook.com\/klimavex.cz\",\"https:\/\/www.instagram.com\/klimavex_cz\/\"]}]}<\/script>\n<!-- \/ Yoast SEO plugin. -->","yoast_head_json":{"title":"Klimatizace Samsung split n\u00e1st\u011bnn\u00e1 WindFree ELITE S2 AR70F09 R32 230V 2,5kW - KLIMAVEX GROUP - \u010cesko","robots":{"index":"index","follow":"follow","max-snippet":"max-snippet:-1","max-image-preview":"max-image-preview:large","max-video-preview":"max-video-preview:-1"},"canonical":"https:\/\/klimavex.eu\/cz\/katalog\/samsung-nastenna-klimatizace-windfree-elite-s2-ar70f09\/","og_locale":"cs_CZ","og_type":"article","og_title":"Klimatizace Samsung split n\u00e1st\u011bnn\u00e1 WindFree ELITE S2 AR70F09 R32 230V 2,5kW - KLIMAVEX GROUP - \u010cesko","og_description":"Samsung WindFreeTM Elite S2 je pr&eacute;miov&aacute; n&aacute;st\u011bnn&aacute; split klimatizace vhodn&aacute; p\u0159edev&scaron;&iacute;m pro reziden\u010dn&iacute; &uacute;\u010dely. Dok&aacute;\u017ee nejen chladit, ale tak&eacute; &uacute;\u010dinn\u011b topit. S&eacute;rie Elite je schopna d&iacute;ky sv&yacute;m pokro\u010dil&yacute;m funkc&iacute;m uspokojit i ty nejn&aacute;ro\u010dn\u011bj&scaron;&iacute; u\u017eivatele. Klimatizace d&iacute;ky technologii WindFreeTM udr\u017euje p\u0159&iacute;jemn&eacute; chladn&eacute; prost\u0159ed&iacute; bez jak&eacute;hokoliv pr\u016fvanu chladn&eacute;ho vzduchu. D&iacute;ky inteligentn&iacute;m ovl&aacute;dac&iacute;m prvk\u016fm se p\u0159izp\u016fsobuje osobn&iacute;m preferenc&iacute;m u\u017eivatele a vytv&aacute;\u0159&iacute; tak komfortn&iacute; prost\u0159ed&iacute;, kter&eacute; automaticky udr\u017euje. Jednotky s&nbsp;modern&iacute;m b&iacute;l&yacute;m designem nab&iacute;z&iacute; energetickou &uacute;\u010dinnost A+++ v&nbsp;re\u017eimu chlazen&iacute; i topen&iacute;. U\u017e&iacute;v&aacute; se ekologick&eacute; chladivo R32.","og_url":"https:\/\/klimavex.eu\/cz\/katalog\/samsung-nastenna-klimatizace-windfree-elite-s2-ar70f09\/","og_site_name":"KLIMAVEX GROUP - \u010cesko","article_publisher":"https:\/\/www.facebook.com\/klimavex.cz","article_modified_time":"2026-04-27T20:50:32+00:00","og_image":[{"width":512,"height":512,"url":"https:\/\/klimavex.eu\/cz\/wp-content\/uploads\/2025\/09\/5nNGhcZp0lbUJwPP3fUAcu5gTBdA7wcsexEPN5fJrRI-1.png","type":"image\/png"}],"twitter_card":"summary_large_image","twitter_misc":{"Odhadovan\u00e1 doba \u010dten\u00ed":"1 minuta"},"schema":{"@context":"https:\/\/schema.org","@graph":[{"@type":"WebPage","@id":"https:\/\/klimavex.eu\/cz\/katalog\/samsung-nastenna-klimatizace-windfree-elite-s2-ar70f09\/","url":"https:\/\/klimavex.eu\/cz\/katalog\/samsung-nastenna-klimatizace-windfree-elite-s2-ar70f09\/","name":"Klimatizace Samsung split n\u00e1st\u011bnn\u00e1 WindFree ELITE S2 AR70F09 R32 230V 2,5kW - KLIMAVEX GROUP - \u010cesko","isPartOf":{"@id":"https:\/\/klimavex.eu\/cz\/#website"},"primaryImageOfPage":{"@id":"https:\/\/klimavex.eu\/cz\/katalog\/samsung-nastenna-klimatizace-windfree-elite-s2-ar70f09\/#primaryimage"},"image":{"@id":"https:\/\/klimavex.eu\/cz\/katalog\/samsung-nastenna-klimatizace-windfree-elite-s2-ar70f09\/#primaryimage"},"thumbnailUrl":"https:\/\/klimavex.eu\/cz\/wp-content\/uploads\/2025\/09\/5nNGhcZp0lbUJwPP3fUAcu5gTBdA7wcsexEPN5fJrRI-1.png","datePublished":"2026-04-27T20:50:00+00:00","dateModified":"2026-04-27T20:50:32+00:00","breadcrumb":{"@id":"https:\/\/klimavex.eu\/cz\/katalog\/samsung-nastenna-klimatizace-windfree-elite-s2-ar70f09\/#breadcrumb"},"inLanguage":"cs","potentialAction":[{"@type":"ReadAction","target":["https:\/\/klimavex.eu\/cz\/katalog\/samsung-nastenna-klimatizace-windfree-elite-s2-ar70f09\/"]}]},{"@type":"ImageObject","inLanguage":"cs","@id":"https:\/\/klimavex.eu\/cz\/katalog\/samsung-nastenna-klimatizace-windfree-elite-s2-ar70f09\/#primaryimage","url":"https:\/\/klimavex.eu\/cz\/wp-content\/uploads\/2025\/09\/5nNGhcZp0lbUJwPP3fUAcu5gTBdA7wcsexEPN5fJrRI-1.png","contentUrl":"https:\/\/klimavex.eu\/cz\/wp-content\/uploads\/2025\/09\/5nNGhcZp0lbUJwPP3fUAcu5gTBdA7wcsexEPN5fJrRI-1.png","width":512,"height":512},{"@type":"BreadcrumbList","@id":"https:\/\/klimavex.eu\/cz\/katalog\/samsung-nastenna-klimatizace-windfree-elite-s2-ar70f09\/#breadcrumb","itemListElement":[{"@type":"ListItem","position":1,"name":"Domovsk\u00e1 str\u00e1nka","item":"https:\/\/klimavex.eu\/cz\/"},{"@type":"ListItem","position":2,"name":"Eshop","item":"https:\/\/klimavex.eu\/cz\/eshop\/"},{"@type":"ListItem","position":3,"name":"Samsung n\u00e1st\u011bnn\u00e1 klimatizace WindFree Elite S2 AR70F09"}]},{"@type":"WebSite","@id":"https:\/\/klimavex.eu\/cz\/#website","url":"https:\/\/klimavex.eu\/cz\/","name":"KLIMAVEX GROUP - \u010cesko","description":"","publisher":{"@id":"https:\/\/klimavex.eu\/cz\/#organization"},"alternateName":"KLIMAVEX CZ a.s.","potentialAction":[{"@type":"SearchAction","target":{"@type":"EntryPoint","urlTemplate":"https:\/\/klimavex.eu\/cz\/?s={search_term_string}"},"query-input":{"@type":"PropertyValueSpecification","valueRequired":true,"valueName":"search_term_string"}}],"inLanguage":"cs"},{"@type":"Organization","@id":"https:\/\/klimavex.eu\/cz\/#organization","name":"KLIMAVEX GROUP","alternateName":"KLIMAVEX","url":"https:\/\/klimavex.eu\/cz\/","logo":{"@type":"ImageObject","inLanguage":"cs","@id":"https:\/\/klimavex.eu\/cz\/#\/schema\/logo\/image\/","url":"https:\/\/klimavex.eu\/cz\/wp-content\/uploads\/2024\/04\/Klimavex-Group-logo.png","contentUrl":"https:\/\/klimavex.eu\/cz\/wp-content\/uploads\/2024\/04\/Klimavex-Group-logo.png","width":1681,"height":472,"caption":"KLIMAVEX GROUP"},"image":{"@id":"https:\/\/klimavex.eu\/cz\/#\/schema\/logo\/image\/"},"sameAs":["https:\/\/www.facebook.com\/klimavex.cz","https:\/\/www.instagram.com\/klimavex_cz\/"]}]}},"_links":{"self":[{"href":"https:\/\/klimavex.eu\/cz\/wp-json\/wp\/v2\/product\/542686","targetHints":{"allow":["GET"]}}],"collection":[{"href":"https:\/\/klimavex.eu\/cz\/wp-json\/wp\/v2\/product"}],"about":[{"href":"https:\/\/klimavex.eu\/cz\/wp-json\/wp\/v2\/types\/product"}],"version-history":[{"count":0,"href":"https:\/\/klimavex.eu\/cz\/wp-json\/wp\/v2\/product\/542686\/revisions"}],"wp:featuredmedia":[{"embeddable":true,"href":"https:\/\/klimavex.eu\/cz\/wp-json\/wp\/v2\/media\/546767"}],"wp:attachment":[{"href":"https:\/\/klimavex.eu\/cz\/wp-json\/wp\/v2\/media?parent=542686"}],"wp:term":[{"taxonomy":"product_cat","embeddable":true,"href":"https:\/\/klimavex.eu\/cz\/wp-json\/wp\/v2\/product_cat?post=542686"},{"taxonomy":"product_tag","embeddable":true,"href":"https:\/\/klimavex.eu\/cz\/wp-json\/wp\/v2\/product_tag?post=542686"}],"curies":[{"name":"wp","href":"https:\/\/api.w.org\/{rel}","templated":true}]}}