{"id":543386,"date":"2026-04-07T06:50:25","date_gmt":"2026-04-07T04:50:25","guid":{"rendered":"https:\/\/klimavex.eu\/cz\/katalog\/panasonic-nastenna-klimatizace-tz-compact-cs-tz60zkew\/"},"modified":"2026-04-07T06:50:36","modified_gmt":"2026-04-07T04:50:36","slug":"klimatizace-panasonic-vnitrni-nastenna-tz60zkew-6kw","status":"publish","type":"product","link":"https:\/\/klimavex.eu\/cz\/katalog\/klimatizace-panasonic-vnitrni-nastenna-tz60zkew-6kw\/","title":{"rendered":"Klimatizace Panasonic vnit\u0159n\u00ed n\u00e1st\u011bnn\u00e1 TZ60ZKEW 6kW"},"content":{"rendered":"<p style=\"text-align:justify\"><span style=\"font-size:11pt\"><span style=\"font-family:Calibri,sans-serif\"><strong><span style=\"color:black\">Kl&iacute;\u010dov&eacute; vlastnosti<\/span><\/strong><\/span><\/span><\/p>\n<ul>\n<li style=\"text-align:justify\"><span style=\"font-size:11pt\"><span style=\"background-color:white\"><span style=\"font-family:Calibri,sans-serif\">Technologie nanoe&trade;&nbsp;X pro neust&aacute;l&eacute; zlep&scaron;ov&aacute;n&iacute; ochrany zdrav&iacute; v&nbsp;interi&eacute;ru, a to d&iacute;ky gener&aacute;toru nanoe&trade;&nbsp;X Mark 1, kter&yacute; produkuje a\u017e 4,8 bilion\u016f hydroxylov&yacute;ch radik&aacute;l\u016f za sekundu, kter&eacute; ni\u010d&iacute; &scaron;kodliv&eacute; l&aacute;tky<\/span><\/span><\/span><\/li>\n<li><span style=\"font-size:11pt\"><span style=\"font-family:Calibri,sans-serif\"><span style=\"color:black\">Technologie Aerowings slou\u017e&iacute; k&nbsp;\u0159&iacute;zen&iacute; sm\u011bru proud\u011bn&iacute; vzduchu<\/span><\/span><\/span><\/li>\n<li><span style=\"font-size:11pt\"><span style=\"font-family:Calibri,sans-serif\"><span style=\"color:black\">Vestav\u011bn&yacute; modul Wi-Fi slou\u017e&iacute; k pokro\u010dil&eacute;mu ovl&aacute;d&aacute;n&iacute; p\u0159es internet<\/span><\/span><\/span><\/li>\n<li><span style=\"font-size:11pt\"><span style=\"font-family:Calibri,sans-serif\"><span style=\"color:black\">Sofistikovan&eacute; ovl&aacute;d&aacute;n&iacute; chytr&yacute;m telefonem<\/span><\/span><\/span><\/li>\n<li><span style=\"font-size:11pt\"><span style=\"font-family:Calibri,sans-serif\"><span style=\"color:black\">Kompatibiln&iacute; s&nbsp;hlasov&yacute;mi asistenty Google Assistant a&nbsp;Amazon Alexa<\/span><\/span><\/span><\/li>\n<li><span style=\"font-size:11pt\"><span style=\"font-family:Calibri,sans-serif\"><span style=\"color:black\">Mimo\u0159&aacute;dn\u011b kompaktn&iacute; design o &scaron;&iacute;\u0159ce pouh&yacute;ch 779 mm<\/span><\/span><\/span><\/li>\n<li><span style=\"font-size:11pt\"><span style=\"font-family:Calibri,sans-serif\"><span style=\"color:black\">Mimo\u0159&aacute;dn\u011b tich&yacute; chod <\/span><\/span><\/span><\/li>\n<li><span style=\"font-size:11pt\"><span style=\"font-family:Calibri,sans-serif\"><span style=\"color:black\">Ekologick&eacute; chladivo R32<\/span><\/span><\/span><\/li>\n<li><span style=\"font-size:11pt\"><span style=\"font-family:Calibri,sans-serif\"><span style=\"color:black\">Kompatibiln&iacute; s&nbsp;multisplit<\/span><\/span><\/span><\/li>\n<\/ul>\n","protected":false},"excerpt":{"rendered":"<p style=\"text-align:justify\"><span style=\"font-size:11pt\"><span style=\"font-family:Calibri,sans-serif\"><span style=\"color:black\">Vnit\u0159n&iacute; jednotka <strong>Panasonic TZ<\/strong> je <strong>n&aacute;st\u011bnn&aacute; klimatizace pro multisplit<\/strong> aplikaci, vhodn&aacute; pro instalaci <strong>do bytu nebo domu<\/strong>. Jedn&aacute; se o dokonalou klimatizaci <strong>pro nejmen&scaron;&iacute; prostory<\/strong> dom&aacute;cnost&iacute;. Syst&eacute;m se chlub&iacute; elegantn&iacute; a kompaktn&iacute; vnit\u0159n&iacute; jednotkou <strong>o &scaron;&iacute;\u0159ce pouh&yacute;ch 779 mm<\/strong>. Jednotka s&nbsp;b&iacute;l&yacute;m designem nab&iacute;z&iacute; skv\u011blou energetickou &uacute;\u010dinnost a\u017e A++ p\u0159i chlazen&iacute; a vyt&aacute;p\u011bn&iacute;, ale tak&eacute; <strong>technologii nanoe&trade;&nbsp;X<\/strong> pro boj proti &scaron;kodliv&yacute;m l&aacute;tk&aacute;m v&nbsp;interi&eacute;ru.<\/span><\/span><\/span><\/p>\n","protected":false},"featured_media":548441,"template":"","meta":[],"product_cat":[7657,7659,7547,7674,7670,7692],"product_tag":[],"class_list":{"0":"post-543386","1":"product","2":"type-product","3":"status-publish","4":"has-post-thumbnail","6":"product_cat-podle-znacky","7":"product_cat-podle-typu","8":"product_cat-klimatizace","9":"product_cat-panasonic","10":"product_cat-multisplity","11":"product_cat-multisplit-panasonic","12":"pa_barva-vnitrni-jednotky-bila","13":"pa_chladici-vykon-12084","14":"pa_filtrace-vzduchu-pm-25","15":"pa_hlucnost-vnitrni-jednotky-11588","16":"pa_multisplit-vnitrni-nastenna-60","17":"pa_provedeni-multisplit-vnitrni","18":"pa_topny-vykon-12085","19":"pa_typ-chladiva-r32","20":"pa_vykonovy-model-12086","21":"pa_znacka-panasonic","23":"first","24":"instock","25":"taxable","26":"shipping-taxable","27":"purchasable","28":"product-type-simple"},"yoast_head":"<!-- This site is optimized with the Yoast SEO plugin v23.9 - https:\/\/yoast.com\/wordpress\/plugins\/seo\/ -->\n<title>Klimatizace Panasonic vnit\u0159n\u00ed n\u00e1st\u011bnn\u00e1 TZ60ZKEW 6kW - KLIMAVEX GROUP - \u010cesko<\/title>\n<meta name=\"robots\" content=\"index, follow, max-snippet:-1, max-image-preview:large, max-video-preview:-1\" \/>\n<link rel=\"canonical\" href=\"https:\/\/klimavex.eu\/cz\/katalog\/panasonic-nastenna-klimatizace-tz-compact-cs-tz60zkew\/\" \/>\n<meta property=\"og:locale\" content=\"cs_CZ\" \/>\n<meta property=\"og:type\" content=\"article\" \/>\n<meta property=\"og:title\" content=\"Klimatizace Panasonic vnit\u0159n\u00ed n\u00e1st\u011bnn\u00e1 TZ60ZKEW 6kW - KLIMAVEX GROUP - \u010cesko\" \/>\n<meta property=\"og:description\" content=\"Vnit\u0159n&iacute; jednotka Panasonic TZ je n&aacute;st\u011bnn&aacute; klimatizace pro multisplit aplikaci, vhodn&aacute; pro instalaci do bytu nebo domu. Jedn&aacute; se o dokonalou klimatizaci pro nejmen&scaron;&iacute; prostory dom&aacute;cnost&iacute;. Syst&eacute;m se chlub&iacute; elegantn&iacute; a kompaktn&iacute; vnit\u0159n&iacute; jednotkou o &scaron;&iacute;\u0159ce pouh&yacute;ch 779 mm. Jednotka s&nbsp;b&iacute;l&yacute;m designem nab&iacute;z&iacute; skv\u011blou energetickou &uacute;\u010dinnost a\u017e A++ p\u0159i chlazen&iacute; a vyt&aacute;p\u011bn&iacute;, ale tak&eacute; technologii nanoe&trade;&nbsp;X pro boj proti &scaron;kodliv&yacute;m l&aacute;tk&aacute;m v&nbsp;interi&eacute;ru.\" \/>\n<meta property=\"og:url\" content=\"https:\/\/klimavex.eu\/cz\/katalog\/panasonic-nastenna-klimatizace-tz-compact-cs-tz60zkew\/\" \/>\n<meta property=\"og:site_name\" content=\"KLIMAVEX GROUP - \u010cesko\" \/>\n<meta property=\"article:publisher\" content=\"https:\/\/www.facebook.com\/klimavex.cz\" \/>\n<meta property=\"article:modified_time\" content=\"2026-04-07T04:50:36+00:00\" \/>\n<meta property=\"og:image\" content=\"https:\/\/klimavex.eu\/cz\/wp-content\/uploads\/2025\/09\/uFSTYdappWQpRkj0QCb-akWP41f8eU8F8LjDGiiLCc-3.png\" \/>\n\t<meta property=\"og:image:width\" content=\"1885\" \/>\n\t<meta property=\"og:image:height\" content=\"512\" \/>\n\t<meta property=\"og:image:type\" content=\"image\/png\" \/>\n<meta name=\"twitter:card\" content=\"summary_large_image\" \/>\n<meta name=\"twitter:label1\" content=\"Odhadovan\u00e1 doba \u010dten\u00ed\" \/>\n\t<meta name=\"twitter:data1\" content=\"1 minuta\" \/>\n<script type=\"application\/ld+json\" class=\"yoast-schema-graph\">{\"@context\":\"https:\/\/schema.org\",\"@graph\":[{\"@type\":\"WebPage\",\"@id\":\"https:\/\/klimavex.eu\/cz\/katalog\/panasonic-nastenna-klimatizace-tz-compact-cs-tz60zkew\/\",\"url\":\"https:\/\/klimavex.eu\/cz\/katalog\/panasonic-nastenna-klimatizace-tz-compact-cs-tz60zkew\/\",\"name\":\"Klimatizace Panasonic vnit\u0159n\u00ed n\u00e1st\u011bnn\u00e1 TZ60ZKEW 6kW - KLIMAVEX GROUP - \u010cesko\",\"isPartOf\":{\"@id\":\"https:\/\/klimavex.eu\/cz\/#website\"},\"primaryImageOfPage\":{\"@id\":\"https:\/\/klimavex.eu\/cz\/katalog\/panasonic-nastenna-klimatizace-tz-compact-cs-tz60zkew\/#primaryimage\"},\"image\":{\"@id\":\"https:\/\/klimavex.eu\/cz\/katalog\/panasonic-nastenna-klimatizace-tz-compact-cs-tz60zkew\/#primaryimage\"},\"thumbnailUrl\":\"https:\/\/klimavex.eu\/cz\/wp-content\/uploads\/2025\/09\/uFSTYdappWQpRkj0QCb-akWP41f8eU8F8LjDGiiLCc-3.png\",\"datePublished\":\"2026-04-07T04:50:25+00:00\",\"dateModified\":\"2026-04-07T04:50:36+00:00\",\"breadcrumb\":{\"@id\":\"https:\/\/klimavex.eu\/cz\/katalog\/panasonic-nastenna-klimatizace-tz-compact-cs-tz60zkew\/#breadcrumb\"},\"inLanguage\":\"cs\",\"potentialAction\":[{\"@type\":\"ReadAction\",\"target\":[\"https:\/\/klimavex.eu\/cz\/katalog\/panasonic-nastenna-klimatizace-tz-compact-cs-tz60zkew\/\"]}]},{\"@type\":\"ImageObject\",\"inLanguage\":\"cs\",\"@id\":\"https:\/\/klimavex.eu\/cz\/katalog\/panasonic-nastenna-klimatizace-tz-compact-cs-tz60zkew\/#primaryimage\",\"url\":\"https:\/\/klimavex.eu\/cz\/wp-content\/uploads\/2025\/09\/uFSTYdappWQpRkj0QCb-akWP41f8eU8F8LjDGiiLCc-3.png\",\"contentUrl\":\"https:\/\/klimavex.eu\/cz\/wp-content\/uploads\/2025\/09\/uFSTYdappWQpRkj0QCb-akWP41f8eU8F8LjDGiiLCc-3.png\",\"width\":1885,\"height\":512},{\"@type\":\"BreadcrumbList\",\"@id\":\"https:\/\/klimavex.eu\/cz\/katalog\/panasonic-nastenna-klimatizace-tz-compact-cs-tz60zkew\/#breadcrumb\",\"itemListElement\":[{\"@type\":\"ListItem\",\"position\":1,\"name\":\"Domovsk\u00e1 str\u00e1nka\",\"item\":\"https:\/\/klimavex.eu\/cz\/\"},{\"@type\":\"ListItem\",\"position\":2,\"name\":\"Eshop\",\"item\":\"https:\/\/klimavex.eu\/cz\/eshop\/\"},{\"@type\":\"ListItem\",\"position\":3,\"name\":\"Panasonic n\u00e1st\u011bnn\u00e1 klimatizace TZ Compact CS-TZ60ZKEW\"}]},{\"@type\":\"WebSite\",\"@id\":\"https:\/\/klimavex.eu\/cz\/#website\",\"url\":\"https:\/\/klimavex.eu\/cz\/\",\"name\":\"KLIMAVEX GROUP - \u010cesko\",\"description\":\"\",\"publisher\":{\"@id\":\"https:\/\/klimavex.eu\/cz\/#organization\"},\"alternateName\":\"KLIMAVEX CZ a.s.\",\"potentialAction\":[{\"@type\":\"SearchAction\",\"target\":{\"@type\":\"EntryPoint\",\"urlTemplate\":\"https:\/\/klimavex.eu\/cz\/?s={search_term_string}\"},\"query-input\":{\"@type\":\"PropertyValueSpecification\",\"valueRequired\":true,\"valueName\":\"search_term_string\"}}],\"inLanguage\":\"cs\"},{\"@type\":\"Organization\",\"@id\":\"https:\/\/klimavex.eu\/cz\/#organization\",\"name\":\"KLIMAVEX GROUP\",\"alternateName\":\"KLIMAVEX\",\"url\":\"https:\/\/klimavex.eu\/cz\/\",\"logo\":{\"@type\":\"ImageObject\",\"inLanguage\":\"cs\",\"@id\":\"https:\/\/klimavex.eu\/cz\/#\/schema\/logo\/image\/\",\"url\":\"https:\/\/klimavex.eu\/cz\/wp-content\/uploads\/2024\/04\/Klimavex-Group-logo.png\",\"contentUrl\":\"https:\/\/klimavex.eu\/cz\/wp-content\/uploads\/2024\/04\/Klimavex-Group-logo.png\",\"width\":1681,\"height\":472,\"caption\":\"KLIMAVEX GROUP\"},\"image\":{\"@id\":\"https:\/\/klimavex.eu\/cz\/#\/schema\/logo\/image\/\"},\"sameAs\":[\"https:\/\/www.facebook.com\/klimavex.cz\",\"https:\/\/www.instagram.com\/klimavex_cz\/\"]}]}<\/script>\n<!-- \/ Yoast SEO plugin. -->","yoast_head_json":{"title":"Klimatizace Panasonic vnit\u0159n\u00ed n\u00e1st\u011bnn\u00e1 TZ60ZKEW 6kW - KLIMAVEX GROUP - \u010cesko","robots":{"index":"index","follow":"follow","max-snippet":"max-snippet:-1","max-image-preview":"max-image-preview:large","max-video-preview":"max-video-preview:-1"},"canonical":"https:\/\/klimavex.eu\/cz\/katalog\/panasonic-nastenna-klimatizace-tz-compact-cs-tz60zkew\/","og_locale":"cs_CZ","og_type":"article","og_title":"Klimatizace Panasonic vnit\u0159n\u00ed n\u00e1st\u011bnn\u00e1 TZ60ZKEW 6kW - KLIMAVEX GROUP - \u010cesko","og_description":"Vnit\u0159n&iacute; jednotka Panasonic TZ je n&aacute;st\u011bnn&aacute; klimatizace pro multisplit aplikaci, vhodn&aacute; pro instalaci do bytu nebo domu. Jedn&aacute; se o dokonalou klimatizaci pro nejmen&scaron;&iacute; prostory dom&aacute;cnost&iacute;. Syst&eacute;m se chlub&iacute; elegantn&iacute; a kompaktn&iacute; vnit\u0159n&iacute; jednotkou o &scaron;&iacute;\u0159ce pouh&yacute;ch 779 mm. Jednotka s&nbsp;b&iacute;l&yacute;m designem nab&iacute;z&iacute; skv\u011blou energetickou &uacute;\u010dinnost a\u017e A++ p\u0159i chlazen&iacute; a vyt&aacute;p\u011bn&iacute;, ale tak&eacute; technologii nanoe&trade;&nbsp;X pro boj proti &scaron;kodliv&yacute;m l&aacute;tk&aacute;m v&nbsp;interi&eacute;ru.","og_url":"https:\/\/klimavex.eu\/cz\/katalog\/panasonic-nastenna-klimatizace-tz-compact-cs-tz60zkew\/","og_site_name":"KLIMAVEX GROUP - \u010cesko","article_publisher":"https:\/\/www.facebook.com\/klimavex.cz","article_modified_time":"2026-04-07T04:50:36+00:00","og_image":[{"width":1885,"height":512,"url":"https:\/\/klimavex.eu\/cz\/wp-content\/uploads\/2025\/09\/uFSTYdappWQpRkj0QCb-akWP41f8eU8F8LjDGiiLCc-3.png","type":"image\/png"}],"twitter_card":"summary_large_image","twitter_misc":{"Odhadovan\u00e1 doba \u010dten\u00ed":"1 minuta"},"schema":{"@context":"https:\/\/schema.org","@graph":[{"@type":"WebPage","@id":"https:\/\/klimavex.eu\/cz\/katalog\/panasonic-nastenna-klimatizace-tz-compact-cs-tz60zkew\/","url":"https:\/\/klimavex.eu\/cz\/katalog\/panasonic-nastenna-klimatizace-tz-compact-cs-tz60zkew\/","name":"Klimatizace Panasonic vnit\u0159n\u00ed n\u00e1st\u011bnn\u00e1 TZ60ZKEW 6kW - KLIMAVEX GROUP - \u010cesko","isPartOf":{"@id":"https:\/\/klimavex.eu\/cz\/#website"},"primaryImageOfPage":{"@id":"https:\/\/klimavex.eu\/cz\/katalog\/panasonic-nastenna-klimatizace-tz-compact-cs-tz60zkew\/#primaryimage"},"image":{"@id":"https:\/\/klimavex.eu\/cz\/katalog\/panasonic-nastenna-klimatizace-tz-compact-cs-tz60zkew\/#primaryimage"},"thumbnailUrl":"https:\/\/klimavex.eu\/cz\/wp-content\/uploads\/2025\/09\/uFSTYdappWQpRkj0QCb-akWP41f8eU8F8LjDGiiLCc-3.png","datePublished":"2026-04-07T04:50:25+00:00","dateModified":"2026-04-07T04:50:36+00:00","breadcrumb":{"@id":"https:\/\/klimavex.eu\/cz\/katalog\/panasonic-nastenna-klimatizace-tz-compact-cs-tz60zkew\/#breadcrumb"},"inLanguage":"cs","potentialAction":[{"@type":"ReadAction","target":["https:\/\/klimavex.eu\/cz\/katalog\/panasonic-nastenna-klimatizace-tz-compact-cs-tz60zkew\/"]}]},{"@type":"ImageObject","inLanguage":"cs","@id":"https:\/\/klimavex.eu\/cz\/katalog\/panasonic-nastenna-klimatizace-tz-compact-cs-tz60zkew\/#primaryimage","url":"https:\/\/klimavex.eu\/cz\/wp-content\/uploads\/2025\/09\/uFSTYdappWQpRkj0QCb-akWP41f8eU8F8LjDGiiLCc-3.png","contentUrl":"https:\/\/klimavex.eu\/cz\/wp-content\/uploads\/2025\/09\/uFSTYdappWQpRkj0QCb-akWP41f8eU8F8LjDGiiLCc-3.png","width":1885,"height":512},{"@type":"BreadcrumbList","@id":"https:\/\/klimavex.eu\/cz\/katalog\/panasonic-nastenna-klimatizace-tz-compact-cs-tz60zkew\/#breadcrumb","itemListElement":[{"@type":"ListItem","position":1,"name":"Domovsk\u00e1 str\u00e1nka","item":"https:\/\/klimavex.eu\/cz\/"},{"@type":"ListItem","position":2,"name":"Eshop","item":"https:\/\/klimavex.eu\/cz\/eshop\/"},{"@type":"ListItem","position":3,"name":"Panasonic n\u00e1st\u011bnn\u00e1 klimatizace TZ Compact CS-TZ60ZKEW"}]},{"@type":"WebSite","@id":"https:\/\/klimavex.eu\/cz\/#website","url":"https:\/\/klimavex.eu\/cz\/","name":"KLIMAVEX GROUP - \u010cesko","description":"","publisher":{"@id":"https:\/\/klimavex.eu\/cz\/#organization"},"alternateName":"KLIMAVEX CZ a.s.","potentialAction":[{"@type":"SearchAction","target":{"@type":"EntryPoint","urlTemplate":"https:\/\/klimavex.eu\/cz\/?s={search_term_string}"},"query-input":{"@type":"PropertyValueSpecification","valueRequired":true,"valueName":"search_term_string"}}],"inLanguage":"cs"},{"@type":"Organization","@id":"https:\/\/klimavex.eu\/cz\/#organization","name":"KLIMAVEX GROUP","alternateName":"KLIMAVEX","url":"https:\/\/klimavex.eu\/cz\/","logo":{"@type":"ImageObject","inLanguage":"cs","@id":"https:\/\/klimavex.eu\/cz\/#\/schema\/logo\/image\/","url":"https:\/\/klimavex.eu\/cz\/wp-content\/uploads\/2024\/04\/Klimavex-Group-logo.png","contentUrl":"https:\/\/klimavex.eu\/cz\/wp-content\/uploads\/2024\/04\/Klimavex-Group-logo.png","width":1681,"height":472,"caption":"KLIMAVEX GROUP"},"image":{"@id":"https:\/\/klimavex.eu\/cz\/#\/schema\/logo\/image\/"},"sameAs":["https:\/\/www.facebook.com\/klimavex.cz","https:\/\/www.instagram.com\/klimavex_cz\/"]}]}},"_links":{"self":[{"href":"https:\/\/klimavex.eu\/cz\/wp-json\/wp\/v2\/product\/543386","targetHints":{"allow":["GET"]}}],"collection":[{"href":"https:\/\/klimavex.eu\/cz\/wp-json\/wp\/v2\/product"}],"about":[{"href":"https:\/\/klimavex.eu\/cz\/wp-json\/wp\/v2\/types\/product"}],"version-history":[{"count":0,"href":"https:\/\/klimavex.eu\/cz\/wp-json\/wp\/v2\/product\/543386\/revisions"}],"wp:featuredmedia":[{"embeddable":true,"href":"https:\/\/klimavex.eu\/cz\/wp-json\/wp\/v2\/media\/548441"}],"wp:attachment":[{"href":"https:\/\/klimavex.eu\/cz\/wp-json\/wp\/v2\/media?parent=543386"}],"wp:term":[{"taxonomy":"product_cat","embeddable":true,"href":"https:\/\/klimavex.eu\/cz\/wp-json\/wp\/v2\/product_cat?post=543386"},{"taxonomy":"product_tag","embeddable":true,"href":"https:\/\/klimavex.eu\/cz\/wp-json\/wp\/v2\/product_tag?post=543386"}],"curies":[{"name":"wp","href":"https:\/\/api.w.org\/{rel}","templated":true}]}}