{"id":543878,"date":"2026-03-31T18:43:29","date_gmt":"2026-03-31T16:43:29","guid":{"rendered":"https:\/\/klimavex.eu\/cz\/katalog\/ventilator-vortice-ariante-30\/"},"modified":"2026-03-31T18:43:34","modified_gmt":"2026-03-31T16:43:34","slug":"ventilator-vortice-ariante-30","status":"publish","type":"product","link":"https:\/\/klimavex.eu\/cz\/katalog\/ventilator-vortice-ariante-30\/","title":{"rendered":"Ventil\u00e1tor Vortice Ariante 30"},"content":{"rendered":"<p style=\"text-align:justify\"><span style=\"font-size:11pt\"><span style=\"font-family:Calibri,sans-serif\"><strong><span style=\"color:black\">Kl&iacute;\u010dov&eacute; vlastnosti:<\/span><\/strong><\/span><\/span><\/p>\n<ul>\n<li style=\"text-align:justify\"><span style=\"font-size:11pt\"><span style=\"font-family:Calibri,sans-serif\"><span style=\"color:black\">Materi&aacute;l &ndash; plastov&aacute; prysky\u0159ice odoln&aacute; proti UV z&aacute;\u0159en&iacute; s&nbsp;antistatick&yacute;m slo\u017een&iacute;m, kter&eacute; br&aacute;n&iacute; usazov&aacute;n&iacute; prachu<\/span><\/span><\/span><\/li>\n<li style=\"text-align:justify\"><span style=\"font-size:11pt\"><span style=\"font-family:Calibri,sans-serif\"><span style=\"color:black\">Pr\u016fm\u011br 300mm<\/span><\/span><\/span><\/li>\n<li style=\"text-align:justify\"><span style=\"font-size:11pt\"><span style=\"font-family:Calibri,sans-serif\"><span style=\"color:black\">Pouzdro i ochrann&eacute; m\u0159&iacute;\u017eky z&nbsp;termoplastick&eacute; prysky\u0159ice ABS odoln&eacute; proti n&aacute;raz\u016fm a UV z&aacute;\u0159en&iacute;<\/span><\/span><\/span><\/li>\n<li style=\"text-align:justify\"><span style=\"font-size:11pt\"><span style=\"font-family:Calibri,sans-serif\"><span style=\"color:black\">P\u0159edn&iacute; m\u0159&iacute;\u017eka oto\u010dn&aacute;, zadn&iacute; pevn&aacute;<\/span><\/span><\/span><\/li>\n<li style=\"text-align:justify\"><span style=\"font-size:11pt\"><span style=\"font-family:Calibri,sans-serif\"><span style=\"color:black\">T\u0159&iacute;rychlostn&iacute; asynchronn&iacute; motor<\/span><\/span><\/span><\/li>\n<li style=\"text-align:justify\"><span style=\"font-size:11pt\"><span style=\"font-family:Calibri,sans-serif\"><span style=\"color:black\">Pr\u016ftok vzduchu 1300m<sup>3<\/sup>\/h<\/span><\/span><\/span><\/li>\n<li style=\"text-align:justify\"><span style=\"font-size:11pt\"><span style=\"font-family:Calibri,sans-serif\"><span style=\"color:black\">Mechanismus ot&aacute;\u010den&iacute; p\u0159edn&iacute; m\u0159&iacute;\u017eky obsahuje synchronn&iacute; motor s&nbsp;pry\u017eov&yacute;m p\u0159evodem<\/span><\/span><\/span><\/li>\n<li style=\"text-align:justify\"><span style=\"font-size:11pt\"><span style=\"font-family:Calibri,sans-serif\"><span style=\"color:black\">Samostatn&yacute; sp&iacute;na\u010d k&nbsp;ot&aacute;\u010den&iacute; m\u0159&iacute;\u017eky<\/span><\/span><\/span><\/li>\n<li style=\"text-align:justify\"><span style=\"font-size:11pt\"><span style=\"font-family:Calibri,sans-serif\"><span style=\"color:black\">Bezpe\u010dnostn&iacute; a v&yacute;konnostn&iacute; certifik&aacute;ty IMQ<\/span><\/span><\/span><\/li>\n<li style=\"text-align:justify\"><span style=\"font-size:11pt\"><span style=\"font-family:Calibri,sans-serif\"><span style=\"color:black\">Dr\u017eitel ocen\u011bn&iacute; Compasso D&rsquo;oro za design v&yacute;robku<\/span><\/span><\/span><\/li>\n<\/ul>\n","protected":false},"excerpt":{"rendered":"<p style=\"text-align:justify\"><span style=\"font-size:11pt\"><span style=\"font-family:Calibri,sans-serif\"><span style=\"color:black\">Trojot&aacute;\u010dkov&yacute; ventil&aacute;tor s&nbsp;mo\u017enost&iacute; <strong>rotace m\u0159&iacute;\u017eky<\/strong>. Ide&aacute;ln&iacute; na recirkulaci vzduchu <strong>v&nbsp;mal&yacute;ch \u010di st\u0159edn&iacute;ch m&iacute;stnostech<\/strong>. Je vyroben z&nbsp;plastov&eacute; prysky\u0159ice ABS odoln&eacute; proti st&aacute;rnut&iacute; zp\u016fsoben&eacute;mu slune\u010dn&iacute;m z&aacute;\u0159en&iacute;m a zabra\u0148uj&iacute;c&iacute; usazov&aacute;n&iacute; prachu. Ocen\u011bn&iacute; Compasso D&rsquo;oro potvrzuje <strong>elegantn&iacute; design<\/strong> v&yacute;robku. Ventil&aacute;tor disponuje vrtul&iacute; slo\u017eenou ze &scaron;esti aerodynamicky tvarovan&yacute;ch lopatek s&nbsp;<strong>n&iacute;zkou hlu\u010dnost&iacute;<\/strong>. P\u0159edn&iacute; i zadn&iacute; m\u0159&iacute;\u017eky jsou odmontovateln&eacute;, d&iacute;ky \u010demu\u017e je \u010di&scaron;t\u011bn&iacute; hra\u010dka.<\/span><\/span><\/span><\/p>\n","protected":false},"featured_media":550234,"template":"","meta":[],"product_cat":[7642,7562,7619],"product_tag":[],"class_list":{"0":"post-543878","1":"product","2":"type-product","3":"status-publish","4":"has-post-thumbnail","6":"product_cat-ariante","7":"product_cat-ventilatory","8":"product_cat-ventilatory-na-leto","9":"pa_kryti-ip20","10":"pa_provedeni-letni","11":"pa_typ-ariante","12":"pa_vzduchovy-vykon-qv-m3-13129","13":"pa_znacka-vortice","15":"first","16":"instock","17":"taxable","18":"shipping-taxable","19":"purchasable","20":"product-type-simple"},"yoast_head":"<!-- This site is optimized with the Yoast SEO plugin v23.9 - https:\/\/yoast.com\/wordpress\/plugins\/seo\/ -->\n<title>Ventil\u00e1tor Vortice Ariante 30 - KLIMAVEX GROUP - \u010cesko<\/title>\n<meta name=\"robots\" content=\"index, follow, max-snippet:-1, max-image-preview:large, max-video-preview:-1\" \/>\n<link rel=\"canonical\" href=\"https:\/\/klimavex.eu\/cz\/katalog\/ventilator-vortice-ariante-30\/\" \/>\n<meta property=\"og:locale\" content=\"cs_CZ\" \/>\n<meta property=\"og:type\" content=\"article\" \/>\n<meta property=\"og:title\" content=\"Ventil\u00e1tor Vortice Ariante 30 - KLIMAVEX GROUP - \u010cesko\" \/>\n<meta property=\"og:description\" content=\"Trojot&aacute;\u010dkov&yacute; ventil&aacute;tor s&nbsp;mo\u017enost&iacute; rotace m\u0159&iacute;\u017eky. Ide&aacute;ln&iacute; na recirkulaci vzduchu v&nbsp;mal&yacute;ch \u010di st\u0159edn&iacute;ch m&iacute;stnostech. Je vyroben z&nbsp;plastov&eacute; prysky\u0159ice ABS odoln&eacute; proti st&aacute;rnut&iacute; zp\u016fsoben&eacute;mu slune\u010dn&iacute;m z&aacute;\u0159en&iacute;m a zabra\u0148uj&iacute;c&iacute; usazov&aacute;n&iacute; prachu. Ocen\u011bn&iacute; Compasso D&rsquo;oro potvrzuje elegantn&iacute; design v&yacute;robku. Ventil&aacute;tor disponuje vrtul&iacute; slo\u017eenou ze &scaron;esti aerodynamicky tvarovan&yacute;ch lopatek s&nbsp;n&iacute;zkou hlu\u010dnost&iacute;. P\u0159edn&iacute; i zadn&iacute; m\u0159&iacute;\u017eky jsou odmontovateln&eacute;, d&iacute;ky \u010demu\u017e je \u010di&scaron;t\u011bn&iacute; hra\u010dka.\" \/>\n<meta property=\"og:url\" content=\"https:\/\/klimavex.eu\/cz\/katalog\/ventilator-vortice-ariante-30\/\" \/>\n<meta property=\"og:site_name\" content=\"KLIMAVEX GROUP - \u010cesko\" \/>\n<meta property=\"article:publisher\" content=\"https:\/\/www.facebook.com\/klimavex.cz\" \/>\n<meta property=\"article:modified_time\" content=\"2026-03-31T16:43:34+00:00\" \/>\n<meta property=\"og:image\" content=\"https:\/\/klimavex.eu\/cz\/wp-content\/uploads\/2025\/09\/lCtHvcEgxZA4KYS00wH6uQ5BNYxE98cCYaa6yng6DXo.png\" \/>\n\t<meta property=\"og:image:width\" content=\"572\" \/>\n\t<meta property=\"og:image:height\" content=\"512\" \/>\n\t<meta property=\"og:image:type\" content=\"image\/png\" \/>\n<meta name=\"twitter:card\" content=\"summary_large_image\" \/>\n<meta name=\"twitter:label1\" content=\"Odhadovan\u00e1 doba \u010dten\u00ed\" \/>\n\t<meta name=\"twitter:data1\" content=\"1 minuta\" \/>\n<script type=\"application\/ld+json\" class=\"yoast-schema-graph\">{\"@context\":\"https:\/\/schema.org\",\"@graph\":[{\"@type\":\"WebPage\",\"@id\":\"https:\/\/klimavex.eu\/cz\/katalog\/ventilator-vortice-ariante-30\/\",\"url\":\"https:\/\/klimavex.eu\/cz\/katalog\/ventilator-vortice-ariante-30\/\",\"name\":\"Ventil\u00e1tor Vortice Ariante 30 - KLIMAVEX GROUP - \u010cesko\",\"isPartOf\":{\"@id\":\"https:\/\/klimavex.eu\/cz\/#website\"},\"primaryImageOfPage\":{\"@id\":\"https:\/\/klimavex.eu\/cz\/katalog\/ventilator-vortice-ariante-30\/#primaryimage\"},\"image\":{\"@id\":\"https:\/\/klimavex.eu\/cz\/katalog\/ventilator-vortice-ariante-30\/#primaryimage\"},\"thumbnailUrl\":\"https:\/\/klimavex.eu\/cz\/wp-content\/uploads\/2025\/09\/lCtHvcEgxZA4KYS00wH6uQ5BNYxE98cCYaa6yng6DXo.png\",\"datePublished\":\"2026-03-31T16:43:29+00:00\",\"dateModified\":\"2026-03-31T16:43:34+00:00\",\"breadcrumb\":{\"@id\":\"https:\/\/klimavex.eu\/cz\/katalog\/ventilator-vortice-ariante-30\/#breadcrumb\"},\"inLanguage\":\"cs\",\"potentialAction\":[{\"@type\":\"ReadAction\",\"target\":[\"https:\/\/klimavex.eu\/cz\/katalog\/ventilator-vortice-ariante-30\/\"]}]},{\"@type\":\"ImageObject\",\"inLanguage\":\"cs\",\"@id\":\"https:\/\/klimavex.eu\/cz\/katalog\/ventilator-vortice-ariante-30\/#primaryimage\",\"url\":\"https:\/\/klimavex.eu\/cz\/wp-content\/uploads\/2025\/09\/lCtHvcEgxZA4KYS00wH6uQ5BNYxE98cCYaa6yng6DXo.png\",\"contentUrl\":\"https:\/\/klimavex.eu\/cz\/wp-content\/uploads\/2025\/09\/lCtHvcEgxZA4KYS00wH6uQ5BNYxE98cCYaa6yng6DXo.png\",\"width\":572,\"height\":512},{\"@type\":\"BreadcrumbList\",\"@id\":\"https:\/\/klimavex.eu\/cz\/katalog\/ventilator-vortice-ariante-30\/#breadcrumb\",\"itemListElement\":[{\"@type\":\"ListItem\",\"position\":1,\"name\":\"Domovsk\u00e1 str\u00e1nka\",\"item\":\"https:\/\/klimavex.eu\/cz\/\"},{\"@type\":\"ListItem\",\"position\":2,\"name\":\"Eshop\",\"item\":\"https:\/\/klimavex.eu\/cz\/eshop\/\"},{\"@type\":\"ListItem\",\"position\":3,\"name\":\"Ventil\u00e1tor Vortice Ariante 30\"}]},{\"@type\":\"WebSite\",\"@id\":\"https:\/\/klimavex.eu\/cz\/#website\",\"url\":\"https:\/\/klimavex.eu\/cz\/\",\"name\":\"KLIMAVEX GROUP - \u010cesko\",\"description\":\"\",\"publisher\":{\"@id\":\"https:\/\/klimavex.eu\/cz\/#organization\"},\"alternateName\":\"KLIMAVEX CZ a.s.\",\"potentialAction\":[{\"@type\":\"SearchAction\",\"target\":{\"@type\":\"EntryPoint\",\"urlTemplate\":\"https:\/\/klimavex.eu\/cz\/?s={search_term_string}\"},\"query-input\":{\"@type\":\"PropertyValueSpecification\",\"valueRequired\":true,\"valueName\":\"search_term_string\"}}],\"inLanguage\":\"cs\"},{\"@type\":\"Organization\",\"@id\":\"https:\/\/klimavex.eu\/cz\/#organization\",\"name\":\"KLIMAVEX GROUP\",\"alternateName\":\"KLIMAVEX\",\"url\":\"https:\/\/klimavex.eu\/cz\/\",\"logo\":{\"@type\":\"ImageObject\",\"inLanguage\":\"cs\",\"@id\":\"https:\/\/klimavex.eu\/cz\/#\/schema\/logo\/image\/\",\"url\":\"https:\/\/klimavex.eu\/cz\/wp-content\/uploads\/2024\/04\/Klimavex-Group-logo.png\",\"contentUrl\":\"https:\/\/klimavex.eu\/cz\/wp-content\/uploads\/2024\/04\/Klimavex-Group-logo.png\",\"width\":1681,\"height\":472,\"caption\":\"KLIMAVEX GROUP\"},\"image\":{\"@id\":\"https:\/\/klimavex.eu\/cz\/#\/schema\/logo\/image\/\"},\"sameAs\":[\"https:\/\/www.facebook.com\/klimavex.cz\",\"https:\/\/www.instagram.com\/klimavex_cz\/\"]}]}<\/script>\n<!-- \/ Yoast SEO plugin. -->","yoast_head_json":{"title":"Ventil\u00e1tor Vortice Ariante 30 - KLIMAVEX GROUP - \u010cesko","robots":{"index":"index","follow":"follow","max-snippet":"max-snippet:-1","max-image-preview":"max-image-preview:large","max-video-preview":"max-video-preview:-1"},"canonical":"https:\/\/klimavex.eu\/cz\/katalog\/ventilator-vortice-ariante-30\/","og_locale":"cs_CZ","og_type":"article","og_title":"Ventil\u00e1tor Vortice Ariante 30 - KLIMAVEX GROUP - \u010cesko","og_description":"Trojot&aacute;\u010dkov&yacute; ventil&aacute;tor s&nbsp;mo\u017enost&iacute; rotace m\u0159&iacute;\u017eky. Ide&aacute;ln&iacute; na recirkulaci vzduchu v&nbsp;mal&yacute;ch \u010di st\u0159edn&iacute;ch m&iacute;stnostech. Je vyroben z&nbsp;plastov&eacute; prysky\u0159ice ABS odoln&eacute; proti st&aacute;rnut&iacute; zp\u016fsoben&eacute;mu slune\u010dn&iacute;m z&aacute;\u0159en&iacute;m a zabra\u0148uj&iacute;c&iacute; usazov&aacute;n&iacute; prachu. Ocen\u011bn&iacute; Compasso D&rsquo;oro potvrzuje elegantn&iacute; design v&yacute;robku. Ventil&aacute;tor disponuje vrtul&iacute; slo\u017eenou ze &scaron;esti aerodynamicky tvarovan&yacute;ch lopatek s&nbsp;n&iacute;zkou hlu\u010dnost&iacute;. P\u0159edn&iacute; i zadn&iacute; m\u0159&iacute;\u017eky jsou odmontovateln&eacute;, d&iacute;ky \u010demu\u017e je \u010di&scaron;t\u011bn&iacute; hra\u010dka.","og_url":"https:\/\/klimavex.eu\/cz\/katalog\/ventilator-vortice-ariante-30\/","og_site_name":"KLIMAVEX GROUP - \u010cesko","article_publisher":"https:\/\/www.facebook.com\/klimavex.cz","article_modified_time":"2026-03-31T16:43:34+00:00","og_image":[{"width":572,"height":512,"url":"https:\/\/klimavex.eu\/cz\/wp-content\/uploads\/2025\/09\/lCtHvcEgxZA4KYS00wH6uQ5BNYxE98cCYaa6yng6DXo.png","type":"image\/png"}],"twitter_card":"summary_large_image","twitter_misc":{"Odhadovan\u00e1 doba \u010dten\u00ed":"1 minuta"},"schema":{"@context":"https:\/\/schema.org","@graph":[{"@type":"WebPage","@id":"https:\/\/klimavex.eu\/cz\/katalog\/ventilator-vortice-ariante-30\/","url":"https:\/\/klimavex.eu\/cz\/katalog\/ventilator-vortice-ariante-30\/","name":"Ventil\u00e1tor Vortice Ariante 30 - KLIMAVEX GROUP - \u010cesko","isPartOf":{"@id":"https:\/\/klimavex.eu\/cz\/#website"},"primaryImageOfPage":{"@id":"https:\/\/klimavex.eu\/cz\/katalog\/ventilator-vortice-ariante-30\/#primaryimage"},"image":{"@id":"https:\/\/klimavex.eu\/cz\/katalog\/ventilator-vortice-ariante-30\/#primaryimage"},"thumbnailUrl":"https:\/\/klimavex.eu\/cz\/wp-content\/uploads\/2025\/09\/lCtHvcEgxZA4KYS00wH6uQ5BNYxE98cCYaa6yng6DXo.png","datePublished":"2026-03-31T16:43:29+00:00","dateModified":"2026-03-31T16:43:34+00:00","breadcrumb":{"@id":"https:\/\/klimavex.eu\/cz\/katalog\/ventilator-vortice-ariante-30\/#breadcrumb"},"inLanguage":"cs","potentialAction":[{"@type":"ReadAction","target":["https:\/\/klimavex.eu\/cz\/katalog\/ventilator-vortice-ariante-30\/"]}]},{"@type":"ImageObject","inLanguage":"cs","@id":"https:\/\/klimavex.eu\/cz\/katalog\/ventilator-vortice-ariante-30\/#primaryimage","url":"https:\/\/klimavex.eu\/cz\/wp-content\/uploads\/2025\/09\/lCtHvcEgxZA4KYS00wH6uQ5BNYxE98cCYaa6yng6DXo.png","contentUrl":"https:\/\/klimavex.eu\/cz\/wp-content\/uploads\/2025\/09\/lCtHvcEgxZA4KYS00wH6uQ5BNYxE98cCYaa6yng6DXo.png","width":572,"height":512},{"@type":"BreadcrumbList","@id":"https:\/\/klimavex.eu\/cz\/katalog\/ventilator-vortice-ariante-30\/#breadcrumb","itemListElement":[{"@type":"ListItem","position":1,"name":"Domovsk\u00e1 str\u00e1nka","item":"https:\/\/klimavex.eu\/cz\/"},{"@type":"ListItem","position":2,"name":"Eshop","item":"https:\/\/klimavex.eu\/cz\/eshop\/"},{"@type":"ListItem","position":3,"name":"Ventil\u00e1tor Vortice Ariante 30"}]},{"@type":"WebSite","@id":"https:\/\/klimavex.eu\/cz\/#website","url":"https:\/\/klimavex.eu\/cz\/","name":"KLIMAVEX GROUP - \u010cesko","description":"","publisher":{"@id":"https:\/\/klimavex.eu\/cz\/#organization"},"alternateName":"KLIMAVEX CZ a.s.","potentialAction":[{"@type":"SearchAction","target":{"@type":"EntryPoint","urlTemplate":"https:\/\/klimavex.eu\/cz\/?s={search_term_string}"},"query-input":{"@type":"PropertyValueSpecification","valueRequired":true,"valueName":"search_term_string"}}],"inLanguage":"cs"},{"@type":"Organization","@id":"https:\/\/klimavex.eu\/cz\/#organization","name":"KLIMAVEX GROUP","alternateName":"KLIMAVEX","url":"https:\/\/klimavex.eu\/cz\/","logo":{"@type":"ImageObject","inLanguage":"cs","@id":"https:\/\/klimavex.eu\/cz\/#\/schema\/logo\/image\/","url":"https:\/\/klimavex.eu\/cz\/wp-content\/uploads\/2024\/04\/Klimavex-Group-logo.png","contentUrl":"https:\/\/klimavex.eu\/cz\/wp-content\/uploads\/2024\/04\/Klimavex-Group-logo.png","width":1681,"height":472,"caption":"KLIMAVEX GROUP"},"image":{"@id":"https:\/\/klimavex.eu\/cz\/#\/schema\/logo\/image\/"},"sameAs":["https:\/\/www.facebook.com\/klimavex.cz","https:\/\/www.instagram.com\/klimavex_cz\/"]}]}},"_links":{"self":[{"href":"https:\/\/klimavex.eu\/cz\/wp-json\/wp\/v2\/product\/543878","targetHints":{"allow":["GET"]}}],"collection":[{"href":"https:\/\/klimavex.eu\/cz\/wp-json\/wp\/v2\/product"}],"about":[{"href":"https:\/\/klimavex.eu\/cz\/wp-json\/wp\/v2\/types\/product"}],"version-history":[{"count":0,"href":"https:\/\/klimavex.eu\/cz\/wp-json\/wp\/v2\/product\/543878\/revisions"}],"wp:featuredmedia":[{"embeddable":true,"href":"https:\/\/klimavex.eu\/cz\/wp-json\/wp\/v2\/media\/550234"}],"wp:attachment":[{"href":"https:\/\/klimavex.eu\/cz\/wp-json\/wp\/v2\/media?parent=543878"}],"wp:term":[{"taxonomy":"product_cat","embeddable":true,"href":"https:\/\/klimavex.eu\/cz\/wp-json\/wp\/v2\/product_cat?post=543878"},{"taxonomy":"product_tag","embeddable":true,"href":"https:\/\/klimavex.eu\/cz\/wp-json\/wp\/v2\/product_tag?post=543878"}],"curies":[{"name":"wp","href":"https:\/\/api.w.org\/{rel}","templated":true}]}}