{"id":543895,"date":"2026-03-31T18:43:29","date_gmt":"2026-03-31T16:43:29","guid":{"rendered":"https:\/\/klimavex.eu\/cz\/katalog\/vortice-wsg-w-obdelnikova-saci-vyfukova-mrizka-v-bilem-vyhotoveni-pouziva-se-s-adapterem-wa\/"},"modified":"2026-03-31T18:43:55","modified_gmt":"2026-03-31T16:43:55","slug":"vortice-wsg-w-obdelnikova-saci-vyfukova-mrizka-v-bilem-vyhotoveni-pouziva-se-s-adapterem-wa","status":"publish","type":"product","link":"https:\/\/klimavex.eu\/cz\/katalog\/vortice-wsg-w-obdelnikova-saci-vyfukova-mrizka-v-bilem-vyhotoveni-pouziva-se-s-adapterem-wa\/","title":{"rendered":"Vortice WSG-W &#8211; obd\u00e9ln\u00edkov\u00e1 sac\u00ed\/v\u00fdfukov\u00e1 m\u0159\u00ed\u017eka v b\u00edl\u00e9m vyhotoven\u00ed (pou\u017e\u00edv\u00e1 se s adapt\u00e9rem WA)"},"content":{"rendered":"","protected":false},"excerpt":{"rendered":"<p style=\"text-align:justify\"><span style=\"font-size:11pt\"><span style=\"font-family:Calibri,sans-serif\">Obd&eacute;ln&iacute;kov&aacute; sac&iacute;\/v&yacute;fukov&aacute; m\u0159&iacute;\u017eka v b&iacute;l&eacute;m proveden&iacute; (pou\u017e&iacute;v&aacute; se s adapt&eacute;rem WA).<\/span><\/span><\/p>\n<p style=\"text-align:justify\"><span style=\"font-size:11pt\"><span style=\"font-family:Calibri,sans-serif\"><strong>Dostupnost<\/strong>: Obvykl&eacute; dod&aacute;n&iacute; 2-3 t&yacute;dny.<\/span><\/span><\/p>\n","protected":false},"featured_media":550321,"template":"","meta":[],"product_cat":[7605],"product_tag":[],"class_list":{"0":"post-543895","1":"product","2":"type-product","3":"status-publish","4":"has-post-thumbnail","6":"product_cat-prislusenstvi-ventilatory","7":"pa_typ-prislusenstvi","8":"pa_znacka-vortice","10":"first","11":"instock","12":"taxable","13":"shipping-taxable","14":"purchasable","15":"product-type-simple"},"yoast_head":"<!-- This site is optimized with the Yoast SEO plugin v23.9 - https:\/\/yoast.com\/wordpress\/plugins\/seo\/ -->\n<title>Vortice WSG-W - obd\u00e9ln\u00edkov\u00e1 sac\u00ed\/v\u00fdfukov\u00e1 m\u0159\u00ed\u017eka v b\u00edl\u00e9m vyhotoven\u00ed (pou\u017e\u00edv\u00e1 se s adapt\u00e9rem WA) - KLIMAVEX GROUP - \u010cesko<\/title>\n<meta name=\"robots\" content=\"index, follow, max-snippet:-1, max-image-preview:large, max-video-preview:-1\" \/>\n<link rel=\"canonical\" href=\"https:\/\/klimavex.eu\/cz\/katalog\/vortice-wsg-w-obdelnikova-saci-vyfukova-mrizka-v-bilem-vyhotoveni-pouziva-se-s-adapterem-wa\/\" \/>\n<meta property=\"og:locale\" content=\"cs_CZ\" \/>\n<meta property=\"og:type\" content=\"article\" \/>\n<meta property=\"og:title\" content=\"Vortice WSG-W - obd\u00e9ln\u00edkov\u00e1 sac\u00ed\/v\u00fdfukov\u00e1 m\u0159\u00ed\u017eka v b\u00edl\u00e9m vyhotoven\u00ed (pou\u017e\u00edv\u00e1 se s adapt\u00e9rem WA) - KLIMAVEX GROUP - \u010cesko\" \/>\n<meta property=\"og:description\" content=\"Obd&eacute;ln&iacute;kov&aacute; sac&iacute;\/v&yacute;fukov&aacute; m\u0159&iacute;\u017eka v b&iacute;l&eacute;m proveden&iacute; (pou\u017e&iacute;v&aacute; se s adapt&eacute;rem WA). Dostupnost: Obvykl&eacute; dod&aacute;n&iacute; 2-3 t&yacute;dny.\" \/>\n<meta property=\"og:url\" content=\"https:\/\/klimavex.eu\/cz\/katalog\/vortice-wsg-w-obdelnikova-saci-vyfukova-mrizka-v-bilem-vyhotoveni-pouziva-se-s-adapterem-wa\/\" \/>\n<meta property=\"og:site_name\" content=\"KLIMAVEX GROUP - \u010cesko\" \/>\n<meta property=\"article:publisher\" content=\"https:\/\/www.facebook.com\/klimavex.cz\" \/>\n<meta property=\"article:modified_time\" content=\"2026-03-31T16:43:55+00:00\" \/>\n<meta property=\"og:image\" content=\"https:\/\/klimavex.eu\/cz\/wp-content\/uploads\/2025\/09\/yOuaN1mCdH5_hIttXPh2YafWYOpmMuzlhe1lUwTmeWw.png\" \/>\n\t<meta property=\"og:image:width\" content=\"572\" \/>\n\t<meta property=\"og:image:height\" content=\"512\" \/>\n\t<meta property=\"og:image:type\" content=\"image\/png\" \/>\n<meta name=\"twitter:card\" content=\"summary_large_image\" \/>\n<script type=\"application\/ld+json\" class=\"yoast-schema-graph\">{\"@context\":\"https:\/\/schema.org\",\"@graph\":[{\"@type\":\"WebPage\",\"@id\":\"https:\/\/klimavex.eu\/cz\/katalog\/vortice-wsg-w-obdelnikova-saci-vyfukova-mrizka-v-bilem-vyhotoveni-pouziva-se-s-adapterem-wa\/\",\"url\":\"https:\/\/klimavex.eu\/cz\/katalog\/vortice-wsg-w-obdelnikova-saci-vyfukova-mrizka-v-bilem-vyhotoveni-pouziva-se-s-adapterem-wa\/\",\"name\":\"Vortice WSG-W - obd\u00e9ln\u00edkov\u00e1 sac\u00ed\/v\u00fdfukov\u00e1 m\u0159\u00ed\u017eka v b\u00edl\u00e9m vyhotoven\u00ed (pou\u017e\u00edv\u00e1 se s adapt\u00e9rem WA) - KLIMAVEX GROUP - \u010cesko\",\"isPartOf\":{\"@id\":\"https:\/\/klimavex.eu\/cz\/#website\"},\"primaryImageOfPage\":{\"@id\":\"https:\/\/klimavex.eu\/cz\/katalog\/vortice-wsg-w-obdelnikova-saci-vyfukova-mrizka-v-bilem-vyhotoveni-pouziva-se-s-adapterem-wa\/#primaryimage\"},\"image\":{\"@id\":\"https:\/\/klimavex.eu\/cz\/katalog\/vortice-wsg-w-obdelnikova-saci-vyfukova-mrizka-v-bilem-vyhotoveni-pouziva-se-s-adapterem-wa\/#primaryimage\"},\"thumbnailUrl\":\"https:\/\/klimavex.eu\/cz\/wp-content\/uploads\/2025\/09\/yOuaN1mCdH5_hIttXPh2YafWYOpmMuzlhe1lUwTmeWw.png\",\"datePublished\":\"2026-03-31T16:43:29+00:00\",\"dateModified\":\"2026-03-31T16:43:55+00:00\",\"breadcrumb\":{\"@id\":\"https:\/\/klimavex.eu\/cz\/katalog\/vortice-wsg-w-obdelnikova-saci-vyfukova-mrizka-v-bilem-vyhotoveni-pouziva-se-s-adapterem-wa\/#breadcrumb\"},\"inLanguage\":\"cs\",\"potentialAction\":[{\"@type\":\"ReadAction\",\"target\":[\"https:\/\/klimavex.eu\/cz\/katalog\/vortice-wsg-w-obdelnikova-saci-vyfukova-mrizka-v-bilem-vyhotoveni-pouziva-se-s-adapterem-wa\/\"]}]},{\"@type\":\"ImageObject\",\"inLanguage\":\"cs\",\"@id\":\"https:\/\/klimavex.eu\/cz\/katalog\/vortice-wsg-w-obdelnikova-saci-vyfukova-mrizka-v-bilem-vyhotoveni-pouziva-se-s-adapterem-wa\/#primaryimage\",\"url\":\"https:\/\/klimavex.eu\/cz\/wp-content\/uploads\/2025\/09\/yOuaN1mCdH5_hIttXPh2YafWYOpmMuzlhe1lUwTmeWw.png\",\"contentUrl\":\"https:\/\/klimavex.eu\/cz\/wp-content\/uploads\/2025\/09\/yOuaN1mCdH5_hIttXPh2YafWYOpmMuzlhe1lUwTmeWw.png\",\"width\":572,\"height\":512},{\"@type\":\"BreadcrumbList\",\"@id\":\"https:\/\/klimavex.eu\/cz\/katalog\/vortice-wsg-w-obdelnikova-saci-vyfukova-mrizka-v-bilem-vyhotoveni-pouziva-se-s-adapterem-wa\/#breadcrumb\",\"itemListElement\":[{\"@type\":\"ListItem\",\"position\":1,\"name\":\"Domovsk\u00e1 str\u00e1nka\",\"item\":\"https:\/\/klimavex.eu\/cz\/\"},{\"@type\":\"ListItem\",\"position\":2,\"name\":\"Eshop\",\"item\":\"https:\/\/klimavex.eu\/cz\/eshop\/\"},{\"@type\":\"ListItem\",\"position\":3,\"name\":\"Vortice WSG-W &#8211; obd\u00e9ln\u00edkov\u00e1 sac\u00ed\/v\u00fdfukov\u00e1 m\u0159\u00ed\u017eka v b\u00edl\u00e9m vyhotoven\u00ed (pou\u017e\u00edv\u00e1 se s adapt\u00e9rem WA)\"}]},{\"@type\":\"WebSite\",\"@id\":\"https:\/\/klimavex.eu\/cz\/#website\",\"url\":\"https:\/\/klimavex.eu\/cz\/\",\"name\":\"KLIMAVEX GROUP - \u010cesko\",\"description\":\"\",\"publisher\":{\"@id\":\"https:\/\/klimavex.eu\/cz\/#organization\"},\"alternateName\":\"KLIMAVEX CZ a.s.\",\"potentialAction\":[{\"@type\":\"SearchAction\",\"target\":{\"@type\":\"EntryPoint\",\"urlTemplate\":\"https:\/\/klimavex.eu\/cz\/?s={search_term_string}\"},\"query-input\":{\"@type\":\"PropertyValueSpecification\",\"valueRequired\":true,\"valueName\":\"search_term_string\"}}],\"inLanguage\":\"cs\"},{\"@type\":\"Organization\",\"@id\":\"https:\/\/klimavex.eu\/cz\/#organization\",\"name\":\"KLIMAVEX GROUP\",\"alternateName\":\"KLIMAVEX\",\"url\":\"https:\/\/klimavex.eu\/cz\/\",\"logo\":{\"@type\":\"ImageObject\",\"inLanguage\":\"cs\",\"@id\":\"https:\/\/klimavex.eu\/cz\/#\/schema\/logo\/image\/\",\"url\":\"https:\/\/klimavex.eu\/cz\/wp-content\/uploads\/2024\/04\/Klimavex-Group-logo.png\",\"contentUrl\":\"https:\/\/klimavex.eu\/cz\/wp-content\/uploads\/2024\/04\/Klimavex-Group-logo.png\",\"width\":1681,\"height\":472,\"caption\":\"KLIMAVEX GROUP\"},\"image\":{\"@id\":\"https:\/\/klimavex.eu\/cz\/#\/schema\/logo\/image\/\"},\"sameAs\":[\"https:\/\/www.facebook.com\/klimavex.cz\",\"https:\/\/www.instagram.com\/klimavex_cz\/\"]}]}<\/script>\n<!-- \/ Yoast SEO plugin. -->","yoast_head_json":{"title":"Vortice WSG-W - obd\u00e9ln\u00edkov\u00e1 sac\u00ed\/v\u00fdfukov\u00e1 m\u0159\u00ed\u017eka v b\u00edl\u00e9m vyhotoven\u00ed (pou\u017e\u00edv\u00e1 se s adapt\u00e9rem WA) - KLIMAVEX GROUP - \u010cesko","robots":{"index":"index","follow":"follow","max-snippet":"max-snippet:-1","max-image-preview":"max-image-preview:large","max-video-preview":"max-video-preview:-1"},"canonical":"https:\/\/klimavex.eu\/cz\/katalog\/vortice-wsg-w-obdelnikova-saci-vyfukova-mrizka-v-bilem-vyhotoveni-pouziva-se-s-adapterem-wa\/","og_locale":"cs_CZ","og_type":"article","og_title":"Vortice WSG-W - obd\u00e9ln\u00edkov\u00e1 sac\u00ed\/v\u00fdfukov\u00e1 m\u0159\u00ed\u017eka v b\u00edl\u00e9m vyhotoven\u00ed (pou\u017e\u00edv\u00e1 se s adapt\u00e9rem WA) - KLIMAVEX GROUP - \u010cesko","og_description":"Obd&eacute;ln&iacute;kov&aacute; sac&iacute;\/v&yacute;fukov&aacute; m\u0159&iacute;\u017eka v b&iacute;l&eacute;m proveden&iacute; (pou\u017e&iacute;v&aacute; se s adapt&eacute;rem WA). Dostupnost: Obvykl&eacute; dod&aacute;n&iacute; 2-3 t&yacute;dny.","og_url":"https:\/\/klimavex.eu\/cz\/katalog\/vortice-wsg-w-obdelnikova-saci-vyfukova-mrizka-v-bilem-vyhotoveni-pouziva-se-s-adapterem-wa\/","og_site_name":"KLIMAVEX GROUP - \u010cesko","article_publisher":"https:\/\/www.facebook.com\/klimavex.cz","article_modified_time":"2026-03-31T16:43:55+00:00","og_image":[{"width":572,"height":512,"url":"https:\/\/klimavex.eu\/cz\/wp-content\/uploads\/2025\/09\/yOuaN1mCdH5_hIttXPh2YafWYOpmMuzlhe1lUwTmeWw.png","type":"image\/png"}],"twitter_card":"summary_large_image","schema":{"@context":"https:\/\/schema.org","@graph":[{"@type":"WebPage","@id":"https:\/\/klimavex.eu\/cz\/katalog\/vortice-wsg-w-obdelnikova-saci-vyfukova-mrizka-v-bilem-vyhotoveni-pouziva-se-s-adapterem-wa\/","url":"https:\/\/klimavex.eu\/cz\/katalog\/vortice-wsg-w-obdelnikova-saci-vyfukova-mrizka-v-bilem-vyhotoveni-pouziva-se-s-adapterem-wa\/","name":"Vortice WSG-W - obd\u00e9ln\u00edkov\u00e1 sac\u00ed\/v\u00fdfukov\u00e1 m\u0159\u00ed\u017eka v b\u00edl\u00e9m vyhotoven\u00ed (pou\u017e\u00edv\u00e1 se s adapt\u00e9rem WA) - KLIMAVEX GROUP - \u010cesko","isPartOf":{"@id":"https:\/\/klimavex.eu\/cz\/#website"},"primaryImageOfPage":{"@id":"https:\/\/klimavex.eu\/cz\/katalog\/vortice-wsg-w-obdelnikova-saci-vyfukova-mrizka-v-bilem-vyhotoveni-pouziva-se-s-adapterem-wa\/#primaryimage"},"image":{"@id":"https:\/\/klimavex.eu\/cz\/katalog\/vortice-wsg-w-obdelnikova-saci-vyfukova-mrizka-v-bilem-vyhotoveni-pouziva-se-s-adapterem-wa\/#primaryimage"},"thumbnailUrl":"https:\/\/klimavex.eu\/cz\/wp-content\/uploads\/2025\/09\/yOuaN1mCdH5_hIttXPh2YafWYOpmMuzlhe1lUwTmeWw.png","datePublished":"2026-03-31T16:43:29+00:00","dateModified":"2026-03-31T16:43:55+00:00","breadcrumb":{"@id":"https:\/\/klimavex.eu\/cz\/katalog\/vortice-wsg-w-obdelnikova-saci-vyfukova-mrizka-v-bilem-vyhotoveni-pouziva-se-s-adapterem-wa\/#breadcrumb"},"inLanguage":"cs","potentialAction":[{"@type":"ReadAction","target":["https:\/\/klimavex.eu\/cz\/katalog\/vortice-wsg-w-obdelnikova-saci-vyfukova-mrizka-v-bilem-vyhotoveni-pouziva-se-s-adapterem-wa\/"]}]},{"@type":"ImageObject","inLanguage":"cs","@id":"https:\/\/klimavex.eu\/cz\/katalog\/vortice-wsg-w-obdelnikova-saci-vyfukova-mrizka-v-bilem-vyhotoveni-pouziva-se-s-adapterem-wa\/#primaryimage","url":"https:\/\/klimavex.eu\/cz\/wp-content\/uploads\/2025\/09\/yOuaN1mCdH5_hIttXPh2YafWYOpmMuzlhe1lUwTmeWw.png","contentUrl":"https:\/\/klimavex.eu\/cz\/wp-content\/uploads\/2025\/09\/yOuaN1mCdH5_hIttXPh2YafWYOpmMuzlhe1lUwTmeWw.png","width":572,"height":512},{"@type":"BreadcrumbList","@id":"https:\/\/klimavex.eu\/cz\/katalog\/vortice-wsg-w-obdelnikova-saci-vyfukova-mrizka-v-bilem-vyhotoveni-pouziva-se-s-adapterem-wa\/#breadcrumb","itemListElement":[{"@type":"ListItem","position":1,"name":"Domovsk\u00e1 str\u00e1nka","item":"https:\/\/klimavex.eu\/cz\/"},{"@type":"ListItem","position":2,"name":"Eshop","item":"https:\/\/klimavex.eu\/cz\/eshop\/"},{"@type":"ListItem","position":3,"name":"Vortice WSG-W &#8211; obd\u00e9ln\u00edkov\u00e1 sac\u00ed\/v\u00fdfukov\u00e1 m\u0159\u00ed\u017eka v b\u00edl\u00e9m vyhotoven\u00ed (pou\u017e\u00edv\u00e1 se s adapt\u00e9rem WA)"}]},{"@type":"WebSite","@id":"https:\/\/klimavex.eu\/cz\/#website","url":"https:\/\/klimavex.eu\/cz\/","name":"KLIMAVEX GROUP - \u010cesko","description":"","publisher":{"@id":"https:\/\/klimavex.eu\/cz\/#organization"},"alternateName":"KLIMAVEX CZ a.s.","potentialAction":[{"@type":"SearchAction","target":{"@type":"EntryPoint","urlTemplate":"https:\/\/klimavex.eu\/cz\/?s={search_term_string}"},"query-input":{"@type":"PropertyValueSpecification","valueRequired":true,"valueName":"search_term_string"}}],"inLanguage":"cs"},{"@type":"Organization","@id":"https:\/\/klimavex.eu\/cz\/#organization","name":"KLIMAVEX GROUP","alternateName":"KLIMAVEX","url":"https:\/\/klimavex.eu\/cz\/","logo":{"@type":"ImageObject","inLanguage":"cs","@id":"https:\/\/klimavex.eu\/cz\/#\/schema\/logo\/image\/","url":"https:\/\/klimavex.eu\/cz\/wp-content\/uploads\/2024\/04\/Klimavex-Group-logo.png","contentUrl":"https:\/\/klimavex.eu\/cz\/wp-content\/uploads\/2024\/04\/Klimavex-Group-logo.png","width":1681,"height":472,"caption":"KLIMAVEX GROUP"},"image":{"@id":"https:\/\/klimavex.eu\/cz\/#\/schema\/logo\/image\/"},"sameAs":["https:\/\/www.facebook.com\/klimavex.cz","https:\/\/www.instagram.com\/klimavex_cz\/"]}]}},"_links":{"self":[{"href":"https:\/\/klimavex.eu\/cz\/wp-json\/wp\/v2\/product\/543895","targetHints":{"allow":["GET"]}}],"collection":[{"href":"https:\/\/klimavex.eu\/cz\/wp-json\/wp\/v2\/product"}],"about":[{"href":"https:\/\/klimavex.eu\/cz\/wp-json\/wp\/v2\/types\/product"}],"version-history":[{"count":0,"href":"https:\/\/klimavex.eu\/cz\/wp-json\/wp\/v2\/product\/543895\/revisions"}],"wp:featuredmedia":[{"embeddable":true,"href":"https:\/\/klimavex.eu\/cz\/wp-json\/wp\/v2\/media\/550321"}],"wp:attachment":[{"href":"https:\/\/klimavex.eu\/cz\/wp-json\/wp\/v2\/media?parent=543895"}],"wp:term":[{"taxonomy":"product_cat","embeddable":true,"href":"https:\/\/klimavex.eu\/cz\/wp-json\/wp\/v2\/product_cat?post=543895"},{"taxonomy":"product_tag","embeddable":true,"href":"https:\/\/klimavex.eu\/cz\/wp-json\/wp\/v2\/product_tag?post=543895"}],"curies":[{"name":"wp","href":"https:\/\/api.w.org\/{rel}","templated":true}]}}