{"id":475905,"date":"2026-04-27T22:49:59","date_gmt":"2026-04-27T20:49:59","guid":{"rendered":"https:\/\/klimavex.eu\/sk\/katalog\/samsung-nastenna-klimatizacia-windfree-avant-s2-ar70f15-2\/"},"modified":"2026-04-27T22:50:27","modified_gmt":"2026-04-27T20:50:27","slug":"klimatizacia-samsung-split-nastenna-windfree-avant-s2-ar70f15-r32-230v-425kw","status":"publish","type":"product","link":"https:\/\/klimavex.eu\/sk\/katalog\/klimatizacia-samsung-split-nastenna-windfree-avant-s2-ar70f15-r32-230v-425kw\/","title":{"rendered":"Klimatiz\u00e1cia Samsung split n\u00e1stenn\u00e1 WindFree AVANT S2 AR70F15 R32 230V 4,25kW"},"content":{"rendered":"<p style=\"text-align: justify;\"><strong>K\u013e&uacute;\u010dov&eacute; vlastnosti<\/strong><\/p>\n<ul>\n<li style=\"text-align: justify;\">Energetick&aacute; trieda A+++ v re\u017eime chladenia, a\u017e A++ v re\u017eime vykurovania<\/li>\n<li style=\"text-align: justify;\">Tich&aacute; prev&aacute;dzka &ndash; od 16 dB(A)<\/li>\n<li style=\"text-align: justify;\">WindFree<sup>TM <\/sup>&#8211; z&iacute;skajte pocit pr&iacute;jemn&eacute;ho chl&aacute;dku, nie skuto\u010dnej zimy, a navy&scaron;e so zn&iacute;\u017een&yacute;mi n&aacute;kladmi na energie<\/li>\n<li style=\"text-align: justify;\">AI Auto Comfort &ndash; automatick&aacute; optimaliz&aacute;cia re\u017eimu na z&aacute;klade anal&yacute;zy okolit&eacute;ho prostredia<\/li>\n<li style=\"text-align: justify;\">R&yacute;chle chladenie &ndash; chlad&iacute; r&yacute;chlej&scaron;ie a do v&scaron;etk&yacute;ch smerov aj v&auml;\u010d&scaron;&iacute;ch priestorov<\/li>\n<li style=\"text-align: justify;\">SmartThings &ndash; Wi-Fi vzdialen&aacute; kontrola kedyko\u013evek a odkia\u013eko\u013evek<\/li>\n<li style=\"text-align: justify;\">Tri-Care Filter &ndash; trojvrstvov&yacute; filter, ktor&yacute; zachyt&aacute;va l&aacute;tky od ve\u013ek&yacute;ch prachov&yacute;ch \u010dast&iacute;c a\u017e po najjemnej&scaron;ie v&iacute;rusy, bakt&eacute;rie a alerg&eacute;ny<\/li>\n<li style=\"text-align: justify;\">Auto Clean &ndash; klimatiz&aacute;cia sa sama automaticky vy\u010dist&iacute;<\/li>\n<li style=\"text-align: justify;\">Easy Filter Plus &ndash; antibakteri&aacute;lny filter, ktor&yacute; sa \u013eahko \u010dist&iacute;<\/li>\n<li style=\"text-align: justify;\">DuraFin&trade; Plus &ndash; predch&aacute;dza kor&oacute;zii, pre klimatiz&aacute;ciu s dlhou \u017eivotnos\u0165ou<\/li>\n<li style=\"text-align: justify;\">Chladivo R32 &ndash; chladivo &scaron;etrn&eacute; k \u017eivotn&eacute;mu prostrediu<\/li>\n<li style=\"text-align: justify;\">ECO Mode &ndash; efekt&iacute;vne chladenie, zn&iacute;\u017een&aacute; spotreba energie, ni\u017e&scaron;ie n&aacute;klady<\/li>\n<li style=\"text-align: justify;\">Good Sleep &ndash; re\u017eim kontroluj&uacute;ci teplotu miestnosti na zaistenie dobr&eacute;ho sp&aacute;nku<\/li>\n<li style=\"text-align: justify;\">Infra\u010derven&yacute; sol&aacute;rny ovl&aacute;da\u010d v balen&iacute;<\/li>\n<\/ul>\n","protected":false},"excerpt":{"rendered":"<p style=\"text-align: justify;\"><strong>Samsung WindFree<sup>TM <\/sup>Avant<\/strong> <strong>S2 <\/strong>je n&aacute;stenn&aacute; split klimatiz&aacute;cia vhodn&aacute; predov&scaron;etk&yacute;m <strong>na reziden\u010dn&eacute; &uacute;\u010dely<\/strong>. Dok&aacute;\u017ee nielen chladi\u0165, ale aj &uacute;\u010dinne vykurova\u0165. S&eacute;ria Avant je schopn&aacute; v\u010faka svojim pokro\u010dil&yacute;m funkci&aacute;m uspokoji\u0165 aj n&aacute;ro\u010dnej&scaron;&iacute;ch u\u017e&iacute;vate\u013eov. Klimatiz&aacute;cia v\u010faka <strong>technol&oacute;gii WindFree<sup>TM <\/sup><\/strong>udr\u017euje pr&iacute;jemn&eacute; chladn&eacute; prostredie <strong>bez ak&eacute;hoko\u013evek prievanu chladn&eacute;ho vzduchu<\/strong>. V\u010faka inteligentn&yacute;m ovl&aacute;dac&iacute;m prvkom sa prisp&ocirc;sobuje osobn&yacute;m preferenci&aacute;m pou\u017e&iacute;vate\u013ea a vytv&aacute;ra tak komfortn&eacute; prostredie, ktor&eacute; automaticky udr\u017euje. Jednotky s modern&yacute;m <strong>bielym dizajnom <\/strong>pon&uacute;kaj&uacute; energetick&uacute; &uacute;\u010dinnos\u0165 A+++ v re\u017eime chladenia a a\u017e A++ v re\u017eime vykurovania. U\u017e&iacute;va sa ekologick&eacute; <strong>chladivo R32<\/strong>.<\/p>\n","protected":false},"featured_media":479963,"template":"","meta":[],"product_cat":[196,198,199,484,373,195],"product_tag":[],"class_list":{"0":"post-475905","1":"product","2":"type-product","3":"status-publish","4":"has-post-thumbnail","6":"product_cat-podla-znacky","7":"product_cat-podla-typu","8":"product_cat-nastenne","9":"product_cat-nastenne-windfree-avant","10":"product_cat-samsung-podla-znacky","11":"product_cat-klimatizacie","12":"pa_chlad-do-von-tep-c-do-10c","13":"pa_chladiaci-vykon-6084","14":"pa_energeticka-trieda-scop-aplusplus","15":"pa_energeticka-trieda-seer-aplusplusplus","16":"pa_extra-funkcia-windfree","17":"pa_farba-vnutornej-jednotky-biela","18":"pa_filtracia-vzduchu-tri-care-filter","19":"pa_hlucnost-vnutornej-jednotky-3528","20":"pa_napajanie-1f-230v","21":"pa_prevedenie-nastenny-split","22":"pa_typ-chladiva-r32","23":"pa_vyk-do-von-tepl-c-do-15-c","24":"pa_vykonovy-model-3492","25":"pa_vykurovaci-vykon-6085","26":"pa_wifi-ovladanie-zabudovane","27":"pa_znacka-samsung","29":"first","30":"instock","31":"taxable","32":"shipping-taxable","33":"purchasable","34":"product-type-simple"},"yoast_head":"<!-- This site is optimized with the Yoast SEO plugin v23.9 - https:\/\/yoast.com\/wordpress\/plugins\/seo\/ -->\n<title>Klimatiz\u00e1cia Samsung split n\u00e1stenn\u00e1 WindFree AVANT S2 AR70F15 R32 230V 4,25kW - KLIMAVEX GROUP - Slovensko<\/title>\n<meta name=\"robots\" content=\"index, follow, max-snippet:-1, max-image-preview:large, max-video-preview:-1\" \/>\n<link rel=\"canonical\" href=\"https:\/\/klimavex.eu\/sk\/katalog\/samsung-nastenna-klimatizacia-windfree-avant-s2-ar70f15-2\/\" \/>\n<meta property=\"og:locale\" content=\"sk_SK\" \/>\n<meta property=\"og:type\" content=\"article\" \/>\n<meta property=\"og:title\" content=\"Klimatiz\u00e1cia Samsung split n\u00e1stenn\u00e1 WindFree AVANT S2 AR70F15 R32 230V 4,25kW - KLIMAVEX GROUP - Slovensko\" \/>\n<meta property=\"og:description\" content=\"Samsung WindFreeTM Avant S2 je n&aacute;stenn&aacute; split klimatiz&aacute;cia vhodn&aacute; predov&scaron;etk&yacute;m na reziden\u010dn&eacute; &uacute;\u010dely. Dok&aacute;\u017ee nielen chladi\u0165, ale aj &uacute;\u010dinne vykurova\u0165. S&eacute;ria Avant je schopn&aacute; v\u010faka svojim pokro\u010dil&yacute;m funkci&aacute;m uspokoji\u0165 aj n&aacute;ro\u010dnej&scaron;&iacute;ch u\u017e&iacute;vate\u013eov. Klimatiz&aacute;cia v\u010faka technol&oacute;gii WindFreeTM udr\u017euje pr&iacute;jemn&eacute; chladn&eacute; prostredie bez ak&eacute;hoko\u013evek prievanu chladn&eacute;ho vzduchu. V\u010faka inteligentn&yacute;m ovl&aacute;dac&iacute;m prvkom sa prisp&ocirc;sobuje osobn&yacute;m preferenci&aacute;m pou\u017e&iacute;vate\u013ea a vytv&aacute;ra tak komfortn&eacute; prostredie, ktor&eacute; automaticky udr\u017euje. Jednotky s modern&yacute;m bielym dizajnom pon&uacute;kaj&uacute; energetick&uacute; &uacute;\u010dinnos\u0165 A+++ v re\u017eime chladenia a a\u017e A++ v re\u017eime vykurovania. U\u017e&iacute;va sa ekologick&eacute; chladivo R32.\" \/>\n<meta property=\"og:url\" content=\"https:\/\/klimavex.eu\/sk\/katalog\/samsung-nastenna-klimatizacia-windfree-avant-s2-ar70f15-2\/\" \/>\n<meta property=\"og:site_name\" content=\"KLIMAVEX GROUP - Slovensko\" \/>\n<meta property=\"article:publisher\" content=\"https:\/\/www.facebook.com\/klimavex\" \/>\n<meta property=\"article:modified_time\" content=\"2026-04-27T20:50:27+00:00\" \/>\n<meta property=\"og:image\" content=\"https:\/\/klimavex.eu\/sk\/wp-content\/uploads\/2024\/02\/LOGO-KLIMAVEX-modra-kostka-1.png\" \/>\n\t<meta property=\"og:image:width\" content=\"9184\" \/>\n\t<meta property=\"og:image:height\" content=\"9184\" \/>\n\t<meta property=\"og:image:type\" content=\"image\/png\" \/>\n<meta name=\"twitter:card\" content=\"summary_large_image\" \/>\n<meta name=\"twitter:label1\" content=\"Predpokladan\u00fd \u010das \u010d\u00edtania\" \/>\n\t<meta name=\"twitter:data1\" content=\"1 min\u00fata\" \/>\n<script type=\"application\/ld+json\" class=\"yoast-schema-graph\">{\"@context\":\"https:\/\/schema.org\",\"@graph\":[{\"@type\":\"WebPage\",\"@id\":\"https:\/\/klimavex.eu\/sk\/katalog\/samsung-nastenna-klimatizacia-windfree-avant-s2-ar70f15-2\/\",\"url\":\"https:\/\/klimavex.eu\/sk\/katalog\/samsung-nastenna-klimatizacia-windfree-avant-s2-ar70f15-2\/\",\"name\":\"Klimatiz\u00e1cia Samsung split n\u00e1stenn\u00e1 WindFree AVANT S2 AR70F15 R32 230V 4,25kW - KLIMAVEX GROUP - Slovensko\",\"isPartOf\":{\"@id\":\"https:\/\/klimavex.eu\/sk\/#website\"},\"primaryImageOfPage\":{\"@id\":\"https:\/\/klimavex.eu\/sk\/katalog\/samsung-nastenna-klimatizacia-windfree-avant-s2-ar70f15-2\/#primaryimage\"},\"image\":{\"@id\":\"https:\/\/klimavex.eu\/sk\/katalog\/samsung-nastenna-klimatizacia-windfree-avant-s2-ar70f15-2\/#primaryimage\"},\"thumbnailUrl\":\"https:\/\/klimavex.eu\/sk\/wp-content\/uploads\/2025\/09\/g368ZlD7FRohX1VprbsUzWQgrROY71de7wuRGil8mg0-2.png\",\"datePublished\":\"2026-04-27T20:49:59+00:00\",\"dateModified\":\"2026-04-27T20:50:27+00:00\",\"breadcrumb\":{\"@id\":\"https:\/\/klimavex.eu\/sk\/katalog\/samsung-nastenna-klimatizacia-windfree-avant-s2-ar70f15-2\/#breadcrumb\"},\"inLanguage\":\"sk-SK\",\"potentialAction\":[{\"@type\":\"ReadAction\",\"target\":[\"https:\/\/klimavex.eu\/sk\/katalog\/samsung-nastenna-klimatizacia-windfree-avant-s2-ar70f15-2\/\"]}]},{\"@type\":\"ImageObject\",\"inLanguage\":\"sk-SK\",\"@id\":\"https:\/\/klimavex.eu\/sk\/katalog\/samsung-nastenna-klimatizacia-windfree-avant-s2-ar70f15-2\/#primaryimage\",\"url\":\"https:\/\/klimavex.eu\/sk\/wp-content\/uploads\/2025\/09\/g368ZlD7FRohX1VprbsUzWQgrROY71de7wuRGil8mg0-2.png\",\"contentUrl\":\"https:\/\/klimavex.eu\/sk\/wp-content\/uploads\/2025\/09\/g368ZlD7FRohX1VprbsUzWQgrROY71de7wuRGil8mg0-2.png\",\"width\":512,\"height\":512},{\"@type\":\"BreadcrumbList\",\"@id\":\"https:\/\/klimavex.eu\/sk\/katalog\/samsung-nastenna-klimatizacia-windfree-avant-s2-ar70f15-2\/#breadcrumb\",\"itemListElement\":[{\"@type\":\"ListItem\",\"position\":1,\"name\":\"Domovsk\u00e1 str\u00e1nka\",\"item\":\"https:\/\/klimavex.eu\/sk\/\"},{\"@type\":\"ListItem\",\"position\":2,\"name\":\"Eshop\",\"item\":\"https:\/\/klimavex.eu\/sk\/eshop\/\"},{\"@type\":\"ListItem\",\"position\":3,\"name\":\"Samsung n\u00e1stenn\u00e1 klimatiz\u00e1cia WindFree Avant S2 AR70F15\"}]},{\"@type\":\"WebSite\",\"@id\":\"https:\/\/klimavex.eu\/sk\/#website\",\"url\":\"https:\/\/klimavex.eu\/sk\/\",\"name\":\"KLIMAVEX GROUP - Slovensko\",\"description\":\"\",\"publisher\":{\"@id\":\"https:\/\/klimavex.eu\/sk\/#organization\"},\"alternateName\":\"KLIMAVEX a.s.\",\"potentialAction\":[{\"@type\":\"SearchAction\",\"target\":{\"@type\":\"EntryPoint\",\"urlTemplate\":\"https:\/\/klimavex.eu\/sk\/?s={search_term_string}\"},\"query-input\":{\"@type\":\"PropertyValueSpecification\",\"valueRequired\":true,\"valueName\":\"search_term_string\"}}],\"inLanguage\":\"sk-SK\"},{\"@type\":\"Organization\",\"@id\":\"https:\/\/klimavex.eu\/sk\/#organization\",\"name\":\"KLIMAVEX GROUP\",\"alternateName\":\"KLIMAVEX a.s.\",\"url\":\"https:\/\/klimavex.eu\/sk\/\",\"logo\":{\"@type\":\"ImageObject\",\"inLanguage\":\"sk-SK\",\"@id\":\"https:\/\/klimavex.eu\/sk\/#\/schema\/logo\/image\/\",\"url\":\"https:\/\/klimavex.eu\/sk\/wp-content\/uploads\/2024\/04\/Klimavex-Group-logo.png\",\"contentUrl\":\"https:\/\/klimavex.eu\/sk\/wp-content\/uploads\/2024\/04\/Klimavex-Group-logo.png\",\"width\":1681,\"height\":472,\"caption\":\"KLIMAVEX GROUP\"},\"image\":{\"@id\":\"https:\/\/klimavex.eu\/sk\/#\/schema\/logo\/image\/\"},\"sameAs\":[\"https:\/\/www.facebook.com\/klimavex\",\"https:\/\/www.instagram.com\/klimavex_sk\/\"]}]}<\/script>\n<!-- \/ Yoast SEO plugin. -->","yoast_head_json":{"title":"Klimatiz\u00e1cia Samsung split n\u00e1stenn\u00e1 WindFree AVANT S2 AR70F15 R32 230V 4,25kW - KLIMAVEX GROUP - Slovensko","robots":{"index":"index","follow":"follow","max-snippet":"max-snippet:-1","max-image-preview":"max-image-preview:large","max-video-preview":"max-video-preview:-1"},"canonical":"https:\/\/klimavex.eu\/sk\/katalog\/samsung-nastenna-klimatizacia-windfree-avant-s2-ar70f15-2\/","og_locale":"sk_SK","og_type":"article","og_title":"Klimatiz\u00e1cia Samsung split n\u00e1stenn\u00e1 WindFree AVANT S2 AR70F15 R32 230V 4,25kW - KLIMAVEX GROUP - Slovensko","og_description":"Samsung WindFreeTM Avant S2 je n&aacute;stenn&aacute; split klimatiz&aacute;cia vhodn&aacute; predov&scaron;etk&yacute;m na reziden\u010dn&eacute; &uacute;\u010dely. Dok&aacute;\u017ee nielen chladi\u0165, ale aj &uacute;\u010dinne vykurova\u0165. S&eacute;ria Avant je schopn&aacute; v\u010faka svojim pokro\u010dil&yacute;m funkci&aacute;m uspokoji\u0165 aj n&aacute;ro\u010dnej&scaron;&iacute;ch u\u017e&iacute;vate\u013eov. Klimatiz&aacute;cia v\u010faka technol&oacute;gii WindFreeTM udr\u017euje pr&iacute;jemn&eacute; chladn&eacute; prostredie bez ak&eacute;hoko\u013evek prievanu chladn&eacute;ho vzduchu. V\u010faka inteligentn&yacute;m ovl&aacute;dac&iacute;m prvkom sa prisp&ocirc;sobuje osobn&yacute;m preferenci&aacute;m pou\u017e&iacute;vate\u013ea a vytv&aacute;ra tak komfortn&eacute; prostredie, ktor&eacute; automaticky udr\u017euje. Jednotky s modern&yacute;m bielym dizajnom pon&uacute;kaj&uacute; energetick&uacute; &uacute;\u010dinnos\u0165 A+++ v re\u017eime chladenia a a\u017e A++ v re\u017eime vykurovania. U\u017e&iacute;va sa ekologick&eacute; chladivo R32.","og_url":"https:\/\/klimavex.eu\/sk\/katalog\/samsung-nastenna-klimatizacia-windfree-avant-s2-ar70f15-2\/","og_site_name":"KLIMAVEX GROUP - Slovensko","article_publisher":"https:\/\/www.facebook.com\/klimavex","article_modified_time":"2026-04-27T20:50:27+00:00","og_image":[{"width":9184,"height":9184,"url":"https:\/\/klimavex.eu\/sk\/wp-content\/uploads\/2024\/02\/LOGO-KLIMAVEX-modra-kostka-1.png","type":"image\/png"}],"twitter_card":"summary_large_image","twitter_misc":{"Predpokladan\u00fd \u010das \u010d\u00edtania":"1 min\u00fata"},"schema":{"@context":"https:\/\/schema.org","@graph":[{"@type":"WebPage","@id":"https:\/\/klimavex.eu\/sk\/katalog\/samsung-nastenna-klimatizacia-windfree-avant-s2-ar70f15-2\/","url":"https:\/\/klimavex.eu\/sk\/katalog\/samsung-nastenna-klimatizacia-windfree-avant-s2-ar70f15-2\/","name":"Klimatiz\u00e1cia Samsung split n\u00e1stenn\u00e1 WindFree AVANT S2 AR70F15 R32 230V 4,25kW - KLIMAVEX GROUP - Slovensko","isPartOf":{"@id":"https:\/\/klimavex.eu\/sk\/#website"},"primaryImageOfPage":{"@id":"https:\/\/klimavex.eu\/sk\/katalog\/samsung-nastenna-klimatizacia-windfree-avant-s2-ar70f15-2\/#primaryimage"},"image":{"@id":"https:\/\/klimavex.eu\/sk\/katalog\/samsung-nastenna-klimatizacia-windfree-avant-s2-ar70f15-2\/#primaryimage"},"thumbnailUrl":"https:\/\/klimavex.eu\/sk\/wp-content\/uploads\/2025\/09\/g368ZlD7FRohX1VprbsUzWQgrROY71de7wuRGil8mg0-2.png","datePublished":"2026-04-27T20:49:59+00:00","dateModified":"2026-04-27T20:50:27+00:00","breadcrumb":{"@id":"https:\/\/klimavex.eu\/sk\/katalog\/samsung-nastenna-klimatizacia-windfree-avant-s2-ar70f15-2\/#breadcrumb"},"inLanguage":"sk-SK","potentialAction":[{"@type":"ReadAction","target":["https:\/\/klimavex.eu\/sk\/katalog\/samsung-nastenna-klimatizacia-windfree-avant-s2-ar70f15-2\/"]}]},{"@type":"ImageObject","inLanguage":"sk-SK","@id":"https:\/\/klimavex.eu\/sk\/katalog\/samsung-nastenna-klimatizacia-windfree-avant-s2-ar70f15-2\/#primaryimage","url":"https:\/\/klimavex.eu\/sk\/wp-content\/uploads\/2025\/09\/g368ZlD7FRohX1VprbsUzWQgrROY71de7wuRGil8mg0-2.png","contentUrl":"https:\/\/klimavex.eu\/sk\/wp-content\/uploads\/2025\/09\/g368ZlD7FRohX1VprbsUzWQgrROY71de7wuRGil8mg0-2.png","width":512,"height":512},{"@type":"BreadcrumbList","@id":"https:\/\/klimavex.eu\/sk\/katalog\/samsung-nastenna-klimatizacia-windfree-avant-s2-ar70f15-2\/#breadcrumb","itemListElement":[{"@type":"ListItem","position":1,"name":"Domovsk\u00e1 str\u00e1nka","item":"https:\/\/klimavex.eu\/sk\/"},{"@type":"ListItem","position":2,"name":"Eshop","item":"https:\/\/klimavex.eu\/sk\/eshop\/"},{"@type":"ListItem","position":3,"name":"Samsung n\u00e1stenn\u00e1 klimatiz\u00e1cia WindFree Avant S2 AR70F15"}]},{"@type":"WebSite","@id":"https:\/\/klimavex.eu\/sk\/#website","url":"https:\/\/klimavex.eu\/sk\/","name":"KLIMAVEX GROUP - Slovensko","description":"","publisher":{"@id":"https:\/\/klimavex.eu\/sk\/#organization"},"alternateName":"KLIMAVEX a.s.","potentialAction":[{"@type":"SearchAction","target":{"@type":"EntryPoint","urlTemplate":"https:\/\/klimavex.eu\/sk\/?s={search_term_string}"},"query-input":{"@type":"PropertyValueSpecification","valueRequired":true,"valueName":"search_term_string"}}],"inLanguage":"sk-SK"},{"@type":"Organization","@id":"https:\/\/klimavex.eu\/sk\/#organization","name":"KLIMAVEX GROUP","alternateName":"KLIMAVEX a.s.","url":"https:\/\/klimavex.eu\/sk\/","logo":{"@type":"ImageObject","inLanguage":"sk-SK","@id":"https:\/\/klimavex.eu\/sk\/#\/schema\/logo\/image\/","url":"https:\/\/klimavex.eu\/sk\/wp-content\/uploads\/2024\/04\/Klimavex-Group-logo.png","contentUrl":"https:\/\/klimavex.eu\/sk\/wp-content\/uploads\/2024\/04\/Klimavex-Group-logo.png","width":1681,"height":472,"caption":"KLIMAVEX GROUP"},"image":{"@id":"https:\/\/klimavex.eu\/sk\/#\/schema\/logo\/image\/"},"sameAs":["https:\/\/www.facebook.com\/klimavex","https:\/\/www.instagram.com\/klimavex_sk\/"]}]}},"_links":{"self":[{"href":"https:\/\/klimavex.eu\/sk\/wp-json\/wp\/v2\/product\/475905","targetHints":{"allow":["GET"]}}],"collection":[{"href":"https:\/\/klimavex.eu\/sk\/wp-json\/wp\/v2\/product"}],"about":[{"href":"https:\/\/klimavex.eu\/sk\/wp-json\/wp\/v2\/types\/product"}],"version-history":[{"count":0,"href":"https:\/\/klimavex.eu\/sk\/wp-json\/wp\/v2\/product\/475905\/revisions"}],"wp:featuredmedia":[{"embeddable":true,"href":"https:\/\/klimavex.eu\/sk\/wp-json\/wp\/v2\/media\/479963"}],"wp:attachment":[{"href":"https:\/\/klimavex.eu\/sk\/wp-json\/wp\/v2\/media?parent=475905"}],"wp:term":[{"taxonomy":"product_cat","embeddable":true,"href":"https:\/\/klimavex.eu\/sk\/wp-json\/wp\/v2\/product_cat?post=475905"},{"taxonomy":"product_tag","embeddable":true,"href":"https:\/\/klimavex.eu\/sk\/wp-json\/wp\/v2\/product_tag?post=475905"}],"curies":[{"name":"wp","href":"https:\/\/api.w.org\/{rel}","templated":true}]}}