{"id":476203,"date":"2026-03-31T18:21:38","date_gmt":"2026-03-31T16:21:38","guid":{"rendered":"https:\/\/klimavex.eu\/sk\/katalog\/airwell-parapetno-podstropna-nizkoteplotna-klimatizacia-fdlk-050\/"},"modified":"2026-03-31T18:21:47","modified_gmt":"2026-03-31T16:21:47","slug":"klimatizacia-airwell-split-parapetno-podstropna-nizkoteplotna-fdlk-050-r32-230v-5kw","status":"publish","type":"product","link":"https:\/\/klimavex.eu\/sk\/katalog\/klimatizacia-airwell-split-parapetno-podstropna-nizkoteplotna-fdlk-050-r32-230v-5kw\/","title":{"rendered":"Klimatiz\u00e1cia Airwell split parapetno-podstropn\u00e1 n\u00edzkoteplotn\u00e1 FDLK 050 R32 230V 5kW"},"content":{"rendered":"<p style=\"text-align:justify\"><span style=\"font-size:11pt\"><span style=\"font-family:Calibri,sans-serif\"><strong>K\u013e&uacute;\u010dov&eacute; vlastnosti<\/strong><\/span><\/span><\/p>\n<ul>\n<li style=\"text-align:justify\"><span style=\"font-size:11pt\"><span style=\"font-family:Calibri,sans-serif\">Chladiaci v&yacute;kon 5,3 kW<\/span><\/span><\/li>\n<li style=\"text-align:justify\"><span style=\"font-size:11pt\"><span style=\"font-family:Calibri,sans-serif\">Energetick&aacute; trieda A++ v chladen&iacute;<\/span><\/span><\/li>\n<li style=\"text-align:justify\"><span style=\"font-size:11pt\"><span style=\"font-family:Calibri,sans-serif\">Filtr&aacute;cia vzduchu<\/span><\/span><\/li>\n<li style=\"text-align:justify\"><span style=\"font-size:11pt\"><span style=\"font-family:Calibri,sans-serif\">Funkcia I FEEL &ndash; prec&iacute;zna regul&aacute;cia teploty pod\u013ea sn&iacute;ma\u010da umiestnen&eacute;ho v dia\u013ekovom ovl&aacute;da\u010di<\/span><\/span><\/li>\n<li style=\"text-align:justify\"><span style=\"font-size:11pt\"><span style=\"font-family:Calibri,sans-serif\">No\u010dn&yacute; re\u017eim, \u010dasova\u010d, autore&scaron;tart<\/span><\/span><\/li>\n<li style=\"text-align:justify\"><span style=\"font-size:11pt\"><span style=\"font-family:Calibri,sans-serif\">Navrhnut&eacute; pre n&iacute;zkoteplotn&eacute; aplik&aacute;cie<\/span><\/span><\/li>\n<li style=\"text-align:justify\"><span style=\"font-size:11pt\"><span style=\"font-family:Calibri,sans-serif\">K&aacute;blov&eacute; ovl&aacute;danie RCW25<\/span><\/span><\/li>\n<li style=\"text-align:justify\"><span style=\"font-size:11pt\"><span style=\"font-family:Calibri,sans-serif\">Minim&aacute;lny setpoint 12&deg;C<\/span><\/span><\/li>\n<li style=\"text-align:justify\"><span style=\"font-size:11pt\"><span style=\"font-family:Calibri,sans-serif\">Robustn&eacute; kovov&eacute; telo<\/span><\/span><\/li>\n<\/ul>\n","protected":false},"excerpt":{"rendered":"<p style=\"text-align:justify\"><span style=\"font-size:11pt\"><span style=\"font-family:Calibri,sans-serif\">Jednotky <strong>Airwell FDLK <\/strong>s&uacute; jednotky ur\u010den&eacute; pre <strong>miestnosti, kde sa<\/strong> <strong>trvalo udr\u017euje n&iacute;zka teplota<\/strong>. S&uacute; vhodn&eacute; napr&iacute;klad do v&iacute;nnych pivn&iacute;c alebo skladov. Ich <strong>minim&aacute;lna nastavite\u013en&aacute; teplota je 12&deg;C <\/strong>a v\u010faka optimalizovan&eacute;mu prietoku vzduchu s&uacute; schopn&eacute; na t&uacute;to alebo ni\u017e&scaron;iu teplotu miestnos\u0165 r&yacute;chlo ochladi\u0165.<\/span><\/span><\/p>\n","protected":false},"featured_media":480674,"template":"","meta":[],"product_cat":[196,198,251,197,288,195],"product_tag":[],"class_list":{"0":"post-476203","1":"product","2":"type-product","3":"status-publish","4":"has-post-thumbnail","6":"product_cat-podla-znacky","7":"product_cat-podla-typu","8":"product_cat-podstropne-parapetne","9":"product_cat-airwell","10":"product_cat-fdlk","11":"product_cat-klimatizacie","12":"pa_chlad-do-von-tep-c-do-15-c","13":"pa_chladiaci-vykon-3400","14":"pa_energeticka-trieda-scop-3402","15":"pa_energeticka-trieda-seer-aplusplus","16":"pa_extra-funkcia-i-feel","17":"pa_farba-vnutornej-jednotky-biela","18":"pa_filtracia-vzduchu-standard","19":"pa_hlucnost-vnutornej-jednotky-3389","20":"pa_napajanie-1f-230v","21":"pa_prevedenie-parapetno-podstropny-split","22":"pa_prikon-chladenie-3401","23":"pa_typ-chladiva-r32","24":"pa_vykonovy-model-3349","25":"pa_znacka-airwell","27":"first","28":"instock","29":"taxable","30":"shipping-taxable","31":"purchasable","32":"product-type-simple"},"yoast_head":"<!-- This site is optimized with the Yoast SEO plugin v23.9 - https:\/\/yoast.com\/wordpress\/plugins\/seo\/ -->\n<title>Klimatiz\u00e1cia Airwell split parapetno-podstropn\u00e1 n\u00edzkoteplotn\u00e1 FDLK 050 R32 230V 5kW - KLIMAVEX GROUP - Slovensko<\/title>\n<meta name=\"robots\" content=\"index, follow, max-snippet:-1, max-image-preview:large, max-video-preview:-1\" \/>\n<link rel=\"canonical\" href=\"https:\/\/klimavex.eu\/sk\/katalog\/airwell-parapetno-podstropna-nizkoteplotna-klimatizacia-fdlk-050\/\" \/>\n<meta property=\"og:locale\" content=\"sk_SK\" \/>\n<meta property=\"og:type\" content=\"article\" \/>\n<meta property=\"og:title\" content=\"Klimatiz\u00e1cia Airwell split parapetno-podstropn\u00e1 n\u00edzkoteplotn\u00e1 FDLK 050 R32 230V 5kW - KLIMAVEX GROUP - Slovensko\" \/>\n<meta property=\"og:description\" content=\"Jednotky Airwell FDLK s&uacute; jednotky ur\u010den&eacute; pre miestnosti, kde sa trvalo udr\u017euje n&iacute;zka teplota. S&uacute; vhodn&eacute; napr&iacute;klad do v&iacute;nnych pivn&iacute;c alebo skladov. Ich minim&aacute;lna nastavite\u013en&aacute; teplota je 12&deg;C a v\u010faka optimalizovan&eacute;mu prietoku vzduchu s&uacute; schopn&eacute; na t&uacute;to alebo ni\u017e&scaron;iu teplotu miestnos\u0165 r&yacute;chlo ochladi\u0165.\" \/>\n<meta property=\"og:url\" content=\"https:\/\/klimavex.eu\/sk\/katalog\/airwell-parapetno-podstropna-nizkoteplotna-klimatizacia-fdlk-050\/\" \/>\n<meta property=\"og:site_name\" content=\"KLIMAVEX GROUP - Slovensko\" \/>\n<meta property=\"article:publisher\" content=\"https:\/\/www.facebook.com\/klimavex\" \/>\n<meta property=\"article:modified_time\" content=\"2026-03-31T16:21:47+00:00\" \/>\n<meta property=\"og:image\" content=\"https:\/\/klimavex.eu\/sk\/wp-content\/uploads\/2025\/09\/qEkx7JHE2yNwipzerCQqIEPEUrlUEBF7vZEEQxeMN0E.png\" \/>\n\t<meta property=\"og:image:width\" content=\"500\" \/>\n\t<meta property=\"og:image:height\" content=\"500\" \/>\n\t<meta property=\"og:image:type\" content=\"image\/png\" \/>\n<meta name=\"twitter:card\" content=\"summary_large_image\" \/>\n<script type=\"application\/ld+json\" class=\"yoast-schema-graph\">{\"@context\":\"https:\/\/schema.org\",\"@graph\":[{\"@type\":\"WebPage\",\"@id\":\"https:\/\/klimavex.eu\/sk\/katalog\/airwell-parapetno-podstropna-nizkoteplotna-klimatizacia-fdlk-050\/\",\"url\":\"https:\/\/klimavex.eu\/sk\/katalog\/airwell-parapetno-podstropna-nizkoteplotna-klimatizacia-fdlk-050\/\",\"name\":\"Klimatiz\u00e1cia Airwell split parapetno-podstropn\u00e1 n\u00edzkoteplotn\u00e1 FDLK 050 R32 230V 5kW - KLIMAVEX GROUP - Slovensko\",\"isPartOf\":{\"@id\":\"https:\/\/klimavex.eu\/sk\/#website\"},\"primaryImageOfPage\":{\"@id\":\"https:\/\/klimavex.eu\/sk\/katalog\/airwell-parapetno-podstropna-nizkoteplotna-klimatizacia-fdlk-050\/#primaryimage\"},\"image\":{\"@id\":\"https:\/\/klimavex.eu\/sk\/katalog\/airwell-parapetno-podstropna-nizkoteplotna-klimatizacia-fdlk-050\/#primaryimage\"},\"thumbnailUrl\":\"https:\/\/klimavex.eu\/sk\/wp-content\/uploads\/2025\/09\/qEkx7JHE2yNwipzerCQqIEPEUrlUEBF7vZEEQxeMN0E.png\",\"datePublished\":\"2026-03-31T16:21:38+00:00\",\"dateModified\":\"2026-03-31T16:21:47+00:00\",\"breadcrumb\":{\"@id\":\"https:\/\/klimavex.eu\/sk\/katalog\/airwell-parapetno-podstropna-nizkoteplotna-klimatizacia-fdlk-050\/#breadcrumb\"},\"inLanguage\":\"sk-SK\",\"potentialAction\":[{\"@type\":\"ReadAction\",\"target\":[\"https:\/\/klimavex.eu\/sk\/katalog\/airwell-parapetno-podstropna-nizkoteplotna-klimatizacia-fdlk-050\/\"]}]},{\"@type\":\"ImageObject\",\"inLanguage\":\"sk-SK\",\"@id\":\"https:\/\/klimavex.eu\/sk\/katalog\/airwell-parapetno-podstropna-nizkoteplotna-klimatizacia-fdlk-050\/#primaryimage\",\"url\":\"https:\/\/klimavex.eu\/sk\/wp-content\/uploads\/2025\/09\/qEkx7JHE2yNwipzerCQqIEPEUrlUEBF7vZEEQxeMN0E.png\",\"contentUrl\":\"https:\/\/klimavex.eu\/sk\/wp-content\/uploads\/2025\/09\/qEkx7JHE2yNwipzerCQqIEPEUrlUEBF7vZEEQxeMN0E.png\",\"width\":500,\"height\":500},{\"@type\":\"BreadcrumbList\",\"@id\":\"https:\/\/klimavex.eu\/sk\/katalog\/airwell-parapetno-podstropna-nizkoteplotna-klimatizacia-fdlk-050\/#breadcrumb\",\"itemListElement\":[{\"@type\":\"ListItem\",\"position\":1,\"name\":\"Domovsk\u00e1 str\u00e1nka\",\"item\":\"https:\/\/klimavex.eu\/sk\/\"},{\"@type\":\"ListItem\",\"position\":2,\"name\":\"Eshop\",\"item\":\"https:\/\/klimavex.eu\/sk\/eshop\/\"},{\"@type\":\"ListItem\",\"position\":3,\"name\":\"Airwell parapetno-podstropn\u00e1 n\u00edzkoteplotn\u00e1 klimatiz\u00e1cia\u00a0FDLK 050\"}]},{\"@type\":\"WebSite\",\"@id\":\"https:\/\/klimavex.eu\/sk\/#website\",\"url\":\"https:\/\/klimavex.eu\/sk\/\",\"name\":\"KLIMAVEX GROUP - Slovensko\",\"description\":\"\",\"publisher\":{\"@id\":\"https:\/\/klimavex.eu\/sk\/#organization\"},\"alternateName\":\"KLIMAVEX a.s.\",\"potentialAction\":[{\"@type\":\"SearchAction\",\"target\":{\"@type\":\"EntryPoint\",\"urlTemplate\":\"https:\/\/klimavex.eu\/sk\/?s={search_term_string}\"},\"query-input\":{\"@type\":\"PropertyValueSpecification\",\"valueRequired\":true,\"valueName\":\"search_term_string\"}}],\"inLanguage\":\"sk-SK\"},{\"@type\":\"Organization\",\"@id\":\"https:\/\/klimavex.eu\/sk\/#organization\",\"name\":\"KLIMAVEX GROUP\",\"alternateName\":\"KLIMAVEX a.s.\",\"url\":\"https:\/\/klimavex.eu\/sk\/\",\"logo\":{\"@type\":\"ImageObject\",\"inLanguage\":\"sk-SK\",\"@id\":\"https:\/\/klimavex.eu\/sk\/#\/schema\/logo\/image\/\",\"url\":\"https:\/\/klimavex.eu\/sk\/wp-content\/uploads\/2024\/04\/Klimavex-Group-logo.png\",\"contentUrl\":\"https:\/\/klimavex.eu\/sk\/wp-content\/uploads\/2024\/04\/Klimavex-Group-logo.png\",\"width\":1681,\"height\":472,\"caption\":\"KLIMAVEX GROUP\"},\"image\":{\"@id\":\"https:\/\/klimavex.eu\/sk\/#\/schema\/logo\/image\/\"},\"sameAs\":[\"https:\/\/www.facebook.com\/klimavex\",\"https:\/\/www.instagram.com\/klimavex_sk\/\"]}]}<\/script>\n<!-- \/ Yoast SEO plugin. -->","yoast_head_json":{"title":"Klimatiz\u00e1cia Airwell split parapetno-podstropn\u00e1 n\u00edzkoteplotn\u00e1 FDLK 050 R32 230V 5kW - KLIMAVEX GROUP - Slovensko","robots":{"index":"index","follow":"follow","max-snippet":"max-snippet:-1","max-image-preview":"max-image-preview:large","max-video-preview":"max-video-preview:-1"},"canonical":"https:\/\/klimavex.eu\/sk\/katalog\/airwell-parapetno-podstropna-nizkoteplotna-klimatizacia-fdlk-050\/","og_locale":"sk_SK","og_type":"article","og_title":"Klimatiz\u00e1cia Airwell split parapetno-podstropn\u00e1 n\u00edzkoteplotn\u00e1 FDLK 050 R32 230V 5kW - KLIMAVEX GROUP - Slovensko","og_description":"Jednotky Airwell FDLK s&uacute; jednotky ur\u010den&eacute; pre miestnosti, kde sa trvalo udr\u017euje n&iacute;zka teplota. S&uacute; vhodn&eacute; napr&iacute;klad do v&iacute;nnych pivn&iacute;c alebo skladov. Ich minim&aacute;lna nastavite\u013en&aacute; teplota je 12&deg;C a v\u010faka optimalizovan&eacute;mu prietoku vzduchu s&uacute; schopn&eacute; na t&uacute;to alebo ni\u017e&scaron;iu teplotu miestnos\u0165 r&yacute;chlo ochladi\u0165.","og_url":"https:\/\/klimavex.eu\/sk\/katalog\/airwell-parapetno-podstropna-nizkoteplotna-klimatizacia-fdlk-050\/","og_site_name":"KLIMAVEX GROUP - Slovensko","article_publisher":"https:\/\/www.facebook.com\/klimavex","article_modified_time":"2026-03-31T16:21:47+00:00","og_image":[{"width":500,"height":500,"url":"https:\/\/klimavex.eu\/sk\/wp-content\/uploads\/2025\/09\/qEkx7JHE2yNwipzerCQqIEPEUrlUEBF7vZEEQxeMN0E.png","type":"image\/png"}],"twitter_card":"summary_large_image","schema":{"@context":"https:\/\/schema.org","@graph":[{"@type":"WebPage","@id":"https:\/\/klimavex.eu\/sk\/katalog\/airwell-parapetno-podstropna-nizkoteplotna-klimatizacia-fdlk-050\/","url":"https:\/\/klimavex.eu\/sk\/katalog\/airwell-parapetno-podstropna-nizkoteplotna-klimatizacia-fdlk-050\/","name":"Klimatiz\u00e1cia Airwell split parapetno-podstropn\u00e1 n\u00edzkoteplotn\u00e1 FDLK 050 R32 230V 5kW - KLIMAVEX GROUP - Slovensko","isPartOf":{"@id":"https:\/\/klimavex.eu\/sk\/#website"},"primaryImageOfPage":{"@id":"https:\/\/klimavex.eu\/sk\/katalog\/airwell-parapetno-podstropna-nizkoteplotna-klimatizacia-fdlk-050\/#primaryimage"},"image":{"@id":"https:\/\/klimavex.eu\/sk\/katalog\/airwell-parapetno-podstropna-nizkoteplotna-klimatizacia-fdlk-050\/#primaryimage"},"thumbnailUrl":"https:\/\/klimavex.eu\/sk\/wp-content\/uploads\/2025\/09\/qEkx7JHE2yNwipzerCQqIEPEUrlUEBF7vZEEQxeMN0E.png","datePublished":"2026-03-31T16:21:38+00:00","dateModified":"2026-03-31T16:21:47+00:00","breadcrumb":{"@id":"https:\/\/klimavex.eu\/sk\/katalog\/airwell-parapetno-podstropna-nizkoteplotna-klimatizacia-fdlk-050\/#breadcrumb"},"inLanguage":"sk-SK","potentialAction":[{"@type":"ReadAction","target":["https:\/\/klimavex.eu\/sk\/katalog\/airwell-parapetno-podstropna-nizkoteplotna-klimatizacia-fdlk-050\/"]}]},{"@type":"ImageObject","inLanguage":"sk-SK","@id":"https:\/\/klimavex.eu\/sk\/katalog\/airwell-parapetno-podstropna-nizkoteplotna-klimatizacia-fdlk-050\/#primaryimage","url":"https:\/\/klimavex.eu\/sk\/wp-content\/uploads\/2025\/09\/qEkx7JHE2yNwipzerCQqIEPEUrlUEBF7vZEEQxeMN0E.png","contentUrl":"https:\/\/klimavex.eu\/sk\/wp-content\/uploads\/2025\/09\/qEkx7JHE2yNwipzerCQqIEPEUrlUEBF7vZEEQxeMN0E.png","width":500,"height":500},{"@type":"BreadcrumbList","@id":"https:\/\/klimavex.eu\/sk\/katalog\/airwell-parapetno-podstropna-nizkoteplotna-klimatizacia-fdlk-050\/#breadcrumb","itemListElement":[{"@type":"ListItem","position":1,"name":"Domovsk\u00e1 str\u00e1nka","item":"https:\/\/klimavex.eu\/sk\/"},{"@type":"ListItem","position":2,"name":"Eshop","item":"https:\/\/klimavex.eu\/sk\/eshop\/"},{"@type":"ListItem","position":3,"name":"Airwell parapetno-podstropn\u00e1 n\u00edzkoteplotn\u00e1 klimatiz\u00e1cia\u00a0FDLK 050"}]},{"@type":"WebSite","@id":"https:\/\/klimavex.eu\/sk\/#website","url":"https:\/\/klimavex.eu\/sk\/","name":"KLIMAVEX GROUP - Slovensko","description":"","publisher":{"@id":"https:\/\/klimavex.eu\/sk\/#organization"},"alternateName":"KLIMAVEX a.s.","potentialAction":[{"@type":"SearchAction","target":{"@type":"EntryPoint","urlTemplate":"https:\/\/klimavex.eu\/sk\/?s={search_term_string}"},"query-input":{"@type":"PropertyValueSpecification","valueRequired":true,"valueName":"search_term_string"}}],"inLanguage":"sk-SK"},{"@type":"Organization","@id":"https:\/\/klimavex.eu\/sk\/#organization","name":"KLIMAVEX GROUP","alternateName":"KLIMAVEX a.s.","url":"https:\/\/klimavex.eu\/sk\/","logo":{"@type":"ImageObject","inLanguage":"sk-SK","@id":"https:\/\/klimavex.eu\/sk\/#\/schema\/logo\/image\/","url":"https:\/\/klimavex.eu\/sk\/wp-content\/uploads\/2024\/04\/Klimavex-Group-logo.png","contentUrl":"https:\/\/klimavex.eu\/sk\/wp-content\/uploads\/2024\/04\/Klimavex-Group-logo.png","width":1681,"height":472,"caption":"KLIMAVEX GROUP"},"image":{"@id":"https:\/\/klimavex.eu\/sk\/#\/schema\/logo\/image\/"},"sameAs":["https:\/\/www.facebook.com\/klimavex","https:\/\/www.instagram.com\/klimavex_sk\/"]}]}},"_links":{"self":[{"href":"https:\/\/klimavex.eu\/sk\/wp-json\/wp\/v2\/product\/476203","targetHints":{"allow":["GET"]}}],"collection":[{"href":"https:\/\/klimavex.eu\/sk\/wp-json\/wp\/v2\/product"}],"about":[{"href":"https:\/\/klimavex.eu\/sk\/wp-json\/wp\/v2\/types\/product"}],"version-history":[{"count":0,"href":"https:\/\/klimavex.eu\/sk\/wp-json\/wp\/v2\/product\/476203\/revisions"}],"wp:featuredmedia":[{"embeddable":true,"href":"https:\/\/klimavex.eu\/sk\/wp-json\/wp\/v2\/media\/480674"}],"wp:attachment":[{"href":"https:\/\/klimavex.eu\/sk\/wp-json\/wp\/v2\/media?parent=476203"}],"wp:term":[{"taxonomy":"product_cat","embeddable":true,"href":"https:\/\/klimavex.eu\/sk\/wp-json\/wp\/v2\/product_cat?post=476203"},{"taxonomy":"product_tag","embeddable":true,"href":"https:\/\/klimavex.eu\/sk\/wp-json\/wp\/v2\/product_tag?post=476203"}],"curies":[{"name":"wp","href":"https:\/\/api.w.org\/{rel}","templated":true}]}}