{"id":476507,"date":"2026-04-25T23:06:51","date_gmt":"2026-04-25T21:06:51","guid":{"rendered":"https:\/\/klimavex.eu\/sk\/katalog\/airwell-vnutorna-jednotka-cdmx-035\/"},"modified":"2026-04-25T23:07:03","modified_gmt":"2026-04-25T21:07:03","slug":"klimatizacia-airwell-vnutorna-kazetova-cdmx-035-35kw","status":"publish","type":"product","link":"https:\/\/klimavex.eu\/sk\/katalog\/klimatizacia-airwell-vnutorna-kazetova-cdmx-035-35kw\/","title":{"rendered":"Klimatiz\u00e1cia Airwell vn\u00fatorn\u00e1 kazetov\u00e1 CDMX 035 3,5kW"},"content":{"rendered":"<p style=\"text-align:justify\"><span style=\"font-size:11pt\"><span style=\"font-family:Calibri,sans-serif\"><strong>K\u013e&uacute;\u010dov&eacute; vlastnosti<\/strong><\/span><\/span><\/p>\n<ul>\n<li style=\"text-align:justify\"><span style=\"font-size:11pt\"><span style=\"font-family:Calibri,sans-serif\">Vysok&aacute; energetick&aacute; &uacute;\u010dinnos\u0165<\/span><\/span><\/li>\n<li style=\"text-align:justify\"><span style=\"font-size:11pt\"><span style=\"font-family:Calibri,sans-serif\">Ekologick&eacute; chladivo R32<\/span><\/span><\/li>\n<li style=\"text-align:justify\"><span style=\"font-size:11pt\"><span style=\"font-family:Calibri,sans-serif\">Rie&scaron;enie pre &scaron;tandardn&yacute; raster 600&#215;600 alebo 900&#215;900 mm<\/span><\/span><\/li>\n<li style=\"text-align:justify\"><span style=\"font-size:11pt\"><span style=\"font-family:Calibri,sans-serif\">Golden Fin &ndash; pozl&aacute;ten&eacute; lamely v&yacute;menn&iacute;kov vn&uacute;tornej i vonkaj&scaron;ej jednotky pre zv&yacute;&scaron;en&uacute; odolnos\u0165 vo\u010di kor&oacute;zii a dlh&scaron;iu \u017eivotnos\u0165<\/span><\/span><\/li>\n<li style=\"text-align:justify\"><span style=\"font-size:11pt\"><span style=\"font-family:Calibri,sans-serif\">I FEEL &ndash; prec&iacute;zna regul&aacute;cia teploty pod\u013ea sn&iacute;ma\u010da umiestnen&eacute;ho v dia\u013ekovom ovl&aacute;da\u010di<\/span><\/span><\/li>\n<li style=\"text-align:justify\"><span style=\"font-size:11pt\"><span style=\"font-family:Calibri,sans-serif\">360&deg; distrib&uacute;cia vzduchu<\/span><\/span><\/li>\n<li style=\"text-align:justify\"><span style=\"font-size:11pt\"><span style=\"font-family:Calibri,sans-serif\">Predpripraven&yacute; otvor na pr&iacute;vod \u010derstv&eacute;ho vzduchu<\/span><\/span><\/li>\n<li style=\"text-align:justify\"><span style=\"font-size:11pt\"><span style=\"font-family:Calibri,sans-serif\">Otvor na distrib&uacute;ciu vzduchu do ved\u013eaj&scaron;ej miestnosti<\/span><\/span><\/li>\n<li style=\"text-align:justify\"><span style=\"font-size:11pt\"><span style=\"font-family:Calibri,sans-serif\">Volite\u013en&eacute; Wi-Fi ovl&aacute;danie<\/span><\/span><\/li>\n<li style=\"text-align:justify\"><span style=\"font-size:11pt\"><span style=\"font-family:Calibri,sans-serif\">Infraovl&aacute;danie RC18<\/span><\/span><\/li>\n<li style=\"text-align:justify\"><span style=\"font-size:11pt\"><span style=\"font-family:Calibri,sans-serif\">Kompaktn&yacute; dizajn<\/span><\/span><\/li>\n<li style=\"text-align:justify\"><span style=\"font-size:11pt\"><span style=\"font-family:Calibri,sans-serif\">Mo\u017enos\u0165 TWIN aplik&aacute;cie<\/span><\/span><\/li>\n<li style=\"text-align:justify\"><span style=\"font-size:11pt\"><span style=\"font-family:Calibri,sans-serif\">Split \/ multisplit syst&eacute;m<\/span><\/span><\/li>\n<li style=\"text-align:justify\"><span style=\"font-size:11pt\"><span style=\"font-family:Calibri,sans-serif\">Zabudovan&eacute; \u010derpadlo kondenz&aacute;tu (s v&yacute;tlakom 500mm od spodnej hrany jednotky)<\/span><\/span><\/li>\n<li style=\"text-align:justify\"><span style=\"font-size:11pt\"><span style=\"font-family:Calibri,sans-serif\">Servisn&yacute; re\u017eim pre zobrazenie parametrov<\/span><\/span><\/li>\n<\/ul>\n","protected":false},"excerpt":{"rendered":"<p style=\"text-align:justify\"><span style=\"font-size:11pt\"><span style=\"font-family:Calibri,sans-serif\">Vn&uacute;torn&aacute; jednotka kazetovej klimatiz&aacute;cie <strong>Airwell CDMX <\/strong>sa naj\u010dastej&scaron;ie vyu\u017e&iacute;va v komer\u010dn&yacute;ch a priemyseln&yacute;ch priestoroch. Jej najv&auml;\u010d&scaron;ou prednos\u0165ou je <strong>rovnomern&aacute; 360&deg;C distrib&uacute;cia vzduchu<\/strong>. Jednotka CDMX dok&aacute;\u017ee &uacute;\u010dinne chladi\u0165 aj vykurova\u0165, priv&aacute;dza\u0165 \u010derstv&yacute; vzduch a filtrova\u0165 ho.<\/span><\/span><\/p>\n","protected":false},"featured_media":481379,"template":"","meta":[],"product_cat":[196,198,195,343,344],"product_tag":[],"class_list":{"0":"post-476507","1":"product","2":"type-product","3":"status-publish","4":"has-post-thumbnail","6":"product_cat-podla-znacky","7":"product_cat-podla-typu","8":"product_cat-klimatizacie","9":"product_cat-multisplity","10":"product_cat-multisplit-zdaa","11":"pa_chladiaci-vykon-3345","12":"pa_multisplit-vnutorna-kazeta-35","13":"pa_napajanie-1f-230v","14":"pa_prevedenie-multisplit-vnutorna","15":"pa_vykonovy-model-3344","16":"pa_vykurovaci-vykon-3346","17":"pa_wifi-ovladanie-volitelne","18":"pa_znacka-airwell","20":"first","21":"instock","22":"taxable","23":"shipping-taxable","24":"purchasable","25":"product-type-simple"},"yoast_head":"<!-- This site is optimized with the Yoast SEO plugin v23.9 - https:\/\/yoast.com\/wordpress\/plugins\/seo\/ -->\n<title>Klimatiz\u00e1cia Airwell vn\u00fatorn\u00e1 kazetov\u00e1 CDMX 035 3,5kW - KLIMAVEX GROUP - Slovensko<\/title>\n<meta name=\"robots\" content=\"index, follow, max-snippet:-1, max-image-preview:large, max-video-preview:-1\" \/>\n<link rel=\"canonical\" href=\"https:\/\/klimavex.eu\/sk\/katalog\/airwell-vnutorna-jednotka-cdmx-035\/\" \/>\n<meta property=\"og:locale\" content=\"sk_SK\" \/>\n<meta property=\"og:type\" content=\"article\" \/>\n<meta property=\"og:title\" content=\"Klimatiz\u00e1cia Airwell vn\u00fatorn\u00e1 kazetov\u00e1 CDMX 035 3,5kW - KLIMAVEX GROUP - Slovensko\" \/>\n<meta property=\"og:description\" content=\"Vn&uacute;torn&aacute; jednotka kazetovej klimatiz&aacute;cie Airwell CDMX sa naj\u010dastej&scaron;ie vyu\u017e&iacute;va v komer\u010dn&yacute;ch a priemyseln&yacute;ch priestoroch. Jej najv&auml;\u010d&scaron;ou prednos\u0165ou je rovnomern&aacute; 360&deg;C distrib&uacute;cia vzduchu. Jednotka CDMX dok&aacute;\u017ee &uacute;\u010dinne chladi\u0165 aj vykurova\u0165, priv&aacute;dza\u0165 \u010derstv&yacute; vzduch a filtrova\u0165 ho.\" \/>\n<meta property=\"og:url\" content=\"https:\/\/klimavex.eu\/sk\/katalog\/airwell-vnutorna-jednotka-cdmx-035\/\" \/>\n<meta property=\"og:site_name\" content=\"KLIMAVEX GROUP - Slovensko\" \/>\n<meta property=\"article:publisher\" content=\"https:\/\/www.facebook.com\/klimavex\" \/>\n<meta property=\"article:modified_time\" content=\"2026-04-25T21:07:03+00:00\" \/>\n<meta property=\"og:image\" content=\"https:\/\/klimavex.eu\/sk\/wp-content\/uploads\/2025\/09\/PE-R4yyNvA2GSwwcWTCiWLO84wvx7TNXthhEmdeTGIc-4.jpeg\" \/>\n\t<meta property=\"og:image:width\" content=\"688\" \/>\n\t<meta property=\"og:image:height\" content=\"510\" \/>\n\t<meta property=\"og:image:type\" content=\"image\/jpeg\" \/>\n<meta name=\"twitter:card\" content=\"summary_large_image\" \/>\n<meta name=\"twitter:label1\" content=\"Predpokladan\u00fd \u010das \u010d\u00edtania\" \/>\n\t<meta name=\"twitter:data1\" content=\"1 min\u00fata\" \/>\n<script type=\"application\/ld+json\" class=\"yoast-schema-graph\">{\"@context\":\"https:\/\/schema.org\",\"@graph\":[{\"@type\":\"WebPage\",\"@id\":\"https:\/\/klimavex.eu\/sk\/katalog\/airwell-vnutorna-jednotka-cdmx-035\/\",\"url\":\"https:\/\/klimavex.eu\/sk\/katalog\/airwell-vnutorna-jednotka-cdmx-035\/\",\"name\":\"Klimatiz\u00e1cia Airwell vn\u00fatorn\u00e1 kazetov\u00e1 CDMX 035 3,5kW - KLIMAVEX GROUP - Slovensko\",\"isPartOf\":{\"@id\":\"https:\/\/klimavex.eu\/sk\/#website\"},\"primaryImageOfPage\":{\"@id\":\"https:\/\/klimavex.eu\/sk\/katalog\/airwell-vnutorna-jednotka-cdmx-035\/#primaryimage\"},\"image\":{\"@id\":\"https:\/\/klimavex.eu\/sk\/katalog\/airwell-vnutorna-jednotka-cdmx-035\/#primaryimage\"},\"thumbnailUrl\":\"https:\/\/klimavex.eu\/sk\/wp-content\/uploads\/2025\/09\/PE-R4yyNvA2GSwwcWTCiWLO84wvx7TNXthhEmdeTGIc-4.jpeg\",\"datePublished\":\"2026-04-25T21:06:51+00:00\",\"dateModified\":\"2026-04-25T21:07:03+00:00\",\"breadcrumb\":{\"@id\":\"https:\/\/klimavex.eu\/sk\/katalog\/airwell-vnutorna-jednotka-cdmx-035\/#breadcrumb\"},\"inLanguage\":\"sk-SK\",\"potentialAction\":[{\"@type\":\"ReadAction\",\"target\":[\"https:\/\/klimavex.eu\/sk\/katalog\/airwell-vnutorna-jednotka-cdmx-035\/\"]}]},{\"@type\":\"ImageObject\",\"inLanguage\":\"sk-SK\",\"@id\":\"https:\/\/klimavex.eu\/sk\/katalog\/airwell-vnutorna-jednotka-cdmx-035\/#primaryimage\",\"url\":\"https:\/\/klimavex.eu\/sk\/wp-content\/uploads\/2025\/09\/PE-R4yyNvA2GSwwcWTCiWLO84wvx7TNXthhEmdeTGIc-4.jpeg\",\"contentUrl\":\"https:\/\/klimavex.eu\/sk\/wp-content\/uploads\/2025\/09\/PE-R4yyNvA2GSwwcWTCiWLO84wvx7TNXthhEmdeTGIc-4.jpeg\",\"width\":688,\"height\":510},{\"@type\":\"BreadcrumbList\",\"@id\":\"https:\/\/klimavex.eu\/sk\/katalog\/airwell-vnutorna-jednotka-cdmx-035\/#breadcrumb\",\"itemListElement\":[{\"@type\":\"ListItem\",\"position\":1,\"name\":\"Domovsk\u00e1 str\u00e1nka\",\"item\":\"https:\/\/klimavex.eu\/sk\/\"},{\"@type\":\"ListItem\",\"position\":2,\"name\":\"Eshop\",\"item\":\"https:\/\/klimavex.eu\/sk\/eshop\/\"},{\"@type\":\"ListItem\",\"position\":3,\"name\":\"Airwell vn\u00fatorn\u00e1 jednotka CDMX 035\"}]},{\"@type\":\"WebSite\",\"@id\":\"https:\/\/klimavex.eu\/sk\/#website\",\"url\":\"https:\/\/klimavex.eu\/sk\/\",\"name\":\"KLIMAVEX GROUP - Slovensko\",\"description\":\"\",\"publisher\":{\"@id\":\"https:\/\/klimavex.eu\/sk\/#organization\"},\"alternateName\":\"KLIMAVEX a.s.\",\"potentialAction\":[{\"@type\":\"SearchAction\",\"target\":{\"@type\":\"EntryPoint\",\"urlTemplate\":\"https:\/\/klimavex.eu\/sk\/?s={search_term_string}\"},\"query-input\":{\"@type\":\"PropertyValueSpecification\",\"valueRequired\":true,\"valueName\":\"search_term_string\"}}],\"inLanguage\":\"sk-SK\"},{\"@type\":\"Organization\",\"@id\":\"https:\/\/klimavex.eu\/sk\/#organization\",\"name\":\"KLIMAVEX GROUP\",\"alternateName\":\"KLIMAVEX a.s.\",\"url\":\"https:\/\/klimavex.eu\/sk\/\",\"logo\":{\"@type\":\"ImageObject\",\"inLanguage\":\"sk-SK\",\"@id\":\"https:\/\/klimavex.eu\/sk\/#\/schema\/logo\/image\/\",\"url\":\"https:\/\/klimavex.eu\/sk\/wp-content\/uploads\/2024\/04\/Klimavex-Group-logo.png\",\"contentUrl\":\"https:\/\/klimavex.eu\/sk\/wp-content\/uploads\/2024\/04\/Klimavex-Group-logo.png\",\"width\":1681,\"height\":472,\"caption\":\"KLIMAVEX GROUP\"},\"image\":{\"@id\":\"https:\/\/klimavex.eu\/sk\/#\/schema\/logo\/image\/\"},\"sameAs\":[\"https:\/\/www.facebook.com\/klimavex\",\"https:\/\/www.instagram.com\/klimavex_sk\/\"]}]}<\/script>\n<!-- \/ Yoast SEO plugin. -->","yoast_head_json":{"title":"Klimatiz\u00e1cia Airwell vn\u00fatorn\u00e1 kazetov\u00e1 CDMX 035 3,5kW - KLIMAVEX GROUP - Slovensko","robots":{"index":"index","follow":"follow","max-snippet":"max-snippet:-1","max-image-preview":"max-image-preview:large","max-video-preview":"max-video-preview:-1"},"canonical":"https:\/\/klimavex.eu\/sk\/katalog\/airwell-vnutorna-jednotka-cdmx-035\/","og_locale":"sk_SK","og_type":"article","og_title":"Klimatiz\u00e1cia Airwell vn\u00fatorn\u00e1 kazetov\u00e1 CDMX 035 3,5kW - KLIMAVEX GROUP - Slovensko","og_description":"Vn&uacute;torn&aacute; jednotka kazetovej klimatiz&aacute;cie Airwell CDMX sa naj\u010dastej&scaron;ie vyu\u017e&iacute;va v komer\u010dn&yacute;ch a priemyseln&yacute;ch priestoroch. Jej najv&auml;\u010d&scaron;ou prednos\u0165ou je rovnomern&aacute; 360&deg;C distrib&uacute;cia vzduchu. Jednotka CDMX dok&aacute;\u017ee &uacute;\u010dinne chladi\u0165 aj vykurova\u0165, priv&aacute;dza\u0165 \u010derstv&yacute; vzduch a filtrova\u0165 ho.","og_url":"https:\/\/klimavex.eu\/sk\/katalog\/airwell-vnutorna-jednotka-cdmx-035\/","og_site_name":"KLIMAVEX GROUP - Slovensko","article_publisher":"https:\/\/www.facebook.com\/klimavex","article_modified_time":"2026-04-25T21:07:03+00:00","og_image":[{"width":688,"height":510,"url":"https:\/\/klimavex.eu\/sk\/wp-content\/uploads\/2025\/09\/PE-R4yyNvA2GSwwcWTCiWLO84wvx7TNXthhEmdeTGIc-4.jpeg","type":"image\/jpeg"}],"twitter_card":"summary_large_image","twitter_misc":{"Predpokladan\u00fd \u010das \u010d\u00edtania":"1 min\u00fata"},"schema":{"@context":"https:\/\/schema.org","@graph":[{"@type":"WebPage","@id":"https:\/\/klimavex.eu\/sk\/katalog\/airwell-vnutorna-jednotka-cdmx-035\/","url":"https:\/\/klimavex.eu\/sk\/katalog\/airwell-vnutorna-jednotka-cdmx-035\/","name":"Klimatiz\u00e1cia Airwell vn\u00fatorn\u00e1 kazetov\u00e1 CDMX 035 3,5kW - KLIMAVEX GROUP - Slovensko","isPartOf":{"@id":"https:\/\/klimavex.eu\/sk\/#website"},"primaryImageOfPage":{"@id":"https:\/\/klimavex.eu\/sk\/katalog\/airwell-vnutorna-jednotka-cdmx-035\/#primaryimage"},"image":{"@id":"https:\/\/klimavex.eu\/sk\/katalog\/airwell-vnutorna-jednotka-cdmx-035\/#primaryimage"},"thumbnailUrl":"https:\/\/klimavex.eu\/sk\/wp-content\/uploads\/2025\/09\/PE-R4yyNvA2GSwwcWTCiWLO84wvx7TNXthhEmdeTGIc-4.jpeg","datePublished":"2026-04-25T21:06:51+00:00","dateModified":"2026-04-25T21:07:03+00:00","breadcrumb":{"@id":"https:\/\/klimavex.eu\/sk\/katalog\/airwell-vnutorna-jednotka-cdmx-035\/#breadcrumb"},"inLanguage":"sk-SK","potentialAction":[{"@type":"ReadAction","target":["https:\/\/klimavex.eu\/sk\/katalog\/airwell-vnutorna-jednotka-cdmx-035\/"]}]},{"@type":"ImageObject","inLanguage":"sk-SK","@id":"https:\/\/klimavex.eu\/sk\/katalog\/airwell-vnutorna-jednotka-cdmx-035\/#primaryimage","url":"https:\/\/klimavex.eu\/sk\/wp-content\/uploads\/2025\/09\/PE-R4yyNvA2GSwwcWTCiWLO84wvx7TNXthhEmdeTGIc-4.jpeg","contentUrl":"https:\/\/klimavex.eu\/sk\/wp-content\/uploads\/2025\/09\/PE-R4yyNvA2GSwwcWTCiWLO84wvx7TNXthhEmdeTGIc-4.jpeg","width":688,"height":510},{"@type":"BreadcrumbList","@id":"https:\/\/klimavex.eu\/sk\/katalog\/airwell-vnutorna-jednotka-cdmx-035\/#breadcrumb","itemListElement":[{"@type":"ListItem","position":1,"name":"Domovsk\u00e1 str\u00e1nka","item":"https:\/\/klimavex.eu\/sk\/"},{"@type":"ListItem","position":2,"name":"Eshop","item":"https:\/\/klimavex.eu\/sk\/eshop\/"},{"@type":"ListItem","position":3,"name":"Airwell vn\u00fatorn\u00e1 jednotka CDMX 035"}]},{"@type":"WebSite","@id":"https:\/\/klimavex.eu\/sk\/#website","url":"https:\/\/klimavex.eu\/sk\/","name":"KLIMAVEX GROUP - Slovensko","description":"","publisher":{"@id":"https:\/\/klimavex.eu\/sk\/#organization"},"alternateName":"KLIMAVEX a.s.","potentialAction":[{"@type":"SearchAction","target":{"@type":"EntryPoint","urlTemplate":"https:\/\/klimavex.eu\/sk\/?s={search_term_string}"},"query-input":{"@type":"PropertyValueSpecification","valueRequired":true,"valueName":"search_term_string"}}],"inLanguage":"sk-SK"},{"@type":"Organization","@id":"https:\/\/klimavex.eu\/sk\/#organization","name":"KLIMAVEX GROUP","alternateName":"KLIMAVEX a.s.","url":"https:\/\/klimavex.eu\/sk\/","logo":{"@type":"ImageObject","inLanguage":"sk-SK","@id":"https:\/\/klimavex.eu\/sk\/#\/schema\/logo\/image\/","url":"https:\/\/klimavex.eu\/sk\/wp-content\/uploads\/2024\/04\/Klimavex-Group-logo.png","contentUrl":"https:\/\/klimavex.eu\/sk\/wp-content\/uploads\/2024\/04\/Klimavex-Group-logo.png","width":1681,"height":472,"caption":"KLIMAVEX GROUP"},"image":{"@id":"https:\/\/klimavex.eu\/sk\/#\/schema\/logo\/image\/"},"sameAs":["https:\/\/www.facebook.com\/klimavex","https:\/\/www.instagram.com\/klimavex_sk\/"]}]}},"_links":{"self":[{"href":"https:\/\/klimavex.eu\/sk\/wp-json\/wp\/v2\/product\/476507","targetHints":{"allow":["GET"]}}],"collection":[{"href":"https:\/\/klimavex.eu\/sk\/wp-json\/wp\/v2\/product"}],"about":[{"href":"https:\/\/klimavex.eu\/sk\/wp-json\/wp\/v2\/types\/product"}],"version-history":[{"count":0,"href":"https:\/\/klimavex.eu\/sk\/wp-json\/wp\/v2\/product\/476507\/revisions"}],"wp:featuredmedia":[{"embeddable":true,"href":"https:\/\/klimavex.eu\/sk\/wp-json\/wp\/v2\/media\/481379"}],"wp:attachment":[{"href":"https:\/\/klimavex.eu\/sk\/wp-json\/wp\/v2\/media?parent=476507"}],"wp:term":[{"taxonomy":"product_cat","embeddable":true,"href":"https:\/\/klimavex.eu\/sk\/wp-json\/wp\/v2\/product_cat?post=476507"},{"taxonomy":"product_tag","embeddable":true,"href":"https:\/\/klimavex.eu\/sk\/wp-json\/wp\/v2\/product_tag?post=476507"}],"curies":[{"name":"wp","href":"https:\/\/api.w.org\/{rel}","templated":true}]}}