{"id":476988,"date":"2026-04-18T22:37:00","date_gmt":"2026-04-18T20:37:00","guid":{"rendered":"https:\/\/klimavex.eu\/sk\/katalog\/ventilator-vortice-mfo-90-35-t\/"},"modified":"2026-04-18T22:37:47","modified_gmt":"2026-04-18T20:37:47","slug":"ventilator-vortice-mfo-90-35-t","status":"publish","type":"product","link":"https:\/\/klimavex.eu\/sk\/katalog\/ventilator-vortice-mfo-90-35-t\/","title":{"rendered":"Ventil\u00e1tor Vortice MFO 90\/3,5&#8243; T"},"content":{"rendered":"<p style=\"text-align:justify\"><span style=\"font-size:11pt\"><span style=\"font-family:Calibri,sans-serif\"><strong>K\u013e&uacute;\u010dov&eacute; vlastnosti:<\/strong><\/span><\/span><\/p>\n<ul>\n<li style=\"text-align:justify\"><span style=\"font-size:11pt\"><span style=\"font-family:Calibri,sans-serif\">Vhodn&eacute; pre men&scaron;ie a stredne ve\u013ek&eacute; miestnosti s priamym v&yacute;fukom alebo v&yacute;fukom do kr&aacute;tkeho potrubia.<\/span><\/span><\/li>\n<li style=\"text-align:justify\"><span style=\"font-size:11pt\"><span style=\"font-family:Calibri,sans-serif\">\u010casov&yacute; dobeh nastavite\u013en&yacute; od cca 3 do 20 min.<\/span><\/span><\/li>\n<li style=\"text-align:justify\"><span style=\"font-size:11pt\"><span style=\"font-family:Calibri,sans-serif\">Ventil&aacute;tor je vyroben&yacute; z anti-UV ABS umelej hmoty.<\/span><\/span><\/li>\n<li style=\"text-align:justify\"><span style=\"font-size:11pt\"><span style=\"font-family:Calibri,sans-serif\">Mont&aacute;\u017e na stenu alebo do stropu.<\/span><\/span><\/li>\n<li style=\"text-align:justify\"><span style=\"font-size:11pt\"><span style=\"font-family:Calibri,sans-serif\">Profil lopatiek ventil&aacute;tora a t\u011blesa ventil&aacute;tora zabezpe\u010duje vysok&yacute; prietok vzduchu, n&iacute;zku prev&aacute;dzkov&uacute; hlu\u010dnos\u0165 a n&iacute;zku spotrebu energie.<\/span><\/span><\/li>\n<li style=\"text-align:justify\"><span style=\"font-size:11pt\"><span style=\"font-family:Calibri,sans-serif\">Zabudovan&aacute; sp&auml;tn&aacute; klapka pre zabr&aacute;nenie sp&auml;tn&eacute;ho pr&uacute;denia vzduchu, ak ventil&aacute;tor nie je v prev&aacute;dzke.<\/span><\/span><\/li>\n<li style=\"text-align:justify\"><span style=\"font-size:11pt\"><span style=\"font-family:Calibri,sans-serif\">V&scaron;etky modely maj&uacute; krytie IPX4 (ochrana proti striekaj&uacute;cej vode).<\/span><\/span><\/li>\n<li style=\"text-align:justify\"><span style=\"font-size:11pt\"><span style=\"font-family:Calibri,sans-serif\">Zariadenie nemus&iacute; by\u0165 uzemnen&eacute;, m&aacute; dvojit&uacute; izol&aacute;ciu.<\/span><\/span><\/li>\n<\/ul>\n","protected":false},"excerpt":{"rendered":"<p style=\"text-align:justify\"><span style=\"font-size:11pt\"><span style=\"font-family:Calibri,sans-serif\">Mal&yacute; axi&aacute;lny ventil&aacute;tor Vortice PUNTO FOUR so &scaron;t&yacute;lov&yacute;m panelom, vhodn&yacute; pre ak&yacute;ko\u013evek interi&eacute;r. <strong><u>S&nbsp;nastavite\u013en&yacute;m \u010dasov&yacute;m dobehom.<\/u> Preru&scaron;ovan&eacute; a nepretr\u017eit&eacute; vetranie<\/strong> k&uacute;pe\u013en&iacute;, toaliet, kuch&yacute;\u0148 alebo verejn&yacute;ch priestorov. <strong>Tich&yacute;<\/strong> ventil&aacute;tor s <strong>n&iacute;zkou spotrebou energie<\/strong>. Ochrana <strong>IPX4<\/strong>. Na pripojenie <strong>k potrubiu s priemerom 92,4 mm. Prietok vzduchu 65 m3\/h.<\/strong><\/span><\/span><\/p>\n","protected":false},"featured_media":482937,"template":"","meta":[],"product_cat":[1298,1423,1297],"product_tag":[],"class_list":{"0":"post-476988","1":"product","2":"type-product","3":"status-publish","4":"has-post-thumbnail","6":"product_cat-ventilatory-do-kupelne-axialne","7":"product_cat-punto-four","8":"product_cat-ventilatory","9":"pa_casovy-dobeh-t-ano","10":"pa_dostupny-tlak-pa-3848","11":"pa_hlucnost-lp-3m-4062","12":"pa_krytie-ipx4","13":"pa_prevedenie-axialny","14":"pa_priemer-napojenia-mm-4060","15":"pa_typ-punto-four","16":"pa_vzduchovy-vykon-qv-m3-4061","17":"pa_znacka-vortice","19":"first","20":"instock","21":"taxable","22":"shipping-taxable","23":"purchasable","24":"product-type-simple"},"yoast_head":"<!-- This site is optimized with the Yoast SEO plugin v23.9 - https:\/\/yoast.com\/wordpress\/plugins\/seo\/ -->\n<title>Ventil\u00e1tor Vortice MFO 90\/3,5&quot; T - KLIMAVEX GROUP - Slovensko<\/title>\n<meta name=\"robots\" content=\"index, follow, max-snippet:-1, max-image-preview:large, max-video-preview:-1\" \/>\n<link rel=\"canonical\" href=\"https:\/\/klimavex.eu\/sk\/katalog\/ventilator-vortice-mfo-90-35-t\/\" \/>\n<meta property=\"og:locale\" content=\"sk_SK\" \/>\n<meta property=\"og:type\" content=\"article\" \/>\n<meta property=\"og:title\" content=\"Ventil\u00e1tor Vortice MFO 90\/3,5&quot; T - KLIMAVEX GROUP - Slovensko\" \/>\n<meta property=\"og:description\" content=\"Mal&yacute; axi&aacute;lny ventil&aacute;tor Vortice PUNTO FOUR so &scaron;t&yacute;lov&yacute;m panelom, vhodn&yacute; pre ak&yacute;ko\u013evek interi&eacute;r. S&nbsp;nastavite\u013en&yacute;m \u010dasov&yacute;m dobehom. Preru&scaron;ovan&eacute; a nepretr\u017eit&eacute; vetranie k&uacute;pe\u013en&iacute;, toaliet, kuch&yacute;\u0148 alebo verejn&yacute;ch priestorov. Tich&yacute; ventil&aacute;tor s n&iacute;zkou spotrebou energie. Ochrana IPX4. Na pripojenie k potrubiu s priemerom 92,4 mm. Prietok vzduchu 65 m3\/h.\" \/>\n<meta property=\"og:url\" content=\"https:\/\/klimavex.eu\/sk\/katalog\/ventilator-vortice-mfo-90-35-t\/\" \/>\n<meta property=\"og:site_name\" content=\"KLIMAVEX GROUP - Slovensko\" \/>\n<meta property=\"article:publisher\" content=\"https:\/\/www.facebook.com\/klimavex\" \/>\n<meta property=\"article:modified_time\" content=\"2026-04-18T20:37:47+00:00\" \/>\n<meta property=\"og:image\" content=\"https:\/\/klimavex.eu\/sk\/wp-content\/uploads\/2025\/09\/JWOMBBcaUn40lqMJ2FV_Tp_0Qji1skm5RZgJJAMkyHg.jpeg\" \/>\n\t<meta property=\"og:image:width\" content=\"512\" \/>\n\t<meta property=\"og:image:height\" content=\"513\" \/>\n\t<meta property=\"og:image:type\" content=\"image\/jpeg\" \/>\n<meta name=\"twitter:card\" content=\"summary_large_image\" \/>\n<meta name=\"twitter:label1\" content=\"Predpokladan\u00fd \u010das \u010d\u00edtania\" \/>\n\t<meta name=\"twitter:data1\" content=\"1 min\u00fata\" \/>\n<script type=\"application\/ld+json\" class=\"yoast-schema-graph\">{\"@context\":\"https:\/\/schema.org\",\"@graph\":[{\"@type\":\"WebPage\",\"@id\":\"https:\/\/klimavex.eu\/sk\/katalog\/ventilator-vortice-mfo-90-35-t\/\",\"url\":\"https:\/\/klimavex.eu\/sk\/katalog\/ventilator-vortice-mfo-90-35-t\/\",\"name\":\"Ventil\u00e1tor Vortice MFO 90\/3,5\\\" T - KLIMAVEX GROUP - Slovensko\",\"isPartOf\":{\"@id\":\"https:\/\/klimavex.eu\/sk\/#website\"},\"primaryImageOfPage\":{\"@id\":\"https:\/\/klimavex.eu\/sk\/katalog\/ventilator-vortice-mfo-90-35-t\/#primaryimage\"},\"image\":{\"@id\":\"https:\/\/klimavex.eu\/sk\/katalog\/ventilator-vortice-mfo-90-35-t\/#primaryimage\"},\"thumbnailUrl\":\"https:\/\/klimavex.eu\/sk\/wp-content\/uploads\/2025\/09\/JWOMBBcaUn40lqMJ2FV_Tp_0Qji1skm5RZgJJAMkyHg.jpeg\",\"datePublished\":\"2026-04-18T20:37:00+00:00\",\"dateModified\":\"2026-04-18T20:37:47+00:00\",\"breadcrumb\":{\"@id\":\"https:\/\/klimavex.eu\/sk\/katalog\/ventilator-vortice-mfo-90-35-t\/#breadcrumb\"},\"inLanguage\":\"sk-SK\",\"potentialAction\":[{\"@type\":\"ReadAction\",\"target\":[\"https:\/\/klimavex.eu\/sk\/katalog\/ventilator-vortice-mfo-90-35-t\/\"]}]},{\"@type\":\"ImageObject\",\"inLanguage\":\"sk-SK\",\"@id\":\"https:\/\/klimavex.eu\/sk\/katalog\/ventilator-vortice-mfo-90-35-t\/#primaryimage\",\"url\":\"https:\/\/klimavex.eu\/sk\/wp-content\/uploads\/2025\/09\/JWOMBBcaUn40lqMJ2FV_Tp_0Qji1skm5RZgJJAMkyHg.jpeg\",\"contentUrl\":\"https:\/\/klimavex.eu\/sk\/wp-content\/uploads\/2025\/09\/JWOMBBcaUn40lqMJ2FV_Tp_0Qji1skm5RZgJJAMkyHg.jpeg\",\"width\":512,\"height\":513},{\"@type\":\"BreadcrumbList\",\"@id\":\"https:\/\/klimavex.eu\/sk\/katalog\/ventilator-vortice-mfo-90-35-t\/#breadcrumb\",\"itemListElement\":[{\"@type\":\"ListItem\",\"position\":1,\"name\":\"Domovsk\u00e1 str\u00e1nka\",\"item\":\"https:\/\/klimavex.eu\/sk\/\"},{\"@type\":\"ListItem\",\"position\":2,\"name\":\"Eshop\",\"item\":\"https:\/\/klimavex.eu\/sk\/eshop\/\"},{\"@type\":\"ListItem\",\"position\":3,\"name\":\"Ventil\u00e1tor Vortice MFO 90\/3,5&#8243; T\"}]},{\"@type\":\"WebSite\",\"@id\":\"https:\/\/klimavex.eu\/sk\/#website\",\"url\":\"https:\/\/klimavex.eu\/sk\/\",\"name\":\"KLIMAVEX GROUP - Slovensko\",\"description\":\"\",\"publisher\":{\"@id\":\"https:\/\/klimavex.eu\/sk\/#organization\"},\"alternateName\":\"KLIMAVEX a.s.\",\"potentialAction\":[{\"@type\":\"SearchAction\",\"target\":{\"@type\":\"EntryPoint\",\"urlTemplate\":\"https:\/\/klimavex.eu\/sk\/?s={search_term_string}\"},\"query-input\":{\"@type\":\"PropertyValueSpecification\",\"valueRequired\":true,\"valueName\":\"search_term_string\"}}],\"inLanguage\":\"sk-SK\"},{\"@type\":\"Organization\",\"@id\":\"https:\/\/klimavex.eu\/sk\/#organization\",\"name\":\"KLIMAVEX GROUP\",\"alternateName\":\"KLIMAVEX a.s.\",\"url\":\"https:\/\/klimavex.eu\/sk\/\",\"logo\":{\"@type\":\"ImageObject\",\"inLanguage\":\"sk-SK\",\"@id\":\"https:\/\/klimavex.eu\/sk\/#\/schema\/logo\/image\/\",\"url\":\"https:\/\/klimavex.eu\/sk\/wp-content\/uploads\/2024\/04\/Klimavex-Group-logo.png\",\"contentUrl\":\"https:\/\/klimavex.eu\/sk\/wp-content\/uploads\/2024\/04\/Klimavex-Group-logo.png\",\"width\":1681,\"height\":472,\"caption\":\"KLIMAVEX GROUP\"},\"image\":{\"@id\":\"https:\/\/klimavex.eu\/sk\/#\/schema\/logo\/image\/\"},\"sameAs\":[\"https:\/\/www.facebook.com\/klimavex\",\"https:\/\/www.instagram.com\/klimavex_sk\/\"]}]}<\/script>\n<!-- \/ Yoast SEO plugin. -->","yoast_head_json":{"title":"Ventil\u00e1tor Vortice MFO 90\/3,5\" T - KLIMAVEX GROUP - Slovensko","robots":{"index":"index","follow":"follow","max-snippet":"max-snippet:-1","max-image-preview":"max-image-preview:large","max-video-preview":"max-video-preview:-1"},"canonical":"https:\/\/klimavex.eu\/sk\/katalog\/ventilator-vortice-mfo-90-35-t\/","og_locale":"sk_SK","og_type":"article","og_title":"Ventil\u00e1tor Vortice MFO 90\/3,5\" T - KLIMAVEX GROUP - Slovensko","og_description":"Mal&yacute; axi&aacute;lny ventil&aacute;tor Vortice PUNTO FOUR so &scaron;t&yacute;lov&yacute;m panelom, vhodn&yacute; pre ak&yacute;ko\u013evek interi&eacute;r. S&nbsp;nastavite\u013en&yacute;m \u010dasov&yacute;m dobehom. Preru&scaron;ovan&eacute; a nepretr\u017eit&eacute; vetranie k&uacute;pe\u013en&iacute;, toaliet, kuch&yacute;\u0148 alebo verejn&yacute;ch priestorov. Tich&yacute; ventil&aacute;tor s n&iacute;zkou spotrebou energie. Ochrana IPX4. Na pripojenie k potrubiu s priemerom 92,4 mm. Prietok vzduchu 65 m3\/h.","og_url":"https:\/\/klimavex.eu\/sk\/katalog\/ventilator-vortice-mfo-90-35-t\/","og_site_name":"KLIMAVEX GROUP - Slovensko","article_publisher":"https:\/\/www.facebook.com\/klimavex","article_modified_time":"2026-04-18T20:37:47+00:00","og_image":[{"width":512,"height":513,"url":"https:\/\/klimavex.eu\/sk\/wp-content\/uploads\/2025\/09\/JWOMBBcaUn40lqMJ2FV_Tp_0Qji1skm5RZgJJAMkyHg.jpeg","type":"image\/jpeg"}],"twitter_card":"summary_large_image","twitter_misc":{"Predpokladan\u00fd \u010das \u010d\u00edtania":"1 min\u00fata"},"schema":{"@context":"https:\/\/schema.org","@graph":[{"@type":"WebPage","@id":"https:\/\/klimavex.eu\/sk\/katalog\/ventilator-vortice-mfo-90-35-t\/","url":"https:\/\/klimavex.eu\/sk\/katalog\/ventilator-vortice-mfo-90-35-t\/","name":"Ventil\u00e1tor Vortice MFO 90\/3,5\" T - KLIMAVEX GROUP - Slovensko","isPartOf":{"@id":"https:\/\/klimavex.eu\/sk\/#website"},"primaryImageOfPage":{"@id":"https:\/\/klimavex.eu\/sk\/katalog\/ventilator-vortice-mfo-90-35-t\/#primaryimage"},"image":{"@id":"https:\/\/klimavex.eu\/sk\/katalog\/ventilator-vortice-mfo-90-35-t\/#primaryimage"},"thumbnailUrl":"https:\/\/klimavex.eu\/sk\/wp-content\/uploads\/2025\/09\/JWOMBBcaUn40lqMJ2FV_Tp_0Qji1skm5RZgJJAMkyHg.jpeg","datePublished":"2026-04-18T20:37:00+00:00","dateModified":"2026-04-18T20:37:47+00:00","breadcrumb":{"@id":"https:\/\/klimavex.eu\/sk\/katalog\/ventilator-vortice-mfo-90-35-t\/#breadcrumb"},"inLanguage":"sk-SK","potentialAction":[{"@type":"ReadAction","target":["https:\/\/klimavex.eu\/sk\/katalog\/ventilator-vortice-mfo-90-35-t\/"]}]},{"@type":"ImageObject","inLanguage":"sk-SK","@id":"https:\/\/klimavex.eu\/sk\/katalog\/ventilator-vortice-mfo-90-35-t\/#primaryimage","url":"https:\/\/klimavex.eu\/sk\/wp-content\/uploads\/2025\/09\/JWOMBBcaUn40lqMJ2FV_Tp_0Qji1skm5RZgJJAMkyHg.jpeg","contentUrl":"https:\/\/klimavex.eu\/sk\/wp-content\/uploads\/2025\/09\/JWOMBBcaUn40lqMJ2FV_Tp_0Qji1skm5RZgJJAMkyHg.jpeg","width":512,"height":513},{"@type":"BreadcrumbList","@id":"https:\/\/klimavex.eu\/sk\/katalog\/ventilator-vortice-mfo-90-35-t\/#breadcrumb","itemListElement":[{"@type":"ListItem","position":1,"name":"Domovsk\u00e1 str\u00e1nka","item":"https:\/\/klimavex.eu\/sk\/"},{"@type":"ListItem","position":2,"name":"Eshop","item":"https:\/\/klimavex.eu\/sk\/eshop\/"},{"@type":"ListItem","position":3,"name":"Ventil\u00e1tor Vortice MFO 90\/3,5&#8243; T"}]},{"@type":"WebSite","@id":"https:\/\/klimavex.eu\/sk\/#website","url":"https:\/\/klimavex.eu\/sk\/","name":"KLIMAVEX GROUP - Slovensko","description":"","publisher":{"@id":"https:\/\/klimavex.eu\/sk\/#organization"},"alternateName":"KLIMAVEX a.s.","potentialAction":[{"@type":"SearchAction","target":{"@type":"EntryPoint","urlTemplate":"https:\/\/klimavex.eu\/sk\/?s={search_term_string}"},"query-input":{"@type":"PropertyValueSpecification","valueRequired":true,"valueName":"search_term_string"}}],"inLanguage":"sk-SK"},{"@type":"Organization","@id":"https:\/\/klimavex.eu\/sk\/#organization","name":"KLIMAVEX GROUP","alternateName":"KLIMAVEX a.s.","url":"https:\/\/klimavex.eu\/sk\/","logo":{"@type":"ImageObject","inLanguage":"sk-SK","@id":"https:\/\/klimavex.eu\/sk\/#\/schema\/logo\/image\/","url":"https:\/\/klimavex.eu\/sk\/wp-content\/uploads\/2024\/04\/Klimavex-Group-logo.png","contentUrl":"https:\/\/klimavex.eu\/sk\/wp-content\/uploads\/2024\/04\/Klimavex-Group-logo.png","width":1681,"height":472,"caption":"KLIMAVEX GROUP"},"image":{"@id":"https:\/\/klimavex.eu\/sk\/#\/schema\/logo\/image\/"},"sameAs":["https:\/\/www.facebook.com\/klimavex","https:\/\/www.instagram.com\/klimavex_sk\/"]}]}},"_links":{"self":[{"href":"https:\/\/klimavex.eu\/sk\/wp-json\/wp\/v2\/product\/476988","targetHints":{"allow":["GET"]}}],"collection":[{"href":"https:\/\/klimavex.eu\/sk\/wp-json\/wp\/v2\/product"}],"about":[{"href":"https:\/\/klimavex.eu\/sk\/wp-json\/wp\/v2\/types\/product"}],"version-history":[{"count":0,"href":"https:\/\/klimavex.eu\/sk\/wp-json\/wp\/v2\/product\/476988\/revisions"}],"wp:featuredmedia":[{"embeddable":true,"href":"https:\/\/klimavex.eu\/sk\/wp-json\/wp\/v2\/media\/482937"}],"wp:attachment":[{"href":"https:\/\/klimavex.eu\/sk\/wp-json\/wp\/v2\/media?parent=476988"}],"wp:term":[{"taxonomy":"product_cat","embeddable":true,"href":"https:\/\/klimavex.eu\/sk\/wp-json\/wp\/v2\/product_cat?post=476988"},{"taxonomy":"product_tag","embeddable":true,"href":"https:\/\/klimavex.eu\/sk\/wp-json\/wp\/v2\/product_tag?post=476988"}],"curies":[{"name":"wp","href":"https:\/\/api.w.org\/{rel}","templated":true}]}}