{"id":477701,"date":"2026-03-31T18:54:42","date_gmt":"2026-03-31T16:54:42","guid":{"rendered":"https:\/\/klimavex.eu\/sk\/katalog\/ventilator-vortice-vort-notus\/"},"modified":"2026-03-31T18:55:22","modified_gmt":"2026-03-31T16:55:22","slug":"ventilator-vortice-vort-notus","status":"publish","type":"product","link":"https:\/\/klimavex.eu\/sk\/katalog\/ventilator-vortice-vort-notus\/","title":{"rendered":"Ventil\u00e1tor Vortice Vort Notus"},"content":{"rendered":"<p style=\"text-align:justify\"><span style=\"font-size:11pt\"><span style=\"font-family:Calibri,sans-serif\"><strong>K\u013e&uacute;\u010dov&eacute; vlastnosti:<\/strong><\/span><\/span><\/p>\n<ul>\n<li style=\"text-align:justify\"><span style=\"font-size:11pt\"><span style=\"font-family:Calibri,sans-serif\">3 v&yacute;konov&eacute; stupne &#8211; minim&aacute;lne ot&aacute;\u010dky je mo\u017en&eacute; zvoli\u0165 s v&yacute;konom 11,7m<sup>3<\/sup>\/h alebo 27,5m<sup>3<\/sup&gt;\/h; funkcia &bdquo;turbo&ldquo; - 42 m<sup>3<\/sup> \/h (zv&yacute;&scaron;en&yacute; vzduchov&yacute; v&yacute;kon).<\/span><\/span><\/li>\n<li style=\"text-align:justify\"><span style=\"font-size:11pt\"><span style=\"font-family:Calibri,sans-serif\">Funkcia &bdquo;turbo&ldquo; m&ocirc;\u017ee by\u0165 aktivovan&aacute; aj extern&yacute;m sp&iacute;na\u010dom. Po vypnut&iacute; funkcie &bdquo;turbo&ldquo;, ventil&aacute;tor bude pracova\u0165 na max. ot&aacute;\u010dkach e&scaron;te po\u010das prednastaven&eacute;ho \u010dasov&eacute;ho dobehu od cca 3 do 20 min&uacute;t.<\/span><\/span><\/li>\n<li style=\"text-align:justify\"><span style=\"font-size:11pt\"><span style=\"font-family:Calibri,sans-serif\">Elektronicky riaden&yacute; bezkefov&yacute; DC-EC motor s vysokou &uacute;\u010dinnos\u0165ou vybaven&yacute; gu\u013e&ocirc;\u010dkov&yacute;mi lo\u017eiskami (ktor&eacute; zabezpe\u010duj&uacute; dlh&uacute; \u017eivotnos\u0165 a bezporuchov&uacute; prev&aacute;dzku ventil&aacute;toru po\u010das 30000 hod&iacute;n).<\/span><\/span><\/li>\n<li style=\"text-align:justify\"><span style=\"font-size:11pt\"><span style=\"font-family:Calibri,sans-serif\">Elektronika zariadenia automaticky nastav&iacute; potrebn&eacute; ot&aacute;\u010dky, aby zabezpe\u010dila nomin&aacute;lny vzduchov&yacute; v&yacute;kon pri r&ocirc;znych sp&ocirc;soboch in&scaron;tal&aacute;cie (r&ocirc;znych tlakov&yacute;ch strat&aacute;ch).<\/span><\/span><\/li>\n<li style=\"text-align:justify\"><span style=\"font-size:11pt\"><span style=\"font-family:Calibri,sans-serif\">Atrakt&iacute;vny dizajn so &scaron;t&yacute;lov&yacute;m predn&yacute;m panelom z ABS plastu.<\/span><\/span><\/li>\n<li style=\"text-align:justify\"><span style=\"font-size:11pt\"><span style=\"font-family:Calibri,sans-serif\">Opl&aacute;&scaron;tenie motora vyroben&eacute; zo samozh&aacute;&scaron;av&eacute;ho polypropyl&eacute;nu.<\/span><\/span><\/li>\n<li style=\"text-align:justify\"><span style=\"font-size:11pt\"><span style=\"font-family:Calibri,sans-serif\">V&scaron;etky modely maj&uacute; krytie IPX4.<\/span><\/span><\/li>\n<li style=\"text-align:justify\"><span style=\"font-size:11pt\"><span style=\"font-family:Calibri,sans-serif\">Zariadenie nemus&iacute; by\u0165 uzemnen&eacute;, m&aacute; dvojit&uacute; izol&aacute;ciu.<\/span><\/span><\/li>\n<\/ul>\n","protected":false},"excerpt":{"rendered":"<p style=\"text-align:justify\"><span style=\"font-size:11pt\"><span style=\"font-family:Calibri,sans-serif\"><strong>Axi&aacute;lny<\/strong> ods&aacute;vac&iacute; ventil&aacute;tor vybaven&yacute; DC-EC motorom, navrhnut&yacute; pre <strong>nepretr\u017eit&uacute; prev&aacute;dzku<\/strong>. Vhodn&yacute; pre men&scaron;ie a stredne ve\u013ek&eacute; miestnosti (k&uacute;pe\u013ene, toalety, pivnice apod.)&nbsp;priamym v&yacute;fukom alebo <strong>napojen&iacute;m na potrubie &Oslash; 100mm<\/strong>. Mont&aacute;\u017e na stenu, do stropu alebo potrubia.<\/span><\/span><\/p>\n","protected":false},"featured_media":485852,"template":"","meta":[],"product_cat":[1298,1297,1316],"product_tag":[],"class_list":{"0":"post-477701","1":"product","2":"type-product","3":"status-publish","4":"has-post-thumbnail","6":"product_cat-ventilatory-do-kupelne-axialne","7":"product_cat-ventilatory","8":"product_cat-vort-notus","9":"pa_dostupny-tlak-pa-236-627-866","10":"pa_hlucnost-lp-3m-22-275-285","11":"pa_krytie-ipx4","12":"pa_prevedenie-axialny","13":"pa_priemer-napojenia-mm-3846","14":"pa_typ-vort-notus","15":"pa_vzduchovy-vykon-qv-m3-117-275-42","16":"pa_znacka-vortice","18":"first","19":"instock","20":"taxable","21":"shipping-taxable","22":"purchasable","23":"product-type-simple"},"yoast_head":"<!-- This site is optimized with the Yoast SEO plugin v23.9 - https:\/\/yoast.com\/wordpress\/plugins\/seo\/ -->\n<title>Ventil\u00e1tor Vortice Vort Notus - KLIMAVEX GROUP - Slovensko<\/title>\n<meta name=\"robots\" content=\"index, follow, max-snippet:-1, max-image-preview:large, max-video-preview:-1\" \/>\n<link rel=\"canonical\" href=\"https:\/\/klimavex.eu\/sk\/katalog\/ventilator-vortice-vort-notus\/\" \/>\n<meta property=\"og:locale\" content=\"sk_SK\" \/>\n<meta property=\"og:type\" content=\"article\" \/>\n<meta property=\"og:title\" content=\"Ventil\u00e1tor Vortice Vort Notus - KLIMAVEX GROUP - Slovensko\" \/>\n<meta property=\"og:description\" content=\"Axi&aacute;lny ods&aacute;vac&iacute; ventil&aacute;tor vybaven&yacute; DC-EC motorom, navrhnut&yacute; pre nepretr\u017eit&uacute; prev&aacute;dzku. Vhodn&yacute; pre men&scaron;ie a stredne ve\u013ek&eacute; miestnosti (k&uacute;pe\u013ene, toalety, pivnice apod.)&nbsp;priamym v&yacute;fukom alebo napojen&iacute;m na potrubie &Oslash; 100mm. Mont&aacute;\u017e na stenu, do stropu alebo potrubia.\" \/>\n<meta property=\"og:url\" content=\"https:\/\/klimavex.eu\/sk\/katalog\/ventilator-vortice-vort-notus\/\" \/>\n<meta property=\"og:site_name\" content=\"KLIMAVEX GROUP - Slovensko\" \/>\n<meta property=\"article:publisher\" content=\"https:\/\/www.facebook.com\/klimavex\" \/>\n<meta property=\"article:modified_time\" content=\"2026-03-31T16:55:22+00:00\" \/>\n<meta property=\"og:image\" content=\"https:\/\/klimavex.eu\/sk\/wp-content\/uploads\/2025\/09\/eecCLKRP66bEjWALVAvY49d5Tmr26BlmzRU7SU1BJ-Q-1.jpeg\" \/>\n\t<meta property=\"og:image:width\" content=\"565\" \/>\n\t<meta property=\"og:image:height\" content=\"512\" \/>\n\t<meta property=\"og:image:type\" content=\"image\/jpeg\" \/>\n<meta name=\"twitter:card\" content=\"summary_large_image\" \/>\n<script type=\"application\/ld+json\" class=\"yoast-schema-graph\">{\"@context\":\"https:\/\/schema.org\",\"@graph\":[{\"@type\":\"WebPage\",\"@id\":\"https:\/\/klimavex.eu\/sk\/katalog\/ventilator-vortice-vort-notus\/\",\"url\":\"https:\/\/klimavex.eu\/sk\/katalog\/ventilator-vortice-vort-notus\/\",\"name\":\"Ventil\u00e1tor Vortice Vort Notus - KLIMAVEX GROUP - Slovensko\",\"isPartOf\":{\"@id\":\"https:\/\/klimavex.eu\/sk\/#website\"},\"primaryImageOfPage\":{\"@id\":\"https:\/\/klimavex.eu\/sk\/katalog\/ventilator-vortice-vort-notus\/#primaryimage\"},\"image\":{\"@id\":\"https:\/\/klimavex.eu\/sk\/katalog\/ventilator-vortice-vort-notus\/#primaryimage\"},\"thumbnailUrl\":\"https:\/\/klimavex.eu\/sk\/wp-content\/uploads\/2025\/09\/eecCLKRP66bEjWALVAvY49d5Tmr26BlmzRU7SU1BJ-Q-1.jpeg\",\"datePublished\":\"2026-03-31T16:54:42+00:00\",\"dateModified\":\"2026-03-31T16:55:22+00:00\",\"breadcrumb\":{\"@id\":\"https:\/\/klimavex.eu\/sk\/katalog\/ventilator-vortice-vort-notus\/#breadcrumb\"},\"inLanguage\":\"sk-SK\",\"potentialAction\":[{\"@type\":\"ReadAction\",\"target\":[\"https:\/\/klimavex.eu\/sk\/katalog\/ventilator-vortice-vort-notus\/\"]}]},{\"@type\":\"ImageObject\",\"inLanguage\":\"sk-SK\",\"@id\":\"https:\/\/klimavex.eu\/sk\/katalog\/ventilator-vortice-vort-notus\/#primaryimage\",\"url\":\"https:\/\/klimavex.eu\/sk\/wp-content\/uploads\/2025\/09\/eecCLKRP66bEjWALVAvY49d5Tmr26BlmzRU7SU1BJ-Q-1.jpeg\",\"contentUrl\":\"https:\/\/klimavex.eu\/sk\/wp-content\/uploads\/2025\/09\/eecCLKRP66bEjWALVAvY49d5Tmr26BlmzRU7SU1BJ-Q-1.jpeg\",\"width\":565,\"height\":512},{\"@type\":\"BreadcrumbList\",\"@id\":\"https:\/\/klimavex.eu\/sk\/katalog\/ventilator-vortice-vort-notus\/#breadcrumb\",\"itemListElement\":[{\"@type\":\"ListItem\",\"position\":1,\"name\":\"Domovsk\u00e1 str\u00e1nka\",\"item\":\"https:\/\/klimavex.eu\/sk\/\"},{\"@type\":\"ListItem\",\"position\":2,\"name\":\"Eshop\",\"item\":\"https:\/\/klimavex.eu\/sk\/eshop\/\"},{\"@type\":\"ListItem\",\"position\":3,\"name\":\"Ventil\u00e1tor Vortice Vort Notus\"}]},{\"@type\":\"WebSite\",\"@id\":\"https:\/\/klimavex.eu\/sk\/#website\",\"url\":\"https:\/\/klimavex.eu\/sk\/\",\"name\":\"KLIMAVEX GROUP - Slovensko\",\"description\":\"\",\"publisher\":{\"@id\":\"https:\/\/klimavex.eu\/sk\/#organization\"},\"alternateName\":\"KLIMAVEX a.s.\",\"potentialAction\":[{\"@type\":\"SearchAction\",\"target\":{\"@type\":\"EntryPoint\",\"urlTemplate\":\"https:\/\/klimavex.eu\/sk\/?s={search_term_string}\"},\"query-input\":{\"@type\":\"PropertyValueSpecification\",\"valueRequired\":true,\"valueName\":\"search_term_string\"}}],\"inLanguage\":\"sk-SK\"},{\"@type\":\"Organization\",\"@id\":\"https:\/\/klimavex.eu\/sk\/#organization\",\"name\":\"KLIMAVEX GROUP\",\"alternateName\":\"KLIMAVEX a.s.\",\"url\":\"https:\/\/klimavex.eu\/sk\/\",\"logo\":{\"@type\":\"ImageObject\",\"inLanguage\":\"sk-SK\",\"@id\":\"https:\/\/klimavex.eu\/sk\/#\/schema\/logo\/image\/\",\"url\":\"https:\/\/klimavex.eu\/sk\/wp-content\/uploads\/2024\/04\/Klimavex-Group-logo.png\",\"contentUrl\":\"https:\/\/klimavex.eu\/sk\/wp-content\/uploads\/2024\/04\/Klimavex-Group-logo.png\",\"width\":1681,\"height\":472,\"caption\":\"KLIMAVEX GROUP\"},\"image\":{\"@id\":\"https:\/\/klimavex.eu\/sk\/#\/schema\/logo\/image\/\"},\"sameAs\":[\"https:\/\/www.facebook.com\/klimavex\",\"https:\/\/www.instagram.com\/klimavex_sk\/\"]}]}<\/script>\n<!-- \/ Yoast SEO plugin. -->","yoast_head_json":{"title":"Ventil\u00e1tor Vortice Vort Notus - KLIMAVEX GROUP - Slovensko","robots":{"index":"index","follow":"follow","max-snippet":"max-snippet:-1","max-image-preview":"max-image-preview:large","max-video-preview":"max-video-preview:-1"},"canonical":"https:\/\/klimavex.eu\/sk\/katalog\/ventilator-vortice-vort-notus\/","og_locale":"sk_SK","og_type":"article","og_title":"Ventil\u00e1tor Vortice Vort Notus - KLIMAVEX GROUP - Slovensko","og_description":"Axi&aacute;lny ods&aacute;vac&iacute; ventil&aacute;tor vybaven&yacute; DC-EC motorom, navrhnut&yacute; pre nepretr\u017eit&uacute; prev&aacute;dzku. Vhodn&yacute; pre men&scaron;ie a stredne ve\u013ek&eacute; miestnosti (k&uacute;pe\u013ene, toalety, pivnice apod.)&nbsp;priamym v&yacute;fukom alebo napojen&iacute;m na potrubie &Oslash; 100mm. Mont&aacute;\u017e na stenu, do stropu alebo potrubia.","og_url":"https:\/\/klimavex.eu\/sk\/katalog\/ventilator-vortice-vort-notus\/","og_site_name":"KLIMAVEX GROUP - Slovensko","article_publisher":"https:\/\/www.facebook.com\/klimavex","article_modified_time":"2026-03-31T16:55:22+00:00","og_image":[{"width":565,"height":512,"url":"https:\/\/klimavex.eu\/sk\/wp-content\/uploads\/2025\/09\/eecCLKRP66bEjWALVAvY49d5Tmr26BlmzRU7SU1BJ-Q-1.jpeg","type":"image\/jpeg"}],"twitter_card":"summary_large_image","schema":{"@context":"https:\/\/schema.org","@graph":[{"@type":"WebPage","@id":"https:\/\/klimavex.eu\/sk\/katalog\/ventilator-vortice-vort-notus\/","url":"https:\/\/klimavex.eu\/sk\/katalog\/ventilator-vortice-vort-notus\/","name":"Ventil\u00e1tor Vortice Vort Notus - KLIMAVEX GROUP - Slovensko","isPartOf":{"@id":"https:\/\/klimavex.eu\/sk\/#website"},"primaryImageOfPage":{"@id":"https:\/\/klimavex.eu\/sk\/katalog\/ventilator-vortice-vort-notus\/#primaryimage"},"image":{"@id":"https:\/\/klimavex.eu\/sk\/katalog\/ventilator-vortice-vort-notus\/#primaryimage"},"thumbnailUrl":"https:\/\/klimavex.eu\/sk\/wp-content\/uploads\/2025\/09\/eecCLKRP66bEjWALVAvY49d5Tmr26BlmzRU7SU1BJ-Q-1.jpeg","datePublished":"2026-03-31T16:54:42+00:00","dateModified":"2026-03-31T16:55:22+00:00","breadcrumb":{"@id":"https:\/\/klimavex.eu\/sk\/katalog\/ventilator-vortice-vort-notus\/#breadcrumb"},"inLanguage":"sk-SK","potentialAction":[{"@type":"ReadAction","target":["https:\/\/klimavex.eu\/sk\/katalog\/ventilator-vortice-vort-notus\/"]}]},{"@type":"ImageObject","inLanguage":"sk-SK","@id":"https:\/\/klimavex.eu\/sk\/katalog\/ventilator-vortice-vort-notus\/#primaryimage","url":"https:\/\/klimavex.eu\/sk\/wp-content\/uploads\/2025\/09\/eecCLKRP66bEjWALVAvY49d5Tmr26BlmzRU7SU1BJ-Q-1.jpeg","contentUrl":"https:\/\/klimavex.eu\/sk\/wp-content\/uploads\/2025\/09\/eecCLKRP66bEjWALVAvY49d5Tmr26BlmzRU7SU1BJ-Q-1.jpeg","width":565,"height":512},{"@type":"BreadcrumbList","@id":"https:\/\/klimavex.eu\/sk\/katalog\/ventilator-vortice-vort-notus\/#breadcrumb","itemListElement":[{"@type":"ListItem","position":1,"name":"Domovsk\u00e1 str\u00e1nka","item":"https:\/\/klimavex.eu\/sk\/"},{"@type":"ListItem","position":2,"name":"Eshop","item":"https:\/\/klimavex.eu\/sk\/eshop\/"},{"@type":"ListItem","position":3,"name":"Ventil\u00e1tor Vortice Vort Notus"}]},{"@type":"WebSite","@id":"https:\/\/klimavex.eu\/sk\/#website","url":"https:\/\/klimavex.eu\/sk\/","name":"KLIMAVEX GROUP - Slovensko","description":"","publisher":{"@id":"https:\/\/klimavex.eu\/sk\/#organization"},"alternateName":"KLIMAVEX a.s.","potentialAction":[{"@type":"SearchAction","target":{"@type":"EntryPoint","urlTemplate":"https:\/\/klimavex.eu\/sk\/?s={search_term_string}"},"query-input":{"@type":"PropertyValueSpecification","valueRequired":true,"valueName":"search_term_string"}}],"inLanguage":"sk-SK"},{"@type":"Organization","@id":"https:\/\/klimavex.eu\/sk\/#organization","name":"KLIMAVEX GROUP","alternateName":"KLIMAVEX a.s.","url":"https:\/\/klimavex.eu\/sk\/","logo":{"@type":"ImageObject","inLanguage":"sk-SK","@id":"https:\/\/klimavex.eu\/sk\/#\/schema\/logo\/image\/","url":"https:\/\/klimavex.eu\/sk\/wp-content\/uploads\/2024\/04\/Klimavex-Group-logo.png","contentUrl":"https:\/\/klimavex.eu\/sk\/wp-content\/uploads\/2024\/04\/Klimavex-Group-logo.png","width":1681,"height":472,"caption":"KLIMAVEX GROUP"},"image":{"@id":"https:\/\/klimavex.eu\/sk\/#\/schema\/logo\/image\/"},"sameAs":["https:\/\/www.facebook.com\/klimavex","https:\/\/www.instagram.com\/klimavex_sk\/"]}]}},"_links":{"self":[{"href":"https:\/\/klimavex.eu\/sk\/wp-json\/wp\/v2\/product\/477701","targetHints":{"allow":["GET"]}}],"collection":[{"href":"https:\/\/klimavex.eu\/sk\/wp-json\/wp\/v2\/product"}],"about":[{"href":"https:\/\/klimavex.eu\/sk\/wp-json\/wp\/v2\/types\/product"}],"version-history":[{"count":0,"href":"https:\/\/klimavex.eu\/sk\/wp-json\/wp\/v2\/product\/477701\/revisions"}],"wp:featuredmedia":[{"embeddable":true,"href":"https:\/\/klimavex.eu\/sk\/wp-json\/wp\/v2\/media\/485852"}],"wp:attachment":[{"href":"https:\/\/klimavex.eu\/sk\/wp-json\/wp\/v2\/media?parent=477701"}],"wp:term":[{"taxonomy":"product_cat","embeddable":true,"href":"https:\/\/klimavex.eu\/sk\/wp-json\/wp\/v2\/product_cat?post=477701"},{"taxonomy":"product_tag","embeddable":true,"href":"https:\/\/klimavex.eu\/sk\/wp-json\/wp\/v2\/product_tag?post=477701"}],"curies":[{"name":"wp","href":"https:\/\/api.w.org\/{rel}","templated":true}]}}